{"id":20371,"date":"2026-02-03T17:04:42","date_gmt":"2026-02-03T16:04:42","guid":{"rendered":"https:\/\/www.eim.com\/it\/?page_id=20371"},"modified":"2026-02-03T17:04:57","modified_gmt":"2026-02-03T16:04:57","slug":"chi-e-temporary-manager","status":"publish","type":"page","link":"https:\/\/www.eim.com\/it\/chi-e-temporary-manager\/","title":{"rendered":"Un Temporary Manager NON \u00e8&#8230;"},"content":{"rendered":"\n[et_pb_section fb_built=&#8221;1&#8243; admin_label=&#8221;Hero Section&#8221; _builder_version=&#8221;4.27.5&#8243; use_background_color_gradient=&#8221;on&#8221; background_color_gradient_stops=&#8221;rgba(0,0,0,0.4) 0%|rgba(0,0,0,0.4) 100%&#8221; background_color_gradient_overlays_image=&#8221;on&#8221; background_color_gradient_start=&#8221;rgba(0,0,0,0.4)&#8221; background_color_gradient_end=&#8221;rgba(0,0,0,0.4)&#8221; background_image=&#8221;https:\/\/www.eim.com\/it\/wp-content\/uploads\/sites\/5\/2026\/02\/temporary-manager-non-e-1.webp&#8221; background_position=&#8221;top_center&#8221; background_vertical_offset=&#8221;23%&#8221; height=&#8221;600px&#8221; height_tablet=&#8221;500px&#8221; height_phone=&#8221;550px&#8221; height_last_edited=&#8221;on|desktop&#8221; custom_padding=&#8221;6%||0%|||&#8221; bottom_divider_style=&#8221;slant&#8221; bottom_divider_color=&#8221;#ffffff&#8221; bottom_divider_height=&#8221;150px&#8221; bottom_divider_flip=&#8221;horizontal&#8221; hover_enabled=&#8221;0&#8243; locked=&#8221;off&#8221; global_colors_info=&#8221;{}&#8221; background_color_gradient_direction__hover=&#8221;180deg&#8221; background_color_gradient_direction__hover_enabled=&#8221;180deg&#8221; background_color_gradient_start_position__hover=&#8221;0%&#8221; background_color_gradient_start_position__hover_enabled=&#8221;0%&#8221; background_color_gradient_end_position__hover=&#8221;100%&#8221; background_color_gradient_end_position__hover_enabled=&#8221;100%&#8221; background_color_gradient_stops__hover=&#8221;rgba(0,0,0,0.4) 0%|rgba(0,0,0,0.4) 100%&#8221; title_text=&#8221;temporary-manager-non-e-1&#8243; sticky_enabled=&#8221;0&#8243;][et_pb_row admin_label=&#8221;Page Title Area&#8221; _builder_version=&#8221;4.16&#8243; width=&#8221;100%&#8221; max_width=&#8221;2560px&#8221; module_alignment=&#8221;center&#8221; custom_margin=&#8221;-2%|auto|0px|auto|false|false&#8221; custom_padding=&#8221;0px|||||&#8221; global_colors_info=&#8221;{}&#8221;][et_pb_column type=&#8221;4_4&#8243; _builder_version=&#8221;4.16&#8243; custom_padding=&#8221;|||&#8221; global_colors_info=&#8221;{}&#8221; custom_padding__hover=&#8221;|||&#8221;][et_pb_text admin_label=&#8221;Hero Section Title&#8221; _builder_version=&#8221;4.27.4&#8243; text_font=&#8221;Montserrat|800|||||||&#8221; text_font_size=&#8221;18px&#8221; text_line_height=&#8221;1.3em&#8221; header_font=&#8221;Montserrat|700|||||||&#8221; header_font_size=&#8221;56px&#8221; header_letter_spacing=&#8221;3px&#8221; header_line_height=&#8221;1.1em&#8221; header_2_font=&#8221;Montserrat|700|||||||&#8221; header_2_text_color=&#8221;rgba(255,255,255,0.6)&#8221; header_2_font_size=&#8221;90px&#8221; header_2_letter_spacing=&#8221;3px&#8221; header_2_line_height=&#8221;1.1em&#8221; text_orientation=&#8221;center&#8221; background_layout=&#8221;dark&#8221; max_width=&#8221;80%&#8221; module_alignment=&#8221;center&#8221; custom_margin=&#8221;0px||0px||false|false&#8221; animation_direction=&#8221;bottom&#8221; header_font_size_tablet=&#8221;&#8221; header_font_size_phone=&#8221;28px&#8221; header_font_size_last_edited=&#8221;on|phone&#8221; header_2_font_size_tablet=&#8221;&#8221; header_2_font_size_phone=&#8221;50px&#8221; header_2_font_size_last_edited=&#8221;on|phone&#8221; text_text_shadow_style=&#8221;preset1&#8243; text_text_shadow_horizontal_length=&#8221;0.28em&#8221; inline_fonts=&#8221;Prata,Montserrat&#8221; global_colors_info=&#8221;{}&#8221;]<h1><span style=\"font-family: Montserrat;\">Un Temporary Manager NON \u00e8\u2026 \n<\/span><\/h1>[\/et_pb_text][et_pb_text admin_label=&#8221;Hero Section Title&#8221; _builder_version=&#8221;4.27.4&#8243; text_font=&#8221;Montserrat|800|||||||&#8221; text_font_size=&#8221;26px&#8221; text_line_height=&#8221;1.3em&#8221; header_font=&#8221;Montserrat|700|||||||&#8221; header_font_size=&#8221;56px&#8221; header_letter_spacing=&#8221;3px&#8221; header_line_height=&#8221;1.1em&#8221; header_2_font=&#8221;Montserrat|700|||||||&#8221; header_2_text_color=&#8221;rgba(255,255,255,0.6)&#8221; header_2_font_size=&#8221;90px&#8221; header_2_letter_spacing=&#8221;3px&#8221; header_2_line_height=&#8221;1.1em&#8221; text_orientation=&#8221;center&#8221; background_layout=&#8221;dark&#8221; width_tablet=&#8221;&#8221; width_phone=&#8221;80%&#8221; width_last_edited=&#8221;on|phone&#8221; max_width=&#8221;1000px&#8221; module_alignment=&#8221;center&#8221; custom_margin=&#8221;0px||||false|false&#8221; custom_padding=&#8221;0px||||false|false&#8221; animation_style=&#8221;fade&#8221; animation_direction=&#8221;bottom&#8221; animation_duration=&#8221;1350ms&#8221; header_font_size_tablet=&#8221;&#8221; header_font_size_phone=&#8221;28px&#8221; header_font_size_last_edited=&#8221;on|phone&#8221; header_2_font_size_tablet=&#8221;&#8221; header_2_font_size_phone=&#8221;50px&#8221; header_2_font_size_last_edited=&#8221;on|phone&#8221; text_text_shadow_style=&#8221;preset1&#8243; text_text_shadow_horizontal_length=&#8221;0.15em&#8221; locked=&#8221;off&#8221; inline_fonts=&#8221;Prata,Montserrat&#8221; global_colors_info=&#8221;{}&#8221;]<p>Professionisti oltre la consulenza<\/p>[\/et_pb_text][\/et_pb_column][\/et_pb_row][\/et_pb_section][et_pb_section fb_built=&#8221;1&#8243; _builder_version=&#8221;4.27.4&#8243; custom_margin=&#8221;||||false|false&#8221; custom_padding=&#8221;0%||0%||true|false&#8221; locked=&#8221;off&#8221; global_colors_info=&#8221;{}&#8221;][et_pb_row _builder_version=&#8221;4.27.4&#8243; _module_preset=&#8221;default&#8221; custom_margin=&#8221;0px||0px||false|false&#8221; custom_padding=&#8221;0px||0px||false|false&#8221; global_colors_info=&#8221;{}&#8221;][et_pb_column type=&#8221;4_4&#8243; _builder_version=&#8221;4.27.4&#8243; _module_preset=&#8221;default&#8221; global_colors_info=&#8221;{}&#8221;][et_pb_text _builder_version=&#8221;4.27.4&#8243; text_font=&#8221;||||||||&#8221; text_font_size=&#8221;16px&#8221; header_font=&#8221;||||||||&#8221; max_width=&#8221;91.4%&#8221; module_alignment=&#8221;center&#8221; custom_margin=&#8221;3%|7px|3%|-21px|false|false&#8221; custom_padding=&#8221;|2%|0px|2%|false|false&#8221; animation_direction=&#8221;left&#8221; hover_transition_duration=&#8221;0ms&#8221; global_colors_info=&#8221;{}&#8221;]<p style=\"text-align: justify;\"><span>Entrare in EIM \u00e8 <strong>una grande opportunit\u00e0<\/strong> per i manager pi\u00f9 qualificati che desiderano applicare le proprie competenze per ottenere risultati concreti e duraturi, ma non \u00e8 una posizione adatta a tutti. <\/span><\/p>\n<p>Per definire al meglio le qualit\u00e0 dei professionisti EIM presenti e futuri, chiariamo che <strong>il Temporary Manager non \u00e8\u2026<\/strong><\/p>[\/et_pb_text][\/et_pb_column][\/et_pb_row][\/et_pb_section][et_pb_section fb_built=&#8221;1&#8243; custom_padding_last_edited=&#8221;on|tablet&#8221; prev_background_color=&#8221;#ffffff&#8221; _builder_version=&#8221;4.27.4&#8243; background_color=&#8221;#e6e6e6&#8243; custom_margin=&#8221;||||false|false&#8221; custom_padding=&#8221;5%||0px||false|false&#8221; custom_padding_tablet=&#8221;10%||0px||false|false&#8221; custom_padding_phone=&#8221;15%||||false|false&#8221; top_divider_style=&#8221;slant&#8221; locked=&#8221;off&#8221; global_colors_info=&#8221;{}&#8221;][et_pb_row _builder_version=&#8221;4.27.4&#8243; _module_preset=&#8221;default&#8221; custom_padding=&#8221;||0px|||&#8221; global_colors_info=&#8221;{}&#8221;][et_pb_column type=&#8221;4_4&#8243; _builder_version=&#8221;4.27.4&#8243; _module_preset=&#8221;default&#8221; global_colors_info=&#8221;{}&#8221;][et_pb_text _builder_version=&#8221;4.27.4&#8243; text_font=&#8221;Montserrat|700|||||||&#8221; text_text_color=&#8221;#002c3e&#8221; text_font_size=&#8221;30px&#8221; header_font=&#8221;||||||||&#8221; max_width=&#8221;90%&#8221; module_alignment=&#8221;center&#8221; custom_margin=&#8221;|0px||0px|false|false&#8221; custom_padding=&#8221;2%|2%|0px|2%|false|false&#8221; animation_direction=&#8221;left&#8221; hover_transition_duration=&#8221;0ms&#8221; global_colors_info=&#8221;{}&#8221;]<h2 style=\"text-align: center;\">\u2026 un consulente, ma \u00e8 una figura interna.<\/h2>[\/et_pb_text][et_pb_text _builder_version=&#8221;4.27.4&#8243; text_font=&#8221;||||||||&#8221; text_font_size=&#8221;16px&#8221; header_font=&#8221;||||||||&#8221; max_width=&#8221;90%&#8221; module_alignment=&#8221;center&#8221; custom_margin=&#8221;3%|0px|3%|0px|false|false&#8221; custom_padding=&#8221;|2%|0px|2%|false|false&#8221; animation_direction=&#8221;left&#8221; hover_transition_duration=&#8221;0ms&#8221; global_colors_info=&#8221;{}&#8221;]<p style=\"text-align: justify;\">Il Temporary Manager, a differenza del consulente, non si limita a stilare un piano di lavoro: lo <strong>progetta<\/strong> e lo <strong>mette in pratica in prima persona<\/strong>, come una figura interna che dispone di specifiche deleghe operative necessarie per innescare il cambiamento. Questo approccio \u00e8 fondamentale per garantire la continuit\u00e0 tra fase progettuale ed esecutiva.<\/p>[\/et_pb_text][\/et_pb_column][\/et_pb_row][\/et_pb_section][et_pb_section fb_built=&#8221;1&#8243; custom_padding_last_edited=&#8221;on|tablet&#8221; _builder_version=&#8221;4.27.4&#8243; background_color=&#8221;#002c3e&#8221; custom_margin=&#8221;||||false|false&#8221; custom_padding=&#8221;5%||0px||false|false&#8221; custom_padding_tablet=&#8221;10%||0px||false|false&#8221; custom_padding_phone=&#8221;15%||||false|false&#8221; top_divider_style=&#8221;slant&#8221; top_divider_color=&#8221;#e6e6e6&#8243; top_divider_flip=&#8221;horizontal&#8221; locked=&#8221;off&#8221; global_colors_info=&#8221;{}&#8221;][et_pb_row _builder_version=&#8221;4.27.4&#8243; _module_preset=&#8221;default&#8221; custom_padding=&#8221;||0px|||&#8221; global_colors_info=&#8221;{}&#8221;][et_pb_column type=&#8221;4_4&#8243; _builder_version=&#8221;4.27.4&#8243; _module_preset=&#8221;default&#8221; global_colors_info=&#8221;{}&#8221;][et_pb_text _builder_version=&#8221;4.27.4&#8243; text_font=&#8221;Montserrat|700|||||||&#8221; text_text_color=&#8221;#002c3e&#8221; text_font_size=&#8221;30px&#8221; header_font=&#8221;||||||||&#8221; header_2_text_color=&#8221;#FFFFFF&#8221; max_width=&#8221;90%&#8221; module_alignment=&#8221;center&#8221; custom_margin=&#8221;|0px||0px|false|false&#8221; custom_padding=&#8221;2%|2%|0px|2%|false|false&#8221; animation_direction=&#8221;left&#8221; hover_transition_duration=&#8221;0ms&#8221; global_colors_info=&#8221;{}&#8221;]<h2 style=\"text-align: center;\">NON \u00e8 un manager a tempo determinato, ma \u00e8 chi \u201cfa succedere le cose\u201d.<\/h2>[\/et_pb_text][et_pb_text _builder_version=&#8221;4.27.5&#8243; text_font=&#8221;||||||||&#8221; text_text_color=&#8221;#FFFFFF&#8221; text_font_size=&#8221;16px&#8221; header_font=&#8221;||||||||&#8221; max_width=&#8221;90%&#8221; module_alignment=&#8221;center&#8221; custom_margin=&#8221;3%|0px|3%|0px|false|false&#8221; custom_padding=&#8221;|2%|0px|2%|false|false&#8221; animation_direction=&#8221;left&#8221; hover_transition_duration=&#8221;0ms&#8221; hover_enabled=&#8221;0&#8243; global_colors_info=&#8221;{}&#8221; sticky_enabled=&#8221;0&#8243;]<p style=\"text-align: justify;\"><span>La durata dell\u2019incarico di un Temporary Manager \u00e8 dettata dalla complessit\u00e0 e dalle caratteristiche del cambiamento da realizzare, ma l\u2019obiettivo dei nostri professionisti \u00e8 sempre <strong>raggiungere gli obiettivi prefissati nei tempi previsti. <\/strong><\/span><\/p>\n<p style=\"text-align: justify;\">Il Temporary Manager EIM non ha alcun interesse a espandere il proprio ruolo o a restare all\u2019interno dell\u2019organizzazione cliente, anzi, \u00e8 sua responsabilit\u00e0 <strong>preparare l\u2019exit strategy<\/strong> che permetter\u00e0 al cliente di beneficiare dei progressi ottenuti anche dopo la conclusione del progetto.<\/p>[\/et_pb_text][\/et_pb_column][\/et_pb_row][\/et_pb_section][et_pb_section fb_built=&#8221;1&#8243; disabled_on=&#8221;off|off|off&#8221; admin_label=&#8221;Quote Section&#8221; _builder_version=&#8221;4.27.5&#8243; background_color=&#8221;#e8e8e8&#8243; background_color_gradient_direction=&#8221;105deg&#8221; background_image=&#8221;https:\/\/www.eim.com\/it\/wp-content\/uploads\/sites\/5\/2026\/02\/temporary-manager-non-e-2.webp&#8221; background_position=&#8221;top_right&#8221; background_horizontal_offset=&#8221;41%&#8221; background_vertical_offset=&#8221;5%&#8221; module_alignment=&#8221;center&#8221; min_height=&#8221;578px&#8221; custom_margin=&#8221;||||false|false&#8221; custom_padding=&#8221;||||false|false&#8221; top_divider_style=&#8221;slant&#8221; top_divider_color=&#8221;#002c3f&#8221; top_divider_flip=&#8221;vertical|horizontal&#8221; bottom_divider_style=&#8221;slant&#8221; bottom_divider_color=&#8221;#e8e8e8&#8243; bottom_divider_flip=&#8221;horizontal&#8221; hover_enabled=&#8221;0&#8243; saved_tabs=&#8221;all&#8221; locked=&#8221;off&#8221; global_colors_info=&#8221;{}&#8221; title_text=&#8221;temporary-manager-non-e-2&#8243; sticky_enabled=&#8221;0&#8243;][\/et_pb_section][et_pb_section fb_built=&#8221;1&#8243; custom_padding_last_edited=&#8221;on|tablet&#8221; _builder_version=&#8221;4.27.4&#8243; background_color=&#8221;#e8e8e8&#8243; custom_margin=&#8221;||||false|false&#8221; custom_padding=&#8221;0.1%||0px||false|false&#8221; custom_padding_tablet=&#8221;10%||0px||false|false&#8221; custom_padding_phone=&#8221;15%||||false|false&#8221; top_divider_color=&#8221;#e8e8e8&#8243; bottom_divider_color=&#8221;#e6e6e6&#8243; locked=&#8221;off&#8221; global_colors_info=&#8221;{}&#8221;][et_pb_row _builder_version=&#8221;4.27.4&#8243; _module_preset=&#8221;default&#8221; custom_padding=&#8221;||0px|||&#8221; global_colors_info=&#8221;{}&#8221;][et_pb_column type=&#8221;4_4&#8243; _builder_version=&#8221;4.27.4&#8243; _module_preset=&#8221;default&#8221; global_colors_info=&#8221;{}&#8221;][et_pb_text _builder_version=&#8221;4.27.4&#8243; text_font=&#8221;Montserrat|700|||||||&#8221; text_text_color=&#8221;#002c3e&#8221; text_font_size=&#8221;30px&#8221; header_font=&#8221;||||||||&#8221; max_width=&#8221;90%&#8221; module_alignment=&#8221;center&#8221; custom_margin=&#8221;|0px||0px|false|false&#8221; custom_padding=&#8221;2%|2%|0px|2%|false|false&#8221; animation_direction=&#8221;left&#8221; hover_transition_duration=&#8221;0ms&#8221; global_colors_info=&#8221;{}&#8221;]<h2 style=\"text-align: center;\">NON \u00e8 un manager in cerca di lavoro: l\u2019Interim Management \u00e8 una scelta di carriera. <\/h2>[\/et_pb_text][et_pb_text _builder_version=&#8221;4.27.5&#8243; text_font=&#8221;||||||||&#8221; text_font_size=&#8221;16px&#8221; header_font=&#8221;||||||||&#8221; max_width=&#8221;90%&#8221; module_alignment=&#8221;center&#8221; custom_margin=&#8221;3%|0px|3%|0px|false|false&#8221; custom_padding=&#8221;|2%|0px|2%|false|false&#8221; animation_direction=&#8221;left&#8221; hover_transition_duration=&#8221;0ms&#8221; hover_enabled=&#8221;0&#8243; global_colors_info=&#8221;{}&#8221; sticky_enabled=&#8221;0&#8243;]<p style=\"text-align: justify;\"><span>La scelta di diventare Temporary Manager arriva spesso in seguito a percorsi di successo, da parte di <strong>manager di grande seniority<\/strong> che hanno gi\u00e0 raggiunto i vertici dirigenziali di aziende internazionali. <\/span><\/p>\n<p style=\"text-align: justify;\">L\u2019Interim Management permette a questi professionisti di accettare nuove sfide in contesti diversi, esercitare le proprie competenze applicandole a pi\u00f9 settori e mettere a profitto le proprie abilit\u00e0 gestionali per avviare progetti di cambiamento: tutto questo richiede <strong>uno specifico know-how<\/strong> che si acquisisce solo con anni di esperienza e grande senso di responsabilit\u00e0.<\/p>[\/et_pb_text][\/et_pb_column][\/et_pb_row][\/et_pb_section][et_pb_section fb_built=&#8221;1&#8243; custom_padding_last_edited=&#8221;on|desktop&#8221; disabled_on=&#8221;off|off|off&#8221; _builder_version=&#8221;4.27.4&#8243; background_color=&#8221;#FFFFFF&#8221; background_color_gradient_direction=&#8221;102deg&#8221; background_enable_image=&#8221;off&#8221; background_position=&#8221;top_left&#8221; module_alignment=&#8221;center&#8221; custom_margin=&#8221;||||false|false&#8221; custom_padding=&#8221;0px||0px||true|false&#8221; custom_padding_tablet=&#8221;10%||10%||true|false&#8221; custom_padding_phone=&#8221;10%||10%||true|false&#8221; top_divider_style=&#8221;slant&#8221; top_divider_color=&#8221;#e6e6e6&#8243; top_divider_style_last_edited=&#8221;off|desktop&#8221; bottom_divider_color=&#8221;#ffffff&#8221; bottom_divider_flip=&#8221;horizontal&#8221; saved_tabs=&#8221;all&#8221; locked=&#8221;off&#8221; global_colors_info=&#8221;{}&#8221;][et_pb_row _builder_version=&#8221;4.27.4&#8243; _module_preset=&#8221;default&#8221; custom_padding=&#8221;78px||0px|||&#8221; global_colors_info=&#8221;{}&#8221;][et_pb_column type=&#8221;4_4&#8243; _builder_version=&#8221;4.27.4&#8243; _module_preset=&#8221;default&#8221; global_colors_info=&#8221;{}&#8221;][et_pb_text _builder_version=&#8221;4.27.4&#8243; text_font=&#8221;Montserrat|700|||||||&#8221; text_text_color=&#8221;#002c3e&#8221; text_font_size=&#8221;30px&#8221; header_font=&#8221;||||||||&#8221; max_width=&#8221;90%&#8221; module_alignment=&#8221;center&#8221; custom_margin=&#8221;|0px||0px|false|false&#8221; custom_padding=&#8221;2%|2%|0px|2%|false|false&#8221; animation_direction=&#8221;left&#8221; hover_transition_duration=&#8221;0ms&#8221; global_colors_info=&#8221;{}&#8221;]<h2 style=\"text-align: center;\">NON \u00e8 un risolutore di problemi che agisce da solo, ma \u00e8 parte di un team.<\/h2>[\/et_pb_text][et_pb_text _builder_version=&#8221;4.27.4&#8243; text_font=&#8221;||||||||&#8221; text_font_size=&#8221;16px&#8221; header_font=&#8221;||||||||&#8221; max_width=&#8221;90%&#8221; module_alignment=&#8221;center&#8221; custom_margin=&#8221;3%|0px|3%|0px|false|false&#8221; custom_padding=&#8221;|2%|0px|2%|false|false&#8221; animation_direction=&#8221;left&#8221; hover_transition_duration=&#8221;0ms&#8221; global_colors_info=&#8221;{}&#8221;]<p style=\"text-align: justify;\"><span>Per affrontare al meglio le diverse sfide del mercato, gli interventi EIM nelle aziende si sviluppano sempre in un\u2019ottica di <strong>lavoro di squadra<\/strong>, della quale fanno parte il cliente, il manager, il Senior Consultant e\/o il Partner. Il Temporary Manager che accetta la sfida deve essere in grado di integrarsi nella realt\u00e0 aziendale del cliente, apportare il cambiamento necessario e \u201cuscire di scena\u201d al termine del suo mandato lasciando in eredit\u00e0 un modello di crescita duraturo, replicabile e sostenibile. <\/span><\/p>\n<p>Il manager EIM non affronta il proprio percorso da solo: pu\u00f2 sempre contare sul <strong>supporto di un\u2019intera Community di professionisti<\/strong> pronta a rafforzare la leadership e le competenze di ogni singolo membro, in un ambiente stimolante e finalizzato al miglioramento continuo delle abilit\u00e0 personali.<\/p>[\/et_pb_text][\/et_pb_column][\/et_pb_row][\/et_pb_section][et_pb_section fb_built=&#8221;1&#8243; custom_padding_last_edited=&#8221;on|desktop&#8221; _builder_version=&#8221;4.27.4&#8243; background_color=&#8221;#DB9300&#8243; custom_margin=&#8221;||||false|false&#8221; custom_padding=&#8221;5%||||false|false&#8221; custom_padding_tablet=&#8221;10%||||false|false&#8221; custom_padding_phone=&#8221;15%||||false|false&#8221; top_divider_style=&#8221;slant&#8221; top_divider_color=&#8221;#ffffff&#8221; top_divider_flip=&#8221;vertical&#8221; bottom_divider_color=&#8221;#ffffff&#8221; bottom_divider_flip=&#8221;horizontal&#8221; saved_tabs=&#8221;all&#8221; locked=&#8221;off&#8221; global_colors_info=&#8221;{}&#8221;][et_pb_row _builder_version=&#8221;4.16&#8243; custom_margin=&#8221;-46px|auto||auto||&#8221; custom_padding=&#8221;105px||2px|||&#8221; global_colors_info=&#8221;{}&#8221;][et_pb_column type=&#8221;4_4&#8243; _builder_version=&#8221;4.16&#8243; global_colors_info=&#8221;{}&#8221;][et_pb_text admin_label=&#8221;Title&#8221; _builder_version=&#8221;4.27.4&#8243; text_font=&#8221;||||||||&#8221; text_text_color=&#8221;#FFFFFF&#8221; header_font=&#8221;Prata||||||||&#8221; header_2_font=&#8221;Montserrat|700|||||||&#8221; header_2_text_align=&#8221;center&#8221; header_2_font_size=&#8221;30px&#8221; header_3_text_color=&#8221;#FFFFFF&#8221; custom_margin=&#8221;||5px|&#8221; custom_padding=&#8221;||0px|||&#8221; animation_direction=&#8221;top&#8221; inline_fonts=&#8221;Prata,Montserrat&#8221; global_colors_info=&#8221;{}&#8221;]<h3 style=\"text-align: center;\">Pensi di avere i requisiti per entrare nella Community EIM?<\/h3>[\/et_pb_text][\/et_pb_column][\/et_pb_row][et_pb_row _builder_version=&#8221;4.27.4&#8243; custom_margin=&#8221;20px||||false|false&#8221; custom_padding=&#8221;0px|||||&#8221; global_colors_info=&#8221;{}&#8221;][et_pb_column type=&#8221;4_4&#8243; _builder_version=&#8221;4.16&#8243; global_colors_info=&#8221;{}&#8221;][et_pb_button button_url=&#8221;https:\/\/www.eim.com\/it\/contatti\/&#8221; button_text=&#8221;CONOSCIAMOCI MEGLIO&#8221; button_alignment=&#8221;center&#8221; button_alignment_tablet=&#8221;center&#8221; button_alignment_phone=&#8221;center&#8221; button_alignment_last_edited=&#8221;off|desktop&#8221; _builder_version=&#8221;4.27.4&#8243; background_layout=&#8221;dark&#8221; global_colors_info=&#8221;{}&#8221;][\/et_pb_button][\/et_pb_column][\/et_pb_row][\/et_pb_section]\n","protected":false},"excerpt":{"rendered":"<p>Un Temporary Manager NON \u00e8\u2026 Professionisti oltre la consulenzaEntrare in EIM \u00e8 una grande opportunit\u00e0 per i manager pi\u00f9 qualificati che desiderano applicare le proprie competenze per ottenere risultati concreti e duraturi, ma non \u00e8 una posizione adatta a tutti. Per definire al meglio le qualit\u00e0 dei professionisti EIM presenti e futuri, chiariamo che il [&hellip;]<\/p>\n","protected":false},"author":2,"featured_media":0,"parent":0,"menu_order":0,"comment_status":"closed","ping_status":"closed","template":"","meta":{"_et_pb_use_builder":"on","_et_pb_old_content":"","_et_gb_content_width":"","footnotes":""},"class_list":["post-20371","page","type-page","status-publish","hentry"],"yoast_head":"<!-- This site is optimized with the Yoast SEO Premium plugin v27.0 (Yoast SEO v27.4) - https:\/\/yoast.com\/product\/yoast-seo-premium-wordpress\/ -->\n<title>Un Temporary Manager NON \u00e8... - EIM Italia<\/title>\n<meta name=\"description\" content=\"Consulente? Professionista alla ricerca di un lavoro? Manager a tempo determinato? Scopri chi \u00e8 davvero un temporary manager e i vantaggi che porta in azienda\" \/>\n<meta name=\"robots\" content=\"index, follow, max-snippet:-1, max-image-preview:large, max-video-preview:-1\" \/>\n<link rel=\"canonical\" href=\"https:\/\/www.eim.com\/it\/chi-e-temporary-manager\/\" \/>\n<meta property=\"og:locale\" content=\"it_IT\" \/>\n<meta property=\"og:type\" content=\"article\" \/>\n<meta property=\"og:title\" content=\"Un Temporary Manager NON \u00e8...\" \/>\n<meta property=\"og:description\" content=\"Consulente? Professionista alla ricerca di un lavoro? Manager a tempo determinato? Scopri chi \u00e8 davvero un temporary manager e i vantaggi che porta in azienda\" \/>\n<meta property=\"og:url\" content=\"https:\/\/www.eim.com\/it\/chi-e-temporary-manager\/\" \/>\n<meta property=\"og:site_name\" content=\"EIM Italia\" \/>\n<meta property=\"article:modified_time\" content=\"2026-02-03T16:04:57+00:00\" \/>\n<meta property=\"og:image\" content=\"https:\/\/www.eim.com\/it\/wp-content\/uploads\/sites\/5\/2022\/01\/innovazione-digital-transformation.png\" \/>\n\t<meta property=\"og:image:width\" content=\"1200\" \/>\n\t<meta property=\"og:image:height\" content=\"672\" \/>\n\t<meta property=\"og:image:type\" content=\"image\/png\" \/>\n<meta name=\"twitter:card\" content=\"summary_large_image\" \/>\n<meta name=\"twitter:image\" content=\"https:\/\/www.eim.com\/it\/wp-content\/uploads\/sites\/5\/2022\/01\/innovazione-digital-transformation.png\" \/>\n<meta name=\"twitter:label1\" content=\"Tempo di lettura stimato\" \/>\n\t<meta name=\"twitter:data1\" content=\"3 minuti\" \/>\n<script type=\"application\/ld+json\" class=\"yoast-schema-graph\">{\"@context\":\"https:\\\/\\\/schema.org\",\"@graph\":[{\"@type\":\"WebPage\",\"@id\":\"https:\\\/\\\/www.eim.com\\\/it\\\/chi-e-temporary-manager\\\/\",\"url\":\"https:\\\/\\\/www.eim.com\\\/it\\\/chi-e-temporary-manager\\\/\",\"name\":\"Un Temporary Manager NON \u00e8... - EIM Italia\",\"isPartOf\":{\"@id\":\"https:\\\/\\\/www.eim.com\\\/it\\\/#website\"},\"datePublished\":\"2026-02-03T16:04:42+00:00\",\"dateModified\":\"2026-02-03T16:04:57+00:00\",\"description\":\"Consulente? Professionista alla ricerca di un lavoro? Manager a tempo determinato? Scopri chi \u00e8 davvero un temporary manager e i vantaggi che porta in azienda\",\"breadcrumb\":{\"@id\":\"https:\\\/\\\/www.eim.com\\\/it\\\/chi-e-temporary-manager\\\/#breadcrumb\"},\"inLanguage\":\"it-IT\",\"potentialAction\":[{\"@type\":\"ReadAction\",\"target\":[\"https:\\\/\\\/www.eim.com\\\/it\\\/chi-e-temporary-manager\\\/\"]}]},{\"@type\":\"BreadcrumbList\",\"@id\":\"https:\\\/\\\/www.eim.com\\\/it\\\/chi-e-temporary-manager\\\/#breadcrumb\",\"itemListElement\":[{\"@type\":\"ListItem\",\"position\":1,\"name\":\"Home\",\"item\":\"https:\\\/\\\/www.eim.com\\\/it\\\/\"},{\"@type\":\"ListItem\",\"position\":2,\"name\":\"Un Temporary Manager NON \u00e8&#8230;\"}]},{\"@type\":\"WebSite\",\"@id\":\"https:\\\/\\\/www.eim.com\\\/it\\\/#website\",\"url\":\"https:\\\/\\\/www.eim.com\\\/it\\\/\",\"name\":\"EIM Italia\",\"description\":\"Siamo gli inventori dell&#039;Executive Interim Management\",\"publisher\":{\"@id\":\"https:\\\/\\\/www.eim.com\\\/it\\\/#organization\"},\"potentialAction\":[{\"@type\":\"SearchAction\",\"target\":{\"@type\":\"EntryPoint\",\"urlTemplate\":\"https:\\\/\\\/www.eim.com\\\/it\\\/?s={search_term_string}\"},\"query-input\":{\"@type\":\"PropertyValueSpecification\",\"valueRequired\":true,\"valueName\":\"search_term_string\"}}],\"inLanguage\":\"it-IT\"},{\"@type\":\"Organization\",\"@id\":\"https:\\\/\\\/www.eim.com\\\/it\\\/#organization\",\"name\":\"EIM\",\"url\":\"https:\\\/\\\/www.eim.com\\\/it\\\/\",\"logo\":{\"@type\":\"ImageObject\",\"inLanguage\":\"it-IT\",\"@id\":\"https:\\\/\\\/www.eim.com\\\/it\\\/#\\\/schema\\\/logo\\\/image\\\/\",\"url\":\"https:\\\/\\\/www.eim.com\\\/it\\\/wp-content\\\/uploads\\\/sites\\\/5\\\/2022\\\/02\\\/logo-eim-favicon2022.png\",\"contentUrl\":\"https:\\\/\\\/www.eim.com\\\/it\\\/wp-content\\\/uploads\\\/sites\\\/5\\\/2022\\\/02\\\/logo-eim-favicon2022.png\",\"width\":427,\"height\":427,\"caption\":\"EIM\"},\"image\":{\"@id\":\"https:\\\/\\\/www.eim.com\\\/it\\\/#\\\/schema\\\/logo\\\/image\\\/\"}}]}<\/script>\n<!-- \/ Yoast SEO Premium plugin. -->","yoast_head_json":{"title":"Un Temporary Manager NON \u00e8... - EIM Italia","description":"Consulente? Professionista alla ricerca di un lavoro? Manager a tempo determinato? Scopri chi \u00e8 davvero un temporary manager e i vantaggi che porta in azienda","robots":{"index":"index","follow":"follow","max-snippet":"max-snippet:-1","max-image-preview":"max-image-preview:large","max-video-preview":"max-video-preview:-1"},"canonical":"https:\/\/www.eim.com\/it\/chi-e-temporary-manager\/","og_locale":"it_IT","og_type":"article","og_title":"Un Temporary Manager NON \u00e8...","og_description":"Consulente? Professionista alla ricerca di un lavoro? Manager a tempo determinato? Scopri chi \u00e8 davvero un temporary manager e i vantaggi che porta in azienda","og_url":"https:\/\/www.eim.com\/it\/chi-e-temporary-manager\/","og_site_name":"EIM Italia","article_modified_time":"2026-02-03T16:04:57+00:00","og_image":[{"width":1200,"height":672,"url":"https:\/\/www.eim.com\/it\/wp-content\/uploads\/sites\/5\/2022\/01\/innovazione-digital-transformation.png","type":"image\/png"}],"twitter_card":"summary_large_image","twitter_image":"https:\/\/www.eim.com\/it\/wp-content\/uploads\/sites\/5\/2022\/01\/innovazione-digital-transformation.png","twitter_misc":{"Tempo di lettura stimato":"3 minuti"},"schema":{"@context":"https:\/\/schema.org","@graph":[{"@type":"WebPage","@id":"https:\/\/www.eim.com\/it\/chi-e-temporary-manager\/","url":"https:\/\/www.eim.com\/it\/chi-e-temporary-manager\/","name":"Un Temporary Manager NON \u00e8... - EIM Italia","isPartOf":{"@id":"https:\/\/www.eim.com\/it\/#website"},"datePublished":"2026-02-03T16:04:42+00:00","dateModified":"2026-02-03T16:04:57+00:00","description":"Consulente? Professionista alla ricerca di un lavoro? Manager a tempo determinato? Scopri chi \u00e8 davvero un temporary manager e i vantaggi che porta in azienda","breadcrumb":{"@id":"https:\/\/www.eim.com\/it\/chi-e-temporary-manager\/#breadcrumb"},"inLanguage":"it-IT","potentialAction":[{"@type":"ReadAction","target":["https:\/\/www.eim.com\/it\/chi-e-temporary-manager\/"]}]},{"@type":"BreadcrumbList","@id":"https:\/\/www.eim.com\/it\/chi-e-temporary-manager\/#breadcrumb","itemListElement":[{"@type":"ListItem","position":1,"name":"Home","item":"https:\/\/www.eim.com\/it\/"},{"@type":"ListItem","position":2,"name":"Un Temporary Manager NON \u00e8&#8230;"}]},{"@type":"WebSite","@id":"https:\/\/www.eim.com\/it\/#website","url":"https:\/\/www.eim.com\/it\/","name":"EIM Italia","description":"Siamo gli inventori dell&#039;Executive Interim Management","publisher":{"@id":"https:\/\/www.eim.com\/it\/#organization"},"potentialAction":[{"@type":"SearchAction","target":{"@type":"EntryPoint","urlTemplate":"https:\/\/www.eim.com\/it\/?s={search_term_string}"},"query-input":{"@type":"PropertyValueSpecification","valueRequired":true,"valueName":"search_term_string"}}],"inLanguage":"it-IT"},{"@type":"Organization","@id":"https:\/\/www.eim.com\/it\/#organization","name":"EIM","url":"https:\/\/www.eim.com\/it\/","logo":{"@type":"ImageObject","inLanguage":"it-IT","@id":"https:\/\/www.eim.com\/it\/#\/schema\/logo\/image\/","url":"https:\/\/www.eim.com\/it\/wp-content\/uploads\/sites\/5\/2022\/02\/logo-eim-favicon2022.png","contentUrl":"https:\/\/www.eim.com\/it\/wp-content\/uploads\/sites\/5\/2022\/02\/logo-eim-favicon2022.png","width":427,"height":427,"caption":"EIM"},"image":{"@id":"https:\/\/www.eim.com\/it\/#\/schema\/logo\/image\/"}}]}},"_links":{"self":[{"href":"https:\/\/www.eim.com\/it\/wp-json\/wp\/v2\/pages\/20371","targetHints":{"allow":["GET"]}}],"collection":[{"href":"https:\/\/www.eim.com\/it\/wp-json\/wp\/v2\/pages"}],"about":[{"href":"https:\/\/www.eim.com\/it\/wp-json\/wp\/v2\/types\/page"}],"author":[{"embeddable":true,"href":"https:\/\/www.eim.com\/it\/wp-json\/wp\/v2\/users\/2"}],"replies":[{"embeddable":true,"href":"https:\/\/www.eim.com\/it\/wp-json\/wp\/v2\/comments?post=20371"}],"version-history":[{"count":0,"href":"https:\/\/www.eim.com\/it\/wp-json\/wp\/v2\/pages\/20371\/revisions"}],"wp:attachment":[{"href":"https:\/\/www.eim.com\/it\/wp-json\/wp\/v2\/media?parent=20371"}],"curies":[{"name":"wp","href":"https:\/\/api.w.org\/{rel}","templated":true}]}}