{"id":12144,"date":"2020-11-06T10:46:49","date_gmt":"2020-11-06T09:46:49","guid":{"rendered":"https:\/\/www.eim.com\/it\/?page_id=12144"},"modified":"2023-03-03T11:14:49","modified_gmt":"2023-03-03T10:14:49","slug":"informativa-privacy-per-il-candidato","status":"publish","type":"page","link":"https:\/\/www.eim.com\/it\/informativa-privacy-per-il-candidato\/","title":{"rendered":"INFORMATIVA PRIVACY PER IL CANDIDATO"},"content":{"rendered":"\n<h2 class=\"wp-block-heading\" id=\"h-lavorare-con-eim\"><strong>\u201cLAVORARE CON EIM\u201d<\/strong><\/h2>\n\n\n\n<p><strong>1) Titolare del trattamento dei Dati<\/strong><\/p>\n\n\n\n<p>Ai sensi degli artt. 13 e 14 del Regolamento Generale sulla protezione dei dati \u2013 Regolamento UE 2016\/679 (GDPR), <strong>Executive Interim Management Italia S.r.l.<\/strong> (di seguito, \u201c<strong>Titolare<\/strong>\u201d, <strong>e\/o \u201cE.I.M. Italia<\/strong>\u201d), con sede legale in Milano (MI), in via Santa Maria Segreta, n\u00b06 \u2013 20123 (C.F. 11037500151), \u00e8 il <strong>Titolare<\/strong>, ex art. 24 del GDPR, del trattamento dei dati personali (\u201c<strong>Dati<\/strong>\u201d) del candidato (di seguito, \u201c<strong>Interessato<\/strong>\u201d).<\/p>\n\n\n\n<p>E.I.M. Italia informa pertanto l\u2019Interessato che i dati personali acquisiti verranno trattati nel rispetto del GDPR. In relazione a tale trattamento il Titolare fornisce le seguenti informazioni.<\/p>\n\n\n\n<p>Per \u201c<strong>trattamento<\/strong>\u201d (ex art. 4 n. 2 del GDPR) si intende qualsiasi operazione o insieme di operazioni, compiute con o senza l&#8217;ausilio di processi automatizzati e applicate a dati personali o insiemi di dati personali, come la raccolta, la registrazione, l&#8217;organizzazione, la strutturazione, la conservazione, l&#8217;adattamento o la modifica, l&#8217;estrazione, la consultazione, l&#8217;uso, la comunicazione mediante trasmissione, diffusione o qualsiasi altra forma di messa a disposizione, il raffronto o l&#8217;interconnessione, la limitazione, la cancellazione o la distruzione.<\/p>\n\n\n\n<p>Tale trattamento deve essere improntato ai principi di liceit\u00e0, correttezza, trasparenza e minimizzazione tutelando la riservatezza e i diritti dell\u2019Interessato.<\/p>\n\n\n\n<p><strong>2) Dati personali raccolti e trattati (\u201cDati\u201d)<\/strong><\/p>\n\n\n\n<p>Per <strong>dato personale<\/strong> si intende qualsiasi informazione che riguarda l\u2019Interessato ed \u00e8 allo stesso riferibile.<\/p>\n\n\n\n<p>Nello specifico il trattamento riguarder\u00e0 i Dati dell\u2019Interessato, quali: nome, cognome, data di nascita, indirizzo di residenza\/domicilio, recapito telefonico, indirizzo e-mail, formazione scolastica, esperienze professionali, nonch\u00e9 gli ulteriori Dati forniti dall\u2019Interessato e contenuti nel curriculum vitae dal medesimo trasmesso a E.I.M. Italia.<\/p>\n\n\n\n<p>Il trattamento potrebbe riguardare anche i Dati di natura particolare di cui all\u2019art. 9 del GDPR, se indicati volontariamente dall\u2019Interessato nel proprio curriculum vitae; in questo caso, tali Dati saranno trattati con le tutele previste per legge, nel rispetto del GDPR e del D.lgs n. 196\/2003, cos\u00ec come modificato dal D.lgs n. 101\/2018, nonch\u00e9 di quanto previsto nei provvedimenti adottati dal Garante per la protezione dei dati personali in materia di trattamento dei dati particolari.<\/p>\n\n\n\n<p><strong>3) Finalit\u00e0 del trattamento dei Dati<\/strong><\/p>\n\n\n\n<p>I Dati raccolti verranno trattati:<\/p>\n\n\n\n<p><strong>a)<\/strong> per la <strong>valutazione del profilo professionale dell\u2019Interessato nell\u2019ambito di processi di selezione attuali e futuri, <\/strong>volti all\u2019instaurazione di <strong>rapporti di lavoro<\/strong> o di <strong>collaborazione professionale consulenziale:<\/strong> tra l\u2019Interessato ed E.I.M. Italia; tra l\u2019Interessato ed altre societ\u00e0 del Gruppo E.I.M.; tra l\u2019Interessato e le societ\u00e0 clienti di E.I.M. Italia o clienti di altre societ\u00e0 del Gruppo E.I.M.;<\/p>\n\n\n\n<p><strong>b)<\/strong> per <strong>informare l\u2019Interessato, nel corso del tempo, delle opportunit\u00e0 relative a selezioni aperte<\/strong>;<\/p>\n\n\n\n<p><strong>c)<\/strong> previo consenso dell&#8217;Interessato,&nbsp;per l\u2019<strong>esecuzione di attivit\u00e0 promozionale e di marketing&nbsp;<\/strong>(a titolo esemplificativo:&nbsp;invio&nbsp; newsletter di informazione&nbsp;e&nbsp;aggiornamento&nbsp;sull\u2019attivit\u00e0 svolta da E.I.M. Italia e dal Gruppo E.I.M. e sull\u2019attivit\u00e0 di consulenza di direzione aziendale;&nbsp;invio di comunicazioni sui servizi offerti da E.I.M. Italia; inviti a partecipare a workshop e ad eventi organizzati da E.I.M. Italia nell\u2019ambito della propria attivit\u00e0 professionale;&nbsp;inviti a partecipare a survey; invio di congratulation letters; messaggi in occasione di ricorrenze).&nbsp; &nbsp;<\/p>\n\n\n\n<p>I Dati acquisiti potrebbero essere utilizzati, ai sensi e per gli effetti delle disposizioni del GDPR, per esercitare l\u2019eventuale difesa in sede giudiziaria dei diritti del Titolare.<\/p>\n\n\n\n<p><strong>4) Base giuridica del trattamento dei Dati<\/strong><\/p>\n\n\n\n<p>La base giuridica del trattamento dei Dati raccolti per le finalit\u00e0 sopra indicate \u00e8 rappresentata dal <strong>consenso dell\u2019Interessato,<\/strong> dall\u2019<strong>esecuzione di misure precontrattuali adottate su richiesta dell\u2019Interessato<\/strong>, nonch\u00e9 dal <strong>legittimo interesse del Titolare<\/strong>. I dati conferiti dall&#8217;Interessato potranno essere aggiornati dal Titolare mediante consultazione delle pagine <em>web LinkedIn<\/em> dell&#8217;Interessato<\/p>\n\n\n\n<p><strong>5) Modalit\u00e0 del trattamento dei Dati<\/strong><\/p>\n\n\n\n<p>I Dati raccolti sono trattati dal Titolare nel rispetto dei principi stabiliti dal GDPR in materia di protezione dei dati personali.<\/p>\n\n\n\n<p>I Dati raccolti verranno inseriti nelle pertinenti banche dati e trattati in <strong>forma cartacea<\/strong> nonch\u00e9 mediante <strong>strumenti informatici e telematici<\/strong>.<\/p>\n\n\n\n<p>I Dati saranno trattati da soggetti espressamente designati dal Titolare quali Responsabili o Incaricati del trattamento dei dati personali.<\/p>\n\n\n\n<p>Il Titolare e i predetti soggetti potranno effettuare operazioni di raccolta, analisi, organizzazione, strutturazione, utilizzo, consultazione, elaborazione, raffronto ed ogni altra operazione di trattamento di cui all\u2019art. 4, n. 2 del GDPR, anche parzialmente automatizzata, <strong>nel rispetto delle disposizioni di legge necessarie a garantire, tra l\u2019altro, la riservatezza, la sicurezza, l\u2019integrit\u00e0, la disponibilit\u00e0, l\u2019esattezza, l\u2019aggiornamento e la pertinenza dei dati e nel rispetto delle finalit\u00e0 sopra indicate al precedente punto 3<\/strong>.<\/p>\n\n\n\n<p>Nell\u2019ambito del trattamento dei Dati raccolti, E.I.M. Italia non utilizza processi decisionali interamente automatizzati<em>.<\/em><\/p>\n\n\n\n<p>Specifiche misure di sicurezza sono adottate per prevenire la perdita dei dati, usi illeciti o non corretti ed accessi o divulgazioni non autorizzati.<\/p>\n\n\n\n<p><strong>6) Natura del conferimento dei Dati<\/strong><\/p>\n\n\n\n<p>Il conferimento dei Dati indicati al precedente <strong>punto 2)<\/strong> e il relativo trattamento <strong>sono necessari<\/strong> per consentire la <strong>valutazione del profilo professionale dell\u2019Interessato e per l\u2019esecuzione di eventuali processi di selezione<\/strong> <strong>volti all\u2019instaurazione di un rapporto di lavoro o di collaborazione professionale consulenziale: tra l\u2019Interessato ed E.I.M. Italia; tra l\u2019Interessato ed altre societ\u00e0 del Gruppo E.I.M.; tra l\u2019Interessato e le societ\u00e0 clienti di E.I.M. Italia<\/strong> <strong>o clienti di altre societ\u00e0 del Gruppo E.I.M., <\/strong>nonch\u00e9 per <strong>informare l\u2019Interessato delle opportunit\u00e0 relative a selezioni aperte<\/strong>.&nbsp; Pertanto, il mancato consenso da parte dell\u2019Interessato al trattamento dei dati, comporta l\u2019<strong>impossibilit\u00e0 per E.I.M. Italia di archiviare e conservare il curriculum vitae dell\u2019Interessato e di effettuare le indicate attivit\u00e0<\/strong>.&nbsp;&nbsp;<\/p>\n\n\n\n<p>Il conferimento dei Dati e il relativo trattamento per la&nbsp;<strong>finalit\u00e0 di cui al punto 3) lettera c) non \u00e8 obbligatorio<\/strong>&nbsp;e, in caso di mancato consenso all\u2019utilizzo dei Dati per tale finalit\u00e0, E.I.M. Italia non&nbsp;effettuer\u00e0 le attivit\u00e0 previste&nbsp;dall\u2019indicato punto 3), lettera c).&nbsp;<\/p>\n\n\n\n<p><strong>7) Ambito di comunicazione dei Dati<\/strong><\/p>\n\n\n\n<p>Nei limiti strettamente pertinenti alle finalit\u00e0 indicate al precedente punto n. 3, <strong>i Dati raccolti potranno essere comunicati ai soggetti sottoindicati <\/strong>(societ\u00e0 e\/o persone fisiche):<\/p>\n\n\n\n<ul class=\"wp-block-list\">\n<li>dipendenti e collaboratori di E.I.M. Italia, da quest\u2019ultima incaricati del trattamento dei dati;<\/li>\n\n\n\n<li>societ\u00e0 clienti di E.I.M. Italia;<\/li>\n\n\n\n<li>societ\u00e0 del gruppo E.I.M.;<\/li>\n\n\n\n<li>persone fisiche o societ\u00e0 che prestano servizi a E.I.M. Italia e che trattano i dati in qualit\u00e0 di Incaricati o in qualit\u00e0 di Responsabili del trattamento dei dati, quali a titolo esemplificativo, i soggetti che si occupano della gestione e manutenzione dei sistemi informatici e telematici, della gestione del sito web, della gestione della comunicazione di E.I.M. Italia, della gestione del servizio di hosting e di cloud computing;<\/li>\n\n\n\n<li>societ\u00e0 o persone che collaborano, anche esternamente, con E.I.M. Italia, nell\u2019attivit\u00e0 di revisione e adeguamento del formato dei curriculum vitae dei candidati, per adeguarli al formato standard utilizzato da E.I.M. Italia;<\/li>\n\n\n\n<li>societ\u00e0 e studi legali per la consulenza, nonch\u00e9 per l\u2019accertamento, l\u2019esercizio, la difesa in sede giudiziaria dei diritti del Titolare;<\/li>\n\n\n\n<li>enti pubblici, autorit\u00e0 competenti e\/o organi di vigilanza per l\u2019espletamento degli obblighi di legge.<\/li>\n<\/ul>\n\n\n\n<p>L\u2019elenco aggiornato dei Responsabili del trattamento \u00e8 a disposizione presso la sede legale di E.I.M. Italia.<\/p>\n\n\n\n<p><strong>8) Trasferimento<\/strong> <strong>dei Dati all\u2019estero<\/strong><\/p>\n\n\n\n<p>I Dati raccolti vengono <strong>trasferiti<\/strong> <strong>anche all\u2019estero<\/strong> <strong>in Paesi situati nello Spazio Economico Europeo<\/strong>, per essere trattati, nell\u2019ambito delle finalit\u00e0 indicate al punto 3, da societ\u00e0 del Gruppo E.I.M. poste nello Spazio Economico Europeo, nonch\u00e9 da soggetti che, tramite server collocati nello Spazio Economico Europeo, prestano servizi di cloud computing e di hosting a E.I.M. Italia sulla base di accordi in essere con il Gruppo E.I.M.<\/p>\n\n\n\n<p>Sempre nell&#8217;ambito delle finalit\u00e0 indicate al punto 3, i soggetti che prestano servizi di cloud computing e di hosting a E.I.M. Italia potrebbero trasferire i Dati a soggetti infragruppo nonch\u00e9 a fornitori terzi anche situati in <strong>Paesi posti al di fuori dello Spazio Economico Europeo<\/strong>. In tal caso, detto trasferimento sar\u00e0 attuato garantendo un livello adeguato di protezione dei Dati personali e nel rispetto delle disposizioni contenute nel GDPR, mediante: trasferimento dei Dati a soggetti situati in Paesi per i quali sia stata emessa una decisione di adeguatezza da parte della Commissione Europea; e\/o trasferimento dei Dati a soggetti obbligati ad attenersi, nel trattamento dei dati, a Binding Corporate Rules; e\/o trasferimento dei Dati ai sensi di un accordo che contenga clausole contrattuali standard approvate dalla Commissione Europea. Nel caso di trasferimento dei Dati in Paesi situati al di fuori dello Spazio Economico Europeo, le leggi applicabili in tali Paesi potrebbero consentire a governi, tribunali e autorit\u00e0 pubbliche, ivi situati, di accedere a tali Dati.<\/p>\n\n\n\n<p><strong>9) Luogo di trattamento dei Dati<\/strong><\/p>\n\n\n\n<p>I Dati raccolti saranno trattati: presso E.I.M Italia S.r.l., con sede in Milano (MI), in via Santa Maria Segreta, n\u00b06 \u2013 20123 \u2013 Italia; presso i Responsabili o Incaricati del trattamento dei Dati, indicati nel precedente punto 7 (\u201cAmbito di comunicazione dei Dati\u201d); presso i soggetti indicati al precedente punto 8, secondo capoverso (\u201cTrasferimento dei Dati all\u2019estero\u201d).<\/p>\n\n\n\n<p><strong>10) Durata del trattamento dei Dati<\/strong><\/p>\n\n\n\n<p>Per le finalit\u00e0 indicate al precedente punto 3), i Dati di cui alpunto 2)saranno <strong>conservati e trattati per un periodo di 36 mesi dalla data del loro conferimento<\/strong> <strong>da parte dell\u2019Interessato<\/strong>, fermo restando in ogni caso il diritto di revoca del consenso come da successivo punto 11.<\/p>\n\n\n\n<p>Il Titolare e i suoi Incaricati provvederanno periodicamente a contattare l\u2019Interessato, al fine di aggiornare i Dati e verificarne la completezza e la correttezza.<\/p>\n\n\n\n<p><strong>11) Diritti degli Interessati<\/strong><\/p>\n\n\n\n<p>In ogni momento l\u2019Interessato potr\u00e0 esercitare i propri diritti nei confronti del Titolare ai sensi degli artt. 12, 15, 16, 17, 18, 20, 21 e 34 GDPR, che qui di seguito si indicano.<\/p>\n\n\n\n<ol class=\"wp-block-list\" type=\"a\">\n<li>L&#8217;Interessato ha diritto di ottenere <strong>la conferma dell&#8217;esistenza o meno di Dati personali<\/strong> che lo riguardano e la loro comunicazione in forma intelligibile.<\/li>\n<\/ol>\n\n\n\n<ul class=\"wp-block-list\">\n<li>L&#8217;Interessato ha diritto di <strong>ottenere le seguenti informazioni<\/strong>:<\/li>\n<\/ul>\n\n\n\n<ul class=\"wp-block-list\">\n<li>sull\u2019origine dei Dati personali;<\/li>\n\n\n\n<li>sulle finalit\u00e0 del trattamento cui sono destinati i Dati personali e sulle modalit\u00e0 del trattamento degli stessi;<\/li>\n\n\n\n<li>sulle categorie di Dati personali trattati;<\/li>\n\n\n\n<li>sul periodo di conservazione dei Dati personali;<\/li>\n\n\n\n<li>sull\u2019esistenza di un processo decisionale automatizzato e sulla logica applicata in caso di trattamento effettuato con l&#8217;ausilio di strumenti elettronici;<\/li>\n\n\n\n<li>sugli estremi identificativi del Titolare e, se designato, del Responsabile del trattamento;<\/li>\n\n\n\n<li>dei soggetti o delle categorie di soggetti ai quali i Dati personali possono essere comunicati o di soggetti che possono venire a conoscenza dei Dati, in qualit\u00e0 di rappresentanti designati nel territorio dello Stato, di Responsabili o Incaricati interni o esterni.<\/li>\n<\/ul>\n\n\n\n<ul class=\"wp-block-list\">\n<li>L&#8217;Interessato ha diritto di <strong>revocare il consenso<\/strong> prestato, salve le conseguenze di cui al precedente punto 6.<\/li>\n<\/ul>\n\n\n\n<ul class=\"wp-block-list\">\n<li>L&#8217;Interessato ha altres\u00ec il diritto di ottenere:<\/li>\n<\/ul>\n\n\n\n<ul class=\"wp-block-list\">\n<li><strong>l&#8217;aggiornamento, la rettifica<\/strong> ovvero, quando vi ha interesse, <strong>l&#8217;integrazione e la limitazione dei Dati<\/strong>, in conformit\u00e0 a quanto previsto agli articoli 16 (\u201cDiritto di rettifica\u201d) e 18 (\u201cDiritto di limitazione di trattamento\u201d) del GDPR;<\/li>\n\n\n\n<li><strong>la cancellazione dei Dati<\/strong> che lo riguardano nei casi stabiliti dall\u2019art. 17 (\u201cDiritto alla cancellazione \u2013 \u201cDiritto all\u2019oblio\u201d) del GDPR;<\/li>\n\n\n\n<li><strong>la disponibilit\u00e0 in formato strutturato, di uso comune e leggibile da dispositivo automatico, dei Dati<\/strong> che lo riguardano forniti al Titolare e ha il diritto di trasmettere tali Dati ad un altro titolare del trattamento senza impedimenti da parte del Titolare del trattamento e, se tecnicamente fattibile, di ottenerne la trasmissione diretta, alle condizioni stabiliti all\u2019art. 20 (\u201c<strong>Diritto alla portabilit\u00e0 dei dati<\/strong>\u201d) del GDPR.<\/li>\n<\/ul>\n\n\n\n<ul class=\"wp-block-list\">\n<li>ai sensi e per gli effetti di cui all\u2019art. 21 (\u201c<strong>Diritto di opposizione<\/strong>\u201d) del GDPR, <strong>l&#8217;Interessato ha diritto di opporsi<\/strong>, in qualsiasi momento al trattamento dei Dati che lo riguardano per motivi connessi alla sua situazione particolare, ancorch\u00e9 pertinenti alle finalit\u00e0 della raccolta, ferme festando le possibili conseguenze di cui al precedente punto 6.<\/li>\n<\/ul>\n\n\n\n<ul class=\"wp-block-list\">\n<li>L\u2019Interessato che si ritenga leso nelle sue prerogative ha diritto di proporre <strong>reclamo <\/strong>all\u2019Autorit\u00e0 Garante Italiana (<a href=\"https:\/\/www.garanteprivacy.it\/home\/diritti\/come-agire-per-tutelare-i-tuoi-dati-personali\">https:\/\/www.garanteprivacy.it\/home\/diritti\/come-agire-per-tutelare-i-tuoi-dati-personali<\/a>), fatto salvo ogni altro ricorso amministrativo o giurisdizionale.&nbsp;&nbsp;<\/li>\n<\/ul>\n\n\n\n<p><strong>12) Contatti<\/strong><\/p>\n\n\n\n<p>Per <strong>contattare il Titolare E.I.M. Italia S.r.l. <\/strong>in relazione al trattamento dei Dati, nonch\u00e9 per esercitare i diritti indicati al precedente punto 11, l\u2019Interessato potr\u00e0 presentare richiesta al Titolare medesimo, anche per il tramite di un delegato, utilizzando i seguenti indirizzi.<\/p>\n\n\n\n<p><strong>E-mail<\/strong>: <a href=\"mailto:privacy.it@eim.com\"><em>privacy.it@eim.com<\/em><\/a><em><\/em><\/p>\n\n\n\n<p><strong>PEC<\/strong><em>: <\/em><a href=\"mailto:eim@pec.it\"><em>eim@pec.it<\/em><\/a><\/p>\n\n\n\n<p><strong>Raccomandata<\/strong>: via Santa Maria Segreta, n\u00b06 \u2013 c.a.p. 20123 \u2013 Milano, Italia (sede legale di E.I.M. Italia S.r.l.).<\/p>\n\n\n\n<p>Alla richiesta verr\u00e0 fornito idoneo riscontro senza ingiustificato ritardo e comunque entro un mese, prorogabile di due mesi, dal ricevimento della stessa, ai sensi dell\u2019art. 12 del GDPR.<\/p>\n\n\n\n<p><\/p>\n\n\n\n<p><\/p>\n\n\n\n<p><\/p>\n\n\n\n<p><\/p>\n","protected":false},"excerpt":{"rendered":"<p>\u201cLAVORARE CON EIM\u201d 1) Titolare del trattamento dei Dati Ai sensi degli artt. 13 e 14 del Regolamento Generale sulla protezione dei dati \u2013 Regolamento UE 2016\/679 (GDPR), Executive Interim Management Italia S.r.l. (di seguito, \u201cTitolare\u201d, e\/o \u201cE.I.M. Italia\u201d), con sede legale in Milano (MI), in via Santa Maria Segreta, n\u00b06 \u2013 20123 (C.F. 11037500151), [&hellip;]<\/p>\n","protected":false},"author":2,"featured_media":0,"parent":0,"menu_order":0,"comment_status":"closed","ping_status":"closed","template":"","meta":{"_et_pb_use_builder":"off","_et_pb_old_content":"<!-- wp:heading -->\n<h2 id=\"h-lavorare-con-eim\"><strong>\u201cLAVORARE CON EIM\u201d<\/strong><\/h2>\n<!-- \/wp:heading -->\n\n<!-- wp:paragraph -->\n<p><strong>1) Titolare del trattamento dei Dati<\/strong><\/p>\n<!-- \/wp:paragraph -->\n\n<!-- wp:paragraph -->\n<p>Ai sensi degli artt. 13 e 14 del Regolamento Generale sulla protezione dei dati \u2013 Regolamento UE 2016\/679 (GDPR), <strong>Executive Interim Management Italia S.r.l.<\/strong> (di seguito, \u201c<strong>Titolare<\/strong>\u201d, <strong>e\/o \u201cE.I.M. Italia<\/strong>\u201d), con sede legale in Milano (MI), in via Santa Maria Segreta, n\u00b06 \u2013 20123 (C.F. 11037500151), \u00e8 il <strong>Titolare<\/strong>, ex art. 24 del GDPR, del trattamento dei dati personali (\u201c<strong>Dati<\/strong>\u201d) del candidato (di seguito, \u201c<strong>Interessato<\/strong>\u201d).<\/p>\n<!-- \/wp:paragraph -->\n\n<!-- wp:paragraph -->\n<p>E.I.M. Italia informa pertanto l\u2019Interessato che i dati personali acquisiti verranno trattati nel rispetto del GDPR. In relazione a tale trattamento il Titolare fornisce le seguenti informazioni.<\/p>\n<!-- \/wp:paragraph -->\n\n<!-- wp:paragraph -->\n<p>Per \u201c<strong>trattamento<\/strong>\u201d (ex art. 4 n. 2 del GDPR) si intende qualsiasi operazione o insieme di operazioni, compiute con o senza l'ausilio di processi automatizzati e applicate a dati personali o insiemi di dati personali, come la raccolta, la registrazione, l'organizzazione, la strutturazione, la conservazione, l'adattamento o la modifica, l'estrazione, la consultazione, l'uso, la comunicazione mediante trasmissione, diffusione o qualsiasi altra forma di messa a disposizione, il raffronto o l'interconnessione, la limitazione, la cancellazione o la distruzione.<\/p>\n<!-- \/wp:paragraph -->\n\n<!-- wp:paragraph -->\n<p>Tale trattamento deve essere improntato ai principi di liceit\u00e0, correttezza, trasparenza e minimizzazione tutelando la riservatezza e i diritti dell\u2019Interessato.<\/p>\n<!-- \/wp:paragraph -->\n\n<!-- wp:paragraph -->\n<p><strong>2) Dati personali raccolti e trattati (\u201cDati\u201d)<\/strong><\/p>\n<!-- \/wp:paragraph -->\n\n<!-- wp:paragraph -->\n<p>Per <strong>dato personale<\/strong> si intende qualsiasi informazione che riguarda l\u2019Interessato ed \u00e8 allo stesso riferibile.<\/p>\n<!-- \/wp:paragraph -->\n\n<!-- wp:paragraph -->\n<p>Nello specifico il trattamento riguarder\u00e0 i Dati dell\u2019Interessato, quali: nome, cognome, data di nascita, indirizzo di residenza\/domicilio, recapito telefonico, indirizzo e-mail, formazione scolastica, esperienze professionali, nonch\u00e9 gli ulteriori Dati forniti dall\u2019Interessato e contenuti nel curriculum vitae dal medesimo trasmesso a E.I.M. Italia.<\/p>\n<!-- \/wp:paragraph -->\n\n<!-- wp:paragraph -->\n<p>Il trattamento potrebbe riguardare anche i Dati di natura particolare di cui all\u2019art. 9 del GDPR, se indicati volontariamente dall\u2019Interessato nel proprio curriculum vitae; in questo caso, tali Dati saranno trattati con le tutele previste per legge, nel rispetto del GDPR e del D.lgs n. 196\/2003, cos\u00ec come modificato dal D.lgs n. 101\/2018, nonch\u00e9 di quanto previsto nei provvedimenti adottati dal Garante per la protezione dei dati personali in materia di trattamento dei dati particolari.<\/p>\n<!-- \/wp:paragraph -->\n\n<!-- wp:paragraph -->\n<p><strong>3) Finalit\u00e0 del trattamento dei Dati<\/strong><\/p>\n<!-- \/wp:paragraph -->\n\n<!-- wp:paragraph -->\n<p>I Dati raccolti verranno trattati:<\/p>\n<!-- \/wp:paragraph -->\n\n<!-- wp:paragraph -->\n<p><strong>a)<\/strong> per la <strong>valutazione del profilo professionale dell\u2019Interessato nell\u2019ambito di processi di selezione attuali e futuri, <\/strong>volti all\u2019instaurazione di <strong>rapporti di lavoro<\/strong> o di <strong>collaborazione professionale consulenziale:<\/strong> tra l\u2019Interessato ed E.I.M. Italia; tra l\u2019Interessato ed altre societ\u00e0 del Gruppo E.I.M.; tra l\u2019Interessato e le societ\u00e0 clienti di E.I.M. Italia o clienti di altre societ\u00e0 del Gruppo E.I.M.;<\/p>\n<!-- \/wp:paragraph -->\n\n<!-- wp:paragraph -->\n<p><strong>b)<\/strong> per <strong>informare l\u2019Interessato, nel corso del tempo, delle opportunit\u00e0 relative a selezioni aperte<\/strong>;<\/p>\n<!-- \/wp:paragraph -->\n\n<!-- wp:paragraph -->\n<p><strong>c)<\/strong> previo consenso dell'Interessato,&nbsp;per l\u2019<strong>esecuzione di attivit\u00e0 promozionale e di marketing&nbsp;<\/strong>(a titolo esemplificativo:&nbsp;invio&nbsp; newsletter di informazione&nbsp;e&nbsp;aggiornamento&nbsp;sull\u2019attivit\u00e0 svolta da E.I.M. Italia e dal Gruppo E.I.M. e sull\u2019attivit\u00e0 di consulenza di direzione aziendale;&nbsp;invio di comunicazioni sui servizi offerti da E.I.M. Italia; inviti a partecipare a workshop e ad eventi organizzati da E.I.M. Italia nell\u2019ambito della propria attivit\u00e0 professionale;&nbsp;inviti a partecipare a survey; invio di congratulation letters; messaggi in occasione di ricorrenze).&nbsp; &nbsp;<\/p>\n<!-- \/wp:paragraph -->\n\n<!-- wp:paragraph -->\n<p>I Dati acquisiti potrebbero essere utilizzati, ai sensi e per gli effetti delle disposizioni del GDPR, per esercitare l\u2019eventuale difesa in sede giudiziaria dei diritti del Titolare.<\/p>\n<!-- \/wp:paragraph -->\n\n<!-- wp:paragraph -->\n<p><strong>4) Base giuridica del trattamento dei Dati<\/strong><\/p>\n<!-- \/wp:paragraph -->\n\n<!-- wp:paragraph -->\n<p>La base giuridica del trattamento dei Dati raccolti per le finalit\u00e0 sopra indicate \u00e8 rappresentata dal <strong>consenso dell\u2019Interessato,<\/strong> dall\u2019<strong>esecuzione di misure precontrattuali adottate su richiesta dell\u2019Interessato<\/strong>, nonch\u00e9 dal <strong>legittimo interesse del Titolare<\/strong>.<\/p>\n<!-- \/wp:paragraph -->\n\n<!-- wp:paragraph -->\n<p><strong>5) Modalit\u00e0 del trattamento dei Dati<\/strong><\/p>\n<!-- \/wp:paragraph -->\n\n<!-- wp:paragraph -->\n<p>I Dati raccolti sono trattati dal Titolare nel rispetto dei principi stabiliti dal GDPR in materia di protezione dei dati personali.<\/p>\n<!-- \/wp:paragraph -->\n\n<!-- wp:paragraph -->\n<p>I Dati raccolti verranno inseriti nelle pertinenti banche dati e trattati in <strong>forma cartacea<\/strong> nonch\u00e9 mediante <strong>strumenti informatici e telematici<\/strong>.<\/p>\n<!-- \/wp:paragraph -->\n\n<!-- wp:paragraph -->\n<p>I Dati saranno trattati da soggetti espressamente designati dal Titolare quali Responsabili o Incaricati del trattamento dei dati personali.<\/p>\n<!-- \/wp:paragraph -->\n\n<!-- wp:paragraph -->\n<p>Il Titolare e i predetti soggetti potranno effettuare operazioni di raccolta, analisi, organizzazione, strutturazione, utilizzo, consultazione, elaborazione, raffronto ed ogni altra operazione di trattamento di cui all\u2019art. 4, n. 2 del GDPR, anche parzialmente automatizzata, <strong>nel rispetto delle disposizioni di legge necessarie a garantire, tra l\u2019altro, la riservatezza, la sicurezza, l\u2019integrit\u00e0, la disponibilit\u00e0, l\u2019esattezza, l\u2019aggiornamento e la pertinenza dei dati e nel rispetto delle finalit\u00e0 sopra indicate al precedente punto 3<\/strong>.<\/p>\n<!-- \/wp:paragraph -->\n\n<!-- wp:paragraph -->\n<p>Nell\u2019ambito del trattamento dei Dati raccolti, E.I.M. Italia non utilizza processi decisionali interamente automatizzati<em>.<\/em><\/p>\n<!-- \/wp:paragraph -->\n\n<!-- wp:paragraph -->\n<p>Specifiche misure di sicurezza sono adottate per prevenire la perdita dei dati, usi illeciti o non corretti ed accessi o divulgazioni non autorizzati.<\/p>\n<!-- \/wp:paragraph -->\n\n<!-- wp:paragraph -->\n<p><strong>6) Natura del conferimento dei Dati<\/strong><\/p>\n<!-- \/wp:paragraph -->\n\n<!-- wp:paragraph -->\n<p>Il conferimento dei Dati indicati al precedente <strong>punto 2)<\/strong> e il relativo trattamento <strong>sono necessari<\/strong> per consentire la <strong>valutazione del profilo professionale dell\u2019Interessato e per l\u2019esecuzione di eventuali processi di selezione<\/strong> <strong>volti all\u2019instaurazione di un rapporto di lavoro o di collaborazione professionale consulenziale: tra l\u2019Interessato ed E.I.M. Italia; tra l\u2019Interessato ed altre societ\u00e0 del Gruppo E.I.M.; tra l\u2019Interessato e le societ\u00e0 clienti di E.I.M. Italia<\/strong> <strong>o clienti di altre societ\u00e0 del Gruppo E.I.M., <\/strong>nonch\u00e9 per <strong>informare l\u2019Interessato delle opportunit\u00e0 relative a selezioni aperte<\/strong>.&nbsp; Pertanto, il mancato consenso da parte dell\u2019Interessato al trattamento dei dati, comporta l\u2019<strong>impossibilit\u00e0 per E.I.M. Italia di archiviare e conservare il curriculum vitae dell\u2019Interessato e di effettuare le indicate attivit\u00e0<\/strong>.&nbsp;&nbsp;<\/p>\n<!-- \/wp:paragraph -->\n\n<!-- wp:paragraph -->\n<p>Il conferimento dei Dati e il relativo trattamento per la&nbsp;<strong>finalit\u00e0 di cui al punto 3) lettera c) non \u00e8 obbligatorio<\/strong>&nbsp;e, in caso di mancato consenso all\u2019utilizzo dei Dati per tale finalit\u00e0, E.I.M. Italia non&nbsp;effettuer\u00e0 le attivit\u00e0 previste&nbsp;dall\u2019indicato punto 3), lettera c).&nbsp;<\/p>\n<!-- \/wp:paragraph -->\n\n<!-- wp:paragraph -->\n<p><strong>7) Ambito di comunicazione dei Dati<\/strong><\/p>\n<!-- \/wp:paragraph -->\n\n<!-- wp:paragraph -->\n<p>Nei limiti strettamente pertinenti alle finalit\u00e0 indicate al precedente punto n. 3, <strong>i Dati raccolti potranno essere comunicati ai soggetti sottoindicati <\/strong>(societ\u00e0 e\/o persone fisiche):<\/p>\n<!-- \/wp:paragraph -->\n\n<!-- wp:list -->\n<ul><li>dipendenti e collaboratori di E.I.M. Italia, da quest\u2019ultima incaricati del trattamento dei dati;<\/li><li>societ\u00e0 clienti di E.I.M. Italia;<\/li><li>societ\u00e0 del gruppo E.I.M.;<\/li><li>persone fisiche o societ\u00e0 che prestano servizi a E.I.M. Italia e che trattano i dati in qualit\u00e0 di Incaricati o in qualit\u00e0 di Responsabili del trattamento dei dati, quali a titolo esemplificativo, i soggetti che si occupano della gestione e manutenzione dei sistemi informatici e telematici, della gestione del sito web, della gestione della comunicazione di E.I.M. Italia, della gestione del servizio di hosting e di cloud computing;<\/li><li>societ\u00e0 o persone che collaborano, anche esternamente, con E.I.M. Italia, nell\u2019attivit\u00e0 di revisione e adeguamento del formato dei curriculum vitae dei candidati, per adeguarli al formato standard utilizzato da E.I.M. Italia;<\/li><li>societ\u00e0 e studi legali per la consulenza, nonch\u00e9 per l\u2019accertamento, l\u2019esercizio, la difesa in sede giudiziaria dei diritti del Titolare;<\/li><li>enti pubblici, autorit\u00e0 competenti e\/o organi di vigilanza per l\u2019espletamento degli obblighi di legge.<\/li><\/ul>\n<!-- \/wp:list -->\n\n<!-- wp:paragraph -->\n<p>L\u2019elenco aggiornato dei Responsabili del trattamento \u00e8 a disposizione presso la sede legale di E.I.M. Italia.<\/p>\n<!-- \/wp:paragraph -->\n\n<!-- wp:paragraph -->\n<p><strong>8) Trasferimento<\/strong> <strong>dei Dati all\u2019estero<\/strong><\/p>\n<!-- \/wp:paragraph -->\n\n<!-- wp:paragraph -->\n<p>I Dati raccolti vengono <strong>trasferiti<\/strong> <strong>anche all\u2019estero<\/strong> <strong>in Paesi situati nello Spazio Economico Europeo<\/strong>, per essere trattati, nell\u2019ambito delle finalit\u00e0 indicate al punto 3, da societ\u00e0 del Gruppo E.I.M. poste nello Spazio Economico Europeo, nonch\u00e9 da soggetti che, tramite server collocati nello Spazio Economico Europeo, prestano servizi di cloud computing e di hosting a E.I.M. Italia sulla base di accordi in essere con il Gruppo E.I.M.<\/p>\n<!-- \/wp:paragraph -->\n\n<!-- wp:paragraph -->\n<p>Sempre nell'ambito delle finalit\u00e0 indicate al punto 3, i soggetti che prestano servizi di cloud computing e di hosting a E.I.M. Italia potrebbero trasferire i Dati a soggetti infragruppo nonch\u00e9 a fornitori terzi anche situati in <strong>Paesi posti al di fuori dello Spazio Economico Europeo<\/strong>. In tal caso, detto trasferimento sar\u00e0 attuato garantendo un livello adeguato di protezione dei Dati personali e nel rispetto delle disposizioni contenute nel GDPR, mediante: trasferimento dei Dati a soggetti situati in Paesi per i quali sia stata emessa una decisione di adeguatezza da parte della Commissione Europea; e\/o trasferimento dei Dati a soggetti obbligati ad attenersi, nel trattamento dei dati, a Binding Corporate Rules; e\/o trasferimento dei Dati ai sensi di un accordo che contenga clausole contrattuali standard approvate dalla Commissione Europea. Nel caso di trasferimento dei Dati in Paesi situati al di fuori dello Spazio Economico Europeo, le leggi applicabili in tali Paesi potrebbero consentire a governi, tribunali e autorit\u00e0 pubbliche, ivi situati, di accedere a tali Dati.<\/p>\n<!-- \/wp:paragraph -->\n\n<!-- wp:paragraph -->\n<p><strong>9) Luogo di trattamento dei Dati<\/strong><\/p>\n<!-- \/wp:paragraph -->\n\n<!-- wp:paragraph -->\n<p>I Dati raccolti saranno trattati: presso E.I.M Italia S.r.l., con sede in Milano (MI), in via Santa Maria Segreta, n\u00b06 \u2013 20123 \u2013 Italia; presso i Responsabili o Incaricati del trattamento dei Dati, indicati nel precedente punto 7 (\u201cAmbito di comunicazione dei Dati\u201d); presso i soggetti indicati al precedente punto 8, secondo capoverso (\u201cTrasferimento dei Dati all\u2019estero\u201d).<\/p>\n<!-- \/wp:paragraph -->\n\n<!-- wp:paragraph -->\n<p><strong>10) Durata del trattamento dei Dati<\/strong><\/p>\n<!-- \/wp:paragraph -->\n\n<!-- wp:paragraph -->\n<p>Per le finalit\u00e0 indicate al precedente punto 3), i Dati di cui alpunto 2)saranno <strong>conservati e trattati per un periodo di 36 mesi dalla data del loro conferimento<\/strong> <strong>da parte dell\u2019Interessato<\/strong>, fermo restando in ogni caso il diritto di revoca del consenso come da successivo punto 11.<\/p>\n<!-- \/wp:paragraph -->\n\n<!-- wp:paragraph -->\n<p>Il Titolare e i suoi Incaricati provvederanno periodicamente a contattare l\u2019Interessato, al fine di aggiornare i Dati e verificarne la completezza e la correttezza.<\/p>\n<!-- \/wp:paragraph -->\n\n<!-- wp:paragraph -->\n<p><strong>11) Diritti degli Interessati<\/strong><\/p>\n<!-- \/wp:paragraph -->\n\n<!-- wp:paragraph -->\n<p>In ogni momento l\u2019Interessato potr\u00e0 esercitare i propri diritti nei confronti del Titolare ai sensi degli artt. 12, 15, 16, 17, 18, 20, 21 e 34 GDPR, che qui di seguito si indicano.<\/p>\n<!-- \/wp:paragraph -->\n\n<!-- wp:list {\"ordered\":true,\"type\":\"a\"} -->\n<ol type=\"a\"><li>L'Interessato ha diritto di ottenere <strong>la conferma dell'esistenza o meno di Dati personali<\/strong> che lo riguardano e la loro comunicazione in forma intelligibile.<\/li><\/ol>\n<!-- \/wp:list -->\n\n<!-- wp:list -->\n<ul><li>L'Interessato ha diritto di <strong>ottenere le seguenti informazioni<\/strong>:<\/li><\/ul>\n<!-- \/wp:list -->\n\n<!-- wp:list -->\n<ul><li>sull\u2019origine dei Dati personali;<\/li><li>sulle finalit\u00e0 del trattamento cui sono destinati i Dati personali e sulle modalit\u00e0 del trattamento degli stessi;<\/li><li>sulle categorie di Dati personali trattati;<\/li><li>sul periodo di conservazione dei Dati personali;<\/li><li>sull\u2019esistenza di un processo decisionale automatizzato e sulla logica applicata in caso di trattamento effettuato con l'ausilio di strumenti elettronici;<\/li><li>sugli estremi identificativi del Titolare e, se designato, del Responsabile del trattamento;<\/li><li>dei soggetti o delle categorie di soggetti ai quali i Dati personali possono essere comunicati o di soggetti che possono venire a conoscenza dei Dati, in qualit\u00e0 di rappresentanti designati nel territorio dello Stato, di Responsabili o Incaricati interni o esterni.<\/li><\/ul>\n<!-- \/wp:list -->\n\n<!-- wp:list -->\n<ul><li>L'Interessato ha diritto di <strong>revocare il consenso<\/strong> prestato, salve le conseguenze di cui al precedente punto 6.<\/li><\/ul>\n<!-- \/wp:list -->\n\n<!-- wp:list -->\n<ul><li>L'Interessato ha altres\u00ec il diritto di ottenere:<\/li><\/ul>\n<!-- \/wp:list -->\n\n<!-- wp:list -->\n<ul><li><strong>l'aggiornamento, la rettifica<\/strong> ovvero, quando vi ha interesse, <strong>l'integrazione e la limitazione dei Dati<\/strong>, in conformit\u00e0 a quanto previsto agli articoli 16 (\u201cDiritto di rettifica\u201d) e 18 (\u201cDiritto di limitazione di trattamento\u201d) del GDPR;<\/li><li><strong>la cancellazione dei Dati<\/strong> che lo riguardano nei casi stabiliti dall\u2019art. 17 (\u201cDiritto alla cancellazione \u2013 \u201cDiritto all\u2019oblio\u201d) del GDPR;<\/li><li><strong>la disponibilit\u00e0 in formato strutturato, di uso comune e leggibile da dispositivo automatico, dei Dati<\/strong> che lo riguardano forniti al Titolare e ha il diritto di trasmettere tali Dati ad un altro titolare del trattamento senza impedimenti da parte del Titolare del trattamento e, se tecnicamente fattibile, di ottenerne la trasmissione diretta, alle condizioni stabiliti all\u2019art. 20 (\u201c<strong>Diritto alla portabilit\u00e0 dei dati<\/strong>\u201d) del GDPR.<\/li><\/ul>\n<!-- \/wp:list -->\n\n<!-- wp:list -->\n<ul><li>ai sensi e per gli effetti di cui all\u2019art. 21 (\u201c<strong>Diritto di opposizione<\/strong>\u201d) del GDPR, <strong>l'Interessato ha diritto di opporsi<\/strong>, in qualsiasi momento al trattamento dei Dati che lo riguardano per motivi connessi alla sua situazione particolare, ancorch\u00e9 pertinenti alle finalit\u00e0 della raccolta, ferme festando le possibili conseguenze di cui al precedente punto 6.<\/li><\/ul>\n<!-- \/wp:list -->\n\n<!-- wp:list -->\n<ul><li>L\u2019Interessato che si ritenga leso nelle sue prerogative ha diritto di proporre <strong>reclamo <\/strong>all\u2019Autorit\u00e0 Garante Italiana (<a href=\"https:\/\/www.garanteprivacy.it\/home\/diritti\/come-agire-per-tutelare-i-tuoi-dati-personali\">https:\/\/www.garanteprivacy.it\/home\/diritti\/come-agire-per-tutelare-i-tuoi-dati-personali<\/a>), fatto salvo ogni altro ricorso amministrativo o giurisdizionale.&nbsp;&nbsp;<\/li><\/ul>\n<!-- \/wp:list -->\n\n<!-- wp:paragraph -->\n<p><strong>12) Contatti<\/strong><\/p>\n<!-- \/wp:paragraph -->\n\n<!-- wp:paragraph -->\n<p>Per <strong>contattare il Titolare E.I.M. Italia S.r.l. <\/strong>in relazione al trattamento dei Dati, nonch\u00e9 per esercitare i diritti indicati al precedente punto 11, l\u2019Interessato potr\u00e0 presentare richiesta al Titolare medesimo, anche per il tramite di un delegato, utilizzando i seguenti indirizzi.<\/p>\n<!-- \/wp:paragraph -->\n\n<!-- wp:paragraph -->\n<p><strong>E-mail<\/strong>: <a href=\"mailto:privacy.it@eim.com\"><em>privacy.it@eim.com<\/em><\/a><em><\/em><\/p>\n<!-- \/wp:paragraph -->\n\n<!-- wp:paragraph -->\n<p><strong>PEC<\/strong><em>: <\/em><a href=\"mailto:eim@pec.it\"><em>eim@pec.it<\/em><\/a><\/p>\n<!-- \/wp:paragraph -->\n\n<!-- wp:paragraph -->\n<p><strong>Raccomandata<\/strong>: via Santa Maria Segreta, n\u00b06 \u2013 c.a.p. 20123 \u2013 Milano, Italia (sede legale di E.I.M. Italia S.r.l.).<\/p>\n<!-- \/wp:paragraph -->\n\n<!-- wp:paragraph -->\n<p>Alla richiesta verr\u00e0 fornito idoneo riscontro senza ingiustificato ritardo e comunque entro un mese, prorogabile di due mesi, dal ricevimento della stessa, ai sensi dell\u2019art. 12 del GDPR.<\/p>\n<!-- \/wp:paragraph -->\n\n<!-- wp:paragraph -->\n<p><\/p>\n<!-- \/wp:paragraph -->\n\n<!-- wp:paragraph -->\n<p><\/p>\n<!-- \/wp:paragraph -->\n\n<!-- wp:paragraph -->\n<p><\/p>\n<!-- \/wp:paragraph -->\n\n<!-- wp:paragraph -->\n<p><\/p>\n<!-- \/wp:paragraph -->","_et_gb_content_width":"1080","footnotes":""},"class_list":["post-12144","page","type-page","status-publish","hentry"],"yoast_head":"<!-- This site is optimized with the Yoast SEO Premium plugin v27.5 (Yoast SEO v27.5) - https:\/\/yoast.com\/product\/yoast-seo-premium-wordpress\/ -->\n<title>INFORMATIVA PRIVACY PER IL CANDIDATO - EIM Italia<\/title>\n<meta name=\"robots\" content=\"noindex, nofollow\" \/>\n<meta property=\"og:locale\" content=\"it_IT\" \/>\n<meta property=\"og:type\" content=\"article\" \/>\n<meta property=\"og:title\" content=\"INFORMATIVA PRIVACY PER IL CANDIDATO\" \/>\n<meta property=\"og:description\" content=\"\u201cLAVORARE CON EIM\u201d 1) Titolare del trattamento dei Dati Ai sensi degli artt. 13 e 14 del Regolamento Generale sulla protezione dei dati \u2013 Regolamento UE 2016\/679 (GDPR), Executive Interim Management Italia S.r.l. (di seguito, \u201cTitolare\u201d, e\/o \u201cE.I.M. Italia\u201d), con sede legale in Milano (MI), in via Santa Maria Segreta, n\u00b06 \u2013 20123 (C.F. 11037500151), [&hellip;]\" \/>\n<meta property=\"og:url\" content=\"https:\/\/www.eim.com\/it\/informativa-privacy-per-il-candidato\/\" \/>\n<meta property=\"og:site_name\" content=\"EIM Italia\" \/>\n<meta property=\"article:modified_time\" content=\"2023-03-03T10:14:49+00:00\" \/>\n<meta property=\"og:image\" content=\"https:\/\/www.eim.com\/it\/wp-content\/uploads\/sites\/5\/2022\/09\/passaggio-generazionale-azienda.jpeg\" \/>\n\t<meta property=\"og:image:width\" content=\"1920\" \/>\n\t<meta property=\"og:image:height\" content=\"1281\" \/>\n\t<meta property=\"og:image:type\" content=\"image\/jpeg\" \/>\n<meta name=\"twitter:card\" content=\"summary_large_image\" \/>\n<meta name=\"twitter:label1\" content=\"Tempo di lettura stimato\" \/>\n\t<meta name=\"twitter:data1\" content=\"11 minuti\" \/>\n<script type=\"application\/ld+json\" class=\"yoast-schema-graph\">{\"@context\":\"https:\\\/\\\/schema.org\",\"@graph\":[{\"@type\":\"WebPage\",\"@id\":\"https:\\\/\\\/www.eim.com\\\/it\\\/informativa-privacy-per-il-candidato\\\/\",\"url\":\"https:\\\/\\\/www.eim.com\\\/it\\\/informativa-privacy-per-il-candidato\\\/\",\"name\":\"INFORMATIVA PRIVACY PER IL CANDIDATO - EIM Italia\",\"isPartOf\":{\"@id\":\"https:\\\/\\\/www.eim.com\\\/it\\\/#website\"},\"datePublished\":\"2020-11-06T09:46:49+00:00\",\"dateModified\":\"2023-03-03T10:14:49+00:00\",\"breadcrumb\":{\"@id\":\"https:\\\/\\\/www.eim.com\\\/it\\\/informativa-privacy-per-il-candidato\\\/#breadcrumb\"},\"inLanguage\":\"it-IT\",\"potentialAction\":[{\"@type\":\"ReadAction\",\"target\":[\"https:\\\/\\\/www.eim.com\\\/it\\\/informativa-privacy-per-il-candidato\\\/\"]}]},{\"@type\":\"BreadcrumbList\",\"@id\":\"https:\\\/\\\/www.eim.com\\\/it\\\/informativa-privacy-per-il-candidato\\\/#breadcrumb\",\"itemListElement\":[{\"@type\":\"ListItem\",\"position\":1,\"name\":\"Home\",\"item\":\"https:\\\/\\\/www.eim.com\\\/it\\\/\"},{\"@type\":\"ListItem\",\"position\":2,\"name\":\"INFORMATIVA PRIVACY PER IL CANDIDATO\"}]},{\"@type\":\"WebSite\",\"@id\":\"https:\\\/\\\/www.eim.com\\\/it\\\/#website\",\"url\":\"https:\\\/\\\/www.eim.com\\\/it\\\/\",\"name\":\"EIM Italia\",\"description\":\"Siamo gli inventori dell&#039;Executive Interim Management\",\"publisher\":{\"@id\":\"https:\\\/\\\/www.eim.com\\\/it\\\/#organization\"},\"potentialAction\":[{\"@type\":\"SearchAction\",\"target\":{\"@type\":\"EntryPoint\",\"urlTemplate\":\"https:\\\/\\\/www.eim.com\\\/it\\\/?s={search_term_string}\"},\"query-input\":{\"@type\":\"PropertyValueSpecification\",\"valueRequired\":true,\"valueName\":\"search_term_string\"}}],\"inLanguage\":\"it-IT\"},{\"@type\":\"Organization\",\"@id\":\"https:\\\/\\\/www.eim.com\\\/it\\\/#organization\",\"name\":\"EIM\",\"url\":\"https:\\\/\\\/www.eim.com\\\/it\\\/\",\"logo\":{\"@type\":\"ImageObject\",\"inLanguage\":\"it-IT\",\"@id\":\"https:\\\/\\\/www.eim.com\\\/it\\\/#\\\/schema\\\/logo\\\/image\\\/\",\"url\":\"https:\\\/\\\/www.eim.com\\\/it\\\/wp-content\\\/uploads\\\/sites\\\/5\\\/2022\\\/02\\\/logo-eim-favicon2022.png\",\"contentUrl\":\"https:\\\/\\\/www.eim.com\\\/it\\\/wp-content\\\/uploads\\\/sites\\\/5\\\/2022\\\/02\\\/logo-eim-favicon2022.png\",\"width\":427,\"height\":427,\"caption\":\"EIM\"},\"image\":{\"@id\":\"https:\\\/\\\/www.eim.com\\\/it\\\/#\\\/schema\\\/logo\\\/image\\\/\"}}]}<\/script>\n<!-- \/ Yoast SEO Premium plugin. -->","yoast_head_json":{"title":"INFORMATIVA PRIVACY PER IL CANDIDATO - EIM Italia","robots":{"index":"noindex","follow":"nofollow"},"og_locale":"it_IT","og_type":"article","og_title":"INFORMATIVA PRIVACY PER IL CANDIDATO","og_description":"\u201cLAVORARE CON EIM\u201d 1) Titolare del trattamento dei Dati Ai sensi degli artt. 13 e 14 del Regolamento Generale sulla protezione dei dati \u2013 Regolamento UE 2016\/679 (GDPR), Executive Interim Management Italia S.r.l. (di seguito, \u201cTitolare\u201d, e\/o \u201cE.I.M. Italia\u201d), con sede legale in Milano (MI), in via Santa Maria Segreta, n\u00b06 \u2013 20123 (C.F. 11037500151), [&hellip;]","og_url":"https:\/\/www.eim.com\/it\/informativa-privacy-per-il-candidato\/","og_site_name":"EIM Italia","article_modified_time":"2023-03-03T10:14:49+00:00","og_image":[{"width":1920,"height":1281,"url":"https:\/\/www.eim.com\/it\/wp-content\/uploads\/sites\/5\/2022\/09\/passaggio-generazionale-azienda.jpeg","type":"image\/jpeg"}],"twitter_card":"summary_large_image","twitter_misc":{"Tempo di lettura stimato":"11 minuti"},"schema":{"@context":"https:\/\/schema.org","@graph":[{"@type":"WebPage","@id":"https:\/\/www.eim.com\/it\/informativa-privacy-per-il-candidato\/","url":"https:\/\/www.eim.com\/it\/informativa-privacy-per-il-candidato\/","name":"INFORMATIVA PRIVACY PER IL CANDIDATO - EIM Italia","isPartOf":{"@id":"https:\/\/www.eim.com\/it\/#website"},"datePublished":"2020-11-06T09:46:49+00:00","dateModified":"2023-03-03T10:14:49+00:00","breadcrumb":{"@id":"https:\/\/www.eim.com\/it\/informativa-privacy-per-il-candidato\/#breadcrumb"},"inLanguage":"it-IT","potentialAction":[{"@type":"ReadAction","target":["https:\/\/www.eim.com\/it\/informativa-privacy-per-il-candidato\/"]}]},{"@type":"BreadcrumbList","@id":"https:\/\/www.eim.com\/it\/informativa-privacy-per-il-candidato\/#breadcrumb","itemListElement":[{"@type":"ListItem","position":1,"name":"Home","item":"https:\/\/www.eim.com\/it\/"},{"@type":"ListItem","position":2,"name":"INFORMATIVA PRIVACY PER IL CANDIDATO"}]},{"@type":"WebSite","@id":"https:\/\/www.eim.com\/it\/#website","url":"https:\/\/www.eim.com\/it\/","name":"EIM Italia","description":"Siamo gli inventori dell&#039;Executive Interim Management","publisher":{"@id":"https:\/\/www.eim.com\/it\/#organization"},"potentialAction":[{"@type":"SearchAction","target":{"@type":"EntryPoint","urlTemplate":"https:\/\/www.eim.com\/it\/?s={search_term_string}"},"query-input":{"@type":"PropertyValueSpecification","valueRequired":true,"valueName":"search_term_string"}}],"inLanguage":"it-IT"},{"@type":"Organization","@id":"https:\/\/www.eim.com\/it\/#organization","name":"EIM","url":"https:\/\/www.eim.com\/it\/","logo":{"@type":"ImageObject","inLanguage":"it-IT","@id":"https:\/\/www.eim.com\/it\/#\/schema\/logo\/image\/","url":"https:\/\/www.eim.com\/it\/wp-content\/uploads\/sites\/5\/2022\/02\/logo-eim-favicon2022.png","contentUrl":"https:\/\/www.eim.com\/it\/wp-content\/uploads\/sites\/5\/2022\/02\/logo-eim-favicon2022.png","width":427,"height":427,"caption":"EIM"},"image":{"@id":"https:\/\/www.eim.com\/it\/#\/schema\/logo\/image\/"}}]}},"_links":{"self":[{"href":"https:\/\/www.eim.com\/it\/wp-json\/wp\/v2\/pages\/12144","targetHints":{"allow":["GET"]}}],"collection":[{"href":"https:\/\/www.eim.com\/it\/wp-json\/wp\/v2\/pages"}],"about":[{"href":"https:\/\/www.eim.com\/it\/wp-json\/wp\/v2\/types\/page"}],"author":[{"embeddable":true,"href":"https:\/\/www.eim.com\/it\/wp-json\/wp\/v2\/users\/2"}],"replies":[{"embeddable":true,"href":"https:\/\/www.eim.com\/it\/wp-json\/wp\/v2\/comments?post=12144"}],"version-history":[{"count":0,"href":"https:\/\/www.eim.com\/it\/wp-json\/wp\/v2\/pages\/12144\/revisions"}],"wp:attachment":[{"href":"https:\/\/www.eim.com\/it\/wp-json\/wp\/v2\/media?parent=12144"}],"curies":[{"name":"wp","href":"https:\/\/api.w.org\/{rel}","templated":true}]}}