{"id":258,"date":"2019-10-24T15:28:59","date_gmt":"2019-10-24T15:28:59","guid":{"rendered":"https:\/\/eimworld.wpengine.com\/fr\/?page_id=258"},"modified":"2021-10-18T15:45:33","modified_gmt":"2021-10-18T15:45:33","slug":"3eme-edition-du-prix-des-100-jours","status":"publish","type":"page","link":"https:\/\/www.eim.com\/fr\/3eme-edition-du-prix-des-100-jours\/","title":{"rendered":"3\u00e8me \u00e9dition du \u00ab Prix des 100 jours \u00bb | Management de transition | EIM France"},"content":{"rendered":"\n\n\n\n[et_pb_section fb_built=&#8221;1&#8243; admin_label=&#8221;Hero Section&#8221; _builder_version=&#8221;3.27.4&#8243; use_background_color_gradient=&#8221;on&#8221; background_color_gradient_start=&#8221;rgba(0,0,0,0.4)&#8221; background_color_gradient_end=&#8221;rgba(0,0,0,0.4)&#8221; background_color_gradient_overlays_image=&#8221;on&#8221; background_image=&#8221;https:\/\/eimworld.wpengine.com\/fr\/wp-content\/uploads\/sites\/9\/2019\/10\/coverprix100jours.jpg&#8221; height=&#8221;520px&#8221; custom_padding=&#8221;6%||0%|||&#8221; bottom_divider_style=&#8221;slant&#8221; bottom_divider_color=&#8221;#ffffff&#8221; bottom_divider_height=&#8221;150px&#8221; bottom_divider_flip=&#8221;horizontal&#8221; saved_tabs=&#8221;all&#8221; fb_built=&#8221;1&#8243; background_color_gradient_direction__hover=&#8221;180deg&#8221; background_color_gradient_direction__hover_enabled=&#8221;180deg&#8221; background_color_gradient_start_position__hover=&#8221;0%&#8221; background_color_gradient_start_position__hover_enabled=&#8221;0%&#8221; background_color_gradient_end_position__hover=&#8221;100%&#8221; background_color_gradient_end_position__hover_enabled=&#8221;100%&#8221; _i=&#8221;0&#8243; _address=&#8221;0&#8243;][et_pb_row admin_label=&#8221;Page Title Area&#8221; _builder_version=&#8221;3.27.4&#8243; width=&#8221;100%&#8221; max_width=&#8221;2560px&#8221; module_alignment=&#8221;center&#8221; custom_margin=&#8221;-2%|auto|0px|auto|false|false&#8221; custom_padding=&#8221;0px|||||&#8221; _i=&#8221;0&#8243; _address=&#8221;0.0&#8243;][et_pb_column type=&#8221;4_4&#8243; _builder_version=&#8221;3.25&#8243; custom_padding=&#8221;|||&#8221; _i=&#8221;0&#8243; _address=&#8221;0.0.0&#8243; custom_padding__hover=&#8221;|||&#8221;][et_pb_text admin_label=&#8221;Hero Section Title&#8221; _builder_version=&#8221;3.27.4&#8243; text_font=&#8221;Montserrat|800|||||||&#8221; text_font_size=&#8221;18px&#8221; text_line_height=&#8221;1.3em&#8221; text_text_shadow_style=&#8221;preset1&#8243; text_text_shadow_horizontal_length=&#8221;0.38em&#8221; header_font=&#8221;Montserrat|700|||||||&#8221; header_font_size=&#8221;56px&#8221; header_letter_spacing=&#8221;3px&#8221; header_line_height=&#8221;1.1em&#8221; header_2_font=&#8221;Montserrat|700|||||||&#8221; header_2_text_color=&#8221;rgba(255,255,255,0.6)&#8221; header_2_font_size=&#8221;90px&#8221; header_2_letter_spacing=&#8221;3px&#8221; header_2_line_height=&#8221;1.1em&#8221; text_orientation=&#8221;center&#8221; background_layout=&#8221;dark&#8221; max_width=&#8221;700px&#8221; module_alignment=&#8221;center&#8221; custom_margin=&#8221;0px||0px||false|false&#8221; animation_style=&#8221;fade&#8221; animation_direction=&#8221;bottom&#8221; animation_duration=&#8221;1350ms&#8221; header_font_size_phone=&#8221;28px&#8221; header_font_size_last_edited=&#8221;on|phone&#8221; header_2_font_size_phone=&#8221;50px&#8221; header_2_font_size_last_edited=&#8221;on|phone&#8221; inline_fonts=&#8221;Prata,Montserrat&#8221; _i=&#8221;0&#8243; _address=&#8221;0.0.0.0&#8243;]\n<h1><strong>3\u00e8me \u00e9dition du\n\u00ab Prix des 100 jours \u00bb\n<\/strong><\/h1>\n[\/et_pb_text][\/et_pb_column][\/et_pb_row][\/et_pb_section][et_pb_section fb_built=&#8221;1&#8243; _builder_version=&#8221;3.27.4&#8243; min_height=&#8221;0px&#8221; custom_margin=&#8221;||-4px||false|false&#8221; custom_padding=&#8221;0%||0%||true|false&#8221; saved_tabs=&#8221;all&#8221; fb_built=&#8221;1&#8243; _i=&#8221;1&#8243; _address=&#8221;1&#8243;][et_pb_row disabled_on=&#8221;off|off|off&#8221; admin_label=&#8221;Title Area&#8221; _builder_version=&#8221;3.27.4&#8243; background_color=&#8221;rgba(0,0,0,0)&#8221; module_alignment=&#8221;center&#8221; custom_margin=&#8221;||||false|false&#8221; custom_padding=&#8221;0px|0px|0px|0px|false|false&#8221; _i=&#8221;0&#8243; _address=&#8221;1.0&#8243;][et_pb_column type=&#8221;4_4&#8243; _builder_version=&#8221;3.25&#8243; custom_padding=&#8221;|||&#8221; _i=&#8221;0&#8243; _address=&#8221;1.0.0&#8243; custom_padding__hover=&#8221;|||&#8221;][et_pb_text _builder_version=&#8221;3.27.4&#8243; text_font=&#8221;||||||||&#8221; text_font_size=&#8221;16px&#8221; header_font=&#8221;||||||||&#8221; text_orientation=&#8221;justified&#8221; width=&#8221;90%&#8221; module_alignment=&#8221;center&#8221; custom_margin=&#8221;8%|2px|3%|0px|false|false&#8221; custom_padding=&#8221;|2%|0px|2%|false|false&#8221; animation_style=&#8221;flip&#8221; animation_direction=&#8221;left&#8221; animation_intensity_flip=&#8221;30%&#8221; animation_starting_opacity=&#8221;100%&#8221; _i=&#8221;0&#8243; _address=&#8221;1.0.0.0&#8243;]\n<h3 style=\"text-align: center\"><strong>Laur\u00e9ats de la troisi\u00e8me \u00e9dition du Prix des 100 jours.<\/strong><\/h3>\n&nbsp;\n\n[\/et_pb_text][et_pb_button button_url=&#8221;https:\/\/www.eim.com\/fr\/wp-content\/uploads\/sites\/9\/2019\/12\/Annonce-laure\u0301ats-Prix-des-100-jours-2017.pdf&#8221; url_new_window=&#8221;on&#8221; button_text=&#8221;T\u00e9l\u00e9charger le communiqu\u00e9 de presse&#8221; button_alignment=&#8221;center&#8221; _builder_version=&#8221;3.27.4&#8243; hover_enabled=&#8221;0&#8243; _i=&#8221;1&#8243; _address=&#8221;1.0.0.1&#8243;][\/et_pb_button][et_pb_text _builder_version=&#8221;3.27.4&#8243; text_font=&#8221;||||||||&#8221; text_font_size=&#8221;16px&#8221; header_font=&#8221;||||||||&#8221; text_orientation=&#8221;justified&#8221; width=&#8221;90%&#8221; module_alignment=&#8221;center&#8221; custom_margin=&#8221;5%|2px|8%|0px|false|false&#8221; custom_padding=&#8221;|2%|0px|2%|false|false&#8221; animation_style=&#8221;flip&#8221; animation_direction=&#8221;left&#8221; animation_intensity_flip=&#8221;30%&#8221; animation_starting_opacity=&#8221;100%&#8221; _i=&#8221;2&#8243; _address=&#8221;1.0.0.2&#8243;]\n<p style=\"text-align: left\"><strong>EIM et KPMG organisent la 3\u00e8me \u00e9dition du \u201cPrix des 100 Jours\u201d, en partenariat avec Challenges.<\/strong>\nParmi une population de dirigeants, qui sera celui ou celle qui a conduit le plus efficacement la phase des \u00ab 100 jours \u00bb suivant sa prise de fonction ?\nIl s\u2019agit de personnalit\u00e9s nomm\u00e9es principalement depuis moins de 24 mois, connues pour avoir&nbsp;mis en \u0153uvre rapidement et avec succ\u00e8s des projets de transformation\nd\u2019envergure, souvent dans des situations \u00e0 forts enjeux.<\/p>\n[\/et_pb_text][\/et_pb_column][\/et_pb_row][\/et_pb_section][et_pb_section fb_built=&#8221;1&#8243; prev_background_color=&#8221;#ffffff&#8221; disabled_on=&#8221;off|off|off&#8221; admin_label=&#8221;Quote Section&#8221; _builder_version=&#8221;3.27.4&#8243; background_color=&#8221;#002c3e&#8221; use_background_color_gradient=&#8221;on&#8221; background_color_gradient_start=&#8221;rgba(0,30,61,0)&#8221; background_color_gradient_end=&#8221;rgba(0,44,62,0)&#8221; background_color_gradient_direction=&#8221;105deg&#8221; background_color_gradient_start_position=&#8221;45%&#8221; background_color_gradient_end_position=&#8221;0%&#8221; background_color_gradient_overlays_image=&#8221;on&#8221; background_enable_image=&#8221;off&#8221; width=&#8221;100%&#8221; max_width=&#8221;100%&#8221; height=&#8221;80%&#8221; custom_margin=&#8221;0px||||false|false&#8221; custom_padding=&#8221;54px||0px||false|false&#8221; top_divider_style=&#8221;slant&#8221; top_divider_height=&#8221;87px&#8221; top_divider_flip=&#8221;horizontal|vertical&#8221; bottom_divider_color=&#8221;#FFFFFF&#8221; bottom_divider_height=&#8221;102px&#8221; bottom_divider_flip=&#8221;vertical&#8221; saved_tabs=&#8221;all&#8221; fb_built=&#8221;1&#8243; _i=&#8221;2&#8243; _address=&#8221;2&#8243; background_color_gradient_start_preview=&#8221;#002c3e&#8221;][et_pb_row column_structure=&#8221;3_5,2_5&#8243; _builder_version=&#8221;3.27.4&#8243; width=&#8221;90%&#8221; max_width=&#8221;1920px&#8221; module_alignment=&#8221;center&#8221; min_height=&#8221;576px&#8221; custom_margin=&#8221;||||false|false&#8221; custom_padding=&#8221;7%||||false|false&#8221; _i=&#8221;0&#8243; _address=&#8221;2.0&#8243;][et_pb_column type=&#8221;3_5&#8243; _builder_version=&#8221;3.27.4&#8243; _i=&#8221;0&#8243; _address=&#8221;2.0.0&#8243;][et_pb_text _builder_version=&#8221;3.27.4&#8243; text_font=&#8221;||||||||&#8221; text_text_color=&#8221;#ffffff&#8221; text_font_size=&#8221;16px&#8221; header_font=&#8221;||||||||&#8221; text_orientation=&#8221;justified&#8221; width=&#8221;80%&#8221; module_alignment=&#8221;center&#8221; custom_margin=&#8221;|2px|5%|30px|false|false&#8221; custom_padding=&#8221;|2%|0px|2%|false|false&#8221; animation_style=&#8221;flip&#8221; animation_direction=&#8221;left&#8221; animation_intensity_flip=&#8221;30%&#8221; animation_starting_opacity=&#8221;100%&#8221; _i=&#8221;0&#8243; _address=&#8221;2.0.0.0&#8243;]\n\n<strong>EIM et KPMG organisent la 3\u00e8me \u00e9dition du \u201cPrix des 100 Jours\u201d, en partenariat avec Challenges.<\/strong>\nParmi une population de dirigeants, qui sera celui ou celle qui a conduit le plus efficacement la phase des \u00ab 100 jours \u00bb suivant sa prise de fonction ?\nIl s\u2019agit de personnalit\u00e9s nomm\u00e9es principalement depuis moins de 24 mois, connues pour avoir&nbsp;mis en \u0153uvre rapidement et avec succ\u00e8s des projets de transformation\nd\u2019envergure, souvent dans des situations \u00e0 forts enjeux.\n\n[\/et_pb_text][et_pb_text _builder_version=&#8221;3.27.4&#8243; text_font=&#8221;||||||||&#8221; text_text_color=&#8221;#ffffff&#8221; text_font_size=&#8221;16px&#8221; header_font=&#8221;||||||||&#8221; text_orientation=&#8221;justified&#8221; width=&#8221;80%&#8221; module_alignment=&#8221;center&#8221; custom_margin=&#8221;3%|2px|7%|30px|false|false&#8221; custom_padding=&#8221;|2%|0px|2%|false|false&#8221; animation_style=&#8221;flip&#8221; animation_direction=&#8221;left&#8221; animation_intensity_flip=&#8221;30%&#8221; animation_starting_opacity=&#8221;100%&#8221; _i=&#8221;1&#8243; _address=&#8221;2.0.0.1&#8243;]\n\n&nbsp;\n\nLa soir\u00e9e sera anim\u00e9e par Vincent Beaufils, Directeur de la R\u00e9daction de Challenges.\n\n<span>&nbsp;<\/span>\n\n[\/et_pb_text][\/et_pb_column][et_pb_column type=&#8221;2_5&#8243; _builder_version=&#8221;3.27.4&#8243; custom_padding=&#8221;|1%||1%|false|false&#8221; _i=&#8221;1&#8243; _address=&#8221;2.0.1&#8243;][et_pb_video src=&#8221;https:\/\/www.youtube.com\/watch?v=_0uT7HUQeag&amp;t=17s&#8221; image_src=&#8221;https:\/\/eimworld.wpengine.com\/fr\/wp-content\/uploads\/sites\/9\/2019\/10\/Schermata-2019-10-22-alle-16.46.15.png&#8221; thumbnail_overlay_color=&#8221;rgba(0,0,0,0.6)&#8221; _builder_version=&#8221;3.27.4&#8243; width=&#8221;90%&#8221; module_alignment=&#8221;center&#8221; custom_margin=&#8221;|10%|||false|false&#8221; custom_padding=&#8221;||||false|false&#8221; _i=&#8221;0&#8243; _address=&#8221;2.0.1.0&#8243;][\/et_pb_video][\/et_pb_column][\/et_pb_row][\/et_pb_section][et_pb_section fb_built=&#8221;1&#8243; prev_background_color=&#8221;#002c3e&#8221; disabled_on=&#8221;on|on|off&#8221; _builder_version=&#8221;3.27.4&#8243; use_background_color_gradient=&#8221;on&#8221; background_color_gradient_start=&#8221;rgba(43,135,218,0)&#8221; background_color_gradient_end=&#8221;#FFFFFF&#8221; background_color_gradient_direction=&#8221;117deg&#8221; background_color_gradient_start_position=&#8221;43%&#8221; background_color_gradient_end_position=&#8221;0%&#8221; background_color_gradient_overlays_image=&#8221;on&#8221; background_image=&#8221;https:\/\/eimworld.wpengine.com\/fr\/wp-content\/uploads\/sites\/9\/2019\/10\/prix100jours-3.jpg&#8221; top_divider_style=&#8221;slant&#8221; top_divider_flip=&#8221;vertical&#8221; bottom_divider_style=&#8221;slant&#8221; bottom_divider_color=&#8221;#e6e6e6&#8243; fb_built=&#8221;1&#8243; _i=&#8221;3&#8243; _address=&#8221;3&#8243;][et_pb_row column_structure=&#8221;2_5,3_5&#8243; _builder_version=&#8221;3.27.4&#8243; width=&#8221;90%&#8221; max_width=&#8221;1920px&#8221; module_alignment=&#8221;center&#8221; custom_margin=&#8221;||||false|false&#8221; custom_padding=&#8221;4px||||false|false&#8221; _i=&#8221;0&#8243; _address=&#8221;3.0&#8243;][et_pb_column type=&#8221;2_5&#8243; _builder_version=&#8221;3.27.4&#8243; _i=&#8221;0&#8243; _address=&#8221;3.0.0&#8243;][et_pb_text admin_label=&#8221;Title&#8221; _builder_version=&#8221;3.27.4&#8243; text_font=&#8221;Montserrat|700|||||||&#8221; text_text_color=&#8221;#FFFFFF&#8221; header_font=&#8221;Prata||||||||&#8221; header_2_font=&#8221;Montserrat|700|||||||&#8221; header_2_text_align=&#8221;center&#8221; header_2_font_size=&#8221;32px&#8221; text_orientation=&#8221;center&#8221; background_layout=&#8221;dark&#8221; width=&#8221;90%&#8221; module_alignment=&#8221;center&#8221; custom_margin=&#8221;20%||20%||false|false&#8221; custom_padding=&#8221;|0px|||false|false&#8221; animation_style=&#8221;fade&#8221; animation_direction=&#8221;top&#8221; animation_duration=&#8221;1350ms&#8221; animation_starting_opacity=&#8221;100%&#8221; inline_fonts=&#8221;Prata,Montserrat&#8221; _i=&#8221;0&#8243; _address=&#8221;3.0.0.0&#8243;]\n<h2 style=\"text-align: center\">Le jury du \u00abPrix des 100 Jours\u00bb\n\u00e9tait compos\u00e9 de:<\/h2>\n[\/et_pb_text][\/et_pb_column][et_pb_column type=&#8221;3_5&#8243; _builder_version=&#8221;3.27.4&#8243; custom_padding=&#8221;|1%||1%|false|false&#8221; _i=&#8221;1&#8243; _address=&#8221;3.0.1&#8243;][et_pb_text _builder_version=&#8221;3.27.4&#8243; text_font=&#8221;||||||||&#8221; text_font_size=&#8221;16px&#8221; header_font=&#8221;||||||||&#8221; max_width=&#8221;80%&#8221; module_alignment=&#8221;center&#8221; custom_margin=&#8221;4%|0px|5%|0px|false|false&#8221; custom_padding=&#8221;|2%|0px|8%|false|false&#8221; animation_style=&#8221;flip&#8221; animation_direction=&#8221;left&#8221; animation_intensity_flip=&#8221;30%&#8221; animation_starting_opacity=&#8221;100%&#8221; _i=&#8221;0&#8243; _address=&#8221;3.0.1.0&#8243;]\n\n<strong>Vincent Beaufils,\n<\/strong><span>Directeur de la r\u00e9daction de Challenges\n<\/span>\n<strong>Xavier Durand,\n<\/strong><span>Directeur G\u00e9n\u00e9ral de Coface\n<\/span>\n<strong>Fr\u00e9d\u00e9ric Marquette,\n<\/strong><span>Associ\u00e9 EIM<\/span>\n\n<strong>Philippe Poletti,\n<\/strong><span>Membre du Comit\u00e9 Ex\u00e9cutif, Ardian\n<\/span>\n<strong>Nicolas Richard,\n<\/strong><span>Associ\u00e9, membre du Comit\u00e9 Ex\u00e9cutif de KPMG\n<\/span>\n<strong>Geoffroy Roux de B\u00e9zieux,\n<\/strong><span>Vice-Pr\u00e9sident du Medef&nbsp;d\u00e9l\u00e9gu\u00e9 et Pr\u00e9sident d\u2019Oliviers &amp; Co<\/span>\n\n[\/et_pb_text][\/et_pb_column][\/et_pb_row][\/et_pb_section][et_pb_section fb_built=&#8221;1&#8243; disabled_on=&#8221;off|off|on&#8221; _builder_version=&#8221;3.27.4&#8243; background_color=&#8221;fffff&#8221; use_background_color_gradient=&#8221;on&#8221; background_color_gradient_start=&#8221;rgba(43,135,218,0)&#8221; background_color_gradient_end=&#8221;#FFFFFF&#8221; background_color_gradient_direction=&#8221;117deg&#8221; background_color_gradient_start_position=&#8221;43%&#8221; background_color_gradient_end_position=&#8221;0%&#8221; background_color_gradient_overlays_image=&#8221;on&#8221; background_enable_image=&#8221;off&#8221; top_divider_style=&#8221;slant&#8221; top_divider_color=&#8221;#002c3e&#8221; top_divider_flip=&#8221;vertical&#8221; bottom_divider_style=&#8221;slant&#8221; bottom_divider_color=&#8221;#e6e6e6&#8243; fb_built=&#8221;1&#8243; _i=&#8221;4&#8243; _address=&#8221;4&#8243;][et_pb_row _builder_version=&#8221;3.27.4&#8243; width=&#8221;90%&#8221; max_width=&#8221;1920px&#8221; module_alignment=&#8221;center&#8221; custom_margin=&#8221;||||false|false&#8221; custom_padding=&#8221;4px||||false|false&#8221; _i=&#8221;0&#8243; _address=&#8221;4.0&#8243;][et_pb_column type=&#8221;4_4&#8243; _builder_version=&#8221;3.27.4&#8243; _i=&#8221;0&#8243; _address=&#8221;4.0.0&#8243;][et_pb_text admin_label=&#8221;Title&#8221; _builder_version=&#8221;3.27.4&#8243; text_font=&#8221;Montserrat|700|||||||&#8221; text_text_color=&#8221;#FFFFFF&#8221; header_font=&#8221;Prata||||||||&#8221; header_2_font=&#8221;Montserrat|700|||||||&#8221; header_2_text_align=&#8221;center&#8221; header_2_font_size=&#8221;32px&#8221; text_orientation=&#8221;center&#8221; width=&#8221;90%&#8221; module_alignment=&#8221;center&#8221; custom_margin=&#8221;10%||0.2%||false|false&#8221; custom_padding=&#8221;|0px|||false|false&#8221; animation_style=&#8221;fade&#8221; animation_direction=&#8221;top&#8221; animation_duration=&#8221;1350ms&#8221; animation_starting_opacity=&#8221;100%&#8221; inline_fonts=&#8221;Prata,Montserrat&#8221; _i=&#8221;0&#8243; _address=&#8221;4.0.0.0&#8243;]\n<h2 style=\"color: #002c3e;text-align: center\">Le jury du \u00abPrix des 100 Jours\u00bb\n\u00e9tait compos\u00e9 de:<\/h2>\n[\/et_pb_text][et_pb_text _builder_version=&#8221;3.27.4&#8243; text_font=&#8221;||||||||&#8221; text_font_size=&#8221;16px&#8221; header_font=&#8221;||||||||&#8221; max_width=&#8221;80%&#8221; module_alignment=&#8221;center&#8221; custom_margin=&#8221;4%|0px|5%|0px|false|false&#8221; custom_padding=&#8221;|2%|0px|4.3%|false|false&#8221; animation_style=&#8221;flip&#8221; animation_direction=&#8221;left&#8221; animation_intensity_flip=&#8221;30%&#8221; animation_starting_opacity=&#8221;100%&#8221; locked=&#8221;off&#8221; _i=&#8221;1&#8243; _address=&#8221;4.0.0.1&#8243;]\n\n<strong>Vincent Beaufils,\n<\/strong><span>Directeur de la r\u00e9daction de Challenges\n<\/span>\n<strong>Xavier Durand,\n<\/strong><span>Directeur G\u00e9n\u00e9ral de Coface\n<\/span>\n<strong>Fr\u00e9d\u00e9ric Marquette,\n<\/strong><span>Associ\u00e9 EIM<\/span>\n\n<strong>Philippe Poletti,\n<\/strong><span>Membre du Comit\u00e9 Ex\u00e9cutif, Ardian\n<\/span>\n<strong>Nicolas Richard,\n<\/strong><span>Associ\u00e9, membre du Comit\u00e9 Ex\u00e9cutif de KPMG\n<\/span>\n<strong>Geoffroy Roux de B\u00e9zieux,\n<\/strong><span>Vice-Pr\u00e9sident du Medef&nbsp;d\u00e9l\u00e9gu\u00e9 et Pr\u00e9sident d\u2019Oliviers &amp; Co<\/span>\n\n[\/et_pb_text][\/et_pb_column][\/et_pb_row][\/et_pb_section][et_pb_section fb_built=&#8221;1&#8243; admin_label=&#8221;Quote Section&#8221; _builder_version=&#8221;3.27.4&#8243; background_color=&#8221;#e6e6e6&#8243; background_color_gradient_direction=&#8221;105deg&#8221; background_enable_image=&#8221;off&#8221; background_position=&#8221;bottom_center&#8221; custom_margin=&#8221;0px||||false|false&#8221; custom_padding=&#8221;0px||5%||false|false&#8221; bottom_divider_style=&#8221;slant&#8221; bottom_divider_color=&#8221;#FFFFFF&#8221; bottom_divider_flip=&#8221;vertical&#8221; saved_tabs=&#8221;all&#8221; fb_built=&#8221;1&#8243; _i=&#8221;5&#8243; _address=&#8221;5&#8243; background_color_gradient_end_preview=&#8221;#e8e8e8&#8243;][et_pb_row _builder_version=&#8221;3.27.4&#8243; width=&#8221;90%&#8221; max_width=&#8221;1920px&#8221; module_alignment=&#8221;center&#8221; custom_margin=&#8221;||||false|false&#8221; custom_padding=&#8221;4px||||false|false&#8221; _i=&#8221;0&#8243; _address=&#8221;5.0&#8243;][et_pb_column type=&#8221;4_4&#8243; _builder_version=&#8221;3.27.4&#8243; _i=&#8221;0&#8243; _address=&#8221;5.0.0&#8243;][et_pb_text admin_label=&#8221;Title&#8221; _builder_version=&#8221;3.27.4&#8243; text_font=&#8221;||||||||&#8221; header_font=&#8221;Prata||||||||&#8221; header_2_font=&#8221;Montserrat|700|||||||&#8221; header_2_text_align=&#8221;center&#8221; header_2_font_size=&#8221;32px&#8221; text_orientation=&#8221;center&#8221; width=&#8221;90%&#8221; module_alignment=&#8221;center&#8221; custom_margin=&#8221;3.5%||2%||false|false&#8221; custom_padding=&#8221;|0px|||false|false&#8221; animation_style=&#8221;fade&#8221; animation_direction=&#8221;top&#8221; animation_duration=&#8221;1350ms&#8221; animation_starting_opacity=&#8221;100%&#8221; inline_fonts=&#8221;Prata,Montserrat&#8221; _i=&#8221;0&#8243; _address=&#8221;5.0.0.0&#8243;]\n<h2 style=\"text-align: center\"><span style=\"color: #002c3e;font-family: Montserrat\"><span>Cat\u00e9gorie PME<\/span>\n<\/span><\/h2>\n[\/et_pb_text][\/et_pb_column][\/et_pb_row][et_pb_row column_structure=&#8221;1_3,1_3,1_3&#8243; _builder_version=&#8221;3.27.4&#8243; width=&#8221;90%&#8221; max_width=&#8221;1920px&#8221; module_alignment=&#8221;center&#8221; custom_margin=&#8221;||||false|false&#8221; custom_padding=&#8221;4px||||false|false&#8221; _i=&#8221;1&#8243; _address=&#8221;5.1&#8243;][et_pb_column type=&#8221;1_3&#8243; _builder_version=&#8221;3.27.4&#8243; _i=&#8221;0&#8243; _address=&#8221;5.1.0&#8243;][et_pb_text admin_label=&#8221;Title&#8221; _builder_version=&#8221;3.27.4&#8243; text_font=&#8221;||||||||&#8221; header_font=&#8221;Prata||||||||&#8221; header_2_font=&#8221;Montserrat|700|||||||&#8221; header_2_text_align=&#8221;center&#8221; header_2_font_size=&#8221;32px&#8221; text_orientation=&#8221;center&#8221; width=&#8221;90%&#8221; module_alignment=&#8221;center&#8221; custom_margin=&#8221;-0.2%||||false|false&#8221; custom_padding=&#8221;|0px|||false|false&#8221; animation_style=&#8221;fade&#8221; animation_direction=&#8221;top&#8221; animation_duration=&#8221;1350ms&#8221; animation_starting_opacity=&#8221;100%&#8221; inline_fonts=&#8221;Prata,Montserrat&#8221; _i=&#8221;0&#8243; _address=&#8221;5.1.0.0&#8243;]\n<h2 style=\"text-align: center\"><span style=\"color: #002c3e;font-family: Montserrat\"><strong>Les Nomines<\/strong>\n<\/span><\/h2>\n[\/et_pb_text][et_pb_text _builder_version=&#8221;3.27.4&#8243; text_font=&#8221;||||||||&#8221; text_font_size=&#8221;16px&#8221; header_font=&#8221;||||||||&#8221; max_width=&#8221;80%&#8221; module_alignment=&#8221;right&#8221; custom_margin=&#8221;3%|0px|10%|0px|false|false&#8221; custom_padding=&#8221;|2%|0px|2%|false|false&#8221; animation_style=&#8221;flip&#8221; animation_direction=&#8221;left&#8221; animation_intensity_flip=&#8221;30%&#8221; animation_starting_opacity=&#8221;100%&#8221; _i=&#8221;1&#8243; _address=&#8221;5.1.0.1&#8243;]\n\n<strong>Florence Lenne<\/strong><span>,\nDirectrice G\u00e9n\u00e9rale de&nbsp;<\/span><span class=\"dore\">CATIMINI<\/span>\n<strong><\/strong>\n\n<strong>Philippe Lavielle<\/strong><span>,\nPr\u00e9sident Directeur G\u00e9n\u00e9ral de&nbsp;<\/span><span class=\"dore\">FERMENTALG<\/span>\n<strong><\/strong>\n\n<strong>Gr\u00e9goire Bourdin<\/strong><span>,\nDirecteur G\u00e9n\u00e9ral de&nbsp;<\/span><span class=\"dore\">HIPAY GROUP (ADUX)<\/span>\n<strong><\/strong>\n\n<strong>Pierre Forest<\/strong><span>,\nPr\u00e9sident de&nbsp;<\/span><span class=\"dore\">ST\u00c9RIENCE<\/span>\n<strong><\/strong>\n\n<strong>Olivier Vocanson<\/strong><span>,\nDirecteur G\u00e9n\u00e9ral et Pr\u00e9sident du Directoire de&nbsp;<\/span><span class=\"dore\">XELLA THERMOPIERRE<\/span>\n\n[\/et_pb_text][\/et_pb_column][et_pb_column type=&#8221;1_3&#8243; _builder_version=&#8221;3.27.4&#8243; custom_padding=&#8221;|1%||1%|false|false&#8221; _i=&#8221;1&#8243; _address=&#8221;5.1.1&#8243;][et_pb_text admin_label=&#8221;Title&#8221; _builder_version=&#8221;3.27.4&#8243; text_font=&#8221;||||||||&#8221; header_font=&#8221;Prata||||||||&#8221; header_2_font=&#8221;Montserrat|700|||||||&#8221; header_2_text_align=&#8221;center&#8221; header_2_font_size=&#8221;32px&#8221; text_orientation=&#8221;center&#8221; width=&#8221;90%&#8221; module_alignment=&#8221;center&#8221; custom_margin=&#8221;-0.2%||||false|false&#8221; custom_padding=&#8221;|0px|||false|false&#8221; animation_style=&#8221;fade&#8221; animation_direction=&#8221;top&#8221; animation_duration=&#8221;1350ms&#8221; animation_starting_opacity=&#8221;100%&#8221; inline_fonts=&#8221;Prata,Montserrat&#8221; _i=&#8221;0&#8243; _address=&#8221;5.1.1.0&#8243;]\n<h2 style=\"text-align: center\"><span style=\"color: #002c3e;font-family: Montserrat\">Le Laureat<\/span><\/h2>\n[\/et_pb_text][et_pb_image src=&#8221;https:\/\/eimworld.wpengine.com\/fr\/wp-content\/uploads\/sites\/9\/2019\/10\/8.png&#8221; align=&#8221;center&#8221; _builder_version=&#8221;3.27.4&#8243; max_width=&#8221;80%&#8221; module_alignment=&#8221;center&#8221; _i=&#8221;1&#8243; _address=&#8221;5.1.1.1&#8243;][\/et_pb_image][et_pb_text _builder_version=&#8221;3.27.4&#8243; text_font=&#8221;||||||||&#8221; text_font_size=&#8221;16px&#8221; header_font=&#8221;||||||||&#8221; max_width=&#8221;80%&#8221; module_alignment=&#8221;center&#8221; custom_margin=&#8221;3%|0px|5%|0px|false|false&#8221; custom_padding=&#8221;|2%|0px|2%|false|false&#8221; animation_style=&#8221;flip&#8221; animation_direction=&#8221;left&#8221; animation_intensity_flip=&#8221;30%&#8221; animation_starting_opacity=&#8221;100%&#8221; _i=&#8221;2&#8243; _address=&#8221;5.1.1.2&#8243;]\n<p style=\"text-align: center\"><strong>Florence Lenne\n<\/strong><span>Directrice G\u00e9n\u00e9rale de<\/span>\n<span class=\"dore\">CATIMINI<\/span><\/p>\n[\/et_pb_text][\/et_pb_column][et_pb_column type=&#8221;1_3&#8243; _builder_version=&#8221;3.27.4&#8243; custom_padding=&#8221;|1%||1%|false|false&#8221; _i=&#8221;2&#8243; _address=&#8221;5.1.2&#8243;][et_pb_video src=&#8221;https:\/\/www.youtube.com\/watch?v=yW4Ecki7vPg&#8221; _builder_version=&#8221;3.27.4&#8243; _i=&#8221;0&#8243; _address=&#8221;5.1.2.0&#8243;][\/et_pb_video][et_pb_image src=&#8221;https:\/\/eimworld.wpengine.com\/fr\/wp-content\/uploads\/sites\/9\/2019\/10\/3_prix-100-jours-PME.jpg&#8221; _builder_version=&#8221;3.27.4&#8243; custom_margin=&#8221;34px|||||&#8221; _i=&#8221;1&#8243; _address=&#8221;5.1.2.1&#8243;][\/et_pb_image][\/et_pb_column][\/et_pb_row][\/et_pb_section][et_pb_section fb_built=&#8221;1&#8243; admin_label=&#8221;Quote Section&#8221; _builder_version=&#8221;3.27.4&#8243; use_background_color_gradient=&#8221;on&#8221; background_color_gradient_start=&#8221;#FFFFFF&#8221; background_color_gradient_end=&#8221;#FFFFFF&#8221; background_color_gradient_direction=&#8221;105deg&#8221; background_color_gradient_start_position=&#8221;55%&#8221; background_color_gradient_end_position=&#8221;0%&#8221; background_color_gradient_overlays_image=&#8221;on&#8221; background_enable_image=&#8221;off&#8221; background_position=&#8221;bottom_center&#8221; custom_margin=&#8221;0px||||false|false&#8221; custom_padding=&#8221;0px||89px||false|false&#8221; bottom_divider_style=&#8221;slant&#8221; bottom_divider_color=&#8221;#e6e6e6&#8243; saved_tabs=&#8221;all&#8221; fb_built=&#8221;1&#8243; _i=&#8221;6&#8243; _address=&#8221;6&#8243; background_color_gradient_end_preview=&#8221;#e8e8e8&#8243;][et_pb_row _builder_version=&#8221;3.27.4&#8243; width=&#8221;90%&#8221; max_width=&#8221;1920px&#8221; module_alignment=&#8221;center&#8221; custom_margin=&#8221;||||false|false&#8221; custom_padding=&#8221;4px||||false|false&#8221; _i=&#8221;0&#8243; _address=&#8221;6.0&#8243;][et_pb_column type=&#8221;4_4&#8243; _builder_version=&#8221;3.27.4&#8243; _i=&#8221;0&#8243; _address=&#8221;6.0.0&#8243;][et_pb_text admin_label=&#8221;Title&#8221; _builder_version=&#8221;3.27.4&#8243; text_font=&#8221;||||||||&#8221; header_font=&#8221;Prata||||||||&#8221; header_2_font=&#8221;Montserrat|700|||||||&#8221; header_2_text_align=&#8221;center&#8221; header_2_font_size=&#8221;32px&#8221; text_orientation=&#8221;center&#8221; width=&#8221;90%&#8221; module_alignment=&#8221;center&#8221; custom_margin=&#8221;3.5%||2%||false|false&#8221; custom_padding=&#8221;|0px|||false|false&#8221; animation_style=&#8221;fade&#8221; animation_direction=&#8221;top&#8221; animation_duration=&#8221;1350ms&#8221; animation_starting_opacity=&#8221;100%&#8221; inline_fonts=&#8221;Prata,Montserrat&#8221; _i=&#8221;0&#8243; _address=&#8221;6.0.0.0&#8243;]\n<h2 style=\"text-align: center\"><span style=\"color: #002c3e;font-family: Montserrat\">Cat\u00e9gorie ETI<\/span><\/h2>\n[\/et_pb_text][\/et_pb_column][\/et_pb_row][et_pb_row column_structure=&#8221;1_3,1_3,1_3&#8243; _builder_version=&#8221;3.27.4&#8243; width=&#8221;90%&#8221; max_width=&#8221;1920px&#8221; module_alignment=&#8221;center&#8221; custom_margin=&#8221;||||false|false&#8221; custom_padding=&#8221;4px||||false|false&#8221; _i=&#8221;1&#8243; _address=&#8221;6.1&#8243;][et_pb_column type=&#8221;1_3&#8243; _builder_version=&#8221;3.27.4&#8243; _i=&#8221;0&#8243; _address=&#8221;6.1.0&#8243;][et_pb_text admin_label=&#8221;Title&#8221; _builder_version=&#8221;3.27.4&#8243; text_font=&#8221;||||||||&#8221; header_font=&#8221;Prata||||||||&#8221; header_2_font=&#8221;Montserrat|700|||||||&#8221; header_2_text_align=&#8221;center&#8221; header_2_font_size=&#8221;32px&#8221; text_orientation=&#8221;center&#8221; width=&#8221;90%&#8221; module_alignment=&#8221;center&#8221; custom_margin=&#8221;-0.2%||||false|false&#8221; custom_padding=&#8221;|0px|||false|false&#8221; animation_style=&#8221;fade&#8221; animation_direction=&#8221;top&#8221; animation_duration=&#8221;1350ms&#8221; animation_starting_opacity=&#8221;100%&#8221; inline_fonts=&#8221;Prata,Montserrat&#8221; _i=&#8221;0&#8243; _address=&#8221;6.1.0.0&#8243;]\n<h2 style=\"text-align: center\"><span style=\"color: #002c3e;font-family: Montserrat\"><strong>Les Nomines<\/strong>\n<\/span><\/h2>\n[\/et_pb_text][et_pb_text _builder_version=&#8221;3.27.4&#8243; text_font=&#8221;||||||||&#8221; text_font_size=&#8221;16px&#8221; header_font=&#8221;||||||||&#8221; max_width=&#8221;80%&#8221; module_alignment=&#8221;center&#8221; custom_margin=&#8221;3%|0px|10%|0px|false|false&#8221; custom_padding=&#8221;|2%|0px|2%|false|false&#8221; animation_style=&#8221;flip&#8221; animation_direction=&#8221;left&#8221; animation_intensity_flip=&#8221;30%&#8221; animation_starting_opacity=&#8221;100%&#8221; _i=&#8221;1&#8243; _address=&#8221;6.1.0.1&#8243;]\n<p style=\"padding-left: 30px\"><strong>Serge Magdeleine<\/strong><span>,\nDirecteur G\u00e9n\u00e9ral du\n<\/span><span class=\"dore\">CR\u00c9DIT AGRICOLE TECHNOLOGIE ET SERVICES<\/span>\n<strong>\nSophie Dominjon<\/strong><span>,\nPr\u00e9sidente DEKRA France et Chief Regional Officer de&nbsp;<\/span><span class=\"dore\">DEKRA INDUSTRIAL<\/span>\n<strong><\/strong><\/p>\n<p style=\"padding-left: 30px\"><strong>Pierre Vanstoflegatte<\/strong><span>,\nPr\u00e9sident Directeur G\u00e9n\u00e9ral d\u2019<\/span><span class=\"dore\">OREXAD<\/span>\n<strong><\/strong><\/p>\n<p style=\"padding-left: 30px\"><strong>Fabrice Quinquenel<\/strong><span>,\nPr\u00e9sident de&nbsp;<\/span><span class=\"dore\">RENTOKIL INITIAL FRANCE<\/span>\n<strong><\/strong><\/p>\n<p style=\"padding-left: 30px\"><strong>Elie Choukroun<\/strong><span>,\nPr\u00e9sident de&nbsp;<\/span><span class=\"dore\">RICOH FRANCE<\/span>\n<strong><\/strong><\/p>\n<p style=\"padding-left: 30px\"><strong>Herv\u00e9 Montjotin<\/strong><span>,\nCEO et Pr\u00e9sident Ex\u00e9cutif de&nbsp;<\/span><span class=\"dore\">SOCOTEC<\/span>\n<strong><\/strong><\/p>\n<p style=\"padding-left: 30px\"><strong>Boris Janicek<\/strong><span>,\nDirecteur G\u00e9n\u00e9ral et CEO de La Maison&nbsp;<\/span><span class=\"dore\">LADUR\u00c9E<\/span>\n<strong><\/strong><\/p>\n<p style=\"padding-left: 30px\"><strong>Christophe Alaux<\/strong><span>,\nPr\u00e9sident du Directoire de&nbsp;<\/span><span class=\"dore\">VACALIANS GROUP<\/span><\/p>\n[\/et_pb_text][\/et_pb_column][et_pb_column type=&#8221;1_3&#8243; _builder_version=&#8221;3.27.4&#8243; custom_padding=&#8221;|1%||1%|false|false&#8221; _i=&#8221;1&#8243; _address=&#8221;6.1.1&#8243;][et_pb_text admin_label=&#8221;Title&#8221; _builder_version=&#8221;3.27.4&#8243; text_font=&#8221;||||||||&#8221; header_font=&#8221;Prata||||||||&#8221; header_2_font=&#8221;Montserrat|700|||||||&#8221; header_2_text_align=&#8221;center&#8221; header_2_font_size=&#8221;32px&#8221; text_orientation=&#8221;center&#8221; width=&#8221;90%&#8221; module_alignment=&#8221;center&#8221; custom_margin=&#8221;-0.2%||||false|false&#8221; custom_padding=&#8221;|0px|||false|false&#8221; animation_style=&#8221;fade&#8221; animation_direction=&#8221;top&#8221; animation_duration=&#8221;1350ms&#8221; animation_starting_opacity=&#8221;100%&#8221; inline_fonts=&#8221;Prata,Montserrat&#8221; _i=&#8221;0&#8243; _address=&#8221;6.1.1.0&#8243;]\n<h2 style=\"text-align: center\"><span style=\"color: #002c3e;font-family: Montserrat\">Le Laureat<\/span><\/h2>\n[\/et_pb_text][et_pb_image src=&#8221;https:\/\/eimworld.wpengine.com\/fr\/wp-content\/uploads\/sites\/9\/2019\/10\/9.png&#8221; align=&#8221;center&#8221; _builder_version=&#8221;3.27.4&#8243; max_width=&#8221;80%&#8221; module_alignment=&#8221;center&#8221; _i=&#8221;1&#8243; _address=&#8221;6.1.1.1&#8243;][\/et_pb_image][et_pb_text _builder_version=&#8221;3.27.4&#8243; text_font=&#8221;||||||||&#8221; text_font_size=&#8221;16px&#8221; header_font=&#8221;||||||||&#8221; max_width=&#8221;80%&#8221; module_alignment=&#8221;center&#8221; custom_margin=&#8221;3%|0px|5%|0px|false|false&#8221; custom_padding=&#8221;|2%|0px|2%|false|false&#8221; animation_style=&#8221;flip&#8221; animation_direction=&#8221;left&#8221; animation_intensity_flip=&#8221;30%&#8221; animation_starting_opacity=&#8221;100%&#8221; _i=&#8221;2&#8243; _address=&#8221;6.1.1.2&#8243;]\n<p style=\"text-align: center\"><strong>Christophe Alaux<\/strong>\n<span>Pr\u00e9sident du Directoire de<\/span>\n<span class=\"dore\">VACALIANS<\/span><\/p>\n[\/et_pb_text][\/et_pb_column][et_pb_column type=&#8221;1_3&#8243; _builder_version=&#8221;3.27.4&#8243; custom_padding=&#8221;|1%||1%|false|false&#8221; _i=&#8221;2&#8243; _address=&#8221;6.1.2&#8243;][et_pb_video src=&#8221;https:\/\/www.youtube.com\/watch?v=zE0G6-TEA_E&#8221; _builder_version=&#8221;3.27.4&#8243; _i=&#8221;0&#8243; _address=&#8221;6.1.2.0&#8243;][\/et_pb_video][et_pb_image src=&#8221;https:\/\/eimworld.wpengine.com\/fr\/wp-content\/uploads\/sites\/9\/2019\/10\/1_prix-100-jours-ETI.jpg&#8221; _builder_version=&#8221;3.27.4&#8243; custom_margin=&#8221;30px|||||&#8221; _i=&#8221;1&#8243; _address=&#8221;6.1.2.1&#8243;][\/et_pb_image][\/et_pb_column][\/et_pb_row][\/et_pb_section][et_pb_section fb_built=&#8221;1&#8243; admin_label=&#8221;Quote Section&#8221; _builder_version=&#8221;3.27.4&#8243; background_color=&#8221;#e6e6e6&#8243; background_color_gradient_direction=&#8221;105deg&#8221; background_enable_image=&#8221;off&#8221; background_position=&#8221;bottom_center&#8221; custom_margin=&#8221;0px||||false|false&#8221; custom_padding=&#8221;0px||10%||false|false&#8221; bottom_divider_style=&#8221;slant&#8221; bottom_divider_color=&#8221;#FFFFFF&#8221; bottom_divider_flip=&#8221;vertical&#8221; saved_tabs=&#8221;all&#8221; fb_built=&#8221;1&#8243; _i=&#8221;7&#8243; _address=&#8221;7&#8243; background_color_gradient_end_preview=&#8221;#e8e8e8&#8243;][et_pb_row _builder_version=&#8221;3.27.4&#8243; width=&#8221;90%&#8221; max_width=&#8221;1920px&#8221; module_alignment=&#8221;center&#8221; custom_margin=&#8221;||||false|false&#8221; custom_padding=&#8221;4px||||false|false&#8221; _i=&#8221;0&#8243; _address=&#8221;7.0&#8243;][et_pb_column type=&#8221;4_4&#8243; _builder_version=&#8221;3.27.4&#8243; _i=&#8221;0&#8243; _address=&#8221;7.0.0&#8243;][et_pb_text admin_label=&#8221;Title&#8221; _builder_version=&#8221;3.27.4&#8243; text_font=&#8221;||||||||&#8221; header_font=&#8221;Prata||||||||&#8221; header_2_font=&#8221;Montserrat|700|||||||&#8221; header_2_text_align=&#8221;center&#8221; header_2_font_size=&#8221;32px&#8221; text_orientation=&#8221;center&#8221; width=&#8221;90%&#8221; module_alignment=&#8221;center&#8221; custom_margin=&#8221;3.5%||2%||false|false&#8221; custom_padding=&#8221;|0px|||false|false&#8221; animation_style=&#8221;fade&#8221; animation_direction=&#8221;top&#8221; animation_duration=&#8221;1350ms&#8221; animation_starting_opacity=&#8221;100%&#8221; inline_fonts=&#8221;Prata,Montserrat&#8221; _i=&#8221;0&#8243; _address=&#8221;7.0.0.0&#8243;]\n<h2 style=\"text-align: center\"><span style=\"color: #002c3e;font-family: Montserrat\">Grands Groupes<\/span><\/h2>\n[\/et_pb_text][\/et_pb_column][\/et_pb_row][et_pb_row column_structure=&#8221;1_3,1_3,1_3&#8243; _builder_version=&#8221;3.27.4&#8243; width=&#8221;90%&#8221; max_width=&#8221;1920px&#8221; module_alignment=&#8221;center&#8221; custom_margin=&#8221;||||false|false&#8221; custom_padding=&#8221;4px||||false|false&#8221; _i=&#8221;1&#8243; _address=&#8221;7.1&#8243;][et_pb_column type=&#8221;1_3&#8243; _builder_version=&#8221;3.27.4&#8243; _i=&#8221;0&#8243; _address=&#8221;7.1.0&#8243;][et_pb_text admin_label=&#8221;Title&#8221; _builder_version=&#8221;3.27.4&#8243; text_font=&#8221;||||||||&#8221; header_font=&#8221;Prata||||||||&#8221; header_2_font=&#8221;Montserrat|700|||||||&#8221; header_2_text_align=&#8221;center&#8221; header_2_font_size=&#8221;32px&#8221; text_orientation=&#8221;center&#8221; width=&#8221;90%&#8221; module_alignment=&#8221;center&#8221; custom_margin=&#8221;-0.2%||||false|false&#8221; custom_padding=&#8221;|0px|||false|false&#8221; animation_style=&#8221;fade&#8221; animation_direction=&#8221;top&#8221; animation_duration=&#8221;1350ms&#8221; animation_starting_opacity=&#8221;100%&#8221; inline_fonts=&#8221;Prata,Montserrat&#8221; _i=&#8221;0&#8243; _address=&#8221;7.1.0.0&#8243;]\n<h2 style=\"text-align: center\"><span style=\"color: #002c3e;font-family: Montserrat\"><strong>Les Nomines<\/strong>\n<\/span><\/h2>\n[\/et_pb_text][et_pb_text _builder_version=&#8221;3.27.4&#8243; text_font=&#8221;||||||||&#8221; text_font_size=&#8221;16px&#8221; header_font=&#8221;||||||||&#8221; max_width=&#8221;80%&#8221; module_alignment=&#8221;center&#8221; custom_margin=&#8221;3%|0px|10%|0px|false|false&#8221; custom_padding=&#8221;|2%|0px|2%|false|false&#8221; animation_style=&#8221;flip&#8221; animation_direction=&#8221;left&#8221; animation_intensity_flip=&#8221;30%&#8221; animation_starting_opacity=&#8221;100%&#8221; _i=&#8221;1&#8243; _address=&#8221;7.1.0.1&#8243;]\n<p style=\"padding-left: 30px\"><strong>Tristan Farabet<\/strong><span>, Directeur G\u00e9n\u00e9ral du groupe Pochet<\/span><\/p>\n<p style=\"padding-left: 30px\"><strong>C\u00e9dric Gautier<\/strong><span>, Pr\u00e9sident de Stelia Aerospace<\/span><\/p>\n<p style=\"padding-left: 30px\"><strong>Ghislain Lescuyer<\/strong>, Pr\u00e9sident du Directoire de SAFT<\/p>\n<p style=\"padding-left: 30px\"><strong>Jocelyn Olive<\/strong>, Directeur G\u00e9n\u00e9ral de Burger King France<\/p>\n[\/et_pb_text][\/et_pb_column][et_pb_column type=&#8221;1_3&#8243; _builder_version=&#8221;3.27.4&#8243; custom_padding=&#8221;|1%||1%|false|false&#8221; _i=&#8221;1&#8243; _address=&#8221;7.1.1&#8243;][et_pb_text admin_label=&#8221;Title&#8221; _builder_version=&#8221;3.27.4&#8243; text_font=&#8221;||||||||&#8221; header_font=&#8221;Prata||||||||&#8221; header_2_font=&#8221;Montserrat|700|||||||&#8221; header_2_text_align=&#8221;center&#8221; header_2_font_size=&#8221;32px&#8221; text_orientation=&#8221;center&#8221; width=&#8221;90%&#8221; module_alignment=&#8221;center&#8221; custom_margin=&#8221;-0.2%||||false|false&#8221; custom_padding=&#8221;|0px|||false|false&#8221; animation_style=&#8221;fade&#8221; animation_direction=&#8221;top&#8221; animation_duration=&#8221;1350ms&#8221; animation_starting_opacity=&#8221;100%&#8221; inline_fonts=&#8221;Prata,Montserrat&#8221; _i=&#8221;0&#8243; _address=&#8221;7.1.1.0&#8243;]\n<h2 style=\"text-align: center\"><span style=\"color: #002c3e;font-family: Montserrat\">Le Laureat<\/span><\/h2>\n[\/et_pb_text][et_pb_image src=&#8221;https:\/\/eimworld.wpengine.com\/fr\/wp-content\/uploads\/sites\/9\/2019\/10\/10.png&#8221; align=&#8221;center&#8221; _builder_version=&#8221;3.27.4&#8243; max_width=&#8221;80%&#8221; module_alignment=&#8221;center&#8221; _i=&#8221;1&#8243; _address=&#8221;7.1.1.1&#8243;][\/et_pb_image][et_pb_text _builder_version=&#8221;3.27.4&#8243; text_font=&#8221;||||||||&#8221; text_font_size=&#8221;16px&#8221; header_font=&#8221;||||||||&#8221; max_width=&#8221;80%&#8221; module_alignment=&#8221;center&#8221; custom_margin=&#8221;3%|0px|5%|0px|false|false&#8221; custom_padding=&#8221;|2%|0px|2%|false|false&#8221; animation_style=&#8221;flip&#8221; animation_direction=&#8221;left&#8221; animation_intensity_flip=&#8221;30%&#8221; animation_starting_opacity=&#8221;100%&#8221; _i=&#8221;2&#8243; _address=&#8221;7.1.1.2&#8243;]\n<p style=\"text-align: center\"><strong>Bertrand Dumazy<\/strong>\n<span>Pr\u00e9sident directeur g\u00e9n\u00e9ral de<\/span>\n<span class=\"dore\">EDENRED<\/span><\/p>\n[\/et_pb_text][\/et_pb_column][et_pb_column type=&#8221;1_3&#8243; _builder_version=&#8221;3.27.4&#8243; custom_padding=&#8221;|1%||1%|false|false&#8221; _i=&#8221;2&#8243; _address=&#8221;7.1.2&#8243;][et_pb_video src=&#8221;https:\/\/www.youtube.com\/watch?v=xHkv3qDKLH4&#8243; _builder_version=&#8221;3.27.4&#8243; _i=&#8221;0&#8243; _address=&#8221;7.1.2.0&#8243;][\/et_pb_video][et_pb_image src=&#8221;https:\/\/eimworld.wpengine.com\/fr\/wp-content\/uploads\/sites\/9\/2019\/10\/2_prix-100-jours-grands-groupes.jpg&#8221; _builder_version=&#8221;3.27.4&#8243; custom_margin=&#8221;31px|||||&#8221; _i=&#8221;1&#8243; _address=&#8221;7.1.2.1&#8243;][\/et_pb_image][\/et_pb_column][\/et_pb_row][\/et_pb_section][et_pb_section fb_built=&#8221;1&#8243; admin_label=&#8221;Quote Section&#8221; _builder_version=&#8221;3.27.4&#8243; use_background_color_gradient=&#8221;on&#8221; background_color_gradient_start=&#8221;#FFFFFF&#8221; background_color_gradient_end=&#8221;#FFFFFF&#8221; background_color_gradient_direction=&#8221;105deg&#8221; background_color_gradient_start_position=&#8221;55%&#8221; background_color_gradient_end_position=&#8221;0%&#8221; background_color_gradient_overlays_image=&#8221;on&#8221; background_enable_image=&#8221;off&#8221; background_position=&#8221;bottom_center&#8221; custom_margin=&#8221;||||false|false&#8221; custom_padding=&#8221;||89px||false|false&#8221; bottom_divider_style=&#8221;slant&#8221; bottom_divider_color=&#8221;#ffffff&#8221; saved_tabs=&#8221;all&#8221; fb_built=&#8221;1&#8243; _i=&#8221;8&#8243; _address=&#8221;8&#8243; background_color_gradient_end_preview=&#8221;#e8e8e8&#8243;][et_pb_row _builder_version=&#8221;3.27.4&#8243; width=&#8221;90%&#8221; max_width=&#8221;1920px&#8221; module_alignment=&#8221;center&#8221; custom_margin=&#8221;||||false|false&#8221; custom_padding=&#8221;4px||||false|false&#8221; _i=&#8221;0&#8243; _address=&#8221;8.0&#8243;][et_pb_column type=&#8221;4_4&#8243; _builder_version=&#8221;3.27.4&#8243; _i=&#8221;0&#8243; _address=&#8221;8.0.0&#8243;][et_pb_text admin_label=&#8221;Title&#8221; _builder_version=&#8221;3.27.4&#8243; text_font=&#8221;||||||||&#8221; header_font=&#8221;Prata||||||||&#8221; header_2_font=&#8221;Montserrat|700|||||||&#8221; header_2_text_align=&#8221;center&#8221; header_2_font_size=&#8221;32px&#8221; text_orientation=&#8221;center&#8221; width=&#8221;90%&#8221; module_alignment=&#8221;center&#8221; custom_margin=&#8221;3.5%||2%||false|false&#8221; custom_padding=&#8221;|0px|||false|false&#8221; animation_style=&#8221;fade&#8221; animation_direction=&#8221;top&#8221; animation_duration=&#8221;1350ms&#8221; animation_starting_opacity=&#8221;100%&#8221; inline_fonts=&#8221;Prata,Montserrat&#8221; _i=&#8221;0&#8243; _address=&#8221;8.0.0.0&#8243;]\n<h2 style=\"text-align: center\"><span style=\"color: #002c3e;font-family: Montserrat\">Prix sp\u00e9cial du jury<\/span><\/h2>\n[\/et_pb_text][\/et_pb_column][\/et_pb_row][et_pb_row column_structure=&#8221;1_3,1_3,1_3&#8243; _builder_version=&#8221;3.27.4&#8243; width=&#8221;90%&#8221; max_width=&#8221;1920px&#8221; module_alignment=&#8221;center&#8221; custom_margin=&#8221;||||false|false&#8221; custom_padding=&#8221;4px||||false|false&#8221; _i=&#8221;1&#8243; _address=&#8221;8.1&#8243;][et_pb_column type=&#8221;1_3&#8243; _builder_version=&#8221;3.27.4&#8243; _i=&#8221;0&#8243; _address=&#8221;8.1.0&#8243;][et_pb_text _builder_version=&#8221;3.27.4&#8243; text_font=&#8221;||||||||&#8221; text_font_size=&#8221;16px&#8221; header_font=&#8221;||||||||&#8221; max_width=&#8221;80%&#8221; module_alignment=&#8221;center&#8221; custom_margin=&#8221;3%|0px|10%|0px|false|false&#8221; custom_padding=&#8221;|2%|0px|2%|false|false&#8221; animation_style=&#8221;flip&#8221; animation_direction=&#8221;left&#8221; animation_intensity_flip=&#8221;30%&#8221; animation_starting_opacity=&#8221;100%&#8221; _i=&#8221;0&#8243; _address=&#8221;8.1.0.0&#8243;]\n<p style=\"padding-left: 30px;text-align: left\"><span>Un prix sp\u00e9cial du Jury est d\u00e9cern\u00e9 \u00e0 Herv\u00e9 Montjotin, Pr\u00e9sident&nbsp;<\/span><span>Ex\u00e9cutif de Socotec, qui a s\u00fb appliquer les principes de gestion de&nbsp;<\/span><span>crise et d\u2019urgence \u00e0 une soci\u00e9t\u00e9 qui n\u2019\u00e9tait pourtant pas en crise\u2026&nbsp;<\/span><span>Ses r\u00e9sultats m\u00e9ritent d\u2019\u00eatre mis en lumi\u00e8re : +20% d\u2019EBITDA&nbsp;<\/span><span>2017\/2016, une importante acquisition concr\u00e9tis\u00e9e en 6 mois,&nbsp;<\/span><span>une entreprise redynamis\u00e9e, r\u00e9organis\u00e9e et \u00e0 l\u2019\u00e9coute du march\u00e9&nbsp;<\/span><span>avec une vision strat\u00e9gique claire. V\u00e9ritablement l\u2019histoire d\u2019un&nbsp;<\/span><span>nouvel \u00e9lan !<\/span><\/p>\n[\/et_pb_text][\/et_pb_column][et_pb_column type=&#8221;1_3&#8243; _builder_version=&#8221;3.27.4&#8243; custom_padding=&#8221;|1%||1%|false|false&#8221; _i=&#8221;1&#8243; _address=&#8221;8.1.1&#8243;][et_pb_text admin_label=&#8221;Title&#8221; _builder_version=&#8221;3.27.4&#8243; text_font=&#8221;||||||||&#8221; header_font=&#8221;Prata||||||||&#8221; header_2_font=&#8221;Montserrat|700|||||||&#8221; header_2_text_align=&#8221;center&#8221; header_2_font_size=&#8221;32px&#8221; text_orientation=&#8221;center&#8221; width=&#8221;90%&#8221; module_alignment=&#8221;center&#8221; custom_margin=&#8221;-0.2%||||false|false&#8221; custom_padding=&#8221;|0px|||false|false&#8221; animation_style=&#8221;fade&#8221; animation_direction=&#8221;top&#8221; animation_duration=&#8221;1350ms&#8221; animation_starting_opacity=&#8221;100%&#8221; inline_fonts=&#8221;Prata,Montserrat&#8221; _i=&#8221;0&#8243; _address=&#8221;8.1.1.0&#8243;]\n<h2 style=\"text-align: center\"><span style=\"color: #002c3e;font-family: Montserrat\">Le Laureat<\/span><\/h2>\n[\/et_pb_text][et_pb_image src=&#8221;https:\/\/eimworld.wpengine.com\/fr\/wp-content\/uploads\/sites\/9\/2019\/10\/11.png&#8221; align=&#8221;center&#8221; _builder_version=&#8221;3.27.4&#8243; max_width=&#8221;80%&#8221; module_alignment=&#8221;center&#8221; _i=&#8221;1&#8243; _address=&#8221;8.1.1.1&#8243;][\/et_pb_image][et_pb_text _builder_version=&#8221;3.27.4&#8243; text_font=&#8221;||||||||&#8221; text_font_size=&#8221;16px&#8221; header_font=&#8221;||||||||&#8221; max_width=&#8221;80%&#8221; module_alignment=&#8221;center&#8221; custom_margin=&#8221;3%|0px|5%|0px|false|false&#8221; custom_padding=&#8221;|2%|0px|2%|false|false&#8221; animation_style=&#8221;flip&#8221; animation_direction=&#8221;left&#8221; animation_intensity_flip=&#8221;30%&#8221; animation_starting_opacity=&#8221;100%&#8221; _i=&#8221;2&#8243; _address=&#8221;8.1.1.2&#8243;]\n<div class=\"nom\" style=\"text-align: center\"><strong>Herv\u00e9 Monjotin<\/strong>\nPr\u00e9sident Ex\u00e9cutif de\n<span class=\"dore\">SOCOTEC<\/span><\/div>\n<p style=\"text-align: center\"><\/p>\n<p style=\"text-align: center\"><span>\n<\/span><\/p>\n[\/et_pb_text][\/et_pb_column][et_pb_column type=&#8221;1_3&#8243; _builder_version=&#8221;3.27.4&#8243; custom_padding=&#8221;|1%||1%|false|false&#8221; _i=&#8221;2&#8243; _address=&#8221;8.1.2&#8243;][et_pb_video src=&#8221;https:\/\/www.youtube.com\/watch?v=mtkYIHN2gIc&#8221; _builder_version=&#8221;3.27.4&#8243; _i=&#8221;0&#8243; _address=&#8221;8.1.2.0&#8243;][\/et_pb_video][et_pb_image src=&#8221;https:\/\/eimworld.wpengine.com\/fr\/wp-content\/uploads\/sites\/9\/2019\/10\/4_prix-100-jours-prix-special-1.jpg&#8221; _builder_version=&#8221;3.27.4&#8243; custom_margin=&#8221;29px|||||&#8221; _i=&#8221;1&#8243; _address=&#8221;8.1.2.1&#8243;][\/et_pb_image][\/et_pb_column][\/et_pb_row][\/et_pb_section][et_pb_section fb_built=&#8221;1&#8243; disabled_on=&#8221;off|off|off&#8221; admin_label=&#8221;Quote Section&#8221; _builder_version=&#8221;3.27.4&#8243; background_color=&#8221;#002c3e&#8221; background_color_gradient_direction=&#8221;105deg&#8221; background_image=&#8221;https:\/\/eimworld.wpengine.com\/fr\/wp-content\/uploads\/sites\/9\/2019\/10\/prix-100-jours-panorama.jpg&#8221; custom_margin=&#8221;||||false|false&#8221; custom_padding=&#8221;||363px|||&#8221; top_divider_style=&#8221;slant&#8221; top_divider_color=&#8221;#ffffff&#8221; top_divider_flip=&#8221;horizontal|vertical&#8221; bottom_divider_style=&#8221;slant&#8221; bottom_divider_color=&#8221;#FFFFFF&#8221; bottom_divider_flip=&#8221;horizontal&#8221; saved_tabs=&#8221;all&#8221; fb_built=&#8221;1&#8243; _i=&#8221;9&#8243; _address=&#8221;9&#8243; background_color_gradient_end_preview=&#8221;#e8e8e8&#8243;][et_pb_row _builder_version=&#8221;3.27.4&#8243; max_width=&#8221;1280px&#8221; custom_margin=&#8221;|||auto|false|false&#8221; custom_padding=&#8221;||||false|false&#8221; _i=&#8221;0&#8243; _address=&#8221;9.0&#8243;][et_pb_column type=&#8221;4_4&#8243; _builder_version=&#8221;3.27.4&#8243; _i=&#8221;0&#8243; _address=&#8221;9.0.0&#8243;][\/et_pb_column][\/et_pb_row][\/et_pb_section][et_pb_section fb_built=&#8221;1&#8243; next_background_color=&#8221;#002C3E&#8221; disabled_on=&#8221;off|off|off&#8221; admin_label=&#8221;Quote Section&#8221; _builder_version=&#8221;3.27.4&#8243; background_color=&#8221;#ffffff&#8221; background_color_gradient_direction=&#8221;105deg&#8221; background_enable_image=&#8221;off&#8221; custom_margin=&#8221;0px||||false|false&#8221; custom_padding=&#8221;||0px|||&#8221; top_divider_color=&#8221;#e8e8e8&#8243; top_divider_flip=&#8221;horizontal&#8221; bottom_divider_style=&#8221;slant&#8221; saved_tabs=&#8221;all&#8221; fb_built=&#8221;1&#8243; _i=&#8221;10&#8243; _address=&#8221;10&#8243; background_color_gradient_end_preview=&#8221;#e8e8e8&#8243;][et_pb_row column_structure=&#8221;1_2,1_2&#8243; _builder_version=&#8221;3.27.4&#8243; max_width=&#8221;1280px&#8221; custom_margin=&#8221;|||auto|false|false&#8221; custom_padding=&#8221;||60px||false|false&#8221; _i=&#8221;0&#8243; _address=&#8221;10.0&#8243;][et_pb_column type=&#8221;1_2&#8243; _builder_version=&#8221;3.27.4&#8243; _i=&#8221;0&#8243; _address=&#8221;10.0.0&#8243;][et_pb_image src=&#8221;https:\/\/eimworld.wpengine.com\/fr\/wp-content\/uploads\/sites\/9\/2019\/10\/file-300&#215;132.jpg&#8221; align=&#8221;center&#8221; _builder_version=&#8221;3.27.4&#8243; width=&#8221;230px&#8221; max_width=&#8221;230px&#8221; _i=&#8221;0&#8243; _address=&#8221;10.0.0.0&#8243;][\/et_pb_image][et_pb_text _builder_version=&#8221;3.27.4&#8243; text_font=&#8221;||||||||&#8221; text_font_size=&#8221;16px&#8221; header_font=&#8221;||||||||&#8221; max_width=&#8221;90%&#8221; module_alignment=&#8221;center&#8221; custom_margin=&#8221;||10%||false|false&#8221; custom_padding=&#8221;|2%||2%|false|false&#8221; animation_style=&#8221;flip&#8221; animation_direction=&#8221;left&#8221; animation_intensity_flip=&#8221;30%&#8221; animation_starting_opacity=&#8221;100%&#8221; _i=&#8221;1&#8243; _address=&#8221;10.0.0.1&#8243;]\n<p style=\"text-align: justify\"><span>Leader de l\u2019audit et du conseil, KPMG France est membre de KPMG International, r\u00e9seau de cabinets ind\u00e9pendants exer\u00e7ant dans 152 pays. Nos 8 500 professionnels interviennent aupr\u00e8s des&nbsp;<\/span><span>grands groupes internationaux, des ETI et des groupes familiaux, des PME jusqu\u2019aux start-up, dans diff\u00e9rents secteurs de l\u2019industrie, du commerce et des services financiers.<\/span><\/p>\n[\/et_pb_text][\/et_pb_column][et_pb_column type=&#8221;1_2&#8243; _builder_version=&#8221;3.27.4&#8243; _i=&#8221;1&#8243; _address=&#8221;10.0.1&#8243;][et_pb_image src=&#8221;https:\/\/eimworld.wpengine.com\/fr\/wp-content\/uploads\/sites\/9\/2019\/10\/unnamed.png&#8221; align=&#8221;center&#8221; _builder_version=&#8221;3.27.4&#8243; width=&#8221;230px&#8221; max_width=&#8221;230px&#8221; module_alignment=&#8221;center&#8221; _i=&#8221;0&#8243; _address=&#8221;10.0.1.0&#8243;][\/et_pb_image][et_pb_text _builder_version=&#8221;3.27.4&#8243; text_font=&#8221;||||||||&#8221; text_font_size=&#8221;16px&#8221; header_font=&#8221;||||||||&#8221; max_width=&#8221;90%&#8221; module_alignment=&#8221;center&#8221; min_height=&#8221;250px&#8221; custom_margin=&#8221;-4px||10%||false|false&#8221; custom_padding=&#8221;|2%||2%|false|false&#8221; animation_style=&#8221;flip&#8221; animation_direction=&#8221;left&#8221; animation_intensity_flip=&#8221;30%&#8221; animation_starting_opacity=&#8221;100%&#8221; _i=&#8221;1&#8243; _address=&#8221;10.0.1.1&#8243;]\n<p style=\"text-align: justify\"><span>Fond\u00e9 en 1989 par Egon Zehnder, EIM a invent\u00e9 le concept de management de transition aux Pays-Bas, puis l\u2019a d\u00e9ploy\u00e9 en France, en Europe, et dans le monde. Avec un vivier qualifi\u00e9 de&nbsp;<\/span><span>managers hautement sp\u00e9cialis\u00e9s par secteur d\u2019activit\u00e9 et par typologie d\u2019intervention en France et \u00e0 l\u2019international, EIM aide les entreprises \u00e0 trouver en extr\u00eame urgence des cadres ou&nbsp;<\/span><span>dirigeants d\u2019exception.<\/span>\n<span>En pr\u00e8s de 30 ans, plus de 10 000 missions ont \u00e9t\u00e9 men\u00e9es dans des d\u00e9lais record, faisant d\u2019EIM le leader europ\u00e9en du management de transition, avec 21 bureaux implant\u00e9s dans 15 pays.<\/span><\/p>\n[\/et_pb_text][\/et_pb_column][\/et_pb_row][\/et_pb_section][et_pb_section fb_built=&#8221;1&#8243; _builder_version=&#8221;3.27.4&#8243; background_color=&#8221;#002C3E&#8221; min_height=&#8221;415px&#8221; custom_margin=&#8221;||||false|false&#8221; custom_padding=&#8221;0px||||false|false&#8221; top_divider_color=&#8221;#ffffff&#8221; top_divider_flip=&#8221;vertical&#8221; bottom_divider_color=&#8221;#ffffff&#8221; bottom_divider_flip=&#8221;horizontal&#8221; saved_tabs=&#8221;all&#8221; fb_built=&#8221;1&#8243; _i=&#8221;11&#8243; _address=&#8221;11&#8243;][et_pb_row _builder_version=&#8221;3.27.4&#8243; custom_padding=&#8221;64px|||||&#8221; _i=&#8221;0&#8243; _address=&#8221;11.0&#8243;][et_pb_column type=&#8221;4_4&#8243; _builder_version=&#8221;3.27.4&#8243; _i=&#8221;0&#8243; _address=&#8221;11.0.0&#8243;][et_pb_text admin_label=&#8221;Title&#8221; _builder_version=&#8221;3.27.4&#8243; text_font=&#8221;||||||||&#8221; text_text_color=&#8221;#ffffff&#8221; header_font=&#8221;Prata||||||||&#8221; header_2_font=&#8221;Montserrat|700|||||||&#8221; header_2_text_align=&#8221;center&#8221; header_2_font_size=&#8221;30px&#8221; custom_margin=&#8221;||5px|&#8221; custom_padding=&#8221;||0px|||&#8221; animation_style=&#8221;fade&#8221; animation_direction=&#8221;top&#8221; animation_duration=&#8221;1350ms&#8221; animation_starting_opacity=&#8221;100%&#8221; inline_fonts=&#8221;Prata,Montserrat&#8221; _i=&#8221;0&#8243; _address=&#8221;11.0.0.0&#8243;]\n<h3 style=\"text-align: center\"><span style=\"font-family: Montserrat;color: #ffffff\">\nPrenez contact avec nous<\/span><\/h3>\n[\/et_pb_text][\/et_pb_column][\/et_pb_row][et_pb_row column_structure=&#8221;1_5,3_5,1_5&#8243; _builder_version=&#8221;3.27.4&#8243; custom_padding=&#8221;0px|||||&#8221; _i=&#8221;1&#8243; _address=&#8221;11.1&#8243;][et_pb_column type=&#8221;1_5&#8243; _builder_version=&#8221;3.27.4&#8243; _i=&#8221;0&#8243; _address=&#8221;11.1.0&#8243;][\/et_pb_column][et_pb_column type=&#8221;3_5&#8243; _builder_version=&#8221;3.27.4&#8243; _i=&#8221;1&#8243; _address=&#8221;11.1.1&#8243;][et_pb_text _builder_version=&#8221;3.27.4&#8243; _i=&#8221;0&#8243; _address=&#8221;11.1.1.0&#8243;]\n<p style=\"text-align: center\"><span style=\"color: #ffffff\">Vous souhaitez en savoir plus et entrer en relation avec un conseiller EIM.<\/span><\/p>\n[\/et_pb_text][et_pb_button button_url=&#8221;@ET-DC@eyJkeW5hbWljIjp0cnVlLCJjb250ZW50IjoicG9zdF9saW5rX3VybF9wYWdlIiwic2V0dGluZ3MiOnsicG9zdF9pZCI6IjM0OCJ9fQ==@&#8221; button_text=&#8221;CONTACTEZ-NOUS&#8221; button_alignment=&#8221;center&#8221; _builder_version=&#8221;3.27.4&#8243; background_layout=&#8221;dark&#8221; hover_enabled=&#8221;0&#8243; _i=&#8221;1&#8243; _address=&#8221;11.1.1.1&#8243; _dynamic_attributes=&#8221;button_url&#8221;][\/et_pb_button][\/et_pb_column][et_pb_column type=&#8221;1_5&#8243; _builder_version=&#8221;3.27.4&#8243; _i=&#8221;2&#8243; _address=&#8221;11.1.2&#8243;][\/et_pb_column][\/et_pb_row][\/et_pb_section]\n\n\n\n","protected":false},"excerpt":{"rendered":"<p>Now that demand for your products or services has gone up, you might need more employees or a whole new infrastructure to satisfy it. The costs of delivering your products or dealing with customers might rise disproportionately \u2013 exceeding your growth in revenue. Learn how interim management helps you to grow in a more profitable way.\u00a0<\/p>\n","protected":false},"author":2,"featured_media":278,"parent":0,"menu_order":0,"comment_status":"closed","ping_status":"closed","template":"","meta":{"_et_pb_use_builder":"on","_et_pb_old_content":"[et_pb_section fb_built=\"1\" admin_label=\"Hero Section\" _builder_version=\"3.27.4\" use_background_color_gradient=\"on\" background_color_gradient_start=\"rgba(0,0,0,0.4)\" background_color_gradient_end=\"rgba(0,0,0,0.4)\" background_color_gradient_overlays_image=\"on\" background_image=\"https:\/\/eimworld.wpengine.com\/wp-content\/uploads\/2019\/10\/startup-1.jpeg\" height=\"520px\" custom_padding=\"6%||0%|||\" bottom_divider_style=\"slant\" bottom_divider_color=\"#ffffff\" bottom_divider_height=\"150px\" bottom_divider_flip=\"horizontal\" saved_tabs=\"all\" fb_built=\"1\" background_color_gradient_direction__hover=\"180deg\" background_color_gradient_direction__hover_enabled=\"180deg\" background_color_gradient_start_position__hover=\"0%\" background_color_gradient_start_position__hover_enabled=\"0%\" background_color_gradient_end_position__hover=\"100%\" background_color_gradient_end_position__hover_enabled=\"100%\" _i=\"0\" _address=\"0\"][et_pb_row admin_label=\"Page Title Area\" _builder_version=\"3.27.4\" width=\"100%\" max_width=\"2560px\" module_alignment=\"center\" custom_margin=\"-2%|auto|0px|auto|false|false\" custom_padding=\"0px|||||\" _i=\"0\" _address=\"0.0\"][et_pb_column type=\"4_4\" _builder_version=\"3.25\" custom_padding=\"|||\" _i=\"0\" _address=\"0.0.0\" custom_padding__hover=\"|||\"][et_pb_text admin_label=\"Hero Section Title\" _builder_version=\"3.27.4\" text_font=\"Montserrat|800|||||||\" text_font_size=\"18px\" text_line_height=\"1.3em\" text_text_shadow_style=\"preset1\" text_text_shadow_horizontal_length=\"0.38em\" header_font=\"Montserrat|700|||||||\" header_font_size=\"56px\" header_letter_spacing=\"3px\" header_line_height=\"1.1em\" header_2_font=\"Montserrat|700|||||||\" header_2_text_color=\"rgba(255,255,255,0.6)\" header_2_font_size=\"90px\" header_2_letter_spacing=\"3px\" header_2_line_height=\"1.1em\" text_orientation=\"center\" background_layout=\"dark\" max_width=\"700px\" module_alignment=\"center\" custom_margin=\"0px||0px||false|false\" animation_style=\"fade\" animation_direction=\"bottom\" animation_duration=\"1350ms\" header_font_size_phone=\"28px\" header_font_size_last_edited=\"on|phone\" header_2_font_size_phone=\"50px\" header_2_font_size_last_edited=\"on|phone\" inline_fonts=\"Prata,Montserrat\" _i=\"0\" _address=\"0.0.0.0\"]\n<h1><strong>Startups<\/strong><\/h1>\n[\/et_pb_text][\/et_pb_column][\/et_pb_row][\/et_pb_section][et_pb_section fb_built=\"1\" _builder_version=\"3.27.4\" min_height=\"0px\" custom_margin=\"||-4px||false|false\" custom_padding=\"0%||0%||true|false\" saved_tabs=\"all\" fb_built=\"1\" _i=\"1\" _address=\"1\"][et_pb_row disabled_on=\"off|off|off\" admin_label=\"Title Area\" _builder_version=\"3.27.4\" background_color=\"rgba(0,0,0,0)\" module_alignment=\"center\" custom_margin=\"||||false|false\" custom_padding=\"0px|0px|0px|0px|false|false\" _i=\"0\" _address=\"1.0\"][et_pb_column type=\"4_4\" _builder_version=\"3.25\" custom_padding=\"|||\" _i=\"0\" _address=\"1.0.0\" custom_padding__hover=\"|||\"][et_pb_text admin_label=\"Title\" _builder_version=\"3.27.4\" text_font=\"||||||||\" header_font=\"Prata||||||||\" header_2_font=\"Montserrat|700|||||||\" header_2_text_align=\"center\" header_2_font_size=\"32px\" width=\"80%\" max_width=\"80%\" module_alignment=\"center\" custom_margin=\"10%||||false|false\" custom_padding=\"||||false|false\" animation_style=\"fade\" animation_direction=\"top\" animation_duration=\"1350ms\" animation_starting_opacity=\"100%\" inline_fonts=\"Prata,Montserrat\" _i=\"0\" _address=\"1.0.0.0\"]\n<h2 style=\"text-align: center;\"><span color=\"#002c3e\" face=\"Montserrat\" style=\"color: #002c3e; font-family: Montserrat;\"><strong>Startups \u2013 Responsibilities of the 1% <\/strong>\n<\/span><\/h2>\n[\/et_pb_text][et_pb_text _builder_version=\"3.27.4\" text_font=\"||||||||\" text_font_size=\"16px\" header_font=\"||||||||\" text_orientation=\"justified\" width=\"90%\" module_alignment=\"center\" custom_margin=\"3%|2px|5%|0px|false|false\" custom_padding=\"|2%|0px|2%|false|false\" animation_style=\"flip\" animation_direction=\"left\" animation_intensity_flip=\"30%\" animation_starting_opacity=\"100%\" _i=\"1\" _address=\"1.0.0.1\"]\n\nYou belong to the 1% of founders whose startup is a huge success?\n\nCongratulations. That\u2019s an enormous achievement. There are probably two types of successful founders: The ones who couldn\u2019t be bothered reading this, and the ones who feel that:\n<ol>\n \t<li>&nbsp;<strong>with success comes responsibility<\/strong> (for your employees, investors, clients, etc.), and<\/li>\n \t<li>&nbsp;<strong>growing (too) fast creates<\/strong> a whole new situation with <strong>new challenges<\/strong>.<\/li>\n<\/ol>\nYes, growth is the ideal state of every business, but as Marshall Goldsmith put it, \u201cwhat got you here, won\u2019t get you there\u201d. Here are some of the issues created by growing (too) fast, and why interim management can also be a great solution for startups:\n\n[\/et_pb_text][\/et_pb_column][\/et_pb_row][\/et_pb_section][et_pb_section fb_built=\"1\" prev_background_color=\"#ffffff\" disabled_on=\"on|on|off\" admin_label=\"Quote Section\" _builder_version=\"3.27.4\" use_background_color_gradient=\"on\" background_color_gradient_start=\"rgba(0,0,0,0)\" background_color_gradient_end=\"#002c3e\" background_color_gradient_direction=\"105deg\" background_color_gradient_start_position=\"45%\" background_color_gradient_end_position=\"0%\" background_color_gradient_overlays_image=\"on\" background_image=\"https:\/\/eimworld.wpengine.com\/wp-content\/uploads\/2019\/10\/startup-2-1-4.jpg\" width=\"100%\" max_width=\"100%\" min_height=\"80%\" height=\"80%\" custom_margin=\"0px||-3px||false|false\" custom_padding=\"54px||0px||false|false\" top_divider_style=\"slant\" top_divider_height=\"87px\" top_divider_flip=\"horizontal\" bottom_divider_style=\"slant\" bottom_divider_color=\"#e8e8e8\" bottom_divider_height=\"102px\" saved_tabs=\"all\" fb_built=\"1\" _i=\"2\" _address=\"2\"][et_pb_row column_structure=\"2_5,3_5\" _builder_version=\"3.27.4\" width=\"100%\" max_width=\"1920px\" min_height=\"576px\" custom_margin=\"||||false|false\" custom_padding=\"50px||||false|false\" _i=\"0\" _address=\"2.0\"][et_pb_column type=\"2_5\" _builder_version=\"3.27.4\" _i=\"0\" _address=\"2.0.0\"][et_pb_text _builder_version=\"3.27.4\" text_font=\"|700|||||||\" text_text_color=\"#ffffff\" text_font_size=\"43px\" text_line_height=\"1em\" text_text_shadow_style=\"preset1\" custom_margin=\"47.7%|||51px|false|false\" custom_padding=\"|0px||||\" _i=\"0\" _address=\"2.0.0.0\"]\n<p style=\"text-align: center;\"><em>\"What got you here,\nwon't get you there\"<\/em><\/p>\n[\/et_pb_text][\/et_pb_column][et_pb_column type=\"3_5\" _builder_version=\"3.27.4\" custom_padding=\"|1%||1%|false|false\" _i=\"1\" _address=\"2.0.1\"][et_pb_text _builder_version=\"3.27.4\" text_font=\"|700|||||||\" text_text_color=\"#ffffff\" text_font_size=\"30px\" text_line_height=\"1em\" width=\"70%\" module_alignment=\"center\" custom_margin=\"0.1%|||83px|false|false\" custom_padding=\"|0px||||\" _i=\"0\" _address=\"2.0.1.0\"]\n<p style=\"text-align: center;\">Inefficiency due to lack of&nbsp;business process management:<\/p>\n[\/et_pb_text][et_pb_text _builder_version=\"3.27.4\" text_font=\"||||||||\" text_text_color=\"#ffffff\" text_font_size=\"16px\" header_font=\"||||||||\" text_orientation=\"justified\" width=\"80%\" module_alignment=\"center\" custom_margin=\"3%|2px|10%|30px|false|false\" custom_padding=\"|2%|0px|2%|false|false\" animation_style=\"flip\" animation_direction=\"left\" animation_intensity_flip=\"30%\" animation_starting_opacity=\"100%\" _i=\"1\" _address=\"2.0.1.1\"]\n\nIn the <strong>beginning<\/strong>, you relied on a few allrounders, and your motto might have been something like \u201c<em><strong>just do<\/strong><\/em>\u201d, or \u201c<em>do, fail, learn, repeat<\/em>\u201d.\n\nIf you\u2019re lucky, the learnings have been documented somewhere in the cloud. Now, this might become <strong>the biggest obstacle<\/strong> in the way of achieving the necessary efficiency, which requires sharing tasks amongst specialists.\n\nTo make this possible, you\u2019ll first need to document as well as <strong>standardise processes<\/strong>, and ensure that information is <strong>shared amongst the team<\/strong> \u2013 in an organised way. Only then will you be able to formulate roles and manifest them by training your employees accordingly.\n\nHowever, can you really afford to work on the business, while you don\u2019t even have enough people to work in the business? An <strong>interim manager<\/strong> who <strong>has done this before<\/strong> and knows how processes are managed in bigger businesses might be <a href=\"https:\/\/eimworld.wpengine.com\/business-transformation\/\">the perfect solution<\/a> in this scenario.\n\n[\/et_pb_text][\/et_pb_column][\/et_pb_row][\/et_pb_section][et_pb_section fb_built=\"1\" prev_background_color=\"#ffffff\" disabled_on=\"off|off|on\" admin_label=\"Quote Section\" _builder_version=\"3.27.4\" use_background_color_gradient=\"on\" background_color_gradient_start=\"#002c3e\" background_color_gradient_end=\"#002c3e\" background_color_gradient_direction=\"105deg\" background_color_gradient_start_position=\"55%\" background_color_gradient_end_position=\"0%\" background_color_gradient_overlays_image=\"on\" background_enable_image=\"off\" background_position=\"bottom_center\" custom_margin=\"0px||0px||false|false\" custom_padding=\"7px||89px|||\" top_divider_style=\"slant\" top_divider_flip=\"vertical\" bottom_divider_style=\"none\" bottom_divider_color=\"#e8e8e8\" saved_tabs=\"all\" fb_built=\"1\" _i=\"3\" _address=\"3\" background_color_gradient_end_preview=\"#002c3e\"][et_pb_row admin_label=\"Title Area\" _builder_version=\"3.27.4\" background_color=\"rgba(0,0,0,0)\" module_alignment=\"center\" custom_margin=\"||||false|false\" custom_padding=\"109px||27px||false|false\" _i=\"0\" _address=\"3.0\"][et_pb_column type=\"4_4\" _builder_version=\"3.25\" custom_padding=\"|||\" _i=\"0\" _address=\"3.0.0\" custom_padding__hover=\"|||\"][et_pb_text _builder_version=\"3.27.4\" text_font=\"|700|||||||\" text_text_color=\"#ffffff\" text_font_size=\"30px\" text_line_height=\"1em\" width=\"70%\" module_alignment=\"center\" custom_margin=\"0.1%|||83px|false|false\" custom_padding=\"|0px||||\" _i=\"0\" _address=\"3.0.0.0\"]\n<p style=\"text-align: center;\">Inefficiency due to lack of&nbsp;business process management:<\/p>\n[\/et_pb_text][\/et_pb_column][\/et_pb_row][et_pb_row _builder_version=\"3.27.4\" _i=\"1\" _address=\"3.1\"][et_pb_column type=\"4_4\" _builder_version=\"3.27.4\" _i=\"0\" _address=\"3.1.0\"][et_pb_text _builder_version=\"3.27.4\" text_font=\"||||||||\" text_text_color=\"#ffffff\" text_font_size=\"16px\" header_font=\"||||||||\" text_orientation=\"justified\" width=\"80%\" module_alignment=\"center\" custom_margin=\"3%|2px|5%|30px|false|false\" custom_padding=\"|2%|0px|2%|false|false\" animation_style=\"flip\" animation_direction=\"left\" animation_intensity_flip=\"30%\" animation_starting_opacity=\"100%\" _i=\"0\" _address=\"3.1.0.0\"]In the <strong>beginning<\/strong>, you relied on a few allrounders, and your motto might have been something like \u201c<em><strong>just do<\/strong><\/em>\u201d, or \u201c<em>do, fail, learn, repeat<\/em>\u201d.\n\nIf you\u2019re lucky, the learnings have been documented somewhere in the cloud. Now, this might become <strong>the biggest obstacle<\/strong> in the way of achieving the necessary efficiency, which requires sharing tasks amongst specialists.\n\nTo make this possible, you\u2019ll first need to document as well as <strong>standardise processes<\/strong>, and ensure that information is <strong>shared amongst the team<\/strong> \u2013 in an organised way. Only then will you be able to formulate roles and manifest them by training your employees accordingly.\n\nHowever, can you really afford to work on the business, while you don\u2019t even have enough people to work in the business? An <strong>interim manager<\/strong> who <strong>has done this before<\/strong> and knows how processes are managed in bigger businesses might be <a href=\"https:\/\/eimworld.wpengine.com\/business-transformation\/\">the perfect solution<\/a> in this scenario.[\/et_pb_text][\/et_pb_column][\/et_pb_row][\/et_pb_section][et_pb_section fb_built=\"1\" disabled_on=\"off|off|on\" admin_label=\"Quote Section\" _builder_version=\"3.27.4\" use_background_color_gradient=\"on\" background_color_gradient_start=\"rgba(0,0,0,0)\" background_color_gradient_end=\"rgba(0,0,0,0)\" background_color_gradient_direction=\"105deg\" background_color_gradient_start_position=\"55%\" background_color_gradient_end_position=\"0%\" background_color_gradient_overlays_image=\"on\" background_image=\"https:\/\/eimworld.wpengine.com\/wp-content\/uploads\/2019\/10\/startup-2-1-1.jpg\" custom_margin=\"0px||0px||false|false\" custom_padding=\"7px||335px|||\" top_divider_style=\"slant\" top_divider_color=\"#002c3e\" bottom_divider_style=\"slant\" bottom_divider_color=\"#e8e8e8\" saved_tabs=\"all\" fb_built=\"1\" _i=\"4\" _address=\"4\" background_color_gradient_end_preview=\"#002c3e\"][\/et_pb_section][et_pb_section fb_built=\"1\" admin_label=\"Quote Section\" _builder_version=\"3.27.4\" use_background_color_gradient=\"on\" background_color_gradient_start=\"#E8E8E8\" background_color_gradient_end=\"#e8e8e8\" background_color_gradient_direction=\"105deg\" background_color_gradient_start_position=\"55%\" background_color_gradient_end_position=\"0%\" background_color_gradient_overlays_image=\"on\" background_enable_image=\"off\" background_position=\"bottom_center\" custom_margin=\"0px||-3px||false|false\" custom_padding=\"0px||89px||false|false\" bottom_divider_color=\"#ffffff\" saved_tabs=\"all\" fb_built=\"1\" _i=\"5\" _address=\"5\" background_color_gradient_end_preview=\"#e8e8e8\"][et_pb_row admin_label=\"Title Area\" _builder_version=\"3.27.4\" background_color=\"rgba(0,0,0,0)\" width=\"100%\" module_alignment=\"center\" custom_margin=\"0px|auto||auto|false|false\" custom_padding=\"||27px||false|false\" _i=\"0\" _address=\"5.0\"][et_pb_column type=\"4_4\" _builder_version=\"3.25\" custom_padding=\"|||\" _i=\"0\" _address=\"5.0.0\" custom_padding__hover=\"|||\"][et_pb_text admin_label=\"Title\" _builder_version=\"3.27.4\" text_font=\"||||||||\" header_font=\"Prata||||||||\" header_2_font=\"Montserrat|700|||||||\" header_2_text_align=\"center\" header_2_font_size=\"32px\" text_orientation=\"center\" width=\"70%\" module_alignment=\"center\" custom_margin=\"2.4%|-7px|1px|-181px|false|false\" custom_padding=\"|0px||0px|false|false\" animation_style=\"fade\" animation_direction=\"top\" animation_duration=\"1350ms\" animation_starting_opacity=\"100%\" inline_fonts=\"Prata,Montserrat\" _i=\"0\" _address=\"5.0.0.0\"]\n<h2 style=\"text-align: center;\"><span color=\"#002c3e\" face=\"Montserrat\" style=\"color: #002c3e; font-family: Montserrat;\"><strong>Hiring the wrong people too quickly while losing talent<\/strong>\n<\/span><\/h2>\n[\/et_pb_text][\/et_pb_column][\/et_pb_row][et_pb_row column_structure=\"1_2,1_2\" _builder_version=\"3.27.4\" _i=\"1\" _address=\"5.1\"][et_pb_column type=\"1_2\" _builder_version=\"3.27.4\" _i=\"0\" _address=\"5.1.0\"][et_pb_text _builder_version=\"3.27.4\" text_font=\"||||||||\" text_font_size=\"16px\" header_font=\"||||||||\" max_width=\"90%\" module_alignment=\"center\" custom_margin=\"3%|0px|5%|0px|false|false\" custom_padding=\"|2%|0px|2%|false|false\" animation_style=\"flip\" animation_direction=\"left\" animation_intensity_flip=\"30%\" animation_starting_opacity=\"100%\" _i=\"0\" _address=\"5.1.0.0\"]\n<p style=\"text-align: justify;\">Obviously, you need to hire.<\/p>\n<p style=\"text-align: justify;\">For startups, <strong>filling management positions is usually the most difficult<\/strong>, as typically people are more likely to join a startup in the beginning of their career, when gaining experience is more important than salary or job security.<\/p>\n<p style=\"text-align: justify;\">Hence, promoting from within is often not the best option. Similarly, in this critical phase, y<strong>ou cannot afford to invest a lot of time in training new employees<\/strong>. They should already fit into the existing team and meet the role qualifications.<\/p>\n<p style=\"text-align: justify;\">Furthermore, <strong>you might lose some of your first employees<\/strong>, as they joined a completely different company back in the days, and might not want to follow the new direction.<\/p>\n[\/et_pb_text][\/et_pb_column][et_pb_column type=\"1_2\" _builder_version=\"3.27.4\" _i=\"1\" _address=\"5.1.1\"][et_pb_text _builder_version=\"3.27.4\" text_font=\"||||||||\" text_font_size=\"16px\" header_font=\"||||||||\" text_orientation=\"justified\" max_width=\"90%\" module_alignment=\"center\" custom_margin=\"3%|0px|5%|0px|false|false\" custom_padding=\"|2%|0px|2%|false|false\" animation_style=\"flip\" animation_direction=\"left\" animation_intensity_flip=\"30%\" animation_starting_opacity=\"100%\" _i=\"0\" _address=\"5.1.1.0\"]\n\nUntil you find the right permanent employees for those tasks, <strong>hire an interim manager<\/strong> who\u2019ll be on board and ready to start working <a href=\"https:\/\/eimworld.wpengine.com\/fast-executive-seach\/\">within days instead of months<\/a>.\n\nIn comparison to outsourcing the tasks, this offers the benefit of getting to know a potential future employee \u2013 or at least learn who you are looking for. Only employ those who <strong>prove successful<\/strong> and <strong>fit your culture<\/strong>. When your business is changing so quickly, you can never be sure whether happy employees today will still align with your goals, tomorrow.\n\nInterim managers are free from your past. They <strong>always draw their motivation from the current project and challenge<\/strong>. As interim managers are usually not interested in equity, this also helps to avoid conflicts around this topic \u2013 another typical pitfall for growing startups.\n\n[\/et_pb_text][\/et_pb_column][\/et_pb_row][\/et_pb_section][et_pb_section fb_built=\"1\" disabled_on=\"off|off|on\" admin_label=\"Quote Section\" _builder_version=\"3.27.4\" background_color=\"#ffffff\" use_background_color_gradient=\"on\" background_color_gradient_start=\"#ffffff\" background_color_gradient_end=\"#ffffff\" background_color_gradient_direction=\"105deg\" background_color_gradient_start_position=\"55%\" background_color_gradient_end_position=\"0%\" background_color_gradient_overlays_image=\"on\" background_enable_image=\"off\" custom_margin=\"0px||||false|false\" custom_padding=\"||0px|||\" top_divider_style=\"slant\" top_divider_color=\"#e8e8e8\" top_divider_flip=\"horizontal\" bottom_divider_style=\"slant\" bottom_divider_color=\"#002c3e\" bottom_divider_flip=\"horizontal\" saved_tabs=\"all\" fb_built=\"1\" _i=\"6\" _address=\"6\" background_color_gradient_end_preview=\"#e8e8e8\"][et_pb_row _builder_version=\"3.27.4\" width=\"90%\" custom_margin=\"|0px||auto|false|false\" custom_padding=\"80px|56px|73px|0px|false|false\" _i=\"0\" _address=\"6.0\"][et_pb_column type=\"4_4\" _builder_version=\"3.27.4\" _i=\"0\" _address=\"6.0.0\"][et_pb_text admin_label=\"Title\" _builder_version=\"3.27.4\" text_font=\"||||||||\" header_font=\"Prata||||||||\" header_2_font=\"Montserrat|700|||||||\" header_2_text_align=\"center\" header_2_font_size=\"32px\" text_orientation=\"center\" width=\"70%\" module_alignment=\"center\" custom_margin=\"2.4%|-7px|1px|-181px|false|false\" custom_padding=\"|0px||0px|false|false\" animation_style=\"fade\" animation_direction=\"top\" animation_duration=\"1350ms\" animation_starting_opacity=\"100%\" inline_fonts=\"Prata,Montserrat\" _i=\"0\" _address=\"6.0.0.0\"]\n<h2 style=\"text-align: center;\"><span color=\"#002c3e\" face=\"Montserrat\" style=\"color: #002c3e; font-family: Montserrat;\"><strong>Running out of cash<\/strong>\n<\/span><\/h2>\n[\/et_pb_text][et_pb_text _builder_version=\"3.27.4\" text_font=\"||||||||\" text_font_size=\"16px\" header_font=\"||||||||\" max_width=\"90%\" module_alignment=\"center\" custom_margin=\"3%|-22px|5.6%|0px|false|false\" custom_padding=\"|2%|0px|2%|false|false\" animation_style=\"flip\" animation_direction=\"left\" animation_intensity_flip=\"30%\" animation_starting_opacity=\"100%\" _i=\"1\" _address=\"6.0.0.1\"]\n<p style=\"text-align: justify;\">More customers are buying your products. <strong>Why should you be worrying about money<\/strong> then?<\/p>\n<p style=\"text-align: justify;\">When you started out, you probably optimised your production, services, customer support and infrastructure for <strong>serving only a few customers to their highest satisfaction<\/strong> at an affordable price.<\/p>\n<p style=\"text-align: justify;\">Rightly, you didn\u2019t focus on profit, but on gaining market share by making your clients come back and eventually recommend you to their friends.<\/p>\n<p style=\"text-align: justify;\">Now that demand for your products or services has gone up, you might need <strong>more employees or a whole new infrastructure<\/strong> to satisfy it. The <strong>costs<\/strong> of delivering your products or dealing with customers might rise disproportionately \u2013 <strong>exceeding your growth in revenue<\/strong>. Learn how interim management helps you to grow in a more <a href=\"https:\/\/eimworld.wpengine.com\/profitable-growth\/\">profitable way<\/a>.&nbsp;<\/p>\n[\/et_pb_text][\/et_pb_column][\/et_pb_row][\/et_pb_section][et_pb_section fb_built=\"1\" next_background_color=\"#002C3E\" disabled_on=\"on|on|off\" admin_label=\"Quote Section\" _builder_version=\"3.27.4\" background_color=\"#ffffff\" use_background_color_gradient=\"on\" background_color_gradient_start=\"#ffffff\" background_color_gradient_end=\"rgba(0,0,0,0)\" background_color_gradient_direction=\"105deg\" background_color_gradient_start_position=\"55%\" background_color_gradient_end_position=\"0%\" background_color_gradient_overlays_image=\"on\" background_image=\"https:\/\/eimworld.wpengine.com\/wp-content\/uploads\/2019\/10\/startup-2-1-2.jpg\" custom_margin=\"0px||||false|false\" custom_padding=\"||0px|||\" top_divider_style=\"slant\" top_divider_color=\"#e8e8e8\" top_divider_flip=\"horizontal\" bottom_divider_style=\"slant\" bottom_divider_flip=\"horizontal\" saved_tabs=\"all\" fb_built=\"1\" _i=\"7\" _address=\"7\" background_color_gradient_end_preview=\"#e8e8e8\"][et_pb_row column_structure=\"3_5,2_5\" _builder_version=\"3.27.4\" max_width=\"1280px\" custom_margin=\"|423px||auto||\" custom_padding=\"100px||60px|125px||\" _i=\"0\" _address=\"7.0\"][et_pb_column type=\"3_5\" _builder_version=\"3.27.4\" _i=\"0\" _address=\"7.0.0\"][et_pb_text admin_label=\"Title\" _builder_version=\"3.27.4\" text_font=\"||||||||\" header_font=\"Prata||||||||\" header_2_font=\"Montserrat|700|||||||\" header_2_text_align=\"center\" header_2_font_size=\"32px\" text_orientation=\"center\" width=\"70%\" module_alignment=\"center\" custom_margin=\"2.4%|-7px|1px|-181px|false|false\" custom_padding=\"|0px||0px|false|false\" animation_style=\"fade\" animation_direction=\"top\" animation_duration=\"1350ms\" animation_starting_opacity=\"100%\" inline_fonts=\"Prata,Montserrat\" _i=\"0\" _address=\"7.0.0.0\"]\n<h2 style=\"text-align: center;\"><span color=\"#002c3e\" face=\"Montserrat\" style=\"color: #002c3e; font-family: Montserrat;\"><strong>Running out of cash<\/strong>\n<\/span><\/h2>\n[\/et_pb_text][et_pb_text _builder_version=\"3.27.4\" text_font=\"||||||||\" text_font_size=\"16px\" header_font=\"||||||||\" max_width=\"90%\" module_alignment=\"center\" custom_margin=\"3%|0px|5.6%|36px|false|false\" custom_padding=\"|2%|0px|2%|false|false\" animation_style=\"flip\" animation_direction=\"left\" animation_intensity_flip=\"30%\" animation_starting_opacity=\"100%\" _i=\"1\" _address=\"7.0.0.1\"]\n<p style=\"text-align: justify;\">More customers are buying your products. <strong>Why should you be worrying about money<\/strong> then?<\/p>\n<p style=\"text-align: justify;\">When you started out, you probably optimised your production, services, customer support and infrastructure for <strong>serving only a few customers to their highest satisfaction<\/strong> at an affordable price.<\/p>\n<p style=\"text-align: justify;\">Rightly, you didn\u2019t focus on profit, but on gaining market share by making your clients come back and eventually recommend you to their friends.<\/p>\n<p style=\"text-align: justify;\">Now that demand for your products or services has gone up, you might need <strong>more employees or a whole new infrastructure<\/strong> to satisfy it. The <strong>costs<\/strong> of delivering your products or dealing with customers might rise disproportionately \u2013 <strong>exceeding your growth in revenue<\/strong>. Learn how interim management helps you to grow in a more <a href=\"https:\/\/eimworld.wpengine.com\/profitable-growth\/\">profitable way<\/a>.&nbsp;<\/p>\n[\/et_pb_text][\/et_pb_column][et_pb_column type=\"2_5\" _builder_version=\"3.27.4\" _i=\"1\" _address=\"7.0.1\"][\/et_pb_column][\/et_pb_row][\/et_pb_section][et_pb_section fb_built=\"1\" _builder_version=\"3.27.4\" background_color=\"#002C3E\" min_height=\"415px\" custom_margin=\"||||false|false\" custom_padding=\"0px||||false|false\" top_divider_color=\"#ffffff\" top_divider_flip=\"vertical\" bottom_divider_color=\"#ffffff\" bottom_divider_flip=\"horizontal\" saved_tabs=\"all\" fb_built=\"1\" _i=\"8\" _address=\"8\"][et_pb_row _builder_version=\"3.27.4\" custom_padding=\"64px|||||\" _i=\"0\" _address=\"8.0\"][et_pb_column type=\"4_4\" _builder_version=\"3.27.4\" _i=\"0\" _address=\"8.0.0\"][et_pb_text admin_label=\"Title\" _builder_version=\"3.27.4\" text_font=\"||||||||\" text_text_color=\"#ffffff\" header_font=\"Prata||||||||\" header_2_font=\"Montserrat|700|||||||\" header_2_text_align=\"center\" header_2_font_size=\"30px\" custom_margin=\"||5px|\" custom_padding=\"||0px|||\" animation_style=\"fade\" animation_direction=\"top\" animation_duration=\"1350ms\" animation_starting_opacity=\"100%\" inline_fonts=\"Prata,Montserrat\" _i=\"0\" _address=\"8.0.0.0\"]\n<h3 style=\"text-align: center;\"><span style=\"font-family: Montserrat; color: #ffffff;\">Get in touch with us<\/span><\/h3>\n[\/et_pb_text][\/et_pb_column][\/et_pb_row][et_pb_row column_structure=\"1_5,3_5,1_5\" _builder_version=\"3.27.4\" custom_padding=\"0px|||||\" _i=\"1\" _address=\"8.1\"][et_pb_column type=\"1_5\" _builder_version=\"3.27.4\" _i=\"0\" _address=\"8.1.0\"][\/et_pb_column][et_pb_column type=\"3_5\" _builder_version=\"3.27.4\" _i=\"1\" _address=\"8.1.1\"][et_pb_text _builder_version=\"3.27.4\" _i=\"0\" _address=\"8.1.1.0\"]\n<p style=\"text-align: center;\"><span style=\"color: #ffffff;\">Together we can find the solution you are looking for.<\/span><\/p>\n[\/et_pb_text][et_pb_button button_url=\"\/contacts\" button_text=\"CONTACT US\" button_alignment=\"center\" _builder_version=\"3.27.4\" background_layout=\"dark\" hover_enabled=\"0\" _i=\"1\" _address=\"8.1.1.1\"][\/et_pb_button][\/et_pb_column][et_pb_column type=\"1_5\" _builder_version=\"3.27.4\" _i=\"2\" _address=\"8.1.2\"][\/et_pb_column][\/et_pb_row][\/et_pb_section]","_et_gb_content_width":"","footnotes":""},"class_list":["post-258","page","type-page","status-publish","has-post-thumbnail","hentry"],"yoast_head":"<!-- This site is optimized with the Yoast SEO Premium plugin v27.5 (Yoast SEO v27.5) - https:\/\/yoast.com\/product\/yoast-seo-premium-wordpress\/ -->\n<title>3\u00e8me \u00e9dition du \u00ab Prix des 100 jours \u00bb | Management de transition | EIM France - EIM France<\/title>\n<meta name=\"description\" content=\"3\u00e8me \u00e9dition du \u00ab Prix des 100 jours \u00bb - Cr\u00e9ateur du m\u00e9tier du management de transition en Europe, le cabinet EIM vous accompagne dans vos plans de transformation avec une communaut\u00e9 de plus de 30 000 dirigeants. Contactez-nous.\" \/>\n<meta name=\"robots\" content=\"index, follow, max-snippet:-1, max-image-preview:large, max-video-preview:-1\" \/>\n<link rel=\"canonical\" href=\"https:\/\/www.eim.com\/fr\/3eme-edition-du-prix-des-100-jours\/\" \/>\n<meta property=\"og:locale\" content=\"fr_FR\" \/>\n<meta property=\"og:type\" content=\"article\" \/>\n<meta property=\"og:title\" content=\"3\u00e8me \u00e9dition du \u00ab Prix des 100 jours \u00bb | Management de transition | EIM France\" \/>\n<meta property=\"og:description\" content=\"3\u00e8me \u00e9dition du \u00ab Prix des 100 jours \u00bb - Cr\u00e9ateur du m\u00e9tier du management de transition en Europe, le cabinet EIM vous accompagne dans vos plans de transformation avec une communaut\u00e9 de plus de 30 000 dirigeants. Contactez-nous.\" \/>\n<meta property=\"og:url\" content=\"https:\/\/www.eim.com\/fr\/3eme-edition-du-prix-des-100-jours\/\" \/>\n<meta property=\"og:site_name\" content=\"EIM France\" \/>\n<meta property=\"article:modified_time\" content=\"2021-10-18T15:45:33+00:00\" \/>\n<meta property=\"og:image\" content=\"https:\/\/www.eim.com\/fr\/wp-content\/uploads\/sites\/9\/2019\/10\/Grand-Groupe-SR20181008-290.jpg\" \/>\n\t<meta property=\"og:image:width\" content=\"1000\" \/>\n\t<meta property=\"og:image:height\" content=\"668\" \/>\n\t<meta property=\"og:image:type\" content=\"image\/jpeg\" \/>\n<meta name=\"twitter:card\" content=\"summary_large_image\" \/>\n<meta name=\"twitter:label1\" content=\"Dur\u00e9e de lecture estim\u00e9e\" \/>\n\t<meta name=\"twitter:data1\" content=\"9 minutes\" \/>\n<script type=\"application\/ld+json\" class=\"yoast-schema-graph\">{\"@context\":\"https:\\\/\\\/schema.org\",\"@graph\":[{\"@type\":\"WebPage\",\"@id\":\"https:\\\/\\\/www.eim.com\\\/fr\\\/3eme-edition-du-prix-des-100-jours\\\/\",\"url\":\"https:\\\/\\\/www.eim.com\\\/fr\\\/3eme-edition-du-prix-des-100-jours\\\/\",\"name\":\"3\u00e8me \u00e9dition du \u00ab Prix des 100 jours \u00bb | Management de transition | EIM France - EIM France\",\"isPartOf\":{\"@id\":\"https:\\\/\\\/www.eim.com\\\/fr\\\/#website\"},\"primaryImageOfPage\":{\"@id\":\"https:\\\/\\\/www.eim.com\\\/fr\\\/3eme-edition-du-prix-des-100-jours\\\/#primaryimage\"},\"image\":{\"@id\":\"https:\\\/\\\/www.eim.com\\\/fr\\\/3eme-edition-du-prix-des-100-jours\\\/#primaryimage\"},\"thumbnailUrl\":\"https:\\\/\\\/www.eim.com\\\/fr\\\/wp-content\\\/uploads\\\/sites\\\/9\\\/2019\\\/10\\\/Grand-Groupe-SR20181008-290.jpg\",\"datePublished\":\"2019-10-24T15:28:59+00:00\",\"dateModified\":\"2021-10-18T15:45:33+00:00\",\"description\":\"3\u00e8me \u00e9dition du \u00ab Prix des 100 jours \u00bb - Cr\u00e9ateur du m\u00e9tier du management de transition en Europe, le cabinet EIM vous accompagne dans vos plans de transformation avec une communaut\u00e9 de plus de 30 000 dirigeants. Contactez-nous.\",\"breadcrumb\":{\"@id\":\"https:\\\/\\\/www.eim.com\\\/fr\\\/3eme-edition-du-prix-des-100-jours\\\/#breadcrumb\"},\"inLanguage\":\"fr-FR\",\"potentialAction\":[{\"@type\":\"ReadAction\",\"target\":[\"https:\\\/\\\/www.eim.com\\\/fr\\\/3eme-edition-du-prix-des-100-jours\\\/\"]}]},{\"@type\":\"ImageObject\",\"inLanguage\":\"fr-FR\",\"@id\":\"https:\\\/\\\/www.eim.com\\\/fr\\\/3eme-edition-du-prix-des-100-jours\\\/#primaryimage\",\"url\":\"https:\\\/\\\/www.eim.com\\\/fr\\\/wp-content\\\/uploads\\\/sites\\\/9\\\/2019\\\/10\\\/Grand-Groupe-SR20181008-290.jpg\",\"contentUrl\":\"https:\\\/\\\/www.eim.com\\\/fr\\\/wp-content\\\/uploads\\\/sites\\\/9\\\/2019\\\/10\\\/Grand-Groupe-SR20181008-290.jpg\",\"width\":1000,\"height\":668,\"caption\":\"Prix des 100 jours 2017\"},{\"@type\":\"BreadcrumbList\",\"@id\":\"https:\\\/\\\/www.eim.com\\\/fr\\\/3eme-edition-du-prix-des-100-jours\\\/#breadcrumb\",\"itemListElement\":[{\"@type\":\"ListItem\",\"position\":1,\"name\":\"Home\",\"item\":\"https:\\\/\\\/www.eim.com\\\/fr\\\/\"},{\"@type\":\"ListItem\",\"position\":2,\"name\":\"3\u00e8me \u00e9dition du \u00ab Prix des 100 jours \u00bb | Management de transition | EIM France\"}]},{\"@type\":\"WebSite\",\"@id\":\"https:\\\/\\\/www.eim.com\\\/fr\\\/#website\",\"url\":\"https:\\\/\\\/www.eim.com\\\/fr\\\/\",\"name\":\"EIM France\",\"description\":\"Management de transition | EIM\",\"publisher\":{\"@id\":\"https:\\\/\\\/www.eim.com\\\/fr\\\/#organization\"},\"potentialAction\":[{\"@type\":\"SearchAction\",\"target\":{\"@type\":\"EntryPoint\",\"urlTemplate\":\"https:\\\/\\\/www.eim.com\\\/fr\\\/?s={search_term_string}\"},\"query-input\":{\"@type\":\"PropertyValueSpecification\",\"valueRequired\":true,\"valueName\":\"search_term_string\"}}],\"inLanguage\":\"fr-FR\"},{\"@type\":\"Organization\",\"@id\":\"https:\\\/\\\/www.eim.com\\\/fr\\\/#organization\",\"name\":\"EIM France\",\"url\":\"https:\\\/\\\/www.eim.com\\\/fr\\\/\",\"logo\":{\"@type\":\"ImageObject\",\"inLanguage\":\"fr-FR\",\"@id\":\"https:\\\/\\\/www.eim.com\\\/fr\\\/#\\\/schema\\\/logo\\\/image\\\/\",\"url\":\"https:\\\/\\\/www.eim.com\\\/fr\\\/wp-content\\\/uploads\\\/sites\\\/9\\\/2019\\\/10\\\/logo_EIM_2-e1588485874411.png\",\"contentUrl\":\"https:\\\/\\\/www.eim.com\\\/fr\\\/wp-content\\\/uploads\\\/sites\\\/9\\\/2019\\\/10\\\/logo_EIM_2-e1588485874411.png\",\"width\":300,\"height\":101,\"caption\":\"EIM France\"},\"image\":{\"@id\":\"https:\\\/\\\/www.eim.com\\\/fr\\\/#\\\/schema\\\/logo\\\/image\\\/\"}}]}<\/script>\n<!-- \/ Yoast SEO Premium plugin. -->","yoast_head_json":{"title":"3\u00e8me \u00e9dition du \u00ab Prix des 100 jours \u00bb | Management de transition | EIM France - EIM France","description":"3\u00e8me \u00e9dition du \u00ab Prix des 100 jours \u00bb - Cr\u00e9ateur du m\u00e9tier du management de transition en Europe, le cabinet EIM vous accompagne dans vos plans de transformation avec une communaut\u00e9 de plus de 30 000 dirigeants. Contactez-nous.","robots":{"index":"index","follow":"follow","max-snippet":"max-snippet:-1","max-image-preview":"max-image-preview:large","max-video-preview":"max-video-preview:-1"},"canonical":"https:\/\/www.eim.com\/fr\/3eme-edition-du-prix-des-100-jours\/","og_locale":"fr_FR","og_type":"article","og_title":"3\u00e8me \u00e9dition du \u00ab Prix des 100 jours \u00bb | Management de transition | EIM France","og_description":"3\u00e8me \u00e9dition du \u00ab Prix des 100 jours \u00bb - Cr\u00e9ateur du m\u00e9tier du management de transition en Europe, le cabinet EIM vous accompagne dans vos plans de transformation avec une communaut\u00e9 de plus de 30 000 dirigeants. Contactez-nous.","og_url":"https:\/\/www.eim.com\/fr\/3eme-edition-du-prix-des-100-jours\/","og_site_name":"EIM France","article_modified_time":"2021-10-18T15:45:33+00:00","og_image":[{"width":1000,"height":668,"url":"https:\/\/www.eim.com\/fr\/wp-content\/uploads\/sites\/9\/2019\/10\/Grand-Groupe-SR20181008-290.jpg","type":"image\/jpeg"}],"twitter_card":"summary_large_image","twitter_misc":{"Dur\u00e9e de lecture estim\u00e9e":"9 minutes"},"schema":{"@context":"https:\/\/schema.org","@graph":[{"@type":"WebPage","@id":"https:\/\/www.eim.com\/fr\/3eme-edition-du-prix-des-100-jours\/","url":"https:\/\/www.eim.com\/fr\/3eme-edition-du-prix-des-100-jours\/","name":"3\u00e8me \u00e9dition du \u00ab Prix des 100 jours \u00bb | Management de transition | EIM France - EIM France","isPartOf":{"@id":"https:\/\/www.eim.com\/fr\/#website"},"primaryImageOfPage":{"@id":"https:\/\/www.eim.com\/fr\/3eme-edition-du-prix-des-100-jours\/#primaryimage"},"image":{"@id":"https:\/\/www.eim.com\/fr\/3eme-edition-du-prix-des-100-jours\/#primaryimage"},"thumbnailUrl":"https:\/\/www.eim.com\/fr\/wp-content\/uploads\/sites\/9\/2019\/10\/Grand-Groupe-SR20181008-290.jpg","datePublished":"2019-10-24T15:28:59+00:00","dateModified":"2021-10-18T15:45:33+00:00","description":"3\u00e8me \u00e9dition du \u00ab Prix des 100 jours \u00bb - Cr\u00e9ateur du m\u00e9tier du management de transition en Europe, le cabinet EIM vous accompagne dans vos plans de transformation avec une communaut\u00e9 de plus de 30 000 dirigeants. Contactez-nous.","breadcrumb":{"@id":"https:\/\/www.eim.com\/fr\/3eme-edition-du-prix-des-100-jours\/#breadcrumb"},"inLanguage":"fr-FR","potentialAction":[{"@type":"ReadAction","target":["https:\/\/www.eim.com\/fr\/3eme-edition-du-prix-des-100-jours\/"]}]},{"@type":"ImageObject","inLanguage":"fr-FR","@id":"https:\/\/www.eim.com\/fr\/3eme-edition-du-prix-des-100-jours\/#primaryimage","url":"https:\/\/www.eim.com\/fr\/wp-content\/uploads\/sites\/9\/2019\/10\/Grand-Groupe-SR20181008-290.jpg","contentUrl":"https:\/\/www.eim.com\/fr\/wp-content\/uploads\/sites\/9\/2019\/10\/Grand-Groupe-SR20181008-290.jpg","width":1000,"height":668,"caption":"Prix des 100 jours 2017"},{"@type":"BreadcrumbList","@id":"https:\/\/www.eim.com\/fr\/3eme-edition-du-prix-des-100-jours\/#breadcrumb","itemListElement":[{"@type":"ListItem","position":1,"name":"Home","item":"https:\/\/www.eim.com\/fr\/"},{"@type":"ListItem","position":2,"name":"3\u00e8me \u00e9dition du \u00ab Prix des 100 jours \u00bb | Management de transition | EIM France"}]},{"@type":"WebSite","@id":"https:\/\/www.eim.com\/fr\/#website","url":"https:\/\/www.eim.com\/fr\/","name":"EIM France","description":"Management de transition | EIM","publisher":{"@id":"https:\/\/www.eim.com\/fr\/#organization"},"potentialAction":[{"@type":"SearchAction","target":{"@type":"EntryPoint","urlTemplate":"https:\/\/www.eim.com\/fr\/?s={search_term_string}"},"query-input":{"@type":"PropertyValueSpecification","valueRequired":true,"valueName":"search_term_string"}}],"inLanguage":"fr-FR"},{"@type":"Organization","@id":"https:\/\/www.eim.com\/fr\/#organization","name":"EIM France","url":"https:\/\/www.eim.com\/fr\/","logo":{"@type":"ImageObject","inLanguage":"fr-FR","@id":"https:\/\/www.eim.com\/fr\/#\/schema\/logo\/image\/","url":"https:\/\/www.eim.com\/fr\/wp-content\/uploads\/sites\/9\/2019\/10\/logo_EIM_2-e1588485874411.png","contentUrl":"https:\/\/www.eim.com\/fr\/wp-content\/uploads\/sites\/9\/2019\/10\/logo_EIM_2-e1588485874411.png","width":300,"height":101,"caption":"EIM France"},"image":{"@id":"https:\/\/www.eim.com\/fr\/#\/schema\/logo\/image\/"}}]}},"_links":{"self":[{"href":"https:\/\/www.eim.com\/fr\/wp-json\/wp\/v2\/pages\/258","targetHints":{"allow":["GET"]}}],"collection":[{"href":"https:\/\/www.eim.com\/fr\/wp-json\/wp\/v2\/pages"}],"about":[{"href":"https:\/\/www.eim.com\/fr\/wp-json\/wp\/v2\/types\/page"}],"author":[{"embeddable":true,"href":"https:\/\/www.eim.com\/fr\/wp-json\/wp\/v2\/users\/2"}],"replies":[{"embeddable":true,"href":"https:\/\/www.eim.com\/fr\/wp-json\/wp\/v2\/comments?post=258"}],"version-history":[{"count":0,"href":"https:\/\/www.eim.com\/fr\/wp-json\/wp\/v2\/pages\/258\/revisions"}],"wp:featuredmedia":[{"embeddable":true,"href":"https:\/\/www.eim.com\/fr\/wp-json\/wp\/v2\/media\/278"}],"wp:attachment":[{"href":"https:\/\/www.eim.com\/fr\/wp-json\/wp\/v2\/media?parent=258"}],"curies":[{"name":"wp","href":"https:\/\/api.w.org\/{rel}","templated":true}]}}