{"id":14339,"date":"2023-10-17T12:06:05","date_gmt":"2023-10-17T12:06:05","guid":{"rendered":"https:\/\/www.eim.com\/fr\/?page_id=14339"},"modified":"2023-11-20T11:28:26","modified_gmt":"2023-11-20T11:28:26","slug":"8eme-edition-du-prix-des-100-jours","status":"publish","type":"page","link":"https:\/\/www.eim.com\/fr\/8eme-edition-du-prix-des-100-jours\/","title":{"rendered":"8\u00e8me \u00e9dition du \u00ab Prix des 100 jours \u00bb"},"content":{"rendered":"<p>[et_pb_section fb_built=&#8221;1&#8243; admin_label=&#8221;Hero Section&#8221; _builder_version=&#8221;4.22.2&#8243; use_background_color_gradient=&#8221;on&#8221; background_color_gradient_stops=&#8221;rgba(0,0,0,0.4) 0%|rgba(0,0,0,0.4) 100%&#8221; background_color_gradient_overlays_image=&#8221;on&#8221; background_color_gradient_start=&#8221;rgba(0,0,0,0.4)&#8221; background_color_gradient_end=&#8221;rgba(0,0,0,0.4)&#8221; background_image=&#8221;https:\/\/www.eim.com\/fr\/wp-content\/uploads\/sites\/9\/2023\/10\/image00006-scaled.jpeg&#8221; background_position=&#8221;bottom_center&#8221; background_vertical_offset=&#8221;26%&#8221; height=&#8221;520px&#8221; custom_padding=&#8221;6%||0%|||&#8221; bottom_divider_style=&#8221;slant&#8221; bottom_divider_color=&#8221;#ffffff&#8221; bottom_divider_height=&#8221;150px&#8221; bottom_divider_flip=&#8221;horizontal&#8221; saved_tabs=&#8221;all&#8221; global_colors_info=&#8221;{}&#8221; background_color_gradient_direction__hover=&#8221;180deg&#8221; background_color_gradient_direction__hover_enabled=&#8221;180deg&#8221; background_color_gradient_start_position__hover=&#8221;0%&#8221; background_color_gradient_start_position__hover_enabled=&#8221;0%&#8221; background_color_gradient_end_position__hover=&#8221;100%&#8221; background_color_gradient_end_position__hover_enabled=&#8221;100%&#8221; background_color_gradient_stops__hover=&#8221;rgba(0,0,0,0.4) 0%|rgba(0,0,0,0.4) 100%&#8221;][et_pb_row admin_label=&#8221;Page Title Area&#8221; _builder_version=&#8221;4.16&#8243; width=&#8221;100%&#8221; max_width=&#8221;2560px&#8221; module_alignment=&#8221;center&#8221; custom_margin=&#8221;-2%|auto|0px|auto|false|false&#8221; custom_padding=&#8221;0px|||||&#8221; global_colors_info=&#8221;{}&#8221;][et_pb_column type=&#8221;4_4&#8243; _builder_version=&#8221;4.16&#8243; custom_padding=&#8221;|||&#8221; global_colors_info=&#8221;{}&#8221; custom_padding__hover=&#8221;|||&#8221;][et_pb_text admin_label=&#8221;Hero Section Title&#8221; _builder_version=&#8221;4.17.3&#8243; text_font=&#8221;Montserrat|800|||||||&#8221; text_font_size=&#8221;18px&#8221; text_line_height=&#8221;1.3em&#8221; header_font=&#8221;Montserrat|700|||||||&#8221; header_font_size=&#8221;56px&#8221; header_letter_spacing=&#8221;3px&#8221; header_line_height=&#8221;1.1em&#8221; header_2_font=&#8221;Montserrat|700|||||||&#8221; header_2_text_color=&#8221;rgba(255,255,255,0.6)&#8221; header_2_font_size=&#8221;90px&#8221; header_2_letter_spacing=&#8221;3px&#8221; header_2_line_height=&#8221;1.1em&#8221; text_orientation=&#8221;center&#8221; background_layout=&#8221;dark&#8221; max_width=&#8221;700px&#8221; module_alignment=&#8221;center&#8221; custom_margin=&#8221;0px||0px||false|false&#8221; animation_style=&#8221;fade&#8221; animation_direction=&#8221;bottom&#8221; animation_duration=&#8221;1350ms&#8221; header_font_size_tablet=&#8221;&#8221; header_font_size_phone=&#8221;28px&#8221; header_font_size_last_edited=&#8221;on|phone&#8221; header_2_font_size_tablet=&#8221;&#8221; header_2_font_size_phone=&#8221;50px&#8221; header_2_font_size_last_edited=&#8221;on|phone&#8221; text_text_shadow_style=&#8221;preset1&#8243; text_text_shadow_horizontal_length=&#8221;0.38em&#8221; inline_fonts=&#8221;Prata,Montserrat&#8221; global_colors_info=&#8221;{}&#8221;]<\/p>\n<h1><strong>8\u00e8me \u00e9dition du <\/strong><\/h1>\n<h1><strong>\u00ab Prix des 100 jours \u00bb<br \/><\/strong><\/h1>\n<p>[\/et_pb_text][\/et_pb_column][\/et_pb_row][\/et_pb_section][et_pb_section fb_built=&#8221;1&#8243; _builder_version=&#8221;4.16&#8243; min_height=&#8221;0px&#8221; custom_margin=&#8221;||-4px||false|false&#8221; custom_padding=&#8221;0%||0%||true|false&#8221; saved_tabs=&#8221;all&#8221; global_colors_info=&#8221;{}&#8221;][et_pb_row disabled_on=&#8221;off|off|off&#8221; admin_label=&#8221;Title Area&#8221; _builder_version=&#8221;4.16&#8243; background_color=&#8221;rgba(0,0,0,0)&#8221; module_alignment=&#8221;center&#8221; custom_margin=&#8221;||||false|false&#8221; custom_padding=&#8221;0px|0px|0px|0px|false|false&#8221; global_colors_info=&#8221;{}&#8221;][et_pb_column type=&#8221;4_4&#8243; _builder_version=&#8221;4.16&#8243; custom_padding=&#8221;|||&#8221; global_colors_info=&#8221;{}&#8221; custom_padding__hover=&#8221;|||&#8221;][et_pb_text _builder_version=&#8221;4.22.2&#8243; text_font=&#8221;||||||||&#8221; text_font_size=&#8221;16px&#8221; header_font=&#8221;||||||||&#8221; text_orientation=&#8221;justified&#8221; width=&#8221;90%&#8221; module_alignment=&#8221;center&#8221; custom_margin=&#8221;8%|2px|3%|0px|false|false&#8221; custom_padding=&#8221;|2%|0px|2%|false|false&#8221; animation_style=&#8221;flip&#8221; animation_direction=&#8221;left&#8221; animation_intensity_flip=&#8221;30%&#8221; animation_starting_opacity=&#8221;100%&#8221; global_colors_info=&#8221;{}&#8221;]<\/p>\n<h3 style=\"text-align: center;\"><strong>Laur\u00e9ats de la huiti\u00e8me \u00e9dition du Prix des 100 jours.<\/strong><\/h3>\n<p>&nbsp;<\/p>\n<p>[\/et_pb_text][et_pb_text _builder_version=&#8221;4.16&#8243; text_font=&#8221;||||||||&#8221; text_font_size=&#8221;16px&#8221; header_font=&#8221;||||||||&#8221; text_orientation=&#8221;justified&#8221; width=&#8221;90%&#8221; module_alignment=&#8221;center&#8221; custom_margin=&#8221;5%|2px|4.5%|0px|false|false&#8221; custom_padding=&#8221;|2%|0px|2%|false|false&#8221; animation_style=&#8221;flip&#8221; animation_direction=&#8221;left&#8221; animation_intensity_flip=&#8221;30%&#8221; animation_starting_opacity=&#8221;100%&#8221; global_colors_info=&#8221;{}&#8221;]<\/p>\n<p>Lanc\u00e9 en 2015, le Prix des 100 jours, pilot\u00e9 par EIM, leader europ\u00e9en du management de transition, et KPMG en France, leader de l\u2019Audit et du Conseil, salue chaque ann\u00e9e l\u2019action des dirigeants ayant particuli\u00e8rement perform\u00e9 lors des premiers mois ayant suivi leur prise de fonction ou dans la qualit\u00e9 d\u2019ex\u00e9cution et de mise en \u0153uvre de la strat\u00e9gie et de l\u2019engagement de leur entreprise.\u00a0La philosophie du Prix, depuis sa cr\u00e9ation, est de proposer, d\u2019une ann\u00e9e sur l\u2019autre, des r\u00e9compenses au plus pr\u00e8s des pr\u00e9occupations des dirigeants et de la conjoncture a\u0300 laquelle ils sont confront\u00e9s. Conjoncture qui, par d\u00e9finition, est amen\u00e9e a\u0300 \u00e9voluer en fonction des \u00e9v\u00e8nements soci\u00e9taux, \u00e9cologiques, \u00e9nerg\u00e9tiques, ainsi que des disruptions qui secouent les march\u00e9s et les territoires.<\/p>\n<p>Ainsi, le Prix des 100 jours s\u2019est attach\u00e9 cette ann\u00e9e \u00e0 valoriser la capacit\u00e9 des dirigeants \u00e0 faire preuve de r\u00e9silience en navigant dans une conjoncture \u00e9conomique d\u00e9grad\u00e9e, ainsi qu\u2019\u00e0 r\u00e9pondre \u00e0 des attentes de plus en plus fortes des parties prenantes sur les enjeux de d\u00e9veloppement durable et d\u2019ESG. Ce second aspect est notamment illustr\u00e9, depuis 2022, par la cr\u00e9ation du Prix de l\u2019engagement ESG qui rev\u00eat depuis une importance significative aux yeux des jur\u00e9s, au m\u00eame titre que les r\u00e9compenses historiques.<\/p>\n<p>[\/et_pb_text][et_pb_text _builder_version=&#8221;4.16&#8243; _module_preset=&#8221;default&#8221; global_colors_info=&#8221;{}&#8221;]<\/p>\n<h2 style=\"text-align: center;\"><a><span style=\"color: #002c3e; font-family: Montserrat;\"><span>Les Laur\u00e9ats :<\/span><\/span><\/a><\/h2>\n<p>[\/et_pb_text][\/et_pb_column][\/et_pb_row][et_pb_row column_structure=&#8221;1_3,1_3,1_3&#8243; disabled_on=&#8221;on|on|off&#8221; _builder_version=&#8221;4.22.2&#8243; _module_preset=&#8221;default&#8221; global_colors_info=&#8221;{}&#8221;][et_pb_column type=&#8221;1_3&#8243; _builder_version=&#8221;4.22.2&#8243; _module_preset=&#8221;default&#8221; global_colors_info=&#8221;{}&#8221;][et_pb_text _builder_version=&#8221;4.16&#8243; _module_preset=&#8221;default&#8221; link_option_url=&#8221;# Le Prix de la prise de fonction :&#8221; global_colors_info=&#8221;{}&#8221;]<\/p>\n<h2 style=\"text-align: center\"><a href=\"#Le Prix de la prise de fonction\"><span style=\"color: #002c3e;font-family: Montserrat\"><span>Le Prix de la prise de fonction :<\/span><\/span><\/a><\/h2>\n<p>[\/et_pb_text][\/et_pb_column][et_pb_column type=&#8221;1_3&#8243; _builder_version=&#8221;4.22.2&#8243; _module_preset=&#8221;default&#8221; global_colors_info=&#8221;{}&#8221;][et_pb_text _builder_version=&#8221;4.16&#8243; _module_preset=&#8221;default&#8221; link_option_url=&#8221;# Le Prix de la r\u00e9silience &#8221; global_colors_info=&#8221;{}&#8221;]<\/p>\n<h2 style=\"text-align: center;\"><a href=\"#Le%20Prix de la r\u00e9silience\" title=\"Le Prix de la r\u00e9silience\"><span style=\"color: #002c3e; font-family: Montserrat;\"><span>Le Prix de l&#8217;<\/span><\/span><\/a>engagement ESG<a href=\"#Le%20Prix de la r\u00e9silience\" title=\"Le Prix de la r\u00e9silience\" style=\"font-size: 23px;\"><span style=\"color: #002c3e; font-family: Montserrat;\">\u00a0:\u00a0<\/span><\/a><\/h2>\n<p>[\/et_pb_text][\/et_pb_column][et_pb_column type=&#8221;1_3&#8243; _builder_version=&#8221;4.22.2&#8243; _module_preset=&#8221;default&#8221; global_colors_info=&#8221;{}&#8221;][et_pb_text _builder_version=&#8221;4.16&#8243; _module_preset=&#8221;default&#8221; link_option_url=&#8221;#Le Prix du plan strat\u00e9gique :&#8221; global_colors_info=&#8221;{}&#8221;]<\/p>\n<h2 style=\"text-align: center\"><a href=\"\"><span style=\"color: #002c3e;font-family: Montserrat\"><span>Le Prix du plan strat\u00e9gique :\u00a0<\/span><\/span><\/a><\/h2>\n<p>[\/et_pb_text][\/et_pb_column][\/et_pb_row][et_pb_row column_structure=&#8221;1_3,1_3,1_3&#8243; disabled_on=&#8221;on|on|off&#8221; _builder_version=&#8221;4.22.2&#8243; _module_preset=&#8221;default&#8221; global_colors_info=&#8221;{}&#8221;][et_pb_column type=&#8221;1_3&#8243; _builder_version=&#8221;4.22.2&#8243; _module_preset=&#8221;default&#8221; global_colors_info=&#8221;{}&#8221;][et_pb_image src=&#8221;https:\/\/www.eim.com\/fr\/wp-content\/uploads\/sites\/9\/2023\/10\/Estelle-Brachlianoff-rond-1-1.jpg&#8221; alt=&#8221;C\u00e9cile B\u00e9liot- EIM Prix des 100 jours 2022&#8243; title_text=&#8221;Estelle Brachlianoff rond (1) (1)&#8221; align=&#8221;center&#8221; _builder_version=&#8221;4.22.2&#8243; _module_preset=&#8221;default&#8221; global_colors_info=&#8221;{}&#8221;][\/et_pb_image][et_pb_text _builder_version=&#8221;4.16&#8243; _module_preset=&#8221;default&#8221; global_colors_info=&#8221;{}&#8221;]<\/p>\n<div class=\"nom\" style=\"text-align: center;\"><strong>Estelle Brachlianoff<\/strong><\/div>\n<div class=\"nom\" style=\"text-align: center;\"><span>Directrice g\u00e9n\u00e9rale<\/span><\/div>\n<div class=\"nom\" style=\"text-align: center;\"><strong>Veolia<\/strong><\/div>\n<p style=\"text-align: center;\">\n<p>[\/et_pb_text][\/et_pb_column][et_pb_column type=&#8221;1_3&#8243; _builder_version=&#8221;4.22.2&#8243; _module_preset=&#8221;default&#8221; global_colors_info=&#8221;{}&#8221;][et_pb_image src=&#8221;https:\/\/www.eim.com\/fr\/wp-content\/uploads\/sites\/9\/2023\/10\/Sophie-Flak-Rond-1-2.jpg&#8221; alt=&#8221;Aur\u00e9lie Feld &#8211; EIM &#8211; Prix des 100 jours 2022&#8243; title_text=&#8221;Sophie Flak Rond (1)&#8221; url=&#8221;#Le%20Prix%20de%20la%20r\u00e9silience&#8221; align=&#8221;center&#8221; _builder_version=&#8221;4.22.2&#8243; _module_preset=&#8221;default&#8221; global_colors_info=&#8221;{}&#8221;][\/et_pb_image][et_pb_text _builder_version=&#8221;4.16&#8243; _module_preset=&#8221;default&#8221; global_colors_info=&#8221;{}&#8221;]<\/p>\n<div class=\"nom\" style=\"text-align: center;\"><strong>Sophie Flak <\/strong><\/div>\n<div class=\"nom\" style=\"text-align: center;\"><span style=\"font-size: 14px;\">Associ\u00e9e<\/span><\/div>\n<div class=\"nom\" style=\"text-align: center;\"><b style=\"font-size: 14px;\">Eurazeo<\/b><\/div>\n<p style=\"text-align: center;\">\n<p>[\/et_pb_text][\/et_pb_column][et_pb_column type=&#8221;1_3&#8243; _builder_version=&#8221;4.22.2&#8243; _module_preset=&#8221;default&#8221; global_colors_info=&#8221;{}&#8221;][et_pb_image src=&#8221;https:\/\/www.eim.com\/fr\/wp-content\/uploads\/sites\/9\/2023\/10\/Patrick-Koller-rond-1-2-1.png&#8221; alt=&#8221;Christopher Guerrin EIM prix des 100 jours&#8221; title_text=&#8221;Patrick Koller rond (1) (2) (1)&#8221; align=&#8221;center&#8221; _builder_version=&#8221;4.22.2&#8243; _module_preset=&#8221;default&#8221; global_colors_info=&#8221;{}&#8221;][\/et_pb_image][et_pb_text _builder_version=&#8221;4.16&#8243; _module_preset=&#8221;default&#8221; global_colors_info=&#8221;{}&#8221;]<\/p>\n<div class=\"nom\" style=\"text-align: center;\"><strong>Patrick Koller<\/strong><br \/>Directeur g\u00e9n\u00e9ral\u00a0<\/div>\n<div class=\"nom\" style=\"text-align: center;\"><strong>Forvia<\/strong><\/div>\n<p style=\"text-align: center;\">\n<p>[\/et_pb_text][\/et_pb_column][\/et_pb_row][et_pb_row column_structure=&#8221;1_3,1_3,1_3&#8243; disabled_on=&#8221;on|on|off&#8221; _builder_version=&#8221;4.22.2&#8243; _module_preset=&#8221;default&#8221; global_colors_info=&#8221;{}&#8221;][et_pb_column type=&#8221;1_3&#8243; _builder_version=&#8221;4.22.2&#8243; _module_preset=&#8221;default&#8221; global_colors_info=&#8221;{}&#8221;][et_pb_text _builder_version=&#8221;4.16&#8243; _module_preset=&#8221;default&#8221; global_colors_info=&#8221;{}&#8221;]<\/p>\n<h2 style=\"text-align: center;\"><span style=\"color: #002c3e; font-family: Montserrat;\">Le Prix de l&#8217;int\u00e9gration :\u00a0<\/span><\/h2>\n<p>[\/et_pb_text][\/et_pb_column][et_pb_column type=&#8221;1_3&#8243; _builder_version=&#8221;4.22.2&#8243; _module_preset=&#8221;default&#8221; global_colors_info=&#8221;{}&#8221;][et_pb_text _builder_version=&#8221;4.22.2&#8243; _module_preset=&#8221;default&#8221; global_colors_info=&#8221;{}&#8221;]<\/p>\n<h2 style=\"text-align: center;\"><span style=\"color: #002c3e; font-family: Montserrat;\">Le Prix de la R\u00e9silience :\u00a0<\/span><\/h2>\n<p>[\/et_pb_text][\/et_pb_column][et_pb_column type=&#8221;1_3&#8243; _builder_version=&#8221;4.22.2&#8243; _module_preset=&#8221;default&#8221; global_colors_info=&#8221;{}&#8221;][\/et_pb_column][\/et_pb_row][et_pb_row column_structure=&#8221;1_3,1_3,1_3&#8243; disabled_on=&#8221;on|on|off&#8221; _builder_version=&#8221;4.22.2&#8243; _module_preset=&#8221;default&#8221; global_colors_info=&#8221;{}&#8221;][et_pb_column type=&#8221;1_3&#8243; _builder_version=&#8221;4.22.2&#8243; _module_preset=&#8221;default&#8221; global_colors_info=&#8221;{}&#8221;][et_pb_image src=&#8221;https:\/\/www.eim.com\/fr\/wp-content\/uploads\/sites\/9\/2023\/10\/Mathieu-Friedberg-rond-1-2.jpg&#8221; alt=&#8221;Fran\u00e7ois Thuilleur &#8221; title_text=&#8221;Mathieu Friedberg rond (1) (2)&#8221; align=&#8221;center&#8221; _builder_version=&#8221;4.22.2&#8243; _module_preset=&#8221;default&#8221; width=&#8221;99%&#8221; custom_margin=&#8221;-4px||2px||false|false&#8221; custom_padding=&#8221;6px||0px||false|false&#8221; global_colors_info=&#8221;{}&#8221;][\/et_pb_image][et_pb_text _builder_version=&#8221;4.17.3&#8243; _module_preset=&#8221;default&#8221; custom_margin=&#8221;31px||||false|false&#8221; global_colors_info=&#8221;{}&#8221;]<\/p>\n<div class=\"nom\" style=\"text-align: center;\"><strong>Mathieu Friedberg<\/strong><br \/><strong><\/strong><\/div>\n<div class=\"nom\" style=\"text-align: center;\">Directeur g\u00e9n\u00e9ral<\/div>\n<div class=\"nom\" style=\"text-align: center;\"><strong>CEVA logistics<\/strong><\/div>\n<p style=\"text-align: center;\">\n<p>[\/et_pb_text][\/et_pb_column][et_pb_column type=&#8221;1_3&#8243; _builder_version=&#8221;4.22.2&#8243; _module_preset=&#8221;default&#8221; global_colors_info=&#8221;{}&#8221;][et_pb_image src=&#8221;https:\/\/www.eim.com\/fr\/wp-content\/uploads\/sites\/9\/2023\/10\/antoine-doutrizux-rond-1-1.jpg&#8221; alt=&#8221;Fran\u00e7ois Thuilleur &#8221; title_text=&#8221;antoine doutrizux rond (1) (1)&#8221; align=&#8221;center&#8221; _builder_version=&#8221;4.22.2&#8243; _module_preset=&#8221;default&#8221; width=&#8221;99%&#8221; custom_margin=&#8221;-4px||2px||false|false&#8221; custom_padding=&#8221;6px||0px||false|false&#8221; global_colors_info=&#8221;{}&#8221;][\/et_pb_image][et_pb_text _builder_version=&#8221;4.17.3&#8243; _module_preset=&#8221;default&#8221; custom_margin=&#8221;31px||||false|false&#8221; global_colors_info=&#8221;{}&#8221;]<\/p>\n<div class=\"nom\" style=\"text-align: center;\"><strong>Antoine Doutriaux<\/strong><br \/><strong><\/strong><\/div>\n<div class=\"nom\" style=\"text-align: center;\">Directeur g\u00e9n\u00e9ral<\/div>\n<div class=\"nom\" style=\"text-align: center;\"><strong>Plastivaloire<\/strong><\/div>\n<p style=\"text-align: center;\">\n<p>[\/et_pb_text][et_pb_button button_text=&#8221;Visionner la vid\u00e9o de l&#8217;\u00e9v\u00e9nement&#8221; button_alignment=&#8221;center&#8221; _builder_version=&#8221;4.22.2&#8243; _module_preset=&#8221;default&#8221; hover_enabled=&#8221;0&#8243; global_colors_info=&#8221;{}&#8221; url_new_window=&#8221;on&#8221; button_url=&#8221;https:\/\/www.youtube.com\/watch?v=E-3jj0i8x3s&#8221; sticky_enabled=&#8221;0&#8243;][\/et_pb_button][\/et_pb_column][et_pb_column type=&#8221;1_3&#8243; _builder_version=&#8221;4.22.2&#8243; _module_preset=&#8221;default&#8221; global_colors_info=&#8221;{}&#8221;][\/et_pb_column][\/et_pb_row][\/et_pb_section][et_pb_section fb_built=&#8221;1&#8243; disabled_on=&#8221;off|off|off&#8221; _builder_version=&#8221;4.22.2&#8243; use_background_color_gradient=&#8221;on&#8221; background_color_gradient_direction=&#8221;117deg&#8221; background_color_gradient_stops=&#8221;rgba(43,135,218,0) 43%|#002c3e 43%&#8221; background_color_gradient_overlays_image=&#8221;on&#8221; background_color_gradient_start=&#8221;rgba(43,135,218,0)&#8221; background_color_gradient_start_position=&#8221;43%&#8221; background_color_gradient_end=&#8221;#002c3e&#8221; background_color_gradient_end_position=&#8221;0%&#8221; background_image=&#8221;https:\/\/eimworld.wpengine.com\/fr\/wp-content\/uploads\/sites\/9\/2019\/10\/prix100jours-3.jpg&#8221; top_divider_style=&#8221;slant&#8221; top_divider_color=&#8221;#ffffff&#8221; top_divider_flip=&#8221;vertical&#8221; bottom_divider_style=&#8221;slant&#8221; bottom_divider_color=&#8221;RGBA(0,0,0,0)&#8221; global_colors_info=&#8221;{}&#8221;][et_pb_row column_structure=&#8221;2_5,3_5&#8243; _builder_version=&#8221;4.22.2&#8243; width=&#8221;90%&#8221; max_width=&#8221;1920px&#8221; module_alignment=&#8221;center&#8221; custom_margin=&#8221;||||false|false&#8221; custom_padding=&#8221;4px||||false|false&#8221; global_colors_info=&#8221;{}&#8221;][et_pb_column type=&#8221;2_5&#8243; _builder_version=&#8221;4.16&#8243; global_colors_info=&#8221;{}&#8221;][et_pb_text admin_label=&#8221;Title&#8221; _builder_version=&#8221;4.16&#8243; text_font=&#8221;Montserrat|700|||||||&#8221; text_text_color=&#8221;#FFFFFF&#8221; header_font=&#8221;Prata||||||||&#8221; header_2_font=&#8221;Montserrat|700|||||||&#8221; header_2_text_align=&#8221;center&#8221; header_2_font_size=&#8221;32px&#8221; text_orientation=&#8221;center&#8221; background_layout=&#8221;dark&#8221; width=&#8221;90%&#8221; module_alignment=&#8221;center&#8221; custom_margin=&#8221;20%||20%||false|false&#8221; custom_padding=&#8221;|0px|||false|false&#8221; animation_style=&#8221;fade&#8221; animation_direction=&#8221;top&#8221; animation_duration=&#8221;1350ms&#8221; animation_starting_opacity=&#8221;100%&#8221; inline_fonts=&#8221;Prata,Montserrat&#8221; global_colors_info=&#8221;{}&#8221;]<\/p>\n<h2 style=\"text-align: center\">Le jury du \u00abPrix des 100 Jours\u00bb<br \/>\n\u00e9tait compos\u00e9 de:<\/h2>\n<p>[\/et_pb_text][\/et_pb_column][et_pb_column type=&#8221;3_5&#8243; _builder_version=&#8221;4.16&#8243; custom_padding=&#8221;|1%||1%|false|false&#8221; global_colors_info=&#8221;{}&#8221;][et_pb_text _builder_version=&#8221;4.16&#8243; text_font=&#8221;||||||||&#8221; text_text_color=&#8221;#ffffff&#8221; text_font_size=&#8221;16px&#8221; header_font=&#8221;||||||||&#8221; max_width=&#8221;80%&#8221; module_alignment=&#8221;center&#8221; custom_margin=&#8221;4%|0px|5%|0px|false|false&#8221; custom_padding=&#8221;|2%|0px|8%|false|false&#8221; animation_style=&#8221;flip&#8221; animation_direction=&#8221;left&#8221; animation_intensity_flip=&#8221;30%&#8221; animation_starting_opacity=&#8221;100%&#8221; global_colors_info=&#8221;{}&#8221;]<\/p>\n<p><strong><span>\u00a0Marie Guillemot, <\/span><\/strong>Pr\u00e9sidente du Directoire de KPMG France<\/p>\n<p><span><strong>R\u00e9my Boulesteix,<\/strong> associ\u00e9 Responsable des activit\u00e9s Deal Advisory chez KPMG France<\/span><\/p>\n<p><span><\/span><strong>Guillemette Payen, <\/strong>Associ\u00e9e chez EIM<\/p>\n<p><strong>Florent Chapus,<\/strong><span> Associ\u00e9 chez EIM\u00a0<\/span><\/p>\n<p>[\/et_pb_text][\/et_pb_column][\/et_pb_row][\/et_pb_section][et_pb_section fb_built=&#8221;1&#8243; disabled_on=&#8221;off|off|off&#8221; _builder_version=&#8221;4.22.2&#8243; background_color=&#8221;fffff&#8221; use_background_color_gradient=&#8221;on&#8221; background_color_gradient_direction=&#8221;117deg&#8221; background_color_gradient_stops=&#8221;rgba(43,135,218,0) 43%|#FFFFFF 43%&#8221; background_color_gradient_overlays_image=&#8221;on&#8221; background_color_gradient_start=&#8221;rgba(43,135,218,0)&#8221; background_color_gradient_start_position=&#8221;43%&#8221; background_color_gradient_end=&#8221;#FFFFFF&#8221; background_color_gradient_end_position=&#8221;0%&#8221; background_enable_image=&#8221;off&#8221; top_divider_style=&#8221;slant&#8221; top_divider_color=&#8221;#002c3e&#8221; top_divider_flip=&#8221;vertical&#8221; bottom_divider_style=&#8221;slant&#8221; bottom_divider_color=&#8221;#e6e6e6&#8243; global_colors_info=&#8221;{}&#8221;][et_pb_row column_structure=&#8221;1_2,1_2&#8243; module_id=&#8221;Le Prix de la r\u00e9silience&#8221; _builder_version=&#8221;4.16&#8243; _module_preset=&#8221;default&#8221; custom_padding=&#8221;81px|13px|80px|||&#8221; global_colors_info=&#8221;{}&#8221;][et_pb_column type=&#8221;1_2&#8243; _builder_version=&#8221;4.16&#8243; _module_preset=&#8221;default&#8221; global_colors_info=&#8221;{}&#8221;][et_pb_image src=&#8221;https:\/\/www.eim.com\/fr\/wp-content\/uploads\/sites\/9\/2023\/11\/dominique-seux.jpg&#8221; alt=&#8221;Estelle Brachlianoff &#8211; EIM KPMG- Prix des 100 jours&#8221; title_text=&#8221;dominique seux&#8221; _builder_version=&#8221;4.22.2&#8243; _module_preset=&#8221;default&#8221; width=&#8221;85.2%&#8221; max_width=&#8221;82%&#8221; custom_margin=&#8221;|||13px|false|false&#8221; global_colors_info=&#8221;{}&#8221;]<\/p>\n<h2 style=\"text-align: center\"><span style=\"color: #002c3e;font-family: Montserrat\"><span>Le Prix du plan strat\u00e9gique :\u00a0<\/span><\/span><\/h2>\n<p>[\/et_pb_image][\/et_pb_column][et_pb_column type=&#8221;1_2&#8243; _builder_version=&#8221;4.16&#8243; _module_preset=&#8221;default&#8221; global_colors_info=&#8221;{}&#8221;][et_pb_text _builder_version=&#8221;4.22.2&#8243; _module_preset=&#8221;default&#8221; global_colors_info=&#8221;{}&#8221;]<\/p>\n<p><span style=\"color: #666666; font-size: large;\"><strong>Dominique Seux, Journaliste \u00e9conomique et directeur d\u00e9l\u00e9gu\u00e9 de la r\u00e9daction du journal les Echos, nous a propos\u00e9 un \u00e9clairage autour du retour du Darwinisme \u00e9conomique.<\/strong><\/span><\/p>\n<p>&nbsp;<\/p>\n<p>[\/et_pb_text][et_pb_button button_url=&#8221;https:\/\/www.eim.com\/fr\/wp-content\/uploads\/sites\/9\/2023\/11\/Synthe__se_Dominique_Seux2-1.pdf&#8221; button_text=&#8221;Synth\u00e8se de l&#8217;intervention de  Dominique Seux&#8221; button_alignment=&#8221;center&#8221; _builder_version=&#8221;4.22.2&#8243; _module_preset=&#8221;default&#8221; custom_padding=&#8221;|7px||||&#8221; global_colors_info=&#8221;{}&#8221;][\/et_pb_button][\/et_pb_column][\/et_pb_row][\/et_pb_section][et_pb_section fb_built=&#8221;1&#8243; disabled_on=&#8221;off|off|off&#8221; admin_label=&#8221;Quote Section&#8221; _builder_version=&#8221;4.17.3&#8243; background_color=&#8221;#FFFFFF&#8221; background_color_gradient_direction=&#8221;105deg&#8221; background_enable_image=&#8221;off&#8221; background_position=&#8221;bottom_center&#8221; custom_margin=&#8221;0px||||false|false&#8221; custom_padding=&#8221;0px||5%||false|false&#8221; bottom_divider_style=&#8221;slant&#8221; bottom_divider_color=&#8221;#FFFFFF&#8221; bottom_divider_flip=&#8221;vertical&#8221; saved_tabs=&#8221;all&#8221; global_colors_info=&#8221;{}&#8221;][et_pb_row module_id=&#8221;#Le Prix de la prise de fonction&#8221; _builder_version=&#8221;4.16&#8243; width=&#8221;90%&#8221; max_width=&#8221;1920px&#8221; module_alignment=&#8221;center&#8221; custom_margin=&#8221;||||false|false&#8221; custom_padding=&#8221;4px||||false|false&#8221; global_colors_info=&#8221;{}&#8221;][et_pb_column type=&#8221;4_4&#8243; _builder_version=&#8221;4.16&#8243; global_colors_info=&#8221;{}&#8221;][et_pb_text disabled_on=&#8221;off|off|off&#8221; admin_label=&#8221;Title&#8221; module_id=&#8221;Le Prix de la prise de fonction&#8221; _builder_version=&#8221;4.16&#8243; text_font=&#8221;||||||||&#8221; header_font=&#8221;Prata||||||||&#8221; header_2_font=&#8221;Montserrat|700|||||||&#8221; header_2_text_align=&#8221;center&#8221; header_2_font_size=&#8221;32px&#8221; text_orientation=&#8221;center&#8221; width=&#8221;90%&#8221; module_alignment=&#8221;center&#8221; custom_margin=&#8221;3.5%||2%||false|false&#8221; custom_padding=&#8221;|0px|||false|false&#8221; animation_style=&#8221;fade&#8221; animation_direction=&#8221;top&#8221; animation_duration=&#8221;1350ms&#8221; animation_starting_opacity=&#8221;100%&#8221; inline_fonts=&#8221;Prata,Montserrat&#8221; global_colors_info=&#8221;{}&#8221;]<\/p>\n<h2 style=\"text-align: center;\"><span style=\"color: #002c3e; font-family: Montserrat;\"><span>Le <strong>Prix de la prise de fonction<\/strong>:<\/span><br \/><\/span><\/h2>\n<p>[\/et_pb_text][\/et_pb_column][\/et_pb_row][et_pb_row column_structure=&#8221;1_2,1_2&#8243; module_id=&#8221;Le Prix de la r\u00e9silience&#8221; _builder_version=&#8221;4.16&#8243; _module_preset=&#8221;default&#8221; global_colors_info=&#8221;{}&#8221;][et_pb_column type=&#8221;1_2&#8243; _builder_version=&#8221;4.16&#8243; _module_preset=&#8221;default&#8221; global_colors_info=&#8221;{}&#8221;][et_pb_image src=&#8221;https:\/\/www.eim.com\/fr\/wp-content\/uploads\/sites\/9\/2023\/10\/Estelle-Brachlianoff-1.jpg&#8221; alt=&#8221;Estelle Brachlianoff &#8211; EIM KPMG- Prix des 100 jours&#8221; title_text=&#8221;Estelle Brachlianoff&#8221; _builder_version=&#8221;4.22.2&#8243; _module_preset=&#8221;default&#8221; width=&#8221;85.2%&#8221; max_width=&#8221;82%&#8221; custom_margin=&#8221;|||13px|false|false&#8221; global_colors_info=&#8221;{}&#8221;]<\/p>\n<h2 style=\"text-align: center\"><span style=\"color: #002c3e;font-family: Montserrat\"><span>Le Prix du plan strat\u00e9gique :\u00a0<\/span><\/span><\/h2>\n<p>[\/et_pb_image][\/et_pb_column][et_pb_column type=&#8221;1_2&#8243; _builder_version=&#8221;4.16&#8243; _module_preset=&#8221;default&#8221; global_colors_info=&#8221;{}&#8221;][et_pb_text _builder_version=&#8221;4.17.3&#8243; _module_preset=&#8221;default&#8221; global_colors_info=&#8221;{}&#8221;]<\/p>\n<p><span style=\"color: #666666; font-size: large;\"><strong>Estelle Brachlianoff, Directrice g\u00e9n\u00e9rale \u2013 Veolia\u00a0<\/strong><\/span><\/p>\n<p>\u00a0<em><span style=\"color: #e09900;\">Le groupe Veolia con\u00e7oit et d\u00e9ploie des solutions utiles et concr\u00e8tes pour la gestion de l\u2019eau, des d\u00e9chets et de l\u2019\u00e9nergie.<\/span><\/em><\/p>\n<p>Estelle Brachlianoff est distingu\u00e9e pour sa prise de fonction en tant que Directrice g\u00e9n\u00e9rale. Cheffe des op\u00e9rations depuis 2018, elle est arriv\u00e9e en tant que Directrice g\u00e9n\u00e9rale dans un contexte positif pour l\u2019entreprise, \u00e0 la suite de bons r\u00e9sultats financiers. D\u00e8s ses premiers jours, elle a souhait\u00e9 reconcentrer les instances de gouvernance sur l\u2019op\u00e9rationnel et favoriser la coll\u00e9gialit\u00e9 dans la prise de d\u00e9cision. En parall\u00e8le, elle a continu\u00e9 l\u2019int\u00e9gration des \u00e9quipes Suez qui d\u00e9sormais se confondent totalement avec les \u00e9quipes Veolia. En outre, elle a lanc\u00e9 un programme ENERGIE pour une autonomie en \u00e9nergie de tous les services de Veolia a\u0300 l\u2019horizon 2027.<\/p>\n<p>[\/et_pb_text][\/et_pb_column][\/et_pb_row][et_pb_row _builder_version=&#8221;4.16&#8243; _module_preset=&#8221;default&#8221; custom_padding=&#8221;7px|||||&#8221; global_colors_info=&#8221;{}&#8221;][et_pb_column type=&#8221;4_4&#8243; _builder_version=&#8221;4.16&#8243; _module_preset=&#8221;default&#8221; global_colors_info=&#8221;{}&#8221;][et_pb_text disabled_on=&#8221;off|off|off&#8221; admin_label=&#8221;Title&#8221; module_id=&#8221;Le Prix du plan strat\u00e9gique : &#8221; _builder_version=&#8221;4.17.3&#8243; text_font=&#8221;||||||||&#8221; header_font=&#8221;Prata||||||||&#8221; header_2_font=&#8221;Montserrat|700|||||||&#8221; header_2_text_align=&#8221;center&#8221; header_2_font_size=&#8221;32px&#8221; text_orientation=&#8221;center&#8221; width=&#8221;90%&#8221; module_alignment=&#8221;center&#8221; custom_margin=&#8221;3.5%||2%||false|false&#8221; custom_padding=&#8221;|0px|||false|false&#8221; animation_style=&#8221;fade&#8221; animation_direction=&#8221;top&#8221; animation_duration=&#8221;1350ms&#8221; animation_starting_opacity=&#8221;100%&#8221; inline_fonts=&#8221;Prata,Montserrat&#8221; global_colors_info=&#8221;{}&#8221;]<\/p>\n<h2 style=\"text-align: center;\"><span style=\"color: #002c3e; font-family: Montserrat;\"><span>Le <strong>Prix du plan strat\u00e9gique <\/strong>:<\/span><\/span><\/h2>\n<p>[\/et_pb_text][\/et_pb_column][\/et_pb_row][et_pb_row column_structure=&#8221;1_2,1_2&#8243; module_id=&#8221;Le Prix du plan strat\u00e9gique :&#8221; _builder_version=&#8221;4.16&#8243; _module_preset=&#8221;default&#8221; custom_padding=&#8221;|2px||||&#8221; global_colors_info=&#8221;{}&#8221;][et_pb_column type=&#8221;1_2&#8243; _builder_version=&#8221;4.16&#8243; _module_preset=&#8221;default&#8221; global_colors_info=&#8221;{}&#8221;][et_pb_image src=&#8221;https:\/\/www.eim.com\/fr\/wp-content\/uploads\/sites\/9\/2023\/10\/Patrick-Koller.png&#8221; alt=&#8221;Patrick Koller- EIM KPMG- Prix des 100 jours&#8221; title_text=&#8221;Patrick Koller&#8221; _builder_version=&#8221;4.22.2&#8243; _module_preset=&#8221;default&#8221; custom_padding=&#8221;|88px||0px||&#8221; global_colors_info=&#8221;{}&#8221;][\/et_pb_image][\/et_pb_column][et_pb_column type=&#8221;1_2&#8243; _builder_version=&#8221;4.16&#8243; _module_preset=&#8221;default&#8221; global_colors_info=&#8221;{}&#8221;][et_pb_text _builder_version=&#8221;4.17.3&#8243; _module_preset=&#8221;default&#8221; global_colors_info=&#8221;{}&#8221;]<\/p>\n<p><span style=\"font-size: large;\"><strong>Patrick Koller, Directeur G\u00e9n\u00e9ral \u2013 Forvia\u00a0\u00a0<\/strong><\/span><\/p>\n<p><span style=\"color: #e09900;\"><em>Forvia est 7\u00e8me \u00e9quipementier automobile mondial.<\/em><\/span><\/p>\n<p>Avec son plan strat\u00e9gique \u00ab Power 25 \u00bb, Forvia s\u2019est fixe\u0301 l\u2019ambition forte de devenir un champion en termes d\u2019innovation et d\u2019\u00e9co-responsabilit\u00e9. Et ce dans un contexte exigeant pour l\u2019entreprise, avec l\u2019int\u00e9gration de Hella et les circonstances \u00e9conomiques (inflation, raret\u00e9 des composants, tensions g\u00e9opolitiques, etc.). Ce plan strat\u00e9gique comprend des investissements dans la mobilit\u00e9 durable, dans des syst\u00e8mes avanc\u00e9s d&#8217;aide a\u0300 la conduite (ADAS) et les solutions de connectivit\u00e9 des v\u00e9hicules, la mutualisation de la R&amp;D avec Hella &#8211; le tout avec un renforcement de la gouvernance. Une strat\u00e9gie que Forvia a su rapidement mettre en \u0153uvre et dont l\u2019entreprise tire d\u00e9j\u00e0 des b\u00e9n\u00e9fices, avec notamment une croissance organique des revenus. Ainsi, Patrick Koller est distingu\u00e9 par le Prix du plan strat\u00e9gique, \u00e0 l\u2019image de son entreprise, innovante et tourn\u00e9e vers l\u2019avenir.<\/p>\n<p>[\/et_pb_text][\/et_pb_column][\/et_pb_row][et_pb_row module_id=&#8221;Le Prix sp\u00e9cial du Jury :&#8221; _builder_version=&#8221;4.16&#8243; _module_preset=&#8221;default&#8221; custom_padding=&#8221;21px|||||&#8221; global_colors_info=&#8221;{}&#8221;][et_pb_column type=&#8221;4_4&#8243; _builder_version=&#8221;4.16&#8243; _module_preset=&#8221;default&#8221; global_colors_info=&#8221;{}&#8221;][et_pb_text disabled_on=&#8221;off|off|off&#8221; admin_label=&#8221;Title&#8221; module_id=&#8221;Le Prix sp\u00e9cial du Jury :&#8221; _builder_version=&#8221;4.16&#8243; text_font=&#8221;||||||||&#8221; header_font=&#8221;Prata||||||||&#8221; header_2_font=&#8221;Montserrat|700|||||||&#8221; header_2_text_align=&#8221;center&#8221; header_2_font_size=&#8221;32px&#8221; text_orientation=&#8221;center&#8221; width=&#8221;90%&#8221; module_alignment=&#8221;center&#8221; custom_margin=&#8221;3.5%||-4.2%||false|false&#8221; custom_padding=&#8221;|0px|||false|false&#8221; animation_style=&#8221;fade&#8221; animation_direction=&#8221;top&#8221; animation_duration=&#8221;1350ms&#8221; animation_starting_opacity=&#8221;100%&#8221; inline_fonts=&#8221;Prata,Montserrat&#8221; global_colors_info=&#8221;{}&#8221;]<\/p>\n<h2 style=\"text-align: center;\"><span style=\"color: #002c3e; font-family: Montserrat;\"><strong>Le Prix de l&#8217;int\u00e9gration <\/strong>:<\/span><\/h2>\n<p>[\/et_pb_text][\/et_pb_column][\/et_pb_row][et_pb_row column_structure=&#8221;1_2,1_2&#8243; module_id=&#8221;Le Prix du plan strat\u00e9gique :&#8221; _builder_version=&#8221;4.16&#8243; _module_preset=&#8221;default&#8221; custom_padding=&#8221;|2px||||&#8221; global_colors_info=&#8221;{}&#8221;][et_pb_column type=&#8221;1_2&#8243; _builder_version=&#8221;4.16&#8243; _module_preset=&#8221;default&#8221; global_colors_info=&#8221;{}&#8221;][et_pb_image src=&#8221;https:\/\/www.eim.com\/fr\/wp-content\/uploads\/sites\/9\/2023\/10\/Mathieu-Friedberg.png&#8221; alt=&#8221;Mathieu Friedberg- EIM KPMG- Prix des 100 jours&#8221; title_text=&#8221;Mathieu Friedberg&#8221; _builder_version=&#8221;4.22.2&#8243; _module_preset=&#8221;default&#8221; custom_padding=&#8221;|88px||0px||&#8221; global_colors_info=&#8221;{}&#8221;][\/et_pb_image][\/et_pb_column][et_pb_column type=&#8221;1_2&#8243; _builder_version=&#8221;4.16&#8243; _module_preset=&#8221;default&#8221; global_colors_info=&#8221;{}&#8221;][et_pb_text _builder_version=&#8221;4.17.3&#8243; _module_preset=&#8221;default&#8221; global_colors_info=&#8221;{}&#8221;]<\/p>\n<p><span style=\"font-size: large;\"><strong>Mathieu Friedberg, Directeur G\u00e9n\u00e9ral \u2013 CEVA Logistics\u00a0<\/strong><\/span><\/p>\n<p><em><span style=\"color: #e09900;\">CEVA Logistics est un leader mondial de la logistique, qui fournit des solutions globales de cha\u00eene d&#8217;approvisionnement pour connecter les personnes, les produits et les fournisseurs dans le monde entier.\u00a0<\/span><\/em><\/p>\n<p>Dans le cadre de la combinaison des activit\u00e9s de CEVA au sein du Groupe CMA CGM, Mathieu Friedberg a su, dans des d\u00e9lais courts, amener les \u00e9quipes a\u0300 ex\u00e9cuter rapidement le plan d\u2019int\u00e9gration gr\u00e2ce a\u0300 une tr\u00e8s bonne anticipation des probl\u00e9matiques d\u2019int\u00e9gration en amont du deal. En effet, cette derni\u00e8re a permis le recentrage des \u00e9quipes locales sur le service client, la simplification de l\u2019organisation interne avec une homog\u00e9n\u00e9isation des processus, d\u2019importants investissements dans la transformation pour am\u00e9liorer la productivit\u00e9&#8230; Ainsi, pour ces r\u00e9ussites a\u0300 int\u00e9grer dans une p\u00e9riode tre\u0300s courte plusieurs actifs, Mathieu Friedberg est distingu\u00e9 par le Prix de l\u2019int\u00e9gration.<\/p>\n<p>[\/et_pb_text][\/et_pb_column][\/et_pb_row][et_pb_row module_id=&#8221;#Le Prix de la prise de fonction&#8221; _builder_version=&#8221;4.16&#8243; width=&#8221;90%&#8221; max_width=&#8221;1920px&#8221; module_alignment=&#8221;center&#8221; min_height=&#8221;159.6px&#8221; custom_margin=&#8221;-67px|auto||auto|false|false&#8221; custom_padding=&#8221;0px||||false|false&#8221; global_colors_info=&#8221;{}&#8221;][et_pb_column type=&#8221;4_4&#8243; _builder_version=&#8221;4.16&#8243; global_colors_info=&#8221;{}&#8221;][et_pb_text disabled_on=&#8221;off|off|off&#8221; admin_label=&#8221;Title&#8221; module_id=&#8221;Le Prix de la prise de fonction&#8221; _builder_version=&#8221;4.16&#8243; text_font=&#8221;||||||||&#8221; header_font=&#8221;Prata||||||||&#8221; header_2_font=&#8221;Montserrat|700|||||||&#8221; header_2_text_align=&#8221;center&#8221; header_2_font_size=&#8221;32px&#8221; text_orientation=&#8221;center&#8221; width=&#8221;90%&#8221; module_alignment=&#8221;center&#8221; custom_margin=&#8221;3.5%||2%||false|false&#8221; custom_padding=&#8221;|0px|||false|false&#8221; animation_style=&#8221;fade&#8221; animation_direction=&#8221;top&#8221; animation_duration=&#8221;1350ms&#8221; animation_starting_opacity=&#8221;100%&#8221; inline_fonts=&#8221;Prata,Montserrat&#8221; global_colors_info=&#8221;{}&#8221;]<\/p>\n<h2 style=\"text-align: center;\"><span style=\"color: #002c3e; font-family: Montserrat;\"><span>Le <strong>Prix de l\u2019engagement ESG <\/strong>:<\/span><br \/><\/span><\/h2>\n<p>[\/et_pb_text][\/et_pb_column][\/et_pb_row][et_pb_row column_structure=&#8221;1_2,1_2&#8243; module_id=&#8221;Le Prix de la r\u00e9silience&#8221; _builder_version=&#8221;4.16&#8243; _module_preset=&#8221;default&#8221; global_colors_info=&#8221;{}&#8221;][et_pb_column type=&#8221;1_2&#8243; _builder_version=&#8221;4.16&#8243; _module_preset=&#8221;default&#8221; global_colors_info=&#8221;{}&#8221;][et_pb_image src=&#8221;https:\/\/www.eim.com\/fr\/wp-content\/uploads\/sites\/9\/2023\/10\/Sophie-Flak-1.jpg&#8221; alt=&#8221;Sophie Flak &#8211; EIM KPMG- Prix des 100 jours&#8221; title_text=&#8221;Sophie Flak&#8221; _builder_version=&#8221;4.22.2&#8243; _module_preset=&#8221;default&#8221; width=&#8221;85.2%&#8221; max_width=&#8221;82%&#8221; custom_margin=&#8221;|||13px|false|false&#8221; global_colors_info=&#8221;{}&#8221;]<\/p>\n<h2 style=\"text-align: center\"><span style=\"color: #002c3e;font-family: Montserrat\"><span>Le Prix du plan strat\u00e9gique :\u00a0<\/span><\/span><\/h2>\n<p>[\/et_pb_image][\/et_pb_column][et_pb_column type=&#8221;1_2&#8243; _builder_version=&#8221;4.16&#8243; _module_preset=&#8221;default&#8221; global_colors_info=&#8221;{}&#8221;][et_pb_text _builder_version=&#8221;4.17.3&#8243; _module_preset=&#8221;default&#8221; global_colors_info=&#8221;{}&#8221;]<\/p>\n<p><span style=\"font-size: large;\"><strong>Sophie Flak, Associ\u00e9e \u2013 Eurazeo\u00a0<\/strong><\/span><\/p>\n<p><em><span style=\"color: #e09900;\">\u00a0Eurazeo est un groupe d&#8217;investissement mondial de premier plan.<\/span><\/em><\/p>\n<p>Directrice ESG du Fonds Eurazeo depuis 10 ans, Sophie Flak est une pionni\u00e8re de la Tech et de l\u2019ESG, dont l\u2019approche est de chiffrer et d\u2019objectiver les enjeux ESG afin de structurer la performance ESG des entreprises. Aujourd\u2019hui, Sophie Flak et son \u00e9quipe ont un vrai poids dans les d\u00e9cisions d\u2019investissement et dans les arbitrages strat\u00e9giques. Leurs expertises et leurs analyses permettent de r\u00e9v\u00e9ler des enjeux souvent inaper\u00e7us et d\u2019anticiper des changements de business model, au gr\u00e9 des \u00e9volutions, par exemple r\u00e8glementaires. Elle est distingu\u00e9e par le Prix de l\u2019engagement ESG, en r\u00e9compense aux actions concr\u00e8tes qu\u2019elle a mises en place en vue de transformer et d\u2019atteindre les objectifs ESG de son entreprise.<\/p>\n<p>[\/et_pb_text][\/et_pb_column][\/et_pb_row][et_pb_row module_id=&#8221;Le Prix sp\u00e9cial du Jury :&#8221; _builder_version=&#8221;4.16&#8243; _module_preset=&#8221;default&#8221; min_height=&#8221;142.2px&#8221; custom_padding=&#8221;0px||19px|||&#8221; global_colors_info=&#8221;{}&#8221;][et_pb_column type=&#8221;4_4&#8243; _builder_version=&#8221;4.16&#8243; _module_preset=&#8221;default&#8221; global_colors_info=&#8221;{}&#8221;][et_pb_text disabled_on=&#8221;off|off|off&#8221; admin_label=&#8221;Title&#8221; module_id=&#8221;Le Prix sp\u00e9cial du Jury :&#8221; _builder_version=&#8221;4.16&#8243; text_font=&#8221;||||||||&#8221; header_font=&#8221;Prata||||||||&#8221; header_2_font=&#8221;Montserrat|700|||||||&#8221; header_2_text_align=&#8221;center&#8221; header_2_font_size=&#8221;32px&#8221; text_orientation=&#8221;center&#8221; width=&#8221;90%&#8221; module_alignment=&#8221;center&#8221; custom_margin=&#8221;3.5%||-4.2%||false|false&#8221; custom_padding=&#8221;|0px|0px||false|false&#8221; animation_style=&#8221;fade&#8221; animation_direction=&#8221;top&#8221; animation_duration=&#8221;1350ms&#8221; animation_starting_opacity=&#8221;100%&#8221; inline_fonts=&#8221;Prata,Montserrat&#8221; global_colors_info=&#8221;{}&#8221;]<\/p>\n<h2 style=\"text-align: center;\"><span style=\"color: #002c3e; font-family: Montserrat;\"><strong>Le Prix de la R\u00e9silience <\/strong>:\u00a0<\/span><\/h2>\n<p>[\/et_pb_text][\/et_pb_column][\/et_pb_row][et_pb_row column_structure=&#8221;1_2,1_2&#8243; module_id=&#8221;Le Prix du plan strat\u00e9gique :&#8221; _builder_version=&#8221;4.16&#8243; _module_preset=&#8221;default&#8221; global_colors_info=&#8221;{}&#8221;][et_pb_column type=&#8221;1_2&#8243; _builder_version=&#8221;4.16&#8243; _module_preset=&#8221;default&#8221; global_colors_info=&#8221;{}&#8221;][et_pb_image src=&#8221;https:\/\/www.eim.com\/fr\/wp-content\/uploads\/sites\/9\/2023\/10\/Photo-Antoine-Doutriaux.jpg&#8221; alt=&#8221;Antoine Doutriaux &#8211; EIM KPMG- Prix des 100 jours&#8221; title_text=&#8221;Photo Antoine Doutriaux&#8221; _builder_version=&#8221;4.22.2&#8243; _module_preset=&#8221;default&#8221; custom_padding=&#8221;|88px||0px||&#8221; global_colors_info=&#8221;{}&#8221;][\/et_pb_image][\/et_pb_column][et_pb_column type=&#8221;1_2&#8243; _builder_version=&#8221;4.16&#8243; _module_preset=&#8221;default&#8221; global_colors_info=&#8221;{}&#8221;][et_pb_text _builder_version=&#8221;4.17.3&#8243; _module_preset=&#8221;default&#8221; global_colors_info=&#8221;{}&#8221;]<\/p>\n<p><span style=\"font-size: large;\"><strong>Antoine Doutriaux, Directeur g\u00e9n\u00e9ral &#8211; Plastivaloire<\/strong><\/span><strong style=\"font-size: large;\">\u00a0<\/strong><\/p>\n<p><span style=\"color: #e09900;\">Le Groupe Plastivaloire est sp\u00e9cialis\u00e9 dans la conception, la production et la commercialisation de pi\u00e8ces plastiques \u00e0 destination des produits de grande consommation. Il est l&#8217;un des leaders europ\u00e9ens pour l&#8217;\u00e9quipement int\u00e9rieur des v\u00e9hicules.<\/span><\/p>\n<p>Nomm\u00e9 Directeur g\u00e9n\u00e9ral en 2022, apr\u00e8s avoir \u00e9t\u00e9 Directeur g\u00e9n\u00e9ral adjoint, Antoine Doutriaux a pris ses fonctions alors que l\u2019entreprise connaissait des difficult\u00e9s en raison du contexte \u00e9conomique (inflation, p\u00e9nurie de composants, hause des taux d\u2019int\u00e9r\u00eat et rupture des <em>supply chains<\/em>). Il a su ren\u00e9gocier des contrats importants et limiter ainsi l\u2019impact de la hausse du co\u00fbt des mati\u00e8res premi\u00e8res. Il travaille \u00e9galement pour r\u00e9duire les co\u00fbts de production et pour r\u00e9sorber l\u2019augmentation du prix de l\u2019\u00e9nergie. Il est distingu\u00e9 par le Prix de la R\u00e9silience, en r\u00e9compense \u00e0 sa strat\u00e9gie ambitieuse pour r\u00e9pondre aux pr\u00e9rogatives d\u2019une entreprise dans un contexte tendu.<\/p>\n<p>[\/et_pb_text][\/et_pb_column][\/et_pb_row][et_pb_row column_structure=&#8221;1_2,1_2&#8243; _builder_version=&#8221;4.22.2&#8243; _module_preset=&#8221;default&#8221; global_colors_info=&#8221;{}&#8221;][et_pb_column type=&#8221;1_2&#8243; _builder_version=&#8221;4.22.2&#8243; _module_preset=&#8221;default&#8221; global_colors_info=&#8221;{}&#8221;][et_pb_image src=&#8221;https:\/\/www.eim.com\/fr\/wp-content\/uploads\/sites\/9\/2023\/11\/Design-sans-titre-1.jpg&#8221; title_text=&#8221;Design sans titre (1)&#8221; url=&#8221;https:\/\/www.youtube.com\/watch?v=E-3jj0i8x3s&#8221; _builder_version=&#8221;4.22.2&#8243; _module_preset=&#8221;default&#8221; hover_enabled=&#8221;0&#8243; global_colors_info=&#8221;{}&#8221; url_new_window=&#8221;on&#8221; sticky_enabled=&#8221;0&#8243; alt=&#8221;EIM- KPMG Laureats prix des 100 jours 8\u00e8me \u00e9ditions&#8221;][\/et_pb_image][\/et_pb_column][et_pb_column type=&#8221;1_2&#8243; _builder_version=&#8221;4.22.2&#8243; _module_preset=&#8221;default&#8221; global_colors_info=&#8221;{}&#8221;][et_pb_text _builder_version=&#8221;4.22.2&#8243; _module_preset=&#8221;default&#8221; global_colors_info=&#8221;{}&#8221;]<\/p>\n<p>&nbsp;<\/p>\n<p>&nbsp;<\/p>\n<p style=\"text-align: center;\"><span style=\"font-size: large;\">\u00a0Toutes nos f\u00e9licitations aux <\/span><\/p>\n<p style=\"text-align: center;\"><span style=\"font-size: large;\">laur\u00e9ats <\/span><span style=\"font-size: large;\">de cette \u00e9dition.<\/span><\/p>\n<p>[\/et_pb_text][et_pb_button button_text=&#8221;Visionner la vid\u00e9o de l&#8217;\u00e9v\u00e9nement&#8221; button_alignment=&#8221;center&#8221; _builder_version=&#8221;4.22.2&#8243; _module_preset=&#8221;default&#8221; hover_enabled=&#8221;0&#8243; global_colors_info=&#8221;{}&#8221; button_url=&#8221;https:\/\/www.youtube.com\/watch?v=E-3jj0i8x3s&#8221; url_new_window=&#8221;on&#8221; sticky_enabled=&#8221;0&#8243;][\/et_pb_button][\/et_pb_column][\/et_pb_row][\/et_pb_section][et_pb_section fb_built=&#8221;1&#8243; disabled_on=&#8221;on|on|on&#8221; admin_label=&#8221;Quote Section&#8221; _builder_version=&#8221;4.16&#8243; use_background_color_gradient=&#8221;on&#8221; background_color_gradient_direction=&#8221;105deg&#8221; background_color_gradient_stops=&#8221;#FFFFFF 55%|#FFFFFF 55%&#8221; background_color_gradient_overlays_image=&#8221;on&#8221; background_color_gradient_start=&#8221;#FFFFFF&#8221; background_color_gradient_start_position=&#8221;55%&#8221; background_color_gradient_end=&#8221;#FFFFFF&#8221; background_color_gradient_end_position=&#8221;0%&#8221; background_enable_image=&#8221;off&#8221; background_position=&#8221;bottom_center&#8221; custom_margin=&#8221;0px||||false|false&#8221; custom_padding=&#8221;0px||89px||false|false&#8221; bottom_divider_style=&#8221;slant&#8221; bottom_divider_color=&#8221;#e6e6e6&#8243; disabled=&#8221;on&#8221; saved_tabs=&#8221;all&#8221; global_colors_info=&#8221;{}&#8221;][et_pb_row _builder_version=&#8221;4.16&#8243; width=&#8221;90%&#8221; max_width=&#8221;1920px&#8221; module_alignment=&#8221;center&#8221; custom_margin=&#8221;||||false|false&#8221; custom_padding=&#8221;4px||||false|false&#8221; global_colors_info=&#8221;{}&#8221;][et_pb_column type=&#8221;4_4&#8243; _builder_version=&#8221;4.16&#8243; global_colors_info=&#8221;{}&#8221;][et_pb_text admin_label=&#8221;Title&#8221; _builder_version=&#8221;4.16&#8243; text_font=&#8221;||||||||&#8221; header_font=&#8221;Prata||||||||&#8221; header_2_font=&#8221;Montserrat|700|||||||&#8221; header_2_text_align=&#8221;center&#8221; header_2_font_size=&#8221;32px&#8221; text_orientation=&#8221;center&#8221; width=&#8221;90%&#8221; module_alignment=&#8221;center&#8221; custom_margin=&#8221;3.5%||2%||false|false&#8221; custom_padding=&#8221;|0px|||false|false&#8221; animation_style=&#8221;fade&#8221; animation_direction=&#8221;top&#8221; animation_duration=&#8221;1350ms&#8221; animation_starting_opacity=&#8221;100%&#8221; inline_fonts=&#8221;Prata,Montserrat&#8221; global_colors_info=&#8221;{}&#8221;]<\/p>\n<h2 style=\"text-align: center\"><span>Le prix de la r\u00e9silience face au Covid :\u00a0<\/span><\/h2>\n<p>[\/et_pb_text][\/et_pb_column][\/et_pb_row][et_pb_row column_structure=&#8221;1_3,1_3,1_3&#8243; _builder_version=&#8221;4.16&#8243; width=&#8221;90%&#8221; max_width=&#8221;1920px&#8221; module_alignment=&#8221;center&#8221; custom_margin=&#8221;||||false|false&#8221; custom_padding=&#8221;4px||||false|false&#8221; global_colors_info=&#8221;{}&#8221;][et_pb_column type=&#8221;1_3&#8243; _builder_version=&#8221;4.16&#8243; global_colors_info=&#8221;{}&#8221;][et_pb_text admin_label=&#8221;Title&#8221; _builder_version=&#8221;4.16&#8243; text_font=&#8221;||||||||&#8221; header_font=&#8221;Prata||||||||&#8221; header_2_font=&#8221;Montserrat|700|||||||&#8221; header_2_text_align=&#8221;center&#8221; header_2_font_size=&#8221;32px&#8221; text_orientation=&#8221;center&#8221; width=&#8221;90%&#8221; module_alignment=&#8221;center&#8221; custom_margin=&#8221;-0.2%||||false|false&#8221; custom_padding=&#8221;|0px|||false|false&#8221; animation_style=&#8221;fade&#8221; animation_direction=&#8221;top&#8221; animation_duration=&#8221;1350ms&#8221; animation_starting_opacity=&#8221;100%&#8221; inline_fonts=&#8221;Prata,Montserrat&#8221; global_colors_info=&#8221;{}&#8221;]<\/p>\n<h2 style=\"text-align: center\"><span style=\"color: #002c3e;font-family: Montserrat\"><strong>Les Nomines<\/strong><br \/>\n<\/span><\/h2>\n<p>[\/et_pb_text][et_pb_text _builder_version=&#8221;4.16&#8243; text_font=&#8221;||||||||&#8221; text_font_size=&#8221;16px&#8221; header_font=&#8221;||||||||&#8221; max_width=&#8221;80%&#8221; module_alignment=&#8221;center&#8221; custom_margin=&#8221;3%|0px|10%|0px|false|false&#8221; custom_padding=&#8221;|2%|0px|2%|false|false&#8221; animation_style=&#8221;flip&#8221; animation_direction=&#8221;left&#8221; animation_intensity_flip=&#8221;30%&#8221; animation_starting_opacity=&#8221;100%&#8221; global_colors_info=&#8221;{}&#8221;]<\/p>\n<p style=\"padding-left: 30px\"><strong>Gilles Clavie<br \/><\/strong><span>Accor Invest<br \/><\/span><br \/><strong>Guillaume de Lavallade,<br \/><\/strong><span>Hub One Groupe ADP<br \/><\/span><br \/><strong>Gu\u00e9nol\u00e9 Merveilleux,<br \/><\/strong><span>Groupe OCEALLIANCE<\/span><\/p>\n<p style=\"padding-left: 30px\"><strong>Michel Paulin,<br \/><\/strong><span>OVH<\/span><\/p>\n<p style=\"padding-left: 30px\"><strong>Nathalie Remy,<br \/><\/strong><span>CHRISTOFLE<\/span><\/p>\n<p>[\/et_pb_text][\/et_pb_column][et_pb_column type=&#8221;1_3&#8243; _builder_version=&#8221;4.16&#8243; custom_padding=&#8221;|1%||1%|false|false&#8221; global_colors_info=&#8221;{}&#8221;][et_pb_text admin_label=&#8221;Title&#8221; _builder_version=&#8221;4.16&#8243; text_font=&#8221;||||||||&#8221; header_font=&#8221;Prata||||||||&#8221; header_2_font=&#8221;Montserrat|700|||||||&#8221; header_2_text_align=&#8221;center&#8221; header_2_font_size=&#8221;32px&#8221; text_orientation=&#8221;center&#8221; width=&#8221;90%&#8221; module_alignment=&#8221;center&#8221; custom_margin=&#8221;-0.2%||||false|false&#8221; custom_padding=&#8221;|0px|||false|false&#8221; animation_style=&#8221;fade&#8221; animation_direction=&#8221;top&#8221; animation_duration=&#8221;1350ms&#8221; animation_starting_opacity=&#8221;100%&#8221; inline_fonts=&#8221;Prata,Montserrat&#8221; global_colors_info=&#8221;{}&#8221;]<\/p>\n<h2 style=\"text-align: center\"><span style=\"color: #002c3e;font-family: Montserrat\">Le Laureat<\/span><\/h2>\n<p>[\/et_pb_text][et_pb_image src=&#8221;https:\/\/www.eim.com\/fr\/wp-content\/uploads\/sites\/9\/2021\/10\/Gilles-clavie-laureat.png&#8221; alt=&#8221;Gilles Clavie EIM KPMG &#8211; 100 jours&#8221; title_text=&#8221;Gilles clavie laureat&#8221; align=&#8221;center&#8221; _builder_version=&#8221;4.16&#8243; max_width=&#8221;80%&#8221; module_alignment=&#8221;center&#8221; custom_margin=&#8221;|47px||||&#8221; global_colors_info=&#8221;{}&#8221;][\/et_pb_image][et_pb_text _builder_version=&#8221;4.16&#8243; text_font=&#8221;||||||||&#8221; text_font_size=&#8221;16px&#8221; header_font=&#8221;||||||||&#8221; max_width=&#8221;80%&#8221; module_alignment=&#8221;center&#8221; custom_margin=&#8221;3%|0px|5%|0px|false|false&#8221; custom_padding=&#8221;|2%|0px|2%|false|false&#8221; animation_style=&#8221;flip&#8221; animation_direction=&#8221;left&#8221; animation_intensity_flip=&#8221;30%&#8221; animation_starting_opacity=&#8221;100%&#8221; global_colors_info=&#8221;{}&#8221;]<\/p>\n<p style=\"text-align: center\"><strong>Gilles CLAVIE<\/strong><br \/><span>Directeur g\u00e9n\u00e9ral<\/span><\/p>\n<p style=\"text-align: center\"><span>Accorinvest\u00a0<\/span><\/p>\n<p>[\/et_pb_text][\/et_pb_column][et_pb_column type=&#8221;1_3&#8243; _builder_version=&#8221;4.16&#8243; custom_padding=&#8221;|1%||1%|false|false&#8221; global_colors_info=&#8221;{}&#8221;][et_pb_video src=&#8221;https:\/\/www.youtube.com\/watch?v=g8RKdK4KgZ4&#038;list=PLYfA0yxuJMnUFLPqdvWFzfLUmFKtbahP1&#038;index=3&#038;t=0s&#8221; image_src=&#8221;https:\/\/www.eim.com\/fr\/wp-content\/uploads\/sites\/9\/2019\/10\/1_prix-100-jours-ETI.jpg&#8221; thumbnail_overlay_color=&#8221;rgba(0,0,0,0.6)&#8221; _builder_version=&#8221;4.16&#8243; custom_margin=&#8221;55px||||false|false&#8221; custom_padding=&#8221;||5%||false|false&#8221; locked=&#8221;off&#8221; global_colors_info=&#8221;{}&#8221;][\/et_pb_video][\/et_pb_column][\/et_pb_row][\/et_pb_section][et_pb_section fb_built=&#8221;1&#8243; disabled_on=&#8221;on|on|on&#8221; admin_label=&#8221;Quote Section&#8221; _builder_version=&#8221;4.16&#8243; background_color=&#8221;#e6e6e6&#8243; background_color_gradient_direction=&#8221;105deg&#8221; background_enable_image=&#8221;off&#8221; background_position=&#8221;bottom_center&#8221; custom_margin=&#8221;0px||||false|false&#8221; custom_padding=&#8221;0px||10%||false|false&#8221; bottom_divider_style=&#8221;slant&#8221; bottom_divider_color=&#8221;#FFFFFF&#8221; bottom_divider_flip=&#8221;vertical&#8221; disabled=&#8221;on&#8221; saved_tabs=&#8221;all&#8221; global_colors_info=&#8221;{}&#8221;][et_pb_row _builder_version=&#8221;4.16&#8243; width=&#8221;90%&#8221; max_width=&#8221;1920px&#8221; module_alignment=&#8221;center&#8221; custom_margin=&#8221;||||false|false&#8221; custom_padding=&#8221;4px||||false|false&#8221; global_colors_info=&#8221;{}&#8221;][et_pb_column type=&#8221;4_4&#8243; _builder_version=&#8221;4.16&#8243; global_colors_info=&#8221;{}&#8221;][et_pb_text admin_label=&#8221;Title&#8221; _builder_version=&#8221;4.16&#8243; text_font=&#8221;||||||||&#8221; header_font=&#8221;Prata||||||||&#8221; header_2_font=&#8221;Montserrat|700|||||||&#8221; header_2_text_align=&#8221;center&#8221; header_2_font_size=&#8221;32px&#8221; text_orientation=&#8221;center&#8221; width=&#8221;90%&#8221; module_alignment=&#8221;center&#8221; custom_margin=&#8221;3.5%||2%||false|false&#8221; custom_padding=&#8221;|0px|||false|false&#8221; animation_style=&#8221;fade&#8221; animation_direction=&#8221;top&#8221; animation_duration=&#8221;1350ms&#8221; animation_starting_opacity=&#8221;100%&#8221; inline_fonts=&#8221;Prata,Montserrat&#8221; global_colors_info=&#8221;{}&#8221;]<\/p>\n<h2 style=\"text-align: center\"><span>Le prix du plan strat\u00e9gique :<\/span><\/h2>\n<p>[\/et_pb_text][\/et_pb_column][\/et_pb_row][et_pb_row column_structure=&#8221;1_3,1_3,1_3&#8243; _builder_version=&#8221;4.16&#8243; width=&#8221;90%&#8221; max_width=&#8221;1920px&#8221; module_alignment=&#8221;center&#8221; custom_margin=&#8221;||||false|false&#8221; custom_padding=&#8221;4px||||false|false&#8221; global_colors_info=&#8221;{}&#8221;][et_pb_column type=&#8221;1_3&#8243; _builder_version=&#8221;4.16&#8243; global_colors_info=&#8221;{}&#8221;][et_pb_text admin_label=&#8221;Title&#8221; _builder_version=&#8221;4.16&#8243; text_font=&#8221;||||||||&#8221; header_font=&#8221;Prata||||||||&#8221; header_2_font=&#8221;Montserrat|700|||||||&#8221; header_2_text_align=&#8221;center&#8221; header_2_font_size=&#8221;32px&#8221; text_orientation=&#8221;center&#8221; width=&#8221;90%&#8221; module_alignment=&#8221;center&#8221; custom_margin=&#8221;-0.2%||||false|false&#8221; custom_padding=&#8221;|0px|||false|false&#8221; animation_style=&#8221;fade&#8221; animation_direction=&#8221;top&#8221; animation_duration=&#8221;1350ms&#8221; animation_starting_opacity=&#8221;100%&#8221; inline_fonts=&#8221;Prata,Montserrat&#8221; global_colors_info=&#8221;{}&#8221;]<\/p>\n<h2 style=\"text-align: center\"><span style=\"color: #002c3e;font-family: Montserrat\"><strong>Les Nomines<\/strong><br \/>\n<\/span><\/h2>\n<p>[\/et_pb_text][et_pb_text _builder_version=&#8221;4.16&#8243; text_font=&#8221;||||||||&#8221; text_font_size=&#8221;16px&#8221; header_font=&#8221;||||||||&#8221; max_width=&#8221;80%&#8221; module_alignment=&#8221;center&#8221; custom_margin=&#8221;3%|0px|10%|0px|false|false&#8221; custom_padding=&#8221;|2%|0px|2%|false|false&#8221; animation_style=&#8221;flip&#8221; animation_direction=&#8221;left&#8221; animation_intensity_flip=&#8221;30%&#8221; animation_starting_opacity=&#8221;100%&#8221; global_colors_info=&#8221;{}&#8221;]<\/p>\n<p style=\"padding-left: 30px\"><strong>Bertrand Dumazy<br \/><\/strong>Edenred<\/p>\n<p style=\"padding-left: 30px\"><strong>Alexandre Falck,<br \/><\/strong><span>BUT<\/span><\/p>\n<p style=\"padding-left: 30px\"><strong>G\u00e9rald Karsenti,<br \/><\/strong><span>SAP<\/span><\/p>\n<p style=\"padding-left: 30px\"><strong>Rapha\u00ebl Miolane,<br \/><\/strong><span>COURTEPAILLE<\/span><\/p>\n<p style=\"padding-left: 30px\"><strong>Dominique Schelcher,<br \/><\/strong><span>SYSTEME U<\/span><\/p>\n<p style=\"padding-left: 30px\"><strong>Nicolas Sterckx,<br \/><\/strong><span>Groupe WEBEDIA<\/span><\/p>\n<p>[\/et_pb_text][\/et_pb_column][et_pb_column type=&#8221;1_3&#8243; _builder_version=&#8221;4.16&#8243; custom_padding=&#8221;|1%||1%|false|false&#8221; global_colors_info=&#8221;{}&#8221;][et_pb_text admin_label=&#8221;Title&#8221; _builder_version=&#8221;4.16&#8243; text_font=&#8221;||||||||&#8221; header_font=&#8221;Prata||||||||&#8221; header_2_font=&#8221;Montserrat|700|||||||&#8221; header_2_text_align=&#8221;center&#8221; header_2_font_size=&#8221;32px&#8221; text_orientation=&#8221;center&#8221; width=&#8221;90%&#8221; module_alignment=&#8221;center&#8221; custom_margin=&#8221;-0.2%||||false|false&#8221; custom_padding=&#8221;|0px|||false|false&#8221; animation_style=&#8221;fade&#8221; animation_direction=&#8221;top&#8221; animation_duration=&#8221;1350ms&#8221; animation_starting_opacity=&#8221;100%&#8221; inline_fonts=&#8221;Prata,Montserrat&#8221; global_colors_info=&#8221;{}&#8221;]<\/p>\n<h2 style=\"text-align: center\"><span style=\"color: #002c3e;font-family: Montserrat\">Le Laureat<\/span><\/h2>\n<p>[\/et_pb_text][et_pb_image src=&#8221;https:\/\/www.eim.com\/fr\/wp-content\/uploads\/sites\/9\/2021\/10\/Bertrand-dumazy-laureat.jpg.png&#8221; alt=&#8221;Bertrand Dumazy-EIM KPMG-100 jours&#8221; title_text=&#8221;Bertrand dumazy laureat.jpg&#8221; align=&#8221;center&#8221; _builder_version=&#8221;4.16&#8243; max_width=&#8221;80%&#8221; module_alignment=&#8221;center&#8221; global_colors_info=&#8221;{}&#8221;][\/et_pb_image][et_pb_text _builder_version=&#8221;4.16&#8243; text_font=&#8221;||||||||&#8221; text_font_size=&#8221;16px&#8221; header_font=&#8221;||||||||&#8221; max_width=&#8221;80%&#8221; module_alignment=&#8221;center&#8221; custom_margin=&#8221;3%|0px|5%|0px|false|false&#8221; custom_padding=&#8221;|2%|0px|2%|false|false&#8221; animation_style=&#8221;flip&#8221; animation_direction=&#8221;left&#8221; animation_intensity_flip=&#8221;30%&#8221; animation_starting_opacity=&#8221;100%&#8221; global_colors_info=&#8221;{}&#8221;]<\/p>\n<div class=\"nom\" style=\"text-align: center\"><strong>Bertrand Dumazy<\/strong><br \/>Pr\u00e9sident directeur g\u00e9n\u00e9ral\u00a0 Edenred<\/div>\n<p style=\"text-align: center\">\n<p>[\/et_pb_text][\/et_pb_column][et_pb_column type=&#8221;1_3&#8243; _builder_version=&#8221;4.16&#8243; custom_padding=&#8221;|1%||1%|false|false&#8221; global_colors_info=&#8221;{}&#8221;][et_pb_video src=&#8221;https:\/\/www.youtube.com\/watch?v=g0f61UhlH1c&#038;list=PLYfA0yxuJMnUFLPqdvWFzfLUmFKtbahP1&#038;index=5&#038;t=0s&#8221; image_src=&#8221;https:\/\/www.eim.com\/fr\/wp-content\/uploads\/sites\/9\/2019\/10\/SR20191007-310-BD.jpg&#8221; thumbnail_overlay_color=&#8221;rgba(0,0,0,0.6)&#8221; _builder_version=&#8221;4.16&#8243; custom_margin=&#8221;55px|||||&#8221; custom_padding=&#8221;||5%||false|false&#8221; locked=&#8221;off&#8221; global_colors_info=&#8221;{}&#8221;][\/et_pb_video][\/et_pb_column][\/et_pb_row][et_pb_row _builder_version=&#8221;4.16&#8243; width=&#8221;90%&#8221; max_width=&#8221;1920px&#8221; module_alignment=&#8221;center&#8221; custom_margin=&#8221;||||false|false&#8221; custom_padding=&#8221;4px||||false|false&#8221; global_colors_info=&#8221;{}&#8221;][et_pb_column type=&#8221;4_4&#8243; _builder_version=&#8221;4.16&#8243; global_colors_info=&#8221;{}&#8221;][et_pb_text admin_label=&#8221;Title&#8221; _builder_version=&#8221;4.16&#8243; text_font=&#8221;||||||||&#8221; header_font=&#8221;Prata||||||||&#8221; header_2_font=&#8221;Montserrat|700|||||||&#8221; header_2_text_align=&#8221;center&#8221; header_2_font_size=&#8221;32px&#8221; text_orientation=&#8221;center&#8221; width=&#8221;90%&#8221; module_alignment=&#8221;center&#8221; custom_margin=&#8221;3.5%||2%||false|false&#8221; custom_padding=&#8221;|0px|||false|false&#8221; animation_style=&#8221;fade&#8221; animation_direction=&#8221;top&#8221; animation_duration=&#8221;1350ms&#8221; animation_starting_opacity=&#8221;100%&#8221; inline_fonts=&#8221;Prata,Montserrat&#8221; global_colors_info=&#8221;{}&#8221;]<\/p>\n<h2 style=\"text-align: center\"><span>\u00a0Le prix de l&#8217;int\u00e9gration :<\/span><\/h2>\n<p>[\/et_pb_text][\/et_pb_column][\/et_pb_row][et_pb_row column_structure=&#8221;1_3,1_3,1_3&#8243; _builder_version=&#8221;4.16&#8243; width=&#8221;90%&#8221; max_width=&#8221;1920px&#8221; module_alignment=&#8221;center&#8221; custom_margin=&#8221;||||false|false&#8221; custom_padding=&#8221;4px||||false|false&#8221; global_colors_info=&#8221;{}&#8221;][et_pb_column type=&#8221;1_3&#8243; _builder_version=&#8221;4.16&#8243; global_colors_info=&#8221;{}&#8221;][et_pb_text admin_label=&#8221;Title&#8221; _builder_version=&#8221;4.16&#8243; text_font=&#8221;||||||||&#8221; header_font=&#8221;Prata||||||||&#8221; header_2_font=&#8221;Montserrat|700|||||||&#8221; header_2_text_align=&#8221;center&#8221; header_2_font_size=&#8221;32px&#8221; text_orientation=&#8221;center&#8221; width=&#8221;90%&#8221; module_alignment=&#8221;center&#8221; custom_margin=&#8221;-0.2%||||false|false&#8221; custom_padding=&#8221;|0px|||false|false&#8221; animation_style=&#8221;fade&#8221; animation_direction=&#8221;top&#8221; animation_duration=&#8221;1350ms&#8221; animation_starting_opacity=&#8221;100%&#8221; inline_fonts=&#8221;Prata,Montserrat&#8221; global_colors_info=&#8221;{}&#8221;]<\/p>\n<h2 style=\"text-align: center\"><span style=\"color: #002c3e;font-family: Montserrat\"><strong>Les Nomines<\/strong><br \/>\n<\/span><\/h2>\n<p>[\/et_pb_text][et_pb_text _builder_version=&#8221;4.16&#8243; text_font=&#8221;||||||||&#8221; text_font_size=&#8221;16px&#8221; header_font=&#8221;||||||||&#8221; max_width=&#8221;80%&#8221; module_alignment=&#8221;center&#8221; custom_margin=&#8221;3%|0px|10%|0px|false|false&#8221; custom_padding=&#8221;|2%|0px|2%|false|false&#8221; animation_style=&#8221;flip&#8221; animation_direction=&#8221;left&#8221; animation_intensity_flip=&#8221;30%&#8221; animation_starting_opacity=&#8221;100%&#8221; global_colors_info=&#8221;{}&#8221;]<\/p>\n<p style=\"padding-left: 30px\"><strong>Philip Demeulemeester<\/strong><\/p>\n<p style=\"padding-left: 30px\">ALDI France\u00a0<\/p>\n<p style=\"padding-left: 30px\"><strong>Alexandre Falck,<br \/><\/strong><span>BUT<\/span><\/p>\n<p style=\"padding-left: 30px\"><strong>G\u00e9rald Karsenti,<br \/><\/strong><span>SAP<\/span><\/p>\n<p style=\"padding-left: 30px\"><strong>Rapha\u00ebl Miolane,<br \/><\/strong><span>COURTEPAILLE<\/span><\/p>\n<p style=\"padding-left: 30px\"><strong>Dominique Schelcher,<br \/><\/strong><span>SYSTEME U<\/span><\/p>\n<p style=\"padding-left: 30px\"><strong>Nicolas Sterckx,<br \/><\/strong><span>Groupe WEBEDIA<\/span><\/p>\n<p>[\/et_pb_text][\/et_pb_column][et_pb_column type=&#8221;1_3&#8243; _builder_version=&#8221;4.16&#8243; custom_padding=&#8221;|1%||1%|false|false&#8221; global_colors_info=&#8221;{}&#8221;][et_pb_text admin_label=&#8221;Title&#8221; _builder_version=&#8221;4.16&#8243; text_font=&#8221;||||||||&#8221; header_font=&#8221;Prata||||||||&#8221; header_2_font=&#8221;Montserrat|700|||||||&#8221; header_2_text_align=&#8221;center&#8221; header_2_font_size=&#8221;32px&#8221; text_orientation=&#8221;center&#8221; width=&#8221;90%&#8221; module_alignment=&#8221;center&#8221; custom_margin=&#8221;-0.2%||||false|false&#8221; custom_padding=&#8221;|0px|||false|false&#8221; animation_style=&#8221;fade&#8221; animation_direction=&#8221;top&#8221; animation_duration=&#8221;1350ms&#8221; animation_starting_opacity=&#8221;100%&#8221; inline_fonts=&#8221;Prata,Montserrat&#8221; global_colors_info=&#8221;{}&#8221;]<\/p>\n<h2 style=\"text-align: center\"><span style=\"color: #002c3e;font-family: Montserrat\">Le Laureat<\/span><\/h2>\n<p>[\/et_pb_text][et_pb_image src=&#8221;https:\/\/www.eim.com\/fr\/wp-content\/uploads\/sites\/9\/2021\/10\/Philip-Demeulemeester-laureat.png&#8221; alt=&#8221;Philip Demeulemeester &#8211; EIM KPMG &#8211; 100 jours&#8221; title_text=&#8221;Philip Demeulemeester laureat&#8221; align=&#8221;center&#8221; _builder_version=&#8221;4.16&#8243; max_width=&#8221;80%&#8221; module_alignment=&#8221;center&#8221; global_colors_info=&#8221;{}&#8221;][\/et_pb_image][et_pb_text _builder_version=&#8221;4.16&#8243; text_font=&#8221;||||||||&#8221; text_font_size=&#8221;16px&#8221; header_font=&#8221;||||||||&#8221; max_width=&#8221;80%&#8221; module_alignment=&#8221;center&#8221; custom_margin=&#8221;3%|-221px|5%|0px|false|false&#8221; custom_padding=&#8221;|2%|0px|2%|false|false&#8221; animation_style=&#8221;flip&#8221; animation_direction=&#8221;left&#8221; animation_intensity_flip=&#8221;30%&#8221; animation_starting_opacity=&#8221;100%&#8221; global_colors_info=&#8221;{}&#8221;]<\/p>\n<div class=\"nom\" style=\"text-align: center\"><strong>Philip Demeulemeester<\/strong><br \/>Pr\u00e9sident directeur g\u00e9n\u00e9ral<\/div>\n<div class=\"nom\" style=\"text-align: center\">ALDI France<\/div>\n<p style=\"text-align: center\">\n<p>[\/et_pb_text][\/et_pb_column][et_pb_column type=&#8221;1_3&#8243; _builder_version=&#8221;4.16&#8243; custom_padding=&#8221;|1%||1%|false|false&#8221; global_colors_info=&#8221;{}&#8221;][et_pb_video src=&#8221;https:\/\/www.youtube.com\/watch?v=g0f61UhlH1c&#038;list=PLYfA0yxuJMnUFLPqdvWFzfLUmFKtbahP1&#038;index=5&#038;t=0s&#8221; image_src=&#8221;https:\/\/www.eim.com\/fr\/wp-content\/uploads\/sites\/9\/2019\/10\/SR20191007-310-BD.jpg&#8221; thumbnail_overlay_color=&#8221;rgba(0,0,0,0.6)&#8221; _builder_version=&#8221;4.16&#8243; custom_margin=&#8221;55px|||||&#8221; custom_padding=&#8221;||5%||false|false&#8221; locked=&#8221;off&#8221; global_colors_info=&#8221;{}&#8221;][\/et_pb_video][\/et_pb_column][\/et_pb_row][\/et_pb_section][et_pb_section fb_built=&#8221;1&#8243; disabled_on=&#8221;on|on|on&#8221; admin_label=&#8221;Quote Section&#8221; _builder_version=&#8221;4.16&#8243; use_background_color_gradient=&#8221;on&#8221; background_color_gradient_direction=&#8221;105deg&#8221; background_color_gradient_stops=&#8221;#FFFFFF 55%|#FFFFFF 55%&#8221; background_color_gradient_overlays_image=&#8221;on&#8221; background_color_gradient_start=&#8221;#FFFFFF&#8221; background_color_gradient_start_position=&#8221;55%&#8221; background_color_gradient_end=&#8221;#FFFFFF&#8221; background_color_gradient_end_position=&#8221;0%&#8221; background_enable_image=&#8221;off&#8221; background_position=&#8221;bottom_center&#8221; custom_margin=&#8221;||||false|false&#8221; custom_padding=&#8221;||89px||false|false&#8221; bottom_divider_style=&#8221;slant&#8221; bottom_divider_color=&#8221;#ffffff&#8221; disabled=&#8221;on&#8221; saved_tabs=&#8221;all&#8221; global_colors_info=&#8221;{}&#8221;][et_pb_row _builder_version=&#8221;4.16&#8243; width=&#8221;90%&#8221; max_width=&#8221;1920px&#8221; module_alignment=&#8221;center&#8221; custom_margin=&#8221;||||false|false&#8221; custom_padding=&#8221;4px||||false|false&#8221; global_colors_info=&#8221;{}&#8221;][et_pb_column type=&#8221;4_4&#8243; _builder_version=&#8221;4.16&#8243; global_colors_info=&#8221;{}&#8221;][et_pb_text admin_label=&#8221;Title&#8221; _builder_version=&#8221;4.16&#8243; text_font=&#8221;||||||||&#8221; header_font=&#8221;Prata||||||||&#8221; header_2_font=&#8221;Montserrat|700|||||||&#8221; header_2_text_align=&#8221;center&#8221; header_2_font_size=&#8221;32px&#8221; text_orientation=&#8221;center&#8221; width=&#8221;90%&#8221; module_alignment=&#8221;center&#8221; custom_margin=&#8221;3.5%||2%||false|false&#8221; custom_padding=&#8221;|0px|||false|false&#8221; animation_style=&#8221;fade&#8221; animation_direction=&#8221;top&#8221; animation_duration=&#8221;1350ms&#8221; animation_starting_opacity=&#8221;100%&#8221; inline_fonts=&#8221;Prata,Montserrat&#8221; global_colors_info=&#8221;{}&#8221;]<\/p>\n<h2 style=\"text-align: center\"><span style=\"color: #002c3e;font-family: Montserrat\">Prix sp\u00e9cial du jury<\/span><\/h2>\n<p>[\/et_pb_text][\/et_pb_column][\/et_pb_row][et_pb_row column_structure=&#8221;1_3,1_3,1_3&#8243; _builder_version=&#8221;4.16&#8243; width=&#8221;90%&#8221; max_width=&#8221;1920px&#8221; module_alignment=&#8221;center&#8221; custom_margin=&#8221;||||false|false&#8221; custom_padding=&#8221;4px||||false|false&#8221; global_colors_info=&#8221;{}&#8221;][et_pb_column type=&#8221;1_3&#8243; _builder_version=&#8221;4.16&#8243; global_colors_info=&#8221;{}&#8221;][et_pb_text _builder_version=&#8221;4.16&#8243; text_font=&#8221;||||||||&#8221; text_font_size=&#8221;16px&#8221; header_font=&#8221;||||||||&#8221; max_width=&#8221;80%&#8221; module_alignment=&#8221;center&#8221; custom_margin=&#8221;3%|0px|10%|0px|false|false&#8221; custom_padding=&#8221;|2%|0px|2%|false|false&#8221; animation_style=&#8221;flip&#8221; animation_direction=&#8221;left&#8221; animation_intensity_flip=&#8221;30%&#8221; animation_starting_opacity=&#8221;100%&#8221; global_colors_info=&#8221;{}&#8221;]<\/p>\n<p style=\"padding-left: 30px\"><span>\u00c9lisabeth Moreno, Ministre d\u00e9l\u00e9gu\u00e9e aupr\u00e8s du Premier ministre, charg\u00e9e de l&#8217;Egalit\u00e9 entre les femmes et les hommes, de la Diversit\u00e9 et de l&#8217;Egalit\u00e9 des chances et ancienne CEO de Lenovo France re\u00e7oit le prix sp\u00e9cial du jury : le prix de la trajectoire.<\/span><\/p>\n<p>[\/et_pb_text][\/et_pb_column][et_pb_column type=&#8221;1_3&#8243; _builder_version=&#8221;4.16&#8243; custom_padding=&#8221;|1%||1%|false|false&#8221; global_colors_info=&#8221;{}&#8221;][et_pb_text admin_label=&#8221;Title&#8221; _builder_version=&#8221;4.16&#8243; text_font=&#8221;||||||||&#8221; header_font=&#8221;Prata||||||||&#8221; header_2_font=&#8221;Montserrat|700|||||||&#8221; header_2_text_align=&#8221;center&#8221; header_2_font_size=&#8221;32px&#8221; text_orientation=&#8221;center&#8221; width=&#8221;90%&#8221; module_alignment=&#8221;center&#8221; custom_margin=&#8221;-0.2%||||false|false&#8221; custom_padding=&#8221;|0px|||false|false&#8221; animation_style=&#8221;fade&#8221; animation_direction=&#8221;top&#8221; animation_duration=&#8221;1350ms&#8221; animation_starting_opacity=&#8221;100%&#8221; inline_fonts=&#8221;Prata,Montserrat&#8221; global_colors_info=&#8221;{}&#8221;]<\/p>\n<h2 style=\"text-align: center\"><span style=\"color: #002c3e;font-family: Montserrat\">Le Laureat<\/span><\/h2>\n<p>[\/et_pb_text][et_pb_image src=&#8221;https:\/\/www.eim.com\/fr\/wp-content\/uploads\/sites\/9\/2021\/10\/Elisabeth-Moreno-LAUREAT.png&#8221; alt=&#8221;Elisabeth Moreno EIM KPMG &#8211; 100 jours&#8221; title_text=&#8221;Elisabeth Moreno LAUREAT&#8221; align=&#8221;center&#8221; _builder_version=&#8221;4.16&#8243; max_width=&#8221;80%&#8221; module_alignment=&#8221;center&#8221; global_colors_info=&#8221;{}&#8221;][\/et_pb_image][et_pb_text _builder_version=&#8221;4.16&#8243; text_font=&#8221;||||||||&#8221; text_font_size=&#8221;16px&#8221; header_font=&#8221;||||||||&#8221; max_width=&#8221;80%&#8221; module_alignment=&#8221;center&#8221; custom_margin=&#8221;3%|0px|5%|0px|false|false&#8221; custom_padding=&#8221;|2%|0px|2%|false|false&#8221; animation_style=&#8221;flip&#8221; animation_direction=&#8221;left&#8221; animation_intensity_flip=&#8221;30%&#8221; animation_starting_opacity=&#8221;100%&#8221; global_colors_info=&#8221;{}&#8221;]<\/p>\n<div class=\"nom\" style=\"text-align: center\"><strong>\u00c9lisabeth Moreno<\/strong><br \/>Ministre d\u00e9l\u00e9gu\u00e9e aupr\u00e8s du premier ministre<\/div>\n<p>[\/et_pb_text][\/et_pb_column][et_pb_column type=&#8221;1_3&#8243; _builder_version=&#8221;4.16&#8243; custom_padding=&#8221;|1%||1%|false|false&#8221; global_colors_info=&#8221;{}&#8221;][et_pb_video src=&#8221;https:\/\/www.youtube.com\/watch?v=ViUG5VLkGZo&#038;list=PLYfA0yxuJMnUFLPqdvWFzfLUmFKtbahP1&#038;index=2&#038;t=0s&#8221; image_src=&#8221;https:\/\/www.eim.com\/fr\/wp-content\/uploads\/sites\/9\/2019\/10\/SR20191007-333-BD.jpg&#8221; thumbnail_overlay_color=&#8221;rgba(0,0,0,0.6)&#8221; _builder_version=&#8221;4.16&#8243; custom_margin=&#8221;55px||||false|false&#8221; custom_padding=&#8221;||5%||false|false&#8221; locked=&#8221;off&#8221; global_colors_info=&#8221;{}&#8221;][\/et_pb_video][\/et_pb_column][\/et_pb_row][\/et_pb_section][et_pb_section fb_built=&#8221;1&#8243; disabled_on=&#8221;on|on|on&#8221; admin_label=&#8221;Quote Section&#8221; _builder_version=&#8221;4.16&#8243; background_color=&#8221;#002c3e&#8221; background_color_gradient_direction=&#8221;105deg&#8221; background_image=&#8221;https:\/\/eimworld.wpengine.com\/fr\/wp-content\/uploads\/sites\/9\/2019\/10\/SR20191007-001-BD.jpg&#8221; background_position=&#8221;center_right&#8221; custom_margin=&#8221;||||false|false&#8221; custom_padding=&#8221;||363px|||&#8221; top_divider_style=&#8221;slant&#8221; top_divider_color=&#8221;#ffffff&#8221; top_divider_flip=&#8221;horizontal|vertical&#8221; bottom_divider_style=&#8221;slant&#8221; bottom_divider_color=&#8221;#FFFFFF&#8221; bottom_divider_flip=&#8221;horizontal&#8221; disabled=&#8221;on&#8221; saved_tabs=&#8221;all&#8221; global_colors_info=&#8221;{}&#8221;][et_pb_row _builder_version=&#8221;4.16&#8243; max_width=&#8221;1280px&#8221; custom_margin=&#8221;|||auto|false|false&#8221; custom_padding=&#8221;||||false|false&#8221; global_colors_info=&#8221;{}&#8221;][et_pb_column type=&#8221;4_4&#8243; _builder_version=&#8221;4.16&#8243; global_colors_info=&#8221;{}&#8221;][\/et_pb_column][\/et_pb_row][\/et_pb_section][et_pb_section fb_built=&#8221;1&#8243; next_background_color=&#8221;#002C3E&#8221; disabled_on=&#8221;off|off|off&#8221; admin_label=&#8221;Quote Section&#8221; _builder_version=&#8221;4.16&#8243; background_color=&#8221;#ffffff&#8221; background_color_gradient_direction=&#8221;105deg&#8221; background_enable_image=&#8221;off&#8221; custom_margin=&#8221;0px||||false|false&#8221; custom_padding=&#8221;||0px|||&#8221; top_divider_color=&#8221;#e8e8e8&#8243; top_divider_flip=&#8221;horizontal&#8221; bottom_divider_style=&#8221;slant&#8221; saved_tabs=&#8221;all&#8221; global_colors_info=&#8221;{}&#8221;][et_pb_row column_structure=&#8221;1_2,1_2&#8243; _builder_version=&#8221;4.16&#8243; max_width=&#8221;1280px&#8221; custom_margin=&#8221;|||auto|false|false&#8221; custom_padding=&#8221;||60px||false|false&#8221; global_colors_info=&#8221;{}&#8221;][et_pb_column type=&#8221;1_2&#8243; _builder_version=&#8221;4.16&#8243; global_colors_info=&#8221;{}&#8221;][et_pb_image src=&#8221;https:\/\/eimworld.wpengine.com\/fr\/wp-content\/uploads\/sites\/9\/2019\/10\/file-300&#215;132.jpg&#8221; align=&#8221;center&#8221; _builder_version=&#8221;4.16&#8243; width=&#8221;230px&#8221; max_width=&#8221;230px&#8221; global_colors_info=&#8221;{}&#8221;][\/et_pb_image][et_pb_text _builder_version=&#8221;4.16&#8243; text_font=&#8221;||||||||&#8221; text_font_size=&#8221;16px&#8221; header_font=&#8221;||||||||&#8221; max_width=&#8221;90%&#8221; module_alignment=&#8221;center&#8221; custom_margin=&#8221;||10%||false|false&#8221; custom_padding=&#8221;|2%||2%|false|false&#8221; animation_style=&#8221;flip&#8221; animation_direction=&#8221;left&#8221; animation_intensity_flip=&#8221;30%&#8221; animation_starting_opacity=&#8221;100%&#8221; global_colors_info=&#8221;{}&#8221;]<\/p>\n<p style=\"text-align: justify;\"><span>Leader de l\u2019Audit et du Conseil, KPMG France r\u00e9unit 10 000 professionnels engag\u00e9s \u00e0 agir pour une nouvelle prosp\u00e9rit\u00e9, au service des entreprises, entrepreneurs et organisations de toute taille. 100 ans apr\u00e8s sa cr\u00e9ation, KPMG France devient en 2022 soci\u00e9t\u00e9 \u00e0 mission avec pour raison d\u2019\u00eatre d\u2019\u0153uvrer et d\u2019innover avec passion pour b\u00e2tir la confiance, allier performance et responsabilit\u00e9, faire grandir les talents au c\u0153ur de l\u2019\u00e9conomie, des territoires et de la soci\u00e9t\u00e9. KPMG apporte \u00e0 ses clients la puissance d\u2019un r\u00e9seau mondial pluridisciplinaire dans 144 pays et se singularise par son maillage territorial gr\u00e2ce \u00e0 ses 200 bureaux en France.<br \/>AUDIT \u2013 CONSEIL \u2013 EXPERTISE COMPTABLE \u2013 DROIT ET FISCALITE.<\/span><\/p>\n<p>[\/et_pb_text][\/et_pb_column][et_pb_column type=&#8221;1_2&#8243; _builder_version=&#8221;4.16&#8243; global_colors_info=&#8221;{}&#8221;][et_pb_image src=&#8221;https:\/\/eimworld.wpengine.com\/fr\/wp-content\/uploads\/sites\/9\/2019\/10\/unnamed.png&#8221; align=&#8221;center&#8221; _builder_version=&#8221;4.16&#8243; width=&#8221;230px&#8221; max_width=&#8221;230px&#8221; module_alignment=&#8221;center&#8221; global_colors_info=&#8221;{}&#8221;][\/et_pb_image][et_pb_text _builder_version=&#8221;4.16&#8243; text_font=&#8221;||||||||&#8221; text_font_size=&#8221;16px&#8221; header_font=&#8221;||||||||&#8221; max_width=&#8221;90%&#8221; module_alignment=&#8221;center&#8221; min_height=&#8221;250px&#8221; custom_margin=&#8221;-4px||10%||false|false&#8221; custom_padding=&#8221;|2%||2%|false|false&#8221; animation_style=&#8221;flip&#8221; animation_direction=&#8221;left&#8221; animation_intensity_flip=&#8221;30%&#8221; animation_starting_opacity=&#8221;100%&#8221; global_colors_info=&#8221;{}&#8221;]<\/p>\n<p style=\"text-align: justify;\"><span>Fond\u00e9 en 1989 par Egon Zehnder, EIM a invent\u00e9 le concept de management de transition aux Pays-Bas, puis l\u2019a d\u00e9ploy\u00e9 en France, en Europe, et dans le monde. Avec un vivier qualifi\u00e9 de\u00a0<\/span><span>managers hautement sp\u00e9cialis\u00e9s par secteur d\u2019activit\u00e9 et par typologie d\u2019intervention en France et \u00e0 l\u2019international, EIM aide les entreprises \u00e0 trouver en extr\u00eame urgence des cadres ou\u00a0<\/span><span>dirigeants d\u2019exception.<\/span><br \/><span>En plus de 30 ans, plus de 10 000 missions ont \u00e9t\u00e9 men\u00e9es dans des d\u00e9lais record, faisant d\u2019EIM le leader europ\u00e9en du management de transition, avec 30 bureaux implant\u00e9s dans 25 pays.<\/span><\/p>\n<p>[\/et_pb_text][\/et_pb_column][\/et_pb_row][\/et_pb_section][et_pb_section fb_built=&#8221;1&#8243; _builder_version=&#8221;4.16&#8243; background_color=&#8221;#002C3E&#8221; min_height=&#8221;415px&#8221; custom_margin=&#8221;||||false|false&#8221; custom_padding=&#8221;0px||||false|false&#8221; top_divider_color=&#8221;#ffffff&#8221; top_divider_flip=&#8221;vertical&#8221; bottom_divider_color=&#8221;#ffffff&#8221; bottom_divider_flip=&#8221;horizontal&#8221; saved_tabs=&#8221;all&#8221; global_colors_info=&#8221;{}&#8221;][et_pb_row _builder_version=&#8221;4.16&#8243; custom_padding=&#8221;64px|||||&#8221; global_colors_info=&#8221;{}&#8221;][et_pb_column type=&#8221;4_4&#8243; _builder_version=&#8221;4.16&#8243; global_colors_info=&#8221;{}&#8221;][et_pb_text admin_label=&#8221;Title&#8221; _builder_version=&#8221;4.16&#8243; text_font=&#8221;||||||||&#8221; text_text_color=&#8221;#ffffff&#8221; header_font=&#8221;Prata||||||||&#8221; header_2_font=&#8221;Montserrat|700|||||||&#8221; header_2_text_align=&#8221;center&#8221; header_2_font_size=&#8221;30px&#8221; custom_margin=&#8221;||5px|&#8221; custom_padding=&#8221;||0px|||&#8221; animation_style=&#8221;fade&#8221; animation_direction=&#8221;top&#8221; animation_duration=&#8221;1350ms&#8221; animation_starting_opacity=&#8221;100%&#8221; inline_fonts=&#8221;Prata,Montserrat&#8221; global_colors_info=&#8221;{}&#8221;]<\/p>\n<h3 style=\"text-align: center\"><span style=\"font-family: Montserrat;color: #ffffff\"><br \/>\nPrenez contact avec nous<\/span><\/h3>\n<p>[\/et_pb_text][\/et_pb_column][\/et_pb_row][et_pb_row column_structure=&#8221;1_5,3_5,1_5&#8243; _builder_version=&#8221;4.16&#8243; custom_padding=&#8221;0px|||||&#8221; global_colors_info=&#8221;{}&#8221;][et_pb_column type=&#8221;1_5&#8243; _builder_version=&#8221;4.16&#8243; global_colors_info=&#8221;{}&#8221;][\/et_pb_column][et_pb_column type=&#8221;3_5&#8243; _builder_version=&#8221;4.16&#8243; global_colors_info=&#8221;{}&#8221;][et_pb_text _builder_version=&#8221;4.16&#8243; global_colors_info=&#8221;{}&#8221;]<\/p>\n<p style=\"text-align: center\"><span style=\"color: #ffffff\">Vous souhaitez en savoir plus et entrer en relation avec un conseiller EIM.<\/span><\/p>\n<p>[\/et_pb_text][et_pb_button button_url=&#8221;@ET-DC@eyJkeW5hbWljIjp0cnVlLCJjb250ZW50IjoicG9zdF9saW5rX3VybF9wYWdlIiwic2V0dGluZ3MiOnsicG9zdF9pZCI6IjM0OCJ9fQ==@&#8221; button_text=&#8221;CONTACTEZ-NOUS&#8221; button_alignment=&#8221;center&#8221; _builder_version=&#8221;4.16&#8243; _dynamic_attributes=&#8221;button_url&#8221; background_layout=&#8221;dark&#8221; global_colors_info=&#8221;{}&#8221;][\/et_pb_button][\/et_pb_column][et_pb_column type=&#8221;1_5&#8243; _builder_version=&#8221;4.16&#8243; global_colors_info=&#8221;{}&#8221;][\/et_pb_column][\/et_pb_row][\/et_pb_section]<\/p>\n","protected":false},"excerpt":{"rendered":"<p>Prix des 100 jours EIM &#8211; KPMG<\/p>\n","protected":false},"author":133,"featured_media":14401,"parent":0,"menu_order":0,"comment_status":"closed","ping_status":"closed","template":"","meta":{"_et_pb_use_builder":"on","_et_pb_old_content":"[et_pb_section fb_built=\"1\" admin_label=\"Hero Section\" _builder_version=\"3.27.4\" use_background_color_gradient=\"on\" background_color_gradient_start=\"rgba(0,0,0,0.4)\" background_color_gradient_end=\"rgba(0,0,0,0.4)\" background_color_gradient_overlays_image=\"on\" background_image=\"https:\/\/eimworld.wpengine.com\/wp-content\/uploads\/2019\/10\/startup-1.jpeg\" height=\"520px\" custom_padding=\"6%||0%|||\" bottom_divider_style=\"slant\" bottom_divider_color=\"#ffffff\" bottom_divider_height=\"150px\" bottom_divider_flip=\"horizontal\" saved_tabs=\"all\" fb_built=\"1\" background_color_gradient_direction__hover=\"180deg\" background_color_gradient_direction__hover_enabled=\"180deg\" background_color_gradient_start_position__hover=\"0%\" background_color_gradient_start_position__hover_enabled=\"0%\" background_color_gradient_end_position__hover=\"100%\" background_color_gradient_end_position__hover_enabled=\"100%\" _i=\"0\" _address=\"0\"][et_pb_row admin_label=\"Page Title Area\" _builder_version=\"3.27.4\" width=\"100%\" max_width=\"2560px\" module_alignment=\"center\" custom_margin=\"-2%|auto|0px|auto|false|false\" custom_padding=\"0px|||||\" _i=\"0\" _address=\"0.0\"][et_pb_column type=\"4_4\" _builder_version=\"3.25\" custom_padding=\"|||\" _i=\"0\" _address=\"0.0.0\" custom_padding__hover=\"|||\"][et_pb_text admin_label=\"Hero Section Title\" _builder_version=\"3.27.4\" text_font=\"Montserrat|800|||||||\" text_font_size=\"18px\" text_line_height=\"1.3em\" text_text_shadow_style=\"preset1\" text_text_shadow_horizontal_length=\"0.38em\" header_font=\"Montserrat|700|||||||\" header_font_size=\"56px\" header_letter_spacing=\"3px\" header_line_height=\"1.1em\" header_2_font=\"Montserrat|700|||||||\" header_2_text_color=\"rgba(255,255,255,0.6)\" header_2_font_size=\"90px\" header_2_letter_spacing=\"3px\" header_2_line_height=\"1.1em\" text_orientation=\"center\" background_layout=\"dark\" max_width=\"700px\" module_alignment=\"center\" custom_margin=\"0px||0px||false|false\" animation_style=\"fade\" animation_direction=\"bottom\" animation_duration=\"1350ms\" header_font_size_phone=\"28px\" header_font_size_last_edited=\"on|phone\" header_2_font_size_phone=\"50px\" header_2_font_size_last_edited=\"on|phone\" inline_fonts=\"Prata,Montserrat\" _i=\"0\" _address=\"0.0.0.0\"]\n<h1><strong>Startups<\/strong><\/h1>\n[\/et_pb_text][\/et_pb_column][\/et_pb_row][\/et_pb_section][et_pb_section fb_built=\"1\" _builder_version=\"3.27.4\" min_height=\"0px\" custom_margin=\"||-4px||false|false\" custom_padding=\"0%||0%||true|false\" saved_tabs=\"all\" fb_built=\"1\" _i=\"1\" _address=\"1\"][et_pb_row disabled_on=\"off|off|off\" admin_label=\"Title Area\" _builder_version=\"3.27.4\" background_color=\"rgba(0,0,0,0)\" module_alignment=\"center\" custom_margin=\"||||false|false\" custom_padding=\"0px|0px|0px|0px|false|false\" _i=\"0\" _address=\"1.0\"][et_pb_column type=\"4_4\" _builder_version=\"3.25\" custom_padding=\"|||\" _i=\"0\" _address=\"1.0.0\" custom_padding__hover=\"|||\"][et_pb_text admin_label=\"Title\" _builder_version=\"3.27.4\" text_font=\"||||||||\" header_font=\"Prata||||||||\" header_2_font=\"Montserrat|700|||||||\" header_2_text_align=\"center\" header_2_font_size=\"32px\" width=\"80%\" max_width=\"80%\" module_alignment=\"center\" custom_margin=\"10%||||false|false\" custom_padding=\"||||false|false\" animation_style=\"fade\" animation_direction=\"top\" animation_duration=\"1350ms\" animation_starting_opacity=\"100%\" inline_fonts=\"Prata,Montserrat\" _i=\"0\" _address=\"1.0.0.0\"]\n<h2 style=\"text-align: center;\"><span color=\"#002c3e\" face=\"Montserrat\" style=\"color: #002c3e; font-family: Montserrat;\"><strong>Startups \u2013 Responsibilities of the 1% <\/strong>\n<\/span><\/h2>\n[\/et_pb_text][et_pb_text _builder_version=\"3.27.4\" text_font=\"||||||||\" text_font_size=\"16px\" header_font=\"||||||||\" text_orientation=\"justified\" width=\"90%\" module_alignment=\"center\" custom_margin=\"3%|2px|5%|0px|false|false\" custom_padding=\"|2%|0px|2%|false|false\" animation_style=\"flip\" animation_direction=\"left\" animation_intensity_flip=\"30%\" animation_starting_opacity=\"100%\" _i=\"1\" _address=\"1.0.0.1\"]\n\nYou belong to the 1% of founders whose startup is a huge success?\n\nCongratulations. That\u2019s an enormous achievement. There are probably two types of successful founders: The ones who couldn\u2019t be bothered reading this, and the ones who feel that:\n<ol>\n \t<li>&nbsp;<strong>with success comes responsibility<\/strong> (for your employees, investors, clients, etc.), and<\/li>\n \t<li>&nbsp;<strong>growing (too) fast creates<\/strong> a whole new situation with <strong>new challenges<\/strong>.<\/li>\n<\/ol>\nYes, growth is the ideal state of every business, but as Marshall Goldsmith put it, \u201cwhat got you here, won\u2019t get you there\u201d. Here are some of the issues created by growing (too) fast, and why interim management can also be a great solution for startups:\n\n[\/et_pb_text][\/et_pb_column][\/et_pb_row][\/et_pb_section][et_pb_section fb_built=\"1\" prev_background_color=\"#ffffff\" disabled_on=\"on|on|off\" admin_label=\"Quote Section\" _builder_version=\"3.27.4\" use_background_color_gradient=\"on\" background_color_gradient_start=\"rgba(0,0,0,0)\" background_color_gradient_end=\"#002c3e\" background_color_gradient_direction=\"105deg\" background_color_gradient_start_position=\"45%\" background_color_gradient_end_position=\"0%\" background_color_gradient_overlays_image=\"on\" background_image=\"https:\/\/eimworld.wpengine.com\/wp-content\/uploads\/2019\/10\/startup-2-1-4.jpg\" width=\"100%\" max_width=\"100%\" min_height=\"80%\" height=\"80%\" custom_margin=\"0px||-3px||false|false\" custom_padding=\"54px||0px||false|false\" top_divider_style=\"slant\" top_divider_height=\"87px\" top_divider_flip=\"horizontal\" bottom_divider_style=\"slant\" bottom_divider_color=\"#e8e8e8\" bottom_divider_height=\"102px\" saved_tabs=\"all\" fb_built=\"1\" _i=\"2\" _address=\"2\"][et_pb_row column_structure=\"2_5,3_5\" _builder_version=\"3.27.4\" width=\"100%\" max_width=\"1920px\" min_height=\"576px\" custom_margin=\"||||false|false\" custom_padding=\"50px||||false|false\" _i=\"0\" _address=\"2.0\"][et_pb_column type=\"2_5\" _builder_version=\"3.27.4\" _i=\"0\" _address=\"2.0.0\"][et_pb_text _builder_version=\"3.27.4\" text_font=\"|700|||||||\" text_text_color=\"#ffffff\" text_font_size=\"43px\" text_line_height=\"1em\" text_text_shadow_style=\"preset1\" custom_margin=\"47.7%|||51px|false|false\" custom_padding=\"|0px||||\" _i=\"0\" _address=\"2.0.0.0\"]\n<p style=\"text-align: center;\"><em>\"What got you here,\nwon't get you there\"<\/em><\/p>\n[\/et_pb_text][\/et_pb_column][et_pb_column type=\"3_5\" _builder_version=\"3.27.4\" custom_padding=\"|1%||1%|false|false\" _i=\"1\" _address=\"2.0.1\"][et_pb_text _builder_version=\"3.27.4\" text_font=\"|700|||||||\" text_text_color=\"#ffffff\" text_font_size=\"30px\" text_line_height=\"1em\" width=\"70%\" module_alignment=\"center\" custom_margin=\"0.1%|||83px|false|false\" custom_padding=\"|0px||||\" _i=\"0\" _address=\"2.0.1.0\"]\n<p style=\"text-align: center;\">Inefficiency due to lack of&nbsp;business process management:<\/p>\n[\/et_pb_text][et_pb_text _builder_version=\"3.27.4\" text_font=\"||||||||\" text_text_color=\"#ffffff\" text_font_size=\"16px\" header_font=\"||||||||\" text_orientation=\"justified\" width=\"80%\" module_alignment=\"center\" custom_margin=\"3%|2px|10%|30px|false|false\" custom_padding=\"|2%|0px|2%|false|false\" animation_style=\"flip\" animation_direction=\"left\" animation_intensity_flip=\"30%\" animation_starting_opacity=\"100%\" _i=\"1\" _address=\"2.0.1.1\"]\n\nIn the <strong>beginning<\/strong>, you relied on a few allrounders, and your motto might have been something like \u201c<em><strong>just do<\/strong><\/em>\u201d, or \u201c<em>do, fail, learn, repeat<\/em>\u201d.\n\nIf you\u2019re lucky, the learnings have been documented somewhere in the cloud. Now, this might become <strong>the biggest obstacle<\/strong> in the way of achieving the necessary efficiency, which requires sharing tasks amongst specialists.\n\nTo make this possible, you\u2019ll first need to document as well as <strong>standardise processes<\/strong>, and ensure that information is <strong>shared amongst the team<\/strong> \u2013 in an organised way. Only then will you be able to formulate roles and manifest them by training your employees accordingly.\n\nHowever, can you really afford to work on the business, while you don\u2019t even have enough people to work in the business? An <strong>interim manager<\/strong> who <strong>has done this before<\/strong> and knows how processes are managed in bigger businesses might be <a href=\"https:\/\/eimworld.wpengine.com\/business-transformation\/\">the perfect solution<\/a> in this scenario.\n\n[\/et_pb_text][\/et_pb_column][\/et_pb_row][\/et_pb_section][et_pb_section fb_built=\"1\" prev_background_color=\"#ffffff\" disabled_on=\"off|off|on\" admin_label=\"Quote Section\" _builder_version=\"3.27.4\" use_background_color_gradient=\"on\" background_color_gradient_start=\"#002c3e\" background_color_gradient_end=\"#002c3e\" background_color_gradient_direction=\"105deg\" background_color_gradient_start_position=\"55%\" background_color_gradient_end_position=\"0%\" background_color_gradient_overlays_image=\"on\" background_enable_image=\"off\" background_position=\"bottom_center\" custom_margin=\"0px||0px||false|false\" custom_padding=\"7px||89px|||\" top_divider_style=\"slant\" top_divider_flip=\"vertical\" bottom_divider_style=\"none\" bottom_divider_color=\"#e8e8e8\" saved_tabs=\"all\" fb_built=\"1\" _i=\"3\" _address=\"3\" background_color_gradient_end_preview=\"#002c3e\"][et_pb_row admin_label=\"Title Area\" _builder_version=\"3.27.4\" background_color=\"rgba(0,0,0,0)\" module_alignment=\"center\" custom_margin=\"||||false|false\" custom_padding=\"109px||27px||false|false\" _i=\"0\" _address=\"3.0\"][et_pb_column type=\"4_4\" _builder_version=\"3.25\" custom_padding=\"|||\" _i=\"0\" _address=\"3.0.0\" custom_padding__hover=\"|||\"][et_pb_text _builder_version=\"3.27.4\" text_font=\"|700|||||||\" text_text_color=\"#ffffff\" text_font_size=\"30px\" text_line_height=\"1em\" width=\"70%\" module_alignment=\"center\" custom_margin=\"0.1%|||83px|false|false\" custom_padding=\"|0px||||\" _i=\"0\" _address=\"3.0.0.0\"]\n<p style=\"text-align: center;\">Inefficiency due to lack of&nbsp;business process management:<\/p>\n[\/et_pb_text][\/et_pb_column][\/et_pb_row][et_pb_row _builder_version=\"3.27.4\" _i=\"1\" _address=\"3.1\"][et_pb_column type=\"4_4\" _builder_version=\"3.27.4\" _i=\"0\" _address=\"3.1.0\"][et_pb_text _builder_version=\"3.27.4\" text_font=\"||||||||\" text_text_color=\"#ffffff\" text_font_size=\"16px\" header_font=\"||||||||\" text_orientation=\"justified\" width=\"80%\" module_alignment=\"center\" custom_margin=\"3%|2px|5%|30px|false|false\" custom_padding=\"|2%|0px|2%|false|false\" animation_style=\"flip\" animation_direction=\"left\" animation_intensity_flip=\"30%\" animation_starting_opacity=\"100%\" _i=\"0\" _address=\"3.1.0.0\"]In the <strong>beginning<\/strong>, you relied on a few allrounders, and your motto might have been something like \u201c<em><strong>just do<\/strong><\/em>\u201d, or \u201c<em>do, fail, learn, repeat<\/em>\u201d.\n\nIf you\u2019re lucky, the learnings have been documented somewhere in the cloud. Now, this might become <strong>the biggest obstacle<\/strong> in the way of achieving the necessary efficiency, which requires sharing tasks amongst specialists.\n\nTo make this possible, you\u2019ll first need to document as well as <strong>standardise processes<\/strong>, and ensure that information is <strong>shared amongst the team<\/strong> \u2013 in an organised way. Only then will you be able to formulate roles and manifest them by training your employees accordingly.\n\nHowever, can you really afford to work on the business, while you don\u2019t even have enough people to work in the business? An <strong>interim manager<\/strong> who <strong>has done this before<\/strong> and knows how processes are managed in bigger businesses might be <a href=\"https:\/\/eimworld.wpengine.com\/business-transformation\/\">the perfect solution<\/a> in this scenario.[\/et_pb_text][\/et_pb_column][\/et_pb_row][\/et_pb_section][et_pb_section fb_built=\"1\" disabled_on=\"off|off|on\" admin_label=\"Quote Section\" _builder_version=\"3.27.4\" use_background_color_gradient=\"on\" background_color_gradient_start=\"rgba(0,0,0,0)\" background_color_gradient_end=\"rgba(0,0,0,0)\" background_color_gradient_direction=\"105deg\" background_color_gradient_start_position=\"55%\" background_color_gradient_end_position=\"0%\" background_color_gradient_overlays_image=\"on\" background_image=\"https:\/\/eimworld.wpengine.com\/wp-content\/uploads\/2019\/10\/startup-2-1-1.jpg\" custom_margin=\"0px||0px||false|false\" custom_padding=\"7px||335px|||\" top_divider_style=\"slant\" top_divider_color=\"#002c3e\" bottom_divider_style=\"slant\" bottom_divider_color=\"#e8e8e8\" saved_tabs=\"all\" fb_built=\"1\" _i=\"4\" _address=\"4\" background_color_gradient_end_preview=\"#002c3e\"][\/et_pb_section][et_pb_section fb_built=\"1\" admin_label=\"Quote Section\" _builder_version=\"3.27.4\" use_background_color_gradient=\"on\" background_color_gradient_start=\"#E8E8E8\" background_color_gradient_end=\"#e8e8e8\" background_color_gradient_direction=\"105deg\" background_color_gradient_start_position=\"55%\" background_color_gradient_end_position=\"0%\" background_color_gradient_overlays_image=\"on\" background_enable_image=\"off\" background_position=\"bottom_center\" custom_margin=\"0px||-3px||false|false\" custom_padding=\"0px||89px||false|false\" bottom_divider_color=\"#ffffff\" saved_tabs=\"all\" fb_built=\"1\" _i=\"5\" _address=\"5\" background_color_gradient_end_preview=\"#e8e8e8\"][et_pb_row admin_label=\"Title Area\" _builder_version=\"3.27.4\" background_color=\"rgba(0,0,0,0)\" width=\"100%\" module_alignment=\"center\" custom_margin=\"0px|auto||auto|false|false\" custom_padding=\"||27px||false|false\" _i=\"0\" _address=\"5.0\"][et_pb_column type=\"4_4\" _builder_version=\"3.25\" custom_padding=\"|||\" _i=\"0\" _address=\"5.0.0\" custom_padding__hover=\"|||\"][et_pb_text admin_label=\"Title\" _builder_version=\"3.27.4\" text_font=\"||||||||\" header_font=\"Prata||||||||\" header_2_font=\"Montserrat|700|||||||\" header_2_text_align=\"center\" header_2_font_size=\"32px\" text_orientation=\"center\" width=\"70%\" module_alignment=\"center\" custom_margin=\"2.4%|-7px|1px|-181px|false|false\" custom_padding=\"|0px||0px|false|false\" animation_style=\"fade\" animation_direction=\"top\" animation_duration=\"1350ms\" animation_starting_opacity=\"100%\" inline_fonts=\"Prata,Montserrat\" _i=\"0\" _address=\"5.0.0.0\"]\n<h2 style=\"text-align: center;\"><span color=\"#002c3e\" face=\"Montserrat\" style=\"color: #002c3e; font-family: Montserrat;\"><strong>Hiring the wrong people too quickly while losing talent<\/strong>\n<\/span><\/h2>\n[\/et_pb_text][\/et_pb_column][\/et_pb_row][et_pb_row column_structure=\"1_2,1_2\" _builder_version=\"3.27.4\" _i=\"1\" _address=\"5.1\"][et_pb_column type=\"1_2\" _builder_version=\"3.27.4\" _i=\"0\" _address=\"5.1.0\"][et_pb_text _builder_version=\"3.27.4\" text_font=\"||||||||\" text_font_size=\"16px\" header_font=\"||||||||\" max_width=\"90%\" module_alignment=\"center\" custom_margin=\"3%|0px|5%|0px|false|false\" custom_padding=\"|2%|0px|2%|false|false\" animation_style=\"flip\" animation_direction=\"left\" animation_intensity_flip=\"30%\" animation_starting_opacity=\"100%\" _i=\"0\" _address=\"5.1.0.0\"]\n<p style=\"text-align: justify;\">Obviously, you need to hire.<\/p>\n<p style=\"text-align: justify;\">For startups, <strong>filling management positions is usually the most difficult<\/strong>, as typically people are more likely to join a startup in the beginning of their career, when gaining experience is more important than salary or job security.<\/p>\n<p style=\"text-align: justify;\">Hence, promoting from within is often not the best option. Similarly, in this critical phase, y<strong>ou cannot afford to invest a lot of time in training new employees<\/strong>. They should already fit into the existing team and meet the role qualifications.<\/p>\n<p style=\"text-align: justify;\">Furthermore, <strong>you might lose some of your first employees<\/strong>, as they joined a completely different company back in the days, and might not want to follow the new direction.<\/p>\n[\/et_pb_text][\/et_pb_column][et_pb_column type=\"1_2\" _builder_version=\"3.27.4\" _i=\"1\" _address=\"5.1.1\"][et_pb_text _builder_version=\"3.27.4\" text_font=\"||||||||\" text_font_size=\"16px\" header_font=\"||||||||\" text_orientation=\"justified\" max_width=\"90%\" module_alignment=\"center\" custom_margin=\"3%|0px|5%|0px|false|false\" custom_padding=\"|2%|0px|2%|false|false\" animation_style=\"flip\" animation_direction=\"left\" animation_intensity_flip=\"30%\" animation_starting_opacity=\"100%\" _i=\"0\" _address=\"5.1.1.0\"]\n\nUntil you find the right permanent employees for those tasks, <strong>hire an interim manager<\/strong> who\u2019ll be on board and ready to start working <a href=\"https:\/\/eimworld.wpengine.com\/fast-executive-seach\/\">within days instead of months<\/a>.\n\nIn comparison to outsourcing the tasks, this offers the benefit of getting to know a potential future employee \u2013 or at least learn who you are looking for. Only employ those who <strong>prove successful<\/strong> and <strong>fit your culture<\/strong>. When your business is changing so quickly, you can never be sure whether happy employees today will still align with your goals, tomorrow.\n\nInterim managers are free from your past. They <strong>always draw their motivation from the current project and challenge<\/strong>. As interim managers are usually not interested in equity, this also helps to avoid conflicts around this topic \u2013 another typical pitfall for growing startups.\n\n[\/et_pb_text][\/et_pb_column][\/et_pb_row][\/et_pb_section][et_pb_section fb_built=\"1\" disabled_on=\"off|off|on\" admin_label=\"Quote Section\" _builder_version=\"3.27.4\" background_color=\"#ffffff\" use_background_color_gradient=\"on\" background_color_gradient_start=\"#ffffff\" background_color_gradient_end=\"#ffffff\" background_color_gradient_direction=\"105deg\" background_color_gradient_start_position=\"55%\" background_color_gradient_end_position=\"0%\" background_color_gradient_overlays_image=\"on\" background_enable_image=\"off\" custom_margin=\"0px||||false|false\" custom_padding=\"||0px|||\" top_divider_style=\"slant\" top_divider_color=\"#e8e8e8\" top_divider_flip=\"horizontal\" bottom_divider_style=\"slant\" bottom_divider_color=\"#002c3e\" bottom_divider_flip=\"horizontal\" saved_tabs=\"all\" fb_built=\"1\" _i=\"6\" _address=\"6\" background_color_gradient_end_preview=\"#e8e8e8\"][et_pb_row _builder_version=\"3.27.4\" width=\"90%\" custom_margin=\"|0px||auto|false|false\" custom_padding=\"80px|56px|73px|0px|false|false\" _i=\"0\" _address=\"6.0\"][et_pb_column type=\"4_4\" _builder_version=\"3.27.4\" _i=\"0\" _address=\"6.0.0\"][et_pb_text admin_label=\"Title\" _builder_version=\"3.27.4\" text_font=\"||||||||\" header_font=\"Prata||||||||\" header_2_font=\"Montserrat|700|||||||\" header_2_text_align=\"center\" header_2_font_size=\"32px\" text_orientation=\"center\" width=\"70%\" module_alignment=\"center\" custom_margin=\"2.4%|-7px|1px|-181px|false|false\" custom_padding=\"|0px||0px|false|false\" animation_style=\"fade\" animation_direction=\"top\" animation_duration=\"1350ms\" animation_starting_opacity=\"100%\" inline_fonts=\"Prata,Montserrat\" _i=\"0\" _address=\"6.0.0.0\"]\n<h2 style=\"text-align: center;\"><span color=\"#002c3e\" face=\"Montserrat\" style=\"color: #002c3e; font-family: Montserrat;\"><strong>Running out of cash<\/strong>\n<\/span><\/h2>\n[\/et_pb_text][et_pb_text _builder_version=\"3.27.4\" text_font=\"||||||||\" text_font_size=\"16px\" header_font=\"||||||||\" max_width=\"90%\" module_alignment=\"center\" custom_margin=\"3%|-22px|5.6%|0px|false|false\" custom_padding=\"|2%|0px|2%|false|false\" animation_style=\"flip\" animation_direction=\"left\" animation_intensity_flip=\"30%\" animation_starting_opacity=\"100%\" _i=\"1\" _address=\"6.0.0.1\"]\n<p style=\"text-align: justify;\">More customers are buying your products. <strong>Why should you be worrying about money<\/strong> then?<\/p>\n<p style=\"text-align: justify;\">When you started out, you probably optimised your production, services, customer support and infrastructure for <strong>serving only a few customers to their highest satisfaction<\/strong> at an affordable price.<\/p>\n<p style=\"text-align: justify;\">Rightly, you didn\u2019t focus on profit, but on gaining market share by making your clients come back and eventually recommend you to their friends.<\/p>\n<p style=\"text-align: justify;\">Now that demand for your products or services has gone up, you might need <strong>more employees or a whole new infrastructure<\/strong> to satisfy it. The <strong>costs<\/strong> of delivering your products or dealing with customers might rise disproportionately \u2013 <strong>exceeding your growth in revenue<\/strong>. Learn how interim management helps you to grow in a more <a href=\"https:\/\/eimworld.wpengine.com\/profitable-growth\/\">profitable way<\/a>.&nbsp;<\/p>\n[\/et_pb_text][\/et_pb_column][\/et_pb_row][\/et_pb_section][et_pb_section fb_built=\"1\" next_background_color=\"#002C3E\" disabled_on=\"on|on|off\" admin_label=\"Quote Section\" _builder_version=\"3.27.4\" background_color=\"#ffffff\" use_background_color_gradient=\"on\" background_color_gradient_start=\"#ffffff\" background_color_gradient_end=\"rgba(0,0,0,0)\" background_color_gradient_direction=\"105deg\" background_color_gradient_start_position=\"55%\" background_color_gradient_end_position=\"0%\" background_color_gradient_overlays_image=\"on\" background_image=\"https:\/\/eimworld.wpengine.com\/wp-content\/uploads\/2019\/10\/startup-2-1-2.jpg\" custom_margin=\"0px||||false|false\" custom_padding=\"||0px|||\" top_divider_style=\"slant\" top_divider_color=\"#e8e8e8\" top_divider_flip=\"horizontal\" bottom_divider_style=\"slant\" bottom_divider_flip=\"horizontal\" saved_tabs=\"all\" fb_built=\"1\" _i=\"7\" _address=\"7\" background_color_gradient_end_preview=\"#e8e8e8\"][et_pb_row column_structure=\"3_5,2_5\" _builder_version=\"3.27.4\" max_width=\"1280px\" custom_margin=\"|423px||auto||\" custom_padding=\"100px||60px|125px||\" _i=\"0\" _address=\"7.0\"][et_pb_column type=\"3_5\" _builder_version=\"3.27.4\" _i=\"0\" _address=\"7.0.0\"][et_pb_text admin_label=\"Title\" _builder_version=\"3.27.4\" text_font=\"||||||||\" header_font=\"Prata||||||||\" header_2_font=\"Montserrat|700|||||||\" header_2_text_align=\"center\" header_2_font_size=\"32px\" text_orientation=\"center\" width=\"70%\" module_alignment=\"center\" custom_margin=\"2.4%|-7px|1px|-181px|false|false\" custom_padding=\"|0px||0px|false|false\" animation_style=\"fade\" animation_direction=\"top\" animation_duration=\"1350ms\" animation_starting_opacity=\"100%\" inline_fonts=\"Prata,Montserrat\" _i=\"0\" _address=\"7.0.0.0\"]\n<h2 style=\"text-align: center;\"><span color=\"#002c3e\" face=\"Montserrat\" style=\"color: #002c3e; font-family: Montserrat;\"><strong>Running out of cash<\/strong>\n<\/span><\/h2>\n[\/et_pb_text][et_pb_text _builder_version=\"3.27.4\" text_font=\"||||||||\" text_font_size=\"16px\" header_font=\"||||||||\" max_width=\"90%\" module_alignment=\"center\" custom_margin=\"3%|0px|5.6%|36px|false|false\" custom_padding=\"|2%|0px|2%|false|false\" animation_style=\"flip\" animation_direction=\"left\" animation_intensity_flip=\"30%\" animation_starting_opacity=\"100%\" _i=\"1\" _address=\"7.0.0.1\"]\n<p style=\"text-align: justify;\">More customers are buying your products. <strong>Why should you be worrying about money<\/strong> then?<\/p>\n<p style=\"text-align: justify;\">When you started out, you probably optimised your production, services, customer support and infrastructure for <strong>serving only a few customers to their highest satisfaction<\/strong> at an affordable price.<\/p>\n<p style=\"text-align: justify;\">Rightly, you didn\u2019t focus on profit, but on gaining market share by making your clients come back and eventually recommend you to their friends.<\/p>\n<p style=\"text-align: justify;\">Now that demand for your products or services has gone up, you might need <strong>more employees or a whole new infrastructure<\/strong> to satisfy it. The <strong>costs<\/strong> of delivering your products or dealing with customers might rise disproportionately \u2013 <strong>exceeding your growth in revenue<\/strong>. Learn how interim management helps you to grow in a more <a href=\"https:\/\/eimworld.wpengine.com\/profitable-growth\/\">profitable way<\/a>.&nbsp;<\/p>\n[\/et_pb_text][\/et_pb_column][et_pb_column type=\"2_5\" _builder_version=\"3.27.4\" _i=\"1\" _address=\"7.0.1\"][\/et_pb_column][\/et_pb_row][\/et_pb_section][et_pb_section fb_built=\"1\" _builder_version=\"3.27.4\" background_color=\"#002C3E\" min_height=\"415px\" custom_margin=\"||||false|false\" custom_padding=\"0px||||false|false\" top_divider_color=\"#ffffff\" top_divider_flip=\"vertical\" bottom_divider_color=\"#ffffff\" bottom_divider_flip=\"horizontal\" saved_tabs=\"all\" fb_built=\"1\" _i=\"8\" _address=\"8\"][et_pb_row _builder_version=\"3.27.4\" custom_padding=\"64px|||||\" _i=\"0\" _address=\"8.0\"][et_pb_column type=\"4_4\" _builder_version=\"3.27.4\" _i=\"0\" _address=\"8.0.0\"][et_pb_text admin_label=\"Title\" _builder_version=\"3.27.4\" text_font=\"||||||||\" text_text_color=\"#ffffff\" header_font=\"Prata||||||||\" header_2_font=\"Montserrat|700|||||||\" header_2_text_align=\"center\" header_2_font_size=\"30px\" custom_margin=\"||5px|\" custom_padding=\"||0px|||\" animation_style=\"fade\" animation_direction=\"top\" animation_duration=\"1350ms\" animation_starting_opacity=\"100%\" inline_fonts=\"Prata,Montserrat\" _i=\"0\" _address=\"8.0.0.0\"]\n<h3 style=\"text-align: center;\"><span style=\"font-family: Montserrat; color: #ffffff;\">Get in touch with us<\/span><\/h3>\n[\/et_pb_text][\/et_pb_column][\/et_pb_row][et_pb_row column_structure=\"1_5,3_5,1_5\" _builder_version=\"3.27.4\" custom_padding=\"0px|||||\" _i=\"1\" _address=\"8.1\"][et_pb_column type=\"1_5\" _builder_version=\"3.27.4\" _i=\"0\" _address=\"8.1.0\"][\/et_pb_column][et_pb_column type=\"3_5\" _builder_version=\"3.27.4\" _i=\"1\" _address=\"8.1.1\"][et_pb_text _builder_version=\"3.27.4\" _i=\"0\" _address=\"8.1.1.0\"]\n<p style=\"text-align: center;\"><span style=\"color: #ffffff;\">Together we can find the solution you are looking for.<\/span><\/p>\n[\/et_pb_text][et_pb_button button_url=\"\/contacts\" button_text=\"CONTACT US\" button_alignment=\"center\" _builder_version=\"3.27.4\" background_layout=\"dark\" hover_enabled=\"0\" _i=\"1\" _address=\"8.1.1.1\"][\/et_pb_button][\/et_pb_column][et_pb_column type=\"1_5\" _builder_version=\"3.27.4\" _i=\"2\" _address=\"8.1.2\"][\/et_pb_column][\/et_pb_row][\/et_pb_section]","_et_gb_content_width":"","footnotes":""},"class_list":["post-14339","page","type-page","status-publish","has-post-thumbnail","hentry"],"yoast_head":"<!-- This site is optimized with the Yoast SEO Premium plugin v27.5 (Yoast SEO v27.5) - https:\/\/yoast.com\/product\/yoast-seo-premium-wordpress\/ -->\n<title>8\u00e8me \u00e9dition du \u00ab Prix des 100 jours \u00bb - EIM France<\/title>\n<meta name=\"description\" content=\"8\u00e8me \u00e9dition du \u00ab Prix des 100 jours \u00bb - Cr\u00e9ateur du m\u00e9tier du management de transition en Europe, le cabinet EIM vous accompagne dans vos plans de transformation avec une communaut\u00e9 de plus de 30 000 dirigeants. Contactez-nous.\" \/>\n<meta name=\"robots\" content=\"index, follow, max-snippet:-1, max-image-preview:large, max-video-preview:-1\" \/>\n<link rel=\"canonical\" href=\"https:\/\/www.eim.com\/fr\/8eme-edition-du-prix-des-100-jours\/\" \/>\n<meta property=\"og:locale\" content=\"fr_FR\" \/>\n<meta property=\"og:type\" content=\"article\" \/>\n<meta property=\"og:title\" content=\"8\u00e8me \u00e9dition du \u00ab Prix des 100 jours \u00bb\" \/>\n<meta property=\"og:description\" content=\"8\u00e8me \u00e9dition du \u00ab Prix des 100 jours \u00bb - Cr\u00e9ateur du m\u00e9tier du management de transition en Europe, le cabinet EIM vous accompagne dans vos plans de transformation avec une communaut\u00e9 de plus de 30 000 dirigeants. Contactez-nous.\" \/>\n<meta property=\"og:url\" content=\"https:\/\/www.eim.com\/fr\/8eme-edition-du-prix-des-100-jours\/\" \/>\n<meta property=\"og:site_name\" content=\"EIM France\" \/>\n<meta property=\"article:modified_time\" content=\"2023-11-20T11:28:26+00:00\" \/>\n<meta property=\"og:image\" content=\"https:\/\/www.eim.com\/fr\/wp-content\/uploads\/sites\/9\/2023\/10\/Laureats-prix-des-100-jours-8eme-editions.jpg\" \/>\n\t<meta property=\"og:image:width\" content=\"1280\" \/>\n\t<meta property=\"og:image:height\" content=\"839\" \/>\n\t<meta property=\"og:image:type\" content=\"image\/jpeg\" \/>\n<meta name=\"twitter:card\" content=\"summary_large_image\" \/>\n<script type=\"application\/ld+json\" class=\"yoast-schema-graph\">{\"@context\":\"https:\\\/\\\/schema.org\",\"@graph\":[{\"@type\":\"WebPage\",\"@id\":\"https:\\\/\\\/www.eim.com\\\/fr\\\/8eme-edition-du-prix-des-100-jours\\\/\",\"url\":\"https:\\\/\\\/www.eim.com\\\/fr\\\/8eme-edition-du-prix-des-100-jours\\\/\",\"name\":\"8\u00e8me \u00e9dition du \u00ab Prix des 100 jours \u00bb - EIM France\",\"isPartOf\":{\"@id\":\"https:\\\/\\\/www.eim.com\\\/fr\\\/#website\"},\"primaryImageOfPage\":{\"@id\":\"https:\\\/\\\/www.eim.com\\\/fr\\\/8eme-edition-du-prix-des-100-jours\\\/#primaryimage\"},\"image\":{\"@id\":\"https:\\\/\\\/www.eim.com\\\/fr\\\/8eme-edition-du-prix-des-100-jours\\\/#primaryimage\"},\"thumbnailUrl\":\"https:\\\/\\\/www.eim.com\\\/fr\\\/wp-content\\\/uploads\\\/sites\\\/9\\\/2023\\\/10\\\/Laureats-prix-des-100-jours-8eme-editions.jpg\",\"datePublished\":\"2023-10-17T12:06:05+00:00\",\"dateModified\":\"2023-11-20T11:28:26+00:00\",\"description\":\"8\u00e8me \u00e9dition du \u00ab Prix des 100 jours \u00bb - Cr\u00e9ateur du m\u00e9tier du management de transition en Europe, le cabinet EIM vous accompagne dans vos plans de transformation avec une communaut\u00e9 de plus de 30 000 dirigeants. Contactez-nous.\",\"breadcrumb\":{\"@id\":\"https:\\\/\\\/www.eim.com\\\/fr\\\/8eme-edition-du-prix-des-100-jours\\\/#breadcrumb\"},\"inLanguage\":\"fr-FR\",\"potentialAction\":[{\"@type\":\"ReadAction\",\"target\":[\"https:\\\/\\\/www.eim.com\\\/fr\\\/8eme-edition-du-prix-des-100-jours\\\/\"]}]},{\"@type\":\"ImageObject\",\"inLanguage\":\"fr-FR\",\"@id\":\"https:\\\/\\\/www.eim.com\\\/fr\\\/8eme-edition-du-prix-des-100-jours\\\/#primaryimage\",\"url\":\"https:\\\/\\\/www.eim.com\\\/fr\\\/wp-content\\\/uploads\\\/sites\\\/9\\\/2023\\\/10\\\/Laureats-prix-des-100-jours-8eme-editions.jpg\",\"contentUrl\":\"https:\\\/\\\/www.eim.com\\\/fr\\\/wp-content\\\/uploads\\\/sites\\\/9\\\/2023\\\/10\\\/Laureats-prix-des-100-jours-8eme-editions.jpg\",\"width\":1280,\"height\":839,\"caption\":\"Laureats prix des 100 jours 8\u00e8me \u00e9ditions\"},{\"@type\":\"BreadcrumbList\",\"@id\":\"https:\\\/\\\/www.eim.com\\\/fr\\\/8eme-edition-du-prix-des-100-jours\\\/#breadcrumb\",\"itemListElement\":[{\"@type\":\"ListItem\",\"position\":1,\"name\":\"Home\",\"item\":\"https:\\\/\\\/www.eim.com\\\/fr\\\/\"},{\"@type\":\"ListItem\",\"position\":2,\"name\":\"8\u00e8me \u00e9dition du \u00ab Prix des 100 jours \u00bb\"}]},{\"@type\":\"WebSite\",\"@id\":\"https:\\\/\\\/www.eim.com\\\/fr\\\/#website\",\"url\":\"https:\\\/\\\/www.eim.com\\\/fr\\\/\",\"name\":\"EIM France\",\"description\":\"Management de transition | EIM\",\"publisher\":{\"@id\":\"https:\\\/\\\/www.eim.com\\\/fr\\\/#organization\"},\"potentialAction\":[{\"@type\":\"SearchAction\",\"target\":{\"@type\":\"EntryPoint\",\"urlTemplate\":\"https:\\\/\\\/www.eim.com\\\/fr\\\/?s={search_term_string}\"},\"query-input\":{\"@type\":\"PropertyValueSpecification\",\"valueRequired\":true,\"valueName\":\"search_term_string\"}}],\"inLanguage\":\"fr-FR\"},{\"@type\":\"Organization\",\"@id\":\"https:\\\/\\\/www.eim.com\\\/fr\\\/#organization\",\"name\":\"EIM France\",\"url\":\"https:\\\/\\\/www.eim.com\\\/fr\\\/\",\"logo\":{\"@type\":\"ImageObject\",\"inLanguage\":\"fr-FR\",\"@id\":\"https:\\\/\\\/www.eim.com\\\/fr\\\/#\\\/schema\\\/logo\\\/image\\\/\",\"url\":\"https:\\\/\\\/www.eim.com\\\/fr\\\/wp-content\\\/uploads\\\/sites\\\/9\\\/2019\\\/10\\\/logo_EIM_2-e1588485874411.png\",\"contentUrl\":\"https:\\\/\\\/www.eim.com\\\/fr\\\/wp-content\\\/uploads\\\/sites\\\/9\\\/2019\\\/10\\\/logo_EIM_2-e1588485874411.png\",\"width\":300,\"height\":101,\"caption\":\"EIM France\"},\"image\":{\"@id\":\"https:\\\/\\\/www.eim.com\\\/fr\\\/#\\\/schema\\\/logo\\\/image\\\/\"}}]}<\/script>\n<!-- \/ Yoast SEO Premium plugin. -->","yoast_head_json":{"title":"8\u00e8me \u00e9dition du \u00ab Prix des 100 jours \u00bb - EIM France","description":"8\u00e8me \u00e9dition du \u00ab Prix des 100 jours \u00bb - Cr\u00e9ateur du m\u00e9tier du management de transition en Europe, le cabinet EIM vous accompagne dans vos plans de transformation avec une communaut\u00e9 de plus de 30 000 dirigeants. Contactez-nous.","robots":{"index":"index","follow":"follow","max-snippet":"max-snippet:-1","max-image-preview":"max-image-preview:large","max-video-preview":"max-video-preview:-1"},"canonical":"https:\/\/www.eim.com\/fr\/8eme-edition-du-prix-des-100-jours\/","og_locale":"fr_FR","og_type":"article","og_title":"8\u00e8me \u00e9dition du \u00ab Prix des 100 jours \u00bb","og_description":"8\u00e8me \u00e9dition du \u00ab Prix des 100 jours \u00bb - Cr\u00e9ateur du m\u00e9tier du management de transition en Europe, le cabinet EIM vous accompagne dans vos plans de transformation avec une communaut\u00e9 de plus de 30 000 dirigeants. Contactez-nous.","og_url":"https:\/\/www.eim.com\/fr\/8eme-edition-du-prix-des-100-jours\/","og_site_name":"EIM France","article_modified_time":"2023-11-20T11:28:26+00:00","og_image":[{"width":1280,"height":839,"url":"https:\/\/www.eim.com\/fr\/wp-content\/uploads\/sites\/9\/2023\/10\/Laureats-prix-des-100-jours-8eme-editions.jpg","type":"image\/jpeg"}],"twitter_card":"summary_large_image","schema":{"@context":"https:\/\/schema.org","@graph":[{"@type":"WebPage","@id":"https:\/\/www.eim.com\/fr\/8eme-edition-du-prix-des-100-jours\/","url":"https:\/\/www.eim.com\/fr\/8eme-edition-du-prix-des-100-jours\/","name":"8\u00e8me \u00e9dition du \u00ab Prix des 100 jours \u00bb - EIM France","isPartOf":{"@id":"https:\/\/www.eim.com\/fr\/#website"},"primaryImageOfPage":{"@id":"https:\/\/www.eim.com\/fr\/8eme-edition-du-prix-des-100-jours\/#primaryimage"},"image":{"@id":"https:\/\/www.eim.com\/fr\/8eme-edition-du-prix-des-100-jours\/#primaryimage"},"thumbnailUrl":"https:\/\/www.eim.com\/fr\/wp-content\/uploads\/sites\/9\/2023\/10\/Laureats-prix-des-100-jours-8eme-editions.jpg","datePublished":"2023-10-17T12:06:05+00:00","dateModified":"2023-11-20T11:28:26+00:00","description":"8\u00e8me \u00e9dition du \u00ab Prix des 100 jours \u00bb - Cr\u00e9ateur du m\u00e9tier du management de transition en Europe, le cabinet EIM vous accompagne dans vos plans de transformation avec une communaut\u00e9 de plus de 30 000 dirigeants. Contactez-nous.","breadcrumb":{"@id":"https:\/\/www.eim.com\/fr\/8eme-edition-du-prix-des-100-jours\/#breadcrumb"},"inLanguage":"fr-FR","potentialAction":[{"@type":"ReadAction","target":["https:\/\/www.eim.com\/fr\/8eme-edition-du-prix-des-100-jours\/"]}]},{"@type":"ImageObject","inLanguage":"fr-FR","@id":"https:\/\/www.eim.com\/fr\/8eme-edition-du-prix-des-100-jours\/#primaryimage","url":"https:\/\/www.eim.com\/fr\/wp-content\/uploads\/sites\/9\/2023\/10\/Laureats-prix-des-100-jours-8eme-editions.jpg","contentUrl":"https:\/\/www.eim.com\/fr\/wp-content\/uploads\/sites\/9\/2023\/10\/Laureats-prix-des-100-jours-8eme-editions.jpg","width":1280,"height":839,"caption":"Laureats prix des 100 jours 8\u00e8me \u00e9ditions"},{"@type":"BreadcrumbList","@id":"https:\/\/www.eim.com\/fr\/8eme-edition-du-prix-des-100-jours\/#breadcrumb","itemListElement":[{"@type":"ListItem","position":1,"name":"Home","item":"https:\/\/www.eim.com\/fr\/"},{"@type":"ListItem","position":2,"name":"8\u00e8me \u00e9dition du \u00ab Prix des 100 jours \u00bb"}]},{"@type":"WebSite","@id":"https:\/\/www.eim.com\/fr\/#website","url":"https:\/\/www.eim.com\/fr\/","name":"EIM France","description":"Management de transition | EIM","publisher":{"@id":"https:\/\/www.eim.com\/fr\/#organization"},"potentialAction":[{"@type":"SearchAction","target":{"@type":"EntryPoint","urlTemplate":"https:\/\/www.eim.com\/fr\/?s={search_term_string}"},"query-input":{"@type":"PropertyValueSpecification","valueRequired":true,"valueName":"search_term_string"}}],"inLanguage":"fr-FR"},{"@type":"Organization","@id":"https:\/\/www.eim.com\/fr\/#organization","name":"EIM France","url":"https:\/\/www.eim.com\/fr\/","logo":{"@type":"ImageObject","inLanguage":"fr-FR","@id":"https:\/\/www.eim.com\/fr\/#\/schema\/logo\/image\/","url":"https:\/\/www.eim.com\/fr\/wp-content\/uploads\/sites\/9\/2019\/10\/logo_EIM_2-e1588485874411.png","contentUrl":"https:\/\/www.eim.com\/fr\/wp-content\/uploads\/sites\/9\/2019\/10\/logo_EIM_2-e1588485874411.png","width":300,"height":101,"caption":"EIM France"},"image":{"@id":"https:\/\/www.eim.com\/fr\/#\/schema\/logo\/image\/"}}]}},"_links":{"self":[{"href":"https:\/\/www.eim.com\/fr\/wp-json\/wp\/v2\/pages\/14339","targetHints":{"allow":["GET"]}}],"collection":[{"href":"https:\/\/www.eim.com\/fr\/wp-json\/wp\/v2\/pages"}],"about":[{"href":"https:\/\/www.eim.com\/fr\/wp-json\/wp\/v2\/types\/page"}],"author":[{"embeddable":true,"href":"https:\/\/www.eim.com\/fr\/wp-json\/wp\/v2\/users\/133"}],"replies":[{"embeddable":true,"href":"https:\/\/www.eim.com\/fr\/wp-json\/wp\/v2\/comments?post=14339"}],"version-history":[{"count":0,"href":"https:\/\/www.eim.com\/fr\/wp-json\/wp\/v2\/pages\/14339\/revisions"}],"wp:featuredmedia":[{"embeddable":true,"href":"https:\/\/www.eim.com\/fr\/wp-json\/wp\/v2\/media\/14401"}],"wp:attachment":[{"href":"https:\/\/www.eim.com\/fr\/wp-json\/wp\/v2\/media?parent=14339"}],"curies":[{"name":"wp","href":"https:\/\/api.w.org\/{rel}","templated":true}]}}