{"id":11699,"date":"2021-11-02T11:44:52","date_gmt":"2021-11-02T11:44:52","guid":{"rendered":"https:\/\/www.eim.com\/fr\/?page_id=11699"},"modified":"2023-10-23T08:08:43","modified_gmt":"2023-10-23T08:08:43","slug":"evenement-eim","status":"publish","type":"page","link":"https:\/\/www.eim.com\/fr\/evenement-eim\/","title":{"rendered":"Ev\u00e8nement EIM"},"content":{"rendered":"<p>[et_pb_section fb_built=&#8221;1&#8243; admin_label=&#8221;Hero Section&#8221; _builder_version=&#8221;4.16&#8243; background_color=&#8221;#E09900&#8243; use_background_color_gradient=&#8221;on&#8221; background_color_gradient_stops=&#8221;#082c3c 0%|#192e3d 100%&#8221; background_color_gradient_overlays_image=&#8221;on&#8221; background_color_gradient_start=&#8221;#082c3c&#8221; background_color_gradient_end=&#8221;#192e3d&#8221; background_enable_image=&#8221;off&#8221; height=&#8221;520px&#8221; custom_padding=&#8221;6%||0%|||&#8221; bottom_divider_style=&#8221;slant&#8221; bottom_divider_color=&#8221;#ffffff&#8221; bottom_divider_height=&#8221;150px&#8221; bottom_divider_flip=&#8221;horizontal&#8221; saved_tabs=&#8221;all&#8221; global_colors_info=&#8221;{}&#8221; background_color_gradient_direction__hover=&#8221;180deg&#8221; background_color_gradient_direction__hover_enabled=&#8221;180deg&#8221; background_color_gradient_start_position__hover=&#8221;0%&#8221; background_color_gradient_start_position__hover_enabled=&#8221;0%&#8221; background_color_gradient_end_position__hover=&#8221;100%&#8221; background_color_gradient_end_position__hover_enabled=&#8221;100%&#8221; background_color_gradient_stops__hover=&#8221;#082c3c 0%|#192e3d 100%&#8221;][et_pb_row admin_label=&#8221;Page Title Area&#8221; _builder_version=&#8221;4.16&#8243; width=&#8221;100%&#8221; max_width=&#8221;2560px&#8221; module_alignment=&#8221;center&#8221; custom_margin=&#8221;-2%|auto|0px|auto|false|false&#8221; custom_padding=&#8221;0px|||||&#8221; global_colors_info=&#8221;{}&#8221;][et_pb_column type=&#8221;4_4&#8243; _builder_version=&#8221;4.16&#8243; custom_padding=&#8221;|||&#8221; global_colors_info=&#8221;{}&#8221; custom_padding__hover=&#8221;|||&#8221;][et_pb_text admin_label=&#8221;Hero Section Title&#8221; _builder_version=&#8221;4.16&#8243; text_font=&#8221;Montserrat|800|||||||&#8221; text_font_size=&#8221;18px&#8221; text_line_height=&#8221;1.3em&#8221; header_font=&#8221;Montserrat|700|||||||&#8221; header_font_size=&#8221;56px&#8221; header_letter_spacing=&#8221;3px&#8221; header_line_height=&#8221;1.1em&#8221; header_2_font=&#8221;Montserrat|700|||||||&#8221; header_2_text_color=&#8221;rgba(255,255,255,0.6)&#8221; header_2_font_size=&#8221;90px&#8221; header_2_letter_spacing=&#8221;3px&#8221; header_2_line_height=&#8221;1.1em&#8221; text_orientation=&#8221;center&#8221; background_layout=&#8221;dark&#8221; max_width=&#8221;700px&#8221; module_alignment=&#8221;center&#8221; custom_margin=&#8221;0px||0px||false|false&#8221; animation_style=&#8221;fade&#8221; animation_direction=&#8221;bottom&#8221; animation_duration=&#8221;1350ms&#8221; header_font_size_tablet=&#8221;&#8221; header_font_size_phone=&#8221;28px&#8221; header_font_size_last_edited=&#8221;on|phone&#8221; header_2_font_size_tablet=&#8221;&#8221; header_2_font_size_phone=&#8221;50px&#8221; header_2_font_size_last_edited=&#8221;on|phone&#8221; text_text_shadow_style=&#8221;preset1&#8243; text_text_shadow_horizontal_length=&#8221;0.38em&#8221; inline_fonts=&#8221;Prata,Montserrat&#8221; global_colors_info=&#8221;{}&#8221;]<\/p>\n<h1>Ev\u00e8nements <strong>EIM<\/strong><\/h1>\n<p>[\/et_pb_text][\/et_pb_column][\/et_pb_row][\/et_pb_section][et_pb_section fb_built=&#8221;1&#8243; _builder_version=&#8221;4.16&#8243; global_colors_info=&#8221;{}&#8221;][et_pb_row column_structure=&#8221;1_2,1_2&#8243; _builder_version=&#8221;4.16&#8243; _module_preset=&#8221;default&#8221; custom_margin=&#8221;-75px|auto||auto||&#8221; global_colors_info=&#8221;{}&#8221;][et_pb_column type=&#8221;1_2&#8243; _builder_version=&#8221;4.16&#8243; _module_preset=&#8221;default&#8221; global_colors_info=&#8221;{}&#8221;][et_pb_text _builder_version=&#8221;4.16&#8243; _module_preset=&#8221;default&#8221; global_colors_info=&#8221;{}&#8221;]<\/p>\n<h2 style=\"text-align: left;\"><strong>Prix des 100 jours EIM &amp; KPMG<\/strong><strong><\/strong><\/h2>\n<h5 style=\"text-align: left;\">8\u00e8me \u00e9ditions 2023<\/h5>\n<p style=\"text-align: left;\">\n<p style=\"text-align: left;\">\n<p>[\/et_pb_text][et_pb_button button_url=&#8221;@ET-DC@eyJkeW5hbWljIjp0cnVlLCJjb250ZW50IjoicG9zdF9saW5rX3VybF9wYWdlIiwic2V0dGluZ3MiOnsicG9zdF9pZCI6IjE0MzM5In19@&#8221; url_new_window=&#8221;on&#8221; button_text=&#8221;D\u00e9couvrez les Laureats de l&#8217;\u00e9dition 2023&#8243; _builder_version=&#8221;4.22.2&#8243; _dynamic_attributes=&#8221;button_url&#8221; _module_preset=&#8221;default&#8221; hover_enabled=&#8221;0&#8243; global_colors_info=&#8221;{}&#8221; sticky_enabled=&#8221;0&#8243;][\/et_pb_button][\/et_pb_column][et_pb_column type=&#8221;1_2&#8243; _builder_version=&#8221;4.16&#8243; _module_preset=&#8221;default&#8221; global_colors_info=&#8221;{}&#8221;][et_pb_image src=&#8221;https:\/\/www.eim.com\/fr\/wp-content\/uploads\/sites\/9\/2023\/10\/Laureats-prix-des-100-jours-8eme-editions.jpg&#8221; alt=&#8221;Laureats prix des 100 jours 8\u00e8me \u00e9ditions&#8221; title_text=&#8221;Laureats prix des 100 jours &#8211; 8\u00e8me editions&#8221; url=&#8221;https:\/\/www.eim.com\/fr\/8eme-edition-du-prix-des-100-jours\/&#8221; _builder_version=&#8221;4.22.2&#8243; _module_preset=&#8221;default&#8221; width=&#8221;68%&#8221; max_width=&#8221;66%&#8221; max_height=&#8221;1000px&#8221; custom_padding=&#8221;||0px|||&#8221; hover_enabled=&#8221;0&#8243; global_colors_info=&#8221;{}&#8221; sticky_enabled=&#8221;0&#8243;][\/et_pb_image][\/et_pb_column][\/et_pb_row][et_pb_row column_structure=&#8221;1_2,1_2&#8243; _builder_version=&#8221;4.16&#8243; _module_preset=&#8221;default&#8221; custom_margin=&#8221;41px|auto||auto||&#8221; global_colors_info=&#8221;{}&#8221;][et_pb_column type=&#8221;1_2&#8243; _builder_version=&#8221;4.16&#8243; _module_preset=&#8221;default&#8221; global_colors_info=&#8221;{}&#8221;][et_pb_text _builder_version=&#8221;4.16&#8243; _module_preset=&#8221;default&#8221; global_colors_info=&#8221;{}&#8221;]<\/p>\n<h2 style=\"text-align: left;\"><strong>Prix des 100 jours EIM &amp; KPMG<\/strong><strong><\/strong><\/h2>\n<h5 style=\"text-align: left;\">7\u00e8me \u00e9ditions 2022<\/h5>\n<p style=\"text-align: left;\">\n<p style=\"text-align: left;\">\n<p>[\/et_pb_text][et_pb_button button_url=&#8221;@ET-DC@eyJkeW5hbWljIjp0cnVlLCJjb250ZW50IjoicG9zdF9saW5rX3VybF9wYWdlIiwic2V0dGluZ3MiOnsicG9zdF9pZCI6IjExNTg2In19@&#8221; url_new_window=&#8221;on&#8221; button_text=&#8221;D\u00e9couvrez les Laureats de l&#8217;\u00e9dition 2022&#8243; _builder_version=&#8221;4.17.3&#8243; _dynamic_attributes=&#8221;button_url&#8221; _module_preset=&#8221;default&#8221; global_colors_info=&#8221;{}&#8221;][\/et_pb_button][\/et_pb_column][et_pb_column type=&#8221;1_2&#8243; _builder_version=&#8221;4.16&#8243; _module_preset=&#8221;default&#8221; global_colors_info=&#8221;{}&#8221;][et_pb_image src=&#8221;https:\/\/www.eim.com\/fr\/wp-content\/uploads\/sites\/9\/2022\/10\/DSC02045-Enhanced-1.jpg&#8221; alt=&#8221;7 \u00e8me edition prix des 100 jours 2022&#8243; title_text=&#8221;DSC02045-Enhanced (1)&#8221; url=&#8221;https:\/\/www.eim.com\/fr\/7eme-edition-du-prix-des-100-jours\/&#8221; _builder_version=&#8221;4.17.3&#8243; _module_preset=&#8221;default&#8221; width=&#8221;68%&#8221; max_width=&#8221;66%&#8221; max_height=&#8221;1000px&#8221; custom_padding=&#8221;||0px|||&#8221; global_colors_info=&#8221;{}&#8221;][\/et_pb_image][\/et_pb_column][\/et_pb_row][et_pb_row column_structure=&#8221;1_2,1_2&#8243; _builder_version=&#8221;4.17.3&#8243; _module_preset=&#8221;default&#8221; custom_margin=&#8221;23px|auto||auto|false|false&#8221; global_colors_info=&#8221;{}&#8221;][et_pb_column type=&#8221;1_2&#8243; _builder_version=&#8221;4.16&#8243; _module_preset=&#8221;default&#8221; global_colors_info=&#8221;{}&#8221;][et_pb_text _builder_version=&#8221;4.16&#8243; _module_preset=&#8221;default&#8221; global_colors_info=&#8221;{}&#8221;]<\/p>\n<h2 style=\"text-align: left\"><strong>Prix des 100 jours EIM &amp; KPMG<\/strong><strong><\/strong><\/h2>\n<h5 style=\"text-align: left\">6\u00e8me \u00e9ditions 2021\u00a0<\/h5>\n<p style=\"text-align: left\">\n<p style=\"text-align: left\">\n<p>[\/et_pb_text][et_pb_button button_url=&#8221;https:\/\/www.eim.com\/fr\/6eme-edition-du-prix-des-100-jours\/&#8221; button_text=&#8221;D\u00e9couvrez les Laureats de l&#8217;\u00e9dition 2021&#8243; _builder_version=&#8221;4.17.3&#8243; _module_preset=&#8221;default&#8221; global_colors_info=&#8221;{}&#8221;][\/et_pb_button][\/et_pb_column][et_pb_column type=&#8221;1_2&#8243; _builder_version=&#8221;4.16&#8243; _module_preset=&#8221;default&#8221; global_colors_info=&#8221;{}&#8221;][et_pb_image src=&#8221;https:\/\/www.eim.com\/fr\/wp-content\/uploads\/sites\/9\/2021\/10\/AE5A3816-scaled.jpg&#8221; alt=&#8221;prix des 100 jours EIM KPMG&#8221; title_text=&#8221;AE5A3816&#8243; url=&#8221;https:\/\/www.eim.com\/fr\/6eme-edition-du-prix-des-100-jours\/&#8221; _builder_version=&#8221;4.17.3&#8243; _module_preset=&#8221;default&#8221; width=&#8221;68%&#8221; max_width=&#8221;66%&#8221; max_height=&#8221;1000px&#8221; custom_padding=&#8221;||0px|||&#8221; global_colors_info=&#8221;{}&#8221;][\/et_pb_image][\/et_pb_column][\/et_pb_row][et_pb_row column_structure=&#8221;1_2,1_2&#8243; _builder_version=&#8221;4.16&#8243; _module_preset=&#8221;default&#8221; global_colors_info=&#8221;{}&#8221;][et_pb_column type=&#8221;1_2&#8243; _builder_version=&#8221;4.16&#8243; _module_preset=&#8221;default&#8221; global_colors_info=&#8221;{}&#8221;][et_pb_text _builder_version=&#8221;4.16&#8243; _module_preset=&#8221;default&#8221; width=&#8221;100%&#8221; global_colors_info=&#8221;{}&#8221;]<\/p>\n<h2 style=\"text-align: left\"><strong>Prix des 100 jours EIM &amp; KPMG<\/strong><strong><\/strong><\/h2>\n<h5 style=\"text-align: left\">5\u00e8me \u00e9ditions 2019\u00a0<\/h5>\n<p style=\"text-align: left\">\n<p style=\"text-align: left\">\n<p>[\/et_pb_text][et_pb_button button_url=&#8221;https:\/\/www.eim.com\/fr\/5eme-edition-du-prix-des-100-jours\/&#8221; url_new_window=&#8221;on&#8221; button_text=&#8221;D\u00e9couvrez les Laur\u00e9ats de l&#8217;\u00e9dition 2019&#8243; _builder_version=&#8221;4.16&#8243; _module_preset=&#8221;default&#8221; global_colors_info=&#8221;{}&#8221;][\/et_pb_button][\/et_pb_column][et_pb_column type=&#8221;1_2&#8243; _builder_version=&#8221;4.16&#8243; _module_preset=&#8221;default&#8221; global_colors_info=&#8221;{}&#8221;][et_pb_image src=&#8221;https:\/\/www.eim.com\/fr\/wp-content\/uploads\/sites\/9\/2019\/10\/SR20191007-310-BD.jpg&#8221; alt=&#8221;prix des 100 jours EIM KPMG&#8221; title_text=&#8221;SR20191007-310-BD&#8221; url=&#8221;https:\/\/www.eim.com\/fr\/5eme-edition-du-prix-des-100-jours\/&#8221; url_new_window=&#8221;on&#8221; _builder_version=&#8221;4.17.3&#8243; _module_preset=&#8221;default&#8221; width=&#8221;74%&#8221; max_width=&#8221;70%&#8221; global_colors_info=&#8221;{}&#8221;][\/et_pb_image][\/et_pb_column][\/et_pb_row][et_pb_row column_structure=&#8221;1_2,1_2&#8243; _builder_version=&#8221;4.16&#8243; _module_preset=&#8221;default&#8221; global_colors_info=&#8221;{}&#8221;][et_pb_column type=&#8221;1_2&#8243; _builder_version=&#8221;4.16&#8243; _module_preset=&#8221;default&#8221; global_colors_info=&#8221;{}&#8221;][et_pb_text _builder_version=&#8221;4.16&#8243; _module_preset=&#8221;default&#8221; width=&#8221;100%&#8221; global_colors_info=&#8221;{}&#8221;]<\/p>\n<h2 style=\"text-align: left\"><strong>Prix des 100 jours EIM &amp; KPMG<\/strong><strong><\/strong><\/h2>\n<h5 style=\"text-align: left\">4\u00e8me \u00e9ditions 2018\u00a0<\/h5>\n<p style=\"text-align: left\">\n<p style=\"text-align: left\">\n<p>[\/et_pb_text][et_pb_button button_url=&#8221;https:\/\/www.eim.com\/fr\/4eme-edition-du-prix-des-100-jours\/&#8221; url_new_window=&#8221;on&#8221; button_text=&#8221;D\u00e9couvrez les Laur\u00e9ats de l&#8217;\u00e9dition 2018&#8243; _builder_version=&#8221;4.16&#8243; _module_preset=&#8221;default&#8221; global_colors_info=&#8221;{}&#8221;][\/et_pb_button][\/et_pb_column][et_pb_column type=&#8221;1_2&#8243; _builder_version=&#8221;4.16&#8243; _module_preset=&#8221;default&#8221; global_colors_info=&#8221;{}&#8221;][et_pb_image src=&#8221;https:\/\/www.eim.com\/fr\/wp-content\/uploads\/sites\/9\/2021\/10\/ETI-SR20181008-238-480&#215;270-1.jpg&#8221; alt=&#8221;prix des 100 jours EIM KPMG&#8221; title_text=&#8221;ETI-SR20181008-238-480&#215;270&#8243; url=&#8221;https:\/\/www.eim.com\/fr\/4eme-edition-du-prix-des-100-jours\/&#8221; url_new_window=&#8221;on&#8221; _builder_version=&#8221;4.16&#8243; _module_preset=&#8221;default&#8221; width=&#8221;72%&#8221; max_width=&#8221;78%&#8221; global_colors_info=&#8221;{}&#8221;][\/et_pb_image][\/et_pb_column][\/et_pb_row][et_pb_row column_structure=&#8221;1_2,1_2&#8243; _builder_version=&#8221;4.16&#8243; _module_preset=&#8221;default&#8221; global_colors_info=&#8221;{}&#8221;][et_pb_column type=&#8221;1_2&#8243; _builder_version=&#8221;4.16&#8243; _module_preset=&#8221;default&#8221; global_colors_info=&#8221;{}&#8221;][et_pb_text _builder_version=&#8221;4.16&#8243; _module_preset=&#8221;default&#8221; width=&#8221;100%&#8221; global_colors_info=&#8221;{}&#8221;]<\/p>\n<h2 style=\"text-align: left\"><strong>Prix des 100 jours EIM &amp; KPMG<\/strong><strong><\/strong><\/h2>\n<h5 style=\"text-align: left\">3\u00e8me \u00e9ditions 2017<\/h5>\n<p style=\"text-align: left\">\n<p style=\"text-align: left\">\n<p>[\/et_pb_text][et_pb_button button_url=&#8221;https:\/\/www.eim.com\/fr\/3eme-edition-du-prix-des-100-jours\/&#8221; url_new_window=&#8221;on&#8221; button_text=&#8221;D\u00e9couvrez les Laur\u00e9ats de l&#8217;\u00e9dition 2017&#8243; _builder_version=&#8221;4.16&#8243; _module_preset=&#8221;default&#8221; global_colors_info=&#8221;{}&#8221;][\/et_pb_button][\/et_pb_column][et_pb_column type=&#8221;1_2&#8243; _builder_version=&#8221;4.16&#8243; _module_preset=&#8221;default&#8221; global_colors_info=&#8221;{}&#8221;][et_pb_image src=&#8221;https:\/\/www.eim.com\/fr\/wp-content\/uploads\/sites\/9\/2019\/10\/3_prix-100-jours-PME.jpg&#8221; alt=&#8221;Pourquoi eux? Les secrets d\u2019une ascension&#8221; title_text=&#8221;3_prix-100-jours-PME&#8221; url=&#8221;https:\/\/www.eim.com\/fr\/3eme-edition-du-prix-des-100-jours\/&#8221; url_new_window=&#8221;on&#8221; _builder_version=&#8221;4.16&#8243; _module_preset=&#8221;default&#8221; width=&#8221;79%&#8221; max_width=&#8221;72%&#8221; global_colors_info=&#8221;{}&#8221;][\/et_pb_image][\/et_pb_column][\/et_pb_row][et_pb_row column_structure=&#8221;1_2,1_2&#8243; _builder_version=&#8221;4.16&#8243; _module_preset=&#8221;default&#8221; global_colors_info=&#8221;{}&#8221;][et_pb_column type=&#8221;1_2&#8243; _builder_version=&#8221;4.16&#8243; _module_preset=&#8221;default&#8221; global_colors_info=&#8221;{}&#8221;][et_pb_text _builder_version=&#8221;4.16&#8243; _module_preset=&#8221;default&#8221; width=&#8221;100%&#8221; global_colors_info=&#8221;{}&#8221;]<\/p>\n<h2 style=\"text-align: left\"><strong>Prix des 100 jours EIM &amp; KPMG<\/strong><strong><\/strong><\/h2>\n<h5 style=\"text-align: left\">2\u00e8me \u00e9ditions 2016<\/h5>\n<p style=\"text-align: left\">\n<p style=\"text-align: left\">\n<p>[\/et_pb_text][et_pb_button button_url=&#8221;https:\/\/www.eim.com\/fr\/2eme-edition-du-prix-des-100-jours\/&#8221; url_new_window=&#8221;on&#8221; button_text=&#8221;D\u00e9couvrez les Laur\u00e9ats de l&#8217;\u00e9dition 2017&#8243; _builder_version=&#8221;4.16&#8243; _module_preset=&#8221;default&#8221; global_colors_info=&#8221;{}&#8221;][\/et_pb_button][\/et_pb_column][et_pb_column type=&#8221;1_2&#8243; _builder_version=&#8221;4.16&#8243; _module_preset=&#8221;default&#8221; global_colors_info=&#8221;{}&#8221;][et_pb_image src=&#8221;https:\/\/www.eim.com\/fr\/wp-content\/uploads\/sites\/9\/2021\/10\/Xavier_Durand_Prix_des_Lecteurs_Challenges_EIM.jpg&#8221; alt=&#8221;prix des 100 jours EIM KPMG&#8221; title_text=&#8221;Xavier_Durand_Prix_des_Lecteurs_Challenges_EIM&#8221; url=&#8221;https:\/\/www.eim.com\/fr\/2eme-edition-du-prix-des-100-jours\/&#8221; url_new_window=&#8221;on&#8221; _builder_version=&#8221;4.16&#8243; _module_preset=&#8221;default&#8221; width=&#8221;75%&#8221; max_width=&#8221;73%&#8221; global_colors_info=&#8221;{}&#8221; custom_margin__hover_enabled=&#8221;on|desktop&#8221;][\/et_pb_image][\/et_pb_column][\/et_pb_row][et_pb_row column_structure=&#8221;1_2,1_2&#8243; _builder_version=&#8221;4.16&#8243; _module_preset=&#8221;default&#8221; global_colors_info=&#8221;{}&#8221;][et_pb_column type=&#8221;1_2&#8243; _builder_version=&#8221;4.16&#8243; _module_preset=&#8221;default&#8221; global_colors_info=&#8221;{}&#8221;][et_pb_text _builder_version=&#8221;4.16&#8243; _module_preset=&#8221;default&#8221; width=&#8221;100%&#8221; global_colors_info=&#8221;{}&#8221;]<\/p>\n<h2 style=\"text-align: left\"><strong>Prix des 100 jours EIM &amp; KPMG<\/strong><strong><\/strong><\/h2>\n<h5 style=\"text-align: left\">1\u00e8me \u00e9ditions 2015<\/h5>\n<p style=\"text-align: left\">\n<p style=\"text-align: left\">\n<p>[\/et_pb_text][et_pb_button button_url=&#8221;https:\/\/www.eim.com\/fr\/1ere-edition-du-prix-des-100-jours\/&#8221; url_new_window=&#8221;on&#8221; button_text=&#8221;D\u00e9couvrez les Laur\u00e9ats de l&#8217;\u00e9dition 2015&#8243; _builder_version=&#8221;4.16&#8243; _module_preset=&#8221;default&#8221; global_colors_info=&#8221;{}&#8221;][\/et_pb_button][\/et_pb_column][et_pb_column type=&#8221;1_2&#8243; _builder_version=&#8221;4.16&#8243; _module_preset=&#8221;default&#8221; global_colors_info=&#8221;{}&#8221;][et_pb_image src=&#8221;https:\/\/www.eim.com\/fr\/wp-content\/uploads\/sites\/9\/2019\/10\/SR20191007-113-BD.jpg&#8221; alt=&#8221;Pourquoi eux? Les secrets d\u2019une ascension&#8221; title_text=&#8221;SR20191007-113-BD&#8221; url=&#8221;https:\/\/www.eim.com\/fr\/1ere-edition-du-prix-des-100-jours\/&#8221; url_new_window=&#8221;on&#8221; _builder_version=&#8221;4.16&#8243; _module_preset=&#8221;default&#8221; width=&#8221;78%&#8221; max_width=&#8221;73%&#8221; global_colors_info=&#8221;{}&#8221;][\/et_pb_image][\/et_pb_column][\/et_pb_row][et_pb_row column_structure=&#8221;1_2,1_2&#8243; _builder_version=&#8221;4.16&#8243; _module_preset=&#8221;default&#8221; custom_padding=&#8221;8px|||||&#8221; global_colors_info=&#8221;{}&#8221;][et_pb_column type=&#8221;1_2&#8243; _builder_version=&#8221;4.16&#8243; _module_preset=&#8221;default&#8221; global_colors_info=&#8221;{}&#8221;][et_pb_contact_form captcha=&#8221;off&#8221; email=&#8221;h.avraam@eim.com&#8221; title=&#8221;Vous souhaitez \u00eatre inform\u00e9 de la prochaine c\u00e9r\u00e9monie du prix des 100 jours ?&#8221; success_message=&#8221;Nous avons bien re\u00e7u votre demande. Nous serons ravi de prendre contact avec vous d\u00e8s que le prix des 100 jours sera remis en jeu ! &#8221; submit_button_text=&#8221;Envoyer&#8221; _builder_version=&#8221;4.16&#8243; _module_preset=&#8221;default&#8221; _unique_id=&#8221;950cd868-5e91-4fb0-a43d-a2faf9405fcb&#8221; custom_button=&#8221;on&#8221; button_text_color=&#8221;#E09900&#8243; global_colors_info=&#8221;{}&#8221;][et_pb_contact_field field_id=&#8221;Message_2_2&#8243; field_title=&#8221;Nom&#8221; _builder_version=&#8221;4.16&#8243; _module_preset=&#8221;default&#8221; global_colors_info=&#8221;{}&#8221;][\/et_pb_contact_field][et_pb_contact_field field_id=&#8221;Message_2_2_2&#8243; field_title=&#8221;Adresse e-mail&#8221; _builder_version=&#8221;4.16&#8243; _module_preset=&#8221;default&#8221; global_colors_info=&#8221;{}&#8221;][\/et_pb_contact_field][et_pb_contact_field field_id=&#8221;Message_2&#8243; field_title=&#8221;Entreprise&#8221; fullwidth_field=&#8221;on&#8221; _builder_version=&#8221;4.16&#8243; _module_preset=&#8221;default&#8221; global_colors_info=&#8221;{}&#8221;][\/et_pb_contact_field][\/et_pb_contact_form][\/et_pb_column][et_pb_column type=&#8221;1_2&#8243; _builder_version=&#8221;4.16&#8243; _module_preset=&#8221;default&#8221; global_colors_info=&#8221;{}&#8221;][et_pb_contact_form captcha=&#8221;off&#8221; email=&#8221;h.avraam@eim.com&#8221; title=&#8221;Vous souhaitez recevoir la synth\u00e8se des 100 premiers jours dans le cadre d&#8217;une prise de poste ? &#8221; success_message=&#8221;Merci pour votre message. Un email avec la synth\u00e8se vous sera envoy\u00e9 prochainement. &#8221; submit_button_text=&#8221;Envoyer&#8221; _builder_version=&#8221;4.16&#8243; _module_preset=&#8221;default&#8221; _unique_id=&#8221;a5156188-153b-4536-98dd-8e6c5077a32e&#8221; custom_button=&#8221;on&#8221; button_text_color=&#8221;#E09900&#8243; global_colors_info=&#8221;{}&#8221;][et_pb_contact_field field_id=&#8221;Message_2_2&#8243; field_title=&#8221;Nom&#8221; _builder_version=&#8221;4.16&#8243; _module_preset=&#8221;default&#8221; global_colors_info=&#8221;{}&#8221;][\/et_pb_contact_field][et_pb_contact_field field_id=&#8221;Message_2_2_2&#8243; field_title=&#8221;Adresse e-mail&#8221; _builder_version=&#8221;4.16&#8243; _module_preset=&#8221;default&#8221; global_colors_info=&#8221;{}&#8221;][\/et_pb_contact_field][et_pb_contact_field field_id=&#8221;Message_2&#8243; field_title=&#8221;Entreprise&#8221; fullwidth_field=&#8221;on&#8221; _builder_version=&#8221;4.16&#8243; _module_preset=&#8221;default&#8221; global_colors_info=&#8221;{}&#8221;][\/et_pb_contact_field][\/et_pb_contact_form][\/et_pb_column][\/et_pb_row][\/et_pb_section][et_pb_section fb_built=&#8221;1&#8243; _builder_version=&#8221;4.16&#8243; background_color=&#8221;#002C3E&#8221; custom_margin=&#8221;||||false|false&#8221; top_divider_style=&#8221;slant&#8221; top_divider_color=&#8221;#ffffff&#8221; top_divider_flip=&#8221;vertical|horizontal&#8221; bottom_divider_color=&#8221;#ffffff&#8221; bottom_divider_flip=&#8221;horizontal&#8221; saved_tabs=&#8221;all&#8221; global_colors_info=&#8221;{}&#8221;][et_pb_row _builder_version=&#8221;4.16&#8243; custom_padding=&#8221;64px|||||&#8221; global_colors_info=&#8221;{}&#8221;][et_pb_column type=&#8221;4_4&#8243; _builder_version=&#8221;4.16&#8243; global_colors_info=&#8221;{}&#8221;][et_pb_text admin_label=&#8221;Title&#8221; _builder_version=&#8221;4.16&#8243; text_font=&#8221;||||||||&#8221; text_text_color=&#8221;#ffffff&#8221; header_font=&#8221;Prata||||||||&#8221; header_2_font=&#8221;Montserrat|700|||||||&#8221; header_2_text_align=&#8221;center&#8221; header_2_font_size=&#8221;30px&#8221; custom_margin=&#8221;||5px|&#8221; custom_padding=&#8221;||0px|||&#8221; animation_style=&#8221;fade&#8221; animation_direction=&#8221;top&#8221; animation_duration=&#8221;1350ms&#8221; animation_starting_opacity=&#8221;100%&#8221; inline_fonts=&#8221;Prata,Montserrat&#8221; global_colors_info=&#8221;{}&#8221;]<\/p>\n<h3 style=\"text-align: center\"><span style=\"font-family: Montserrat;color: #ffffff\">Prenez contact avec nous<\/span><\/h3>\n<p>[\/et_pb_text][\/et_pb_column][\/et_pb_row][et_pb_row column_structure=&#8221;1_5,3_5,1_5&#8243; _builder_version=&#8221;4.16&#8243; custom_padding=&#8221;0px|||||&#8221; global_colors_info=&#8221;{}&#8221;][et_pb_column type=&#8221;1_5&#8243; _builder_version=&#8221;4.16&#8243; global_colors_info=&#8221;{}&#8221;][\/et_pb_column][et_pb_column type=&#8221;3_5&#8243; _builder_version=&#8221;4.16&#8243; global_colors_info=&#8221;{}&#8221;][et_pb_button button_url=&#8221;@ET-DC@eyJkeW5hbWljIjp0cnVlLCJjb250ZW50IjoicG9zdF9saW5rX3VybF9wYWdlIiwic2V0dGluZ3MiOnsicG9zdF9pZCI6IjM0OCJ9fQ==@&#8221; url_new_window=&#8221;on&#8221; button_text=&#8221;CONTACTEZ-NOUS&#8221; button_alignment=&#8221;center&#8221; _builder_version=&#8221;4.16&#8243; _dynamic_attributes=&#8221;button_url&#8221; background_layout=&#8221;dark&#8221; global_colors_info=&#8221;{}&#8221;][\/et_pb_button][\/et_pb_column][et_pb_column type=&#8221;1_5&#8243; _builder_version=&#8221;4.16&#8243; global_colors_info=&#8221;{}&#8221;][\/et_pb_column][\/et_pb_row][\/et_pb_section]<\/p>\n","protected":false},"excerpt":{"rendered":"<p>Ev\u00e8nements EIMPrix des 100 jours EIM &amp; KPMG 8\u00e8me \u00e9ditions 2023 Prix des 100 jours EIM &amp; KPMG 7\u00e8me \u00e9ditions 2022 Prix des 100 jours EIM &amp; KPMG 6\u00e8me \u00e9ditions 2021\u00a0 Prix des 100 jours EIM &amp; KPMG 5\u00e8me \u00e9ditions 2019\u00a0 Prix des 100 jours EIM &amp; KPMG 4\u00e8me \u00e9ditions 2018\u00a0 Prix des 100 jours [&hellip;]<\/p>\n","protected":false},"author":133,"featured_media":60,"parent":0,"menu_order":0,"comment_status":"closed","ping_status":"closed","template":"","meta":{"_et_pb_use_builder":"on","_et_pb_old_content":"[et_pb_section fb_built=\"1\" admin_label=\"Hero Section\" _builder_version=\"4.10.8\" background_color=\"#E09900\" use_background_color_gradient=\"on\" background_color_gradient_start=\"#082c3c\" background_color_gradient_end=\"#192e3d\" background_color_gradient_overlays_image=\"on\" background_enable_image=\"off\" height=\"520px\" custom_padding=\"6%||0%|||\" bottom_divider_style=\"slant\" bottom_divider_color=\"#ffffff\" bottom_divider_height=\"150px\" bottom_divider_flip=\"horizontal\" saved_tabs=\"all\" global_colors_info=\"{}\" background_color_gradient_direction__hover=\"180deg\" background_color_gradient_direction__hover_enabled=\"180deg\" background_color_gradient_start_position__hover=\"0%\" background_color_gradient_start_position__hover_enabled=\"0%\" background_color_gradient_end_position__hover=\"100%\" background_color_gradient_end_position__hover_enabled=\"100%\"][et_pb_row admin_label=\"Page Title Area\" _builder_version=\"3.27.4\" width=\"100%\" max_width=\"2560px\" module_alignment=\"center\" custom_margin=\"-2%|auto|0px|auto|false|false\" custom_padding=\"0px|||||\" global_colors_info=\"{}\"][et_pb_column type=\"4_4\" _builder_version=\"3.25\" custom_padding=\"|||\" global_colors_info=\"{}\" custom_padding__hover=\"|||\"][et_pb_text admin_label=\"Hero Section Title\" _builder_version=\"3.27.4\" text_font=\"Montserrat|800|||||||\" text_font_size=\"18px\" text_line_height=\"1.3em\" header_font=\"Montserrat|700|||||||\" header_font_size=\"56px\" header_letter_spacing=\"3px\" header_line_height=\"1.1em\" header_2_font=\"Montserrat|700|||||||\" header_2_text_color=\"rgba(255,255,255,0.6)\" header_2_font_size=\"90px\" header_2_letter_spacing=\"3px\" header_2_line_height=\"1.1em\" text_orientation=\"center\" background_layout=\"dark\" max_width=\"700px\" module_alignment=\"center\" custom_margin=\"0px||0px||false|false\" animation_style=\"fade\" animation_direction=\"bottom\" animation_duration=\"1350ms\" header_font_size_tablet=\"\" header_font_size_phone=\"28px\" header_font_size_last_edited=\"on|phone\" header_2_font_size_tablet=\"\" header_2_font_size_phone=\"50px\" header_2_font_size_last_edited=\"on|phone\" text_text_shadow_style=\"preset1\" text_text_shadow_horizontal_length=\"0.38em\" inline_fonts=\"Prata,Montserrat\" global_colors_info=\"{}\"]<h1><strong>Webinars EIM<\/strong><\/h1>[\/et_pb_text][\/et_pb_column][\/et_pb_row][\/et_pb_section][et_pb_section fb_built=\"1\" _builder_version=\"3.27.4\" custom_margin=\"||||false|false\" custom_padding=\"6px||5%||false|false\" saved_tabs=\"all\" global_colors_info=\"{}\"][et_pb_row column_structure=\"1_2,1_2\" _builder_version=\"4.10.8\" _module_preset=\"default\" custom_margin=\"-76px|auto||auto||\" custom_padding=\"110px|||||\" global_colors_info=\"{}\"][et_pb_column type=\"1_2\" _builder_version=\"4.10.8\" _module_preset=\"default\" global_colors_info=\"{}\"][et_pb_text _builder_version=\"4.10.8\" _module_preset=\"default\" global_colors_info=\"{}\"]<h2 style=\"text-align: left\"><strong>Preparer la sortie de crise avec le Lean Supply chain\u00a0<\/strong><\/h2>\n<p><strong><\/strong><\/p>\n<p><span style=\"font-family: inherit;font-weight: normal\">Avec la crise du COVID-19, une grande partie des activit\u00e9s op\u00e9rationnelles sont totalement d\u00e9sorient\u00e9es et d\u00e9sorganis\u00e9es. Pr\u00e9parer la reprise op\u00e9rationnelle impliquera une mise \u00e0 plat de nos relations avec l'ensemble de notre \u00e9co-syst\u00e8me. L'approche Lean Supply Chain peut nous y aider.<\/span><\/p>\n<p style=\"text-align: left\"><\/p>[\/et_pb_text][et_pb_button button_url=\"https:\/\/www.youtube.com\/watch?v=Cu3qKXPAtuQ\" url_new_window=\"on\" button_text=\"Visionner le webinar\" _builder_version=\"4.10.8\" _module_preset=\"default\" global_colors_info=\"{}\"][\/et_pb_button][\/et_pb_column][et_pb_column type=\"1_2\" _builder_version=\"4.10.8\" _module_preset=\"default\" global_colors_info=\"{}\"][et_pb_image src=\"https:\/\/www.eim.com\/fr\/wp-content\/uploads\/sites\/9\/2020\/05\/2.png\" title_text=\"2\" url=\"https:\/\/www.youtube.com\/watch?v=Cu3qKXPAtuQ&amp;t=953s\" url_new_window=\"on\" use_overlay=\"on\" overlay_icon_color=\"#ffffff\" hover_overlay_color=\"rgba(0,44,62,0.71)\" hover_icon=\"%%192%%\" _builder_version=\"4.10.8\" width=\"80%\" module_alignment=\"center\" global_colors_info=\"{}\"][\/et_pb_image][\/et_pb_column][\/et_pb_row][et_pb_row column_structure=\"1_2,1_2\" _builder_version=\"4.10.8\" _module_preset=\"default\" global_colors_info=\"{}\"][et_pb_column type=\"1_2\" _builder_version=\"4.10.8\" _module_preset=\"default\" global_colors_info=\"{}\"][et_pb_text _builder_version=\"4.10.8\" _module_preset=\"default\" width=\"100%\" custom_margin=\"||25px|||\" global_colors_info=\"{}\"]<h2 class=\"title-content text-center\"><\/h2>\n<h2 class=\"title style-scope ytd-video-primary-info-renderer\" style=\"text-align: left\">G\u00e9rer les finances en temps de crise<\/h2>\n<p>&nbsp;<\/p>\n<p><span>Face \u00e0 l'\u00e9croulement des march\u00e9s dans le sillage du COVID-19, l'exp\u00e9rience d'Air France frapp\u00e9 en 2001 et 2008 nous apporte quelques enseignements sur la gestion de crises exog\u00e8nes. Entretien avec Marc Verspyck, ancien CFO groupe d'Air France.<\/span><\/p>\n<h5><\/h5>[\/et_pb_text][et_pb_button button_url=\"https:\/\/www.youtube.com\/watch?v=8BXj65GFxmQ\" url_new_window=\"on\" button_text=\"Visionner le webinar\" _builder_version=\"4.10.8\" _module_preset=\"default\" global_colors_info=\"{}\"][\/et_pb_button][\/et_pb_column][et_pb_column type=\"1_2\" _builder_version=\"4.10.8\" _module_preset=\"default\" global_colors_info=\"{}\"][et_pb_image src=\"https:\/\/www.eim.com\/fr\/wp-content\/uploads\/sites\/9\/2020\/05\/1.png\" title_text=\"1\" url=\"https:\/\/www.youtube.com\/watch?v=8BXj65GFxmQ\" url_new_window=\"on\" use_overlay=\"on\" overlay_icon_color=\"#ffffff\" hover_overlay_color=\"rgba(0,44,62,0.71)\" hover_icon=\"%%192%%\" _builder_version=\"4.10.8\" width=\"80%\" module_alignment=\"center\" locked=\"off\" global_colors_info=\"{}\"][\/et_pb_image][\/et_pb_column][\/et_pb_row][\/et_pb_section][et_pb_section fb_built=\"1\" _builder_version=\"3.27.4\" background_color=\"#002C3E\" custom_margin=\"||||false|false\" top_divider_style=\"slant\" top_divider_color=\"#ffffff\" top_divider_flip=\"vertical|horizontal\" bottom_divider_color=\"#ffffff\" bottom_divider_flip=\"horizontal\" saved_tabs=\"all\" global_colors_info=\"{}\"][et_pb_row _builder_version=\"3.27.4\" custom_padding=\"64px|||||\" global_colors_info=\"{}\"][et_pb_column type=\"4_4\" _builder_version=\"3.27.4\" global_colors_info=\"{}\"][et_pb_text admin_label=\"Title\" _builder_version=\"3.27.4\" text_font=\"||||||||\" text_text_color=\"#ffffff\" header_font=\"Prata||||||||\" header_2_font=\"Montserrat|700|||||||\" header_2_text_align=\"center\" header_2_font_size=\"30px\" custom_margin=\"||5px|\" custom_padding=\"||0px|||\" animation_style=\"fade\" animation_direction=\"top\" animation_duration=\"1350ms\" animation_starting_opacity=\"100%\" inline_fonts=\"Prata,Montserrat\" global_colors_info=\"{}\"]<h3 style=\"text-align: center\"><span style=\"font-family: Montserrat;color: #ffffff\">Prenez contact avec nous<\/span><\/h3>[\/et_pb_text][\/et_pb_column][\/et_pb_row][et_pb_row column_structure=\"1_5,3_5,1_5\" _builder_version=\"3.27.4\" custom_padding=\"0px|||||\" global_colors_info=\"{}\"][et_pb_column type=\"1_5\" _builder_version=\"3.27.4\" global_colors_info=\"{}\"][\/et_pb_column][et_pb_column type=\"3_5\" _builder_version=\"3.27.4\" global_colors_info=\"{}\"][et_pb_button button_url=\"@ET-DC@eyJkeW5hbWljIjp0cnVlLCJjb250ZW50IjoicG9zdF9saW5rX3VybF9wYWdlIiwic2V0dGluZ3MiOnsicG9zdF9pZCI6IjM0OCJ9fQ==@\" url_new_window=\"on\" button_text=\"CONTACTEZ-NOUS\" button_alignment=\"center\" _builder_version=\"3.27.4\" _dynamic_attributes=\"button_url\" background_layout=\"dark\" global_colors_info=\"{}\"][\/et_pb_button][\/et_pb_column][et_pb_column type=\"1_5\" _builder_version=\"3.27.4\" global_colors_info=\"{}\"][\/et_pb_column][\/et_pb_row][\/et_pb_section]","_et_gb_content_width":"","footnotes":""},"class_list":["post-11699","page","type-page","status-publish","has-post-thumbnail","hentry"],"yoast_head":"<!-- This site is optimized with the Yoast SEO Premium plugin v27.5 (Yoast SEO v27.5) - https:\/\/yoast.com\/product\/yoast-seo-premium-wordpress\/ -->\n<title>Ev\u00e8nement EIM - EIM France<\/title>\n<meta name=\"description\" content=\"Decouvrez les \u00e9v\u00e8nements EIM\" \/>\n<meta name=\"robots\" content=\"index, follow, max-snippet:-1, max-image-preview:large, max-video-preview:-1\" \/>\n<link rel=\"canonical\" href=\"https:\/\/www.eim.com\/fr\/evenement-eim\/\" \/>\n<meta property=\"og:locale\" content=\"fr_FR\" \/>\n<meta property=\"og:type\" content=\"article\" \/>\n<meta property=\"og:title\" content=\"Ev\u00e8nement EIM\" \/>\n<meta property=\"og:description\" content=\"Decouvrez les \u00e9v\u00e8nements EIM\" \/>\n<meta property=\"og:url\" content=\"https:\/\/www.eim.com\/fr\/evenement-eim\/\" \/>\n<meta property=\"og:site_name\" content=\"EIM France\" \/>\n<meta property=\"article:modified_time\" content=\"2023-10-23T08:08:43+00:00\" \/>\n<meta property=\"og:image\" content=\"https:\/\/www.eim.com\/fr\/wp-content\/uploads\/sites\/9\/2019\/10\/performance-improvement-1024x683.jpeg\" \/>\n\t<meta property=\"og:image:width\" content=\"1024\" \/>\n\t<meta property=\"og:image:height\" content=\"683\" \/>\n\t<meta property=\"og:image:type\" content=\"image\/jpeg\" \/>\n<meta name=\"twitter:card\" content=\"summary_large_image\" \/>\n<meta name=\"twitter:label1\" content=\"Dur\u00e9e de lecture estim\u00e9e\" \/>\n\t<meta name=\"twitter:data1\" content=\"3 minutes\" \/>\n<script type=\"application\/ld+json\" class=\"yoast-schema-graph\">{\"@context\":\"https:\\\/\\\/schema.org\",\"@graph\":[{\"@type\":\"WebPage\",\"@id\":\"https:\\\/\\\/www.eim.com\\\/fr\\\/evenement-eim\\\/\",\"url\":\"https:\\\/\\\/www.eim.com\\\/fr\\\/evenement-eim\\\/\",\"name\":\"Ev\u00e8nement EIM - EIM France\",\"isPartOf\":{\"@id\":\"https:\\\/\\\/www.eim.com\\\/fr\\\/#website\"},\"primaryImageOfPage\":{\"@id\":\"https:\\\/\\\/www.eim.com\\\/fr\\\/evenement-eim\\\/#primaryimage\"},\"image\":{\"@id\":\"https:\\\/\\\/www.eim.com\\\/fr\\\/evenement-eim\\\/#primaryimage\"},\"thumbnailUrl\":\"https:\\\/\\\/www.eim.com\\\/fr\\\/wp-content\\\/uploads\\\/sites\\\/9\\\/2019\\\/10\\\/performance-improvement-1024x683.jpeg\",\"datePublished\":\"2021-11-02T11:44:52+00:00\",\"dateModified\":\"2023-10-23T08:08:43+00:00\",\"description\":\"Decouvrez les \u00e9v\u00e8nements EIM\",\"breadcrumb\":{\"@id\":\"https:\\\/\\\/www.eim.com\\\/fr\\\/evenement-eim\\\/#breadcrumb\"},\"inLanguage\":\"fr-FR\",\"potentialAction\":[{\"@type\":\"ReadAction\",\"target\":[\"https:\\\/\\\/www.eim.com\\\/fr\\\/evenement-eim\\\/\"]}]},{\"@type\":\"ImageObject\",\"inLanguage\":\"fr-FR\",\"@id\":\"https:\\\/\\\/www.eim.com\\\/fr\\\/evenement-eim\\\/#primaryimage\",\"url\":\"https:\\\/\\\/www.eim.com\\\/fr\\\/wp-content\\\/uploads\\\/sites\\\/9\\\/2019\\\/10\\\/performance-improvement-1024x683.jpeg\",\"contentUrl\":\"https:\\\/\\\/www.eim.com\\\/fr\\\/wp-content\\\/uploads\\\/sites\\\/9\\\/2019\\\/10\\\/performance-improvement-1024x683.jpeg\",\"width\":1024,\"height\":683,\"caption\":\"Business team colleagues discussing working analysis with financial data and marketing growth report graph in team, Meeting Talking Brainstorming Communication Concept.\"},{\"@type\":\"BreadcrumbList\",\"@id\":\"https:\\\/\\\/www.eim.com\\\/fr\\\/evenement-eim\\\/#breadcrumb\",\"itemListElement\":[{\"@type\":\"ListItem\",\"position\":1,\"name\":\"Home\",\"item\":\"https:\\\/\\\/www.eim.com\\\/fr\\\/\"},{\"@type\":\"ListItem\",\"position\":2,\"name\":\"Ev\u00e8nement EIM\"}]},{\"@type\":\"WebSite\",\"@id\":\"https:\\\/\\\/www.eim.com\\\/fr\\\/#website\",\"url\":\"https:\\\/\\\/www.eim.com\\\/fr\\\/\",\"name\":\"EIM France\",\"description\":\"Management de transition | EIM\",\"publisher\":{\"@id\":\"https:\\\/\\\/www.eim.com\\\/fr\\\/#organization\"},\"potentialAction\":[{\"@type\":\"SearchAction\",\"target\":{\"@type\":\"EntryPoint\",\"urlTemplate\":\"https:\\\/\\\/www.eim.com\\\/fr\\\/?s={search_term_string}\"},\"query-input\":{\"@type\":\"PropertyValueSpecification\",\"valueRequired\":true,\"valueName\":\"search_term_string\"}}],\"inLanguage\":\"fr-FR\"},{\"@type\":\"Organization\",\"@id\":\"https:\\\/\\\/www.eim.com\\\/fr\\\/#organization\",\"name\":\"EIM France\",\"url\":\"https:\\\/\\\/www.eim.com\\\/fr\\\/\",\"logo\":{\"@type\":\"ImageObject\",\"inLanguage\":\"fr-FR\",\"@id\":\"https:\\\/\\\/www.eim.com\\\/fr\\\/#\\\/schema\\\/logo\\\/image\\\/\",\"url\":\"https:\\\/\\\/www.eim.com\\\/fr\\\/wp-content\\\/uploads\\\/sites\\\/9\\\/2019\\\/10\\\/logo_EIM_2-e1588485874411.png\",\"contentUrl\":\"https:\\\/\\\/www.eim.com\\\/fr\\\/wp-content\\\/uploads\\\/sites\\\/9\\\/2019\\\/10\\\/logo_EIM_2-e1588485874411.png\",\"width\":300,\"height\":101,\"caption\":\"EIM France\"},\"image\":{\"@id\":\"https:\\\/\\\/www.eim.com\\\/fr\\\/#\\\/schema\\\/logo\\\/image\\\/\"}}]}<\/script>\n<!-- \/ Yoast SEO Premium plugin. -->","yoast_head_json":{"title":"Ev\u00e8nement EIM - EIM France","description":"Decouvrez les \u00e9v\u00e8nements EIM","robots":{"index":"index","follow":"follow","max-snippet":"max-snippet:-1","max-image-preview":"max-image-preview:large","max-video-preview":"max-video-preview:-1"},"canonical":"https:\/\/www.eim.com\/fr\/evenement-eim\/","og_locale":"fr_FR","og_type":"article","og_title":"Ev\u00e8nement EIM","og_description":"Decouvrez les \u00e9v\u00e8nements EIM","og_url":"https:\/\/www.eim.com\/fr\/evenement-eim\/","og_site_name":"EIM France","article_modified_time":"2023-10-23T08:08:43+00:00","og_image":[{"width":1024,"height":683,"url":"https:\/\/www.eim.com\/fr\/wp-content\/uploads\/sites\/9\/2019\/10\/performance-improvement-1024x683.jpeg","type":"image\/jpeg"}],"twitter_card":"summary_large_image","twitter_misc":{"Dur\u00e9e de lecture estim\u00e9e":"3 minutes"},"schema":{"@context":"https:\/\/schema.org","@graph":[{"@type":"WebPage","@id":"https:\/\/www.eim.com\/fr\/evenement-eim\/","url":"https:\/\/www.eim.com\/fr\/evenement-eim\/","name":"Ev\u00e8nement EIM - EIM France","isPartOf":{"@id":"https:\/\/www.eim.com\/fr\/#website"},"primaryImageOfPage":{"@id":"https:\/\/www.eim.com\/fr\/evenement-eim\/#primaryimage"},"image":{"@id":"https:\/\/www.eim.com\/fr\/evenement-eim\/#primaryimage"},"thumbnailUrl":"https:\/\/www.eim.com\/fr\/wp-content\/uploads\/sites\/9\/2019\/10\/performance-improvement-1024x683.jpeg","datePublished":"2021-11-02T11:44:52+00:00","dateModified":"2023-10-23T08:08:43+00:00","description":"Decouvrez les \u00e9v\u00e8nements EIM","breadcrumb":{"@id":"https:\/\/www.eim.com\/fr\/evenement-eim\/#breadcrumb"},"inLanguage":"fr-FR","potentialAction":[{"@type":"ReadAction","target":["https:\/\/www.eim.com\/fr\/evenement-eim\/"]}]},{"@type":"ImageObject","inLanguage":"fr-FR","@id":"https:\/\/www.eim.com\/fr\/evenement-eim\/#primaryimage","url":"https:\/\/www.eim.com\/fr\/wp-content\/uploads\/sites\/9\/2019\/10\/performance-improvement-1024x683.jpeg","contentUrl":"https:\/\/www.eim.com\/fr\/wp-content\/uploads\/sites\/9\/2019\/10\/performance-improvement-1024x683.jpeg","width":1024,"height":683,"caption":"Business team colleagues discussing working analysis with financial data and marketing growth report graph in team, Meeting Talking Brainstorming Communication Concept."},{"@type":"BreadcrumbList","@id":"https:\/\/www.eim.com\/fr\/evenement-eim\/#breadcrumb","itemListElement":[{"@type":"ListItem","position":1,"name":"Home","item":"https:\/\/www.eim.com\/fr\/"},{"@type":"ListItem","position":2,"name":"Ev\u00e8nement EIM"}]},{"@type":"WebSite","@id":"https:\/\/www.eim.com\/fr\/#website","url":"https:\/\/www.eim.com\/fr\/","name":"EIM France","description":"Management de transition | EIM","publisher":{"@id":"https:\/\/www.eim.com\/fr\/#organization"},"potentialAction":[{"@type":"SearchAction","target":{"@type":"EntryPoint","urlTemplate":"https:\/\/www.eim.com\/fr\/?s={search_term_string}"},"query-input":{"@type":"PropertyValueSpecification","valueRequired":true,"valueName":"search_term_string"}}],"inLanguage":"fr-FR"},{"@type":"Organization","@id":"https:\/\/www.eim.com\/fr\/#organization","name":"EIM France","url":"https:\/\/www.eim.com\/fr\/","logo":{"@type":"ImageObject","inLanguage":"fr-FR","@id":"https:\/\/www.eim.com\/fr\/#\/schema\/logo\/image\/","url":"https:\/\/www.eim.com\/fr\/wp-content\/uploads\/sites\/9\/2019\/10\/logo_EIM_2-e1588485874411.png","contentUrl":"https:\/\/www.eim.com\/fr\/wp-content\/uploads\/sites\/9\/2019\/10\/logo_EIM_2-e1588485874411.png","width":300,"height":101,"caption":"EIM France"},"image":{"@id":"https:\/\/www.eim.com\/fr\/#\/schema\/logo\/image\/"}}]}},"_links":{"self":[{"href":"https:\/\/www.eim.com\/fr\/wp-json\/wp\/v2\/pages\/11699","targetHints":{"allow":["GET"]}}],"collection":[{"href":"https:\/\/www.eim.com\/fr\/wp-json\/wp\/v2\/pages"}],"about":[{"href":"https:\/\/www.eim.com\/fr\/wp-json\/wp\/v2\/types\/page"}],"author":[{"embeddable":true,"href":"https:\/\/www.eim.com\/fr\/wp-json\/wp\/v2\/users\/133"}],"replies":[{"embeddable":true,"href":"https:\/\/www.eim.com\/fr\/wp-json\/wp\/v2\/comments?post=11699"}],"version-history":[{"count":0,"href":"https:\/\/www.eim.com\/fr\/wp-json\/wp\/v2\/pages\/11699\/revisions"}],"wp:featuredmedia":[{"embeddable":true,"href":"https:\/\/www.eim.com\/fr\/wp-json\/wp\/v2\/media\/60"}],"wp:attachment":[{"href":"https:\/\/www.eim.com\/fr\/wp-json\/wp\/v2\/media?parent=11699"}],"curies":[{"name":"wp","href":"https:\/\/api.w.org\/{rel}","templated":true}]}}