{"id":111,"date":"2019-09-12T09:27:05","date_gmt":"2019-09-12T09:27:05","guid":{"rendered":"https:\/\/eimworld.wpengine.com\/es\/multinational-corporations\/"},"modified":"2023-02-28T23:41:15","modified_gmt":"2023-02-28T23:41:15","slug":"grupos-multinacionales","status":"publish","type":"page","link":"https:\/\/www.eim.com\/es\/grupos-multinacionales\/","title":{"rendered":"Grupos multinacionales"},"content":{"rendered":"\n\n[et_pb_section fb_built=&#8221;1&#8243; admin_label=&#8221;Hero Section&#8221; _builder_version=&#8221;3.27.4&#8243; use_background_color_gradient=&#8221;on&#8221; background_color_gradient_start=&#8221;rgba(0,0,0,0.4)&#8221; background_color_gradient_end=&#8221;rgba(0,0,0,0.4)&#8221; background_color_gradient_overlays_image=&#8221;on&#8221; background_image=&#8221;https:\/\/eimworld.wpengine.com\/wp-content\/uploads\/2019\/09\/performance-improvement-business-solution.jpeg&#8221; height=&#8221;520px&#8221; custom_padding=&#8221;6%||0%|||&#8221; bottom_divider_style=&#8221;slant&#8221; bottom_divider_color=&#8221;#ffffff&#8221; bottom_divider_height=&#8221;150px&#8221; bottom_divider_flip=&#8221;horizontal&#8221; saved_tabs=&#8221;all&#8221; fb_built=&#8221;1&#8243; background_color_gradient_direction__hover=&#8221;180deg&#8221; background_color_gradient_direction__hover_enabled=&#8221;180deg&#8221; background_color_gradient_start_position__hover=&#8221;0%&#8221; background_color_gradient_start_position__hover_enabled=&#8221;0%&#8221; background_color_gradient_end_position__hover=&#8221;100%&#8221; background_color_gradient_end_position__hover_enabled=&#8221;100%&#8221; _i=&#8221;0&#8243; _address=&#8221;0&#8243;][et_pb_row admin_label=&#8221;Page Title Area&#8221; _builder_version=&#8221;3.27.4&#8243; width=&#8221;100%&#8221; max_width=&#8221;2560px&#8221; module_alignment=&#8221;center&#8221; custom_margin=&#8221;-2%|auto|0px|auto|false|false&#8221; custom_padding=&#8221;0px|||||&#8221; _i=&#8221;0&#8243; _address=&#8221;0.0&#8243;][et_pb_column type=&#8221;4_4&#8243; _builder_version=&#8221;3.25&#8243; custom_padding=&#8221;|||&#8221; _i=&#8221;0&#8243; _address=&#8221;0.0.0&#8243; custom_padding__hover=&#8221;|||&#8221;][et_pb_text admin_label=&#8221;Hero Section Title&#8221; _builder_version=&#8221;3.27.4&#8243; text_font=&#8221;Montserrat|800|||||||&#8221; text_font_size=&#8221;18px&#8221; text_line_height=&#8221;1.3em&#8221; text_text_shadow_style=&#8221;preset1&#8243; text_text_shadow_horizontal_length=&#8221;0.38em&#8221; header_font=&#8221;Montserrat|700|||||||&#8221; header_font_size=&#8221;56px&#8221; header_letter_spacing=&#8221;3px&#8221; header_line_height=&#8221;1.1em&#8221; header_2_font=&#8221;Montserrat|700|||||||&#8221; header_2_text_color=&#8221;rgba(255,255,255,0.6)&#8221; header_2_font_size=&#8221;90px&#8221; header_2_letter_spacing=&#8221;3px&#8221; header_2_line_height=&#8221;1.1em&#8221; text_orientation=&#8221;center&#8221; background_layout=&#8221;dark&#8221; max_width=&#8221;700px&#8221; module_alignment=&#8221;center&#8221; custom_margin=&#8221;0px||0px||false|false&#8221; animation_style=&#8221;fade&#8221; animation_direction=&#8221;bottom&#8221; animation_duration=&#8221;1350ms&#8221; header_font_size_phone=&#8221;28px&#8221; header_font_size_last_edited=&#8221;on|phone&#8221; header_2_font_size_phone=&#8221;50px&#8221; header_2_font_size_last_edited=&#8221;on|phone&#8221; inline_fonts=&#8221;Prata,Montserrat&#8221; _i=&#8221;0&#8243; _address=&#8221;0.0.0.0&#8243;]\n<h1><span style=\"font-family: Montserrat\">Grupos Multinacionales<\/span><\/h1>\n[\/et_pb_text][\/et_pb_column][\/et_pb_row][\/et_pb_section][et_pb_section fb_built=&#8221;1&#8243; _builder_version=&#8221;3.27.4&#8243; custom_margin=&#8221;||5%||false|false&#8221; custom_padding=&#8221;0%||0%||true|false&#8221; saved_tabs=&#8221;all&#8221; fb_built=&#8221;1&#8243; _i=&#8221;1&#8243; _address=&#8221;1&#8243;][et_pb_row admin_label=&#8221;Title Area&#8221; _builder_version=&#8221;3.27.4&#8243; background_color=&#8221;rgba(0,0,0,0)&#8221; module_alignment=&#8221;center&#8221; custom_margin=&#8221;||||false|false&#8221; custom_padding=&#8221;0px|0px|0px|0px|false|false&#8221; _i=&#8221;0&#8243; _address=&#8221;1.0&#8243;][et_pb_column type=&#8221;4_4&#8243; _builder_version=&#8221;3.25&#8243; custom_padding=&#8221;|||&#8221; _i=&#8221;0&#8243; _address=&#8221;1.0.0&#8243; custom_padding__hover=&#8221;|||&#8221;][et_pb_text admin_label=&#8221;Title&#8221; _builder_version=&#8221;3.27.4&#8243; text_font=&#8221;||||||||&#8221; header_font=&#8221;Prata||||||||&#8221; header_2_font=&#8221;Montserrat|700|||||||&#8221; header_2_text_align=&#8221;center&#8221; header_2_font_size=&#8221;32px&#8221; custom_margin=&#8221;10%||||false|false&#8221; custom_padding=&#8221;||||false|false&#8221; animation_style=&#8221;fade&#8221; animation_direction=&#8221;top&#8221; animation_duration=&#8221;1350ms&#8221; animation_starting_opacity=&#8221;100%&#8221; inline_fonts=&#8221;Prata,Montserrat&#8221; _i=&#8221;0&#8243; _address=&#8221;1.0.0.0&#8243;]\n<h2>Grupos multinacionales que tratan con equipos interculturales<\/h2>\n[\/et_pb_text][et_pb_text _builder_version=&#8221;3.27.4&#8243; text_font=&#8221;||||||||&#8221; text_font_size=&#8221;16px&#8221; header_font=&#8221;||||||||&#8221; text_orientation=&#8221;justified&#8221; max_width=&#8221;93%&#8221; module_alignment=&#8221;center&#8221; custom_margin=&#8221;3%|0px|5%|0px|false|false&#8221; custom_padding=&#8221;|0%|0px|0%|false|false&#8221; animation_style=&#8221;flip&#8221; animation_direction=&#8221;left&#8221; animation_intensity_flip=&#8221;30%&#8221; animation_starting_opacity=&#8221;100%&#8221; _i=&#8221;1&#8243; _address=&#8221;1.0.0.1&#8243;]\n\nSi su empresa abarca muchos pa\u00edses, est\u00e1 en la posici\u00f3n afortunada de cambiar realmente el mundo.\n\nSin embargo, no piense nunca que es demasiado grande para fallar. Pregunte a Toys \u2018R\u2019 Us o Kodak. Su fuerza se puede convertir en una debilidad si su tama\u00f1o y diversidad lleva a una reducci\u00f3n de la flexibilidad o eficiencia. Esto puede deberse a una alineaci\u00f3n incorrecta de los departamentos y ejecutivos internos, o incluso a una falta de aptitudes de gesti\u00f3n intercultural.\n\nProbablemente, todas las grandes empresas se enfrentan constantemente a una pregunta clave: \u00bfc\u00f3mo es posible estar al tanto de las innovaciones y adaptarse r\u00e1pidamente a la econom\u00eda en cambio perpetuo en diferentes regiones del mundo, manteniendo al mismo tiempo una identidad corporativa unificada para aprovechar los presupuestos de I + D y la combinaci\u00f3n de recursos internos?\n\nConocemos esta pregunta por nuestra propia experiencia como empresa internacional.\n\n[\/et_pb_text][\/et_pb_column][\/et_pb_row][\/et_pb_section][et_pb_section fb_built=&#8221;1&#8243; prev_background_color=&#8221;#ffffff&#8221; next_background_color=&#8221;#ffffff&#8221; disabled_on=&#8221;off|off|off&#8221; _builder_version=&#8221;3.27.4&#8243; background_image=&#8221;https:\/\/eimworld.wpengine.com\/wp-content\/uploads\/2019\/10\/new-york-skyline.jpeg&#8221; background_position=&#8221;bottom_center&#8221; min_height=&#8221;469px&#8221; custom_margin=&#8221;||5%||false|false&#8221; custom_padding=&#8221;0%||0%||true|false&#8221; top_divider_style=&#8221;slant&#8221; bottom_divider_style=&#8221;slant&#8221; bottom_divider_flip=&#8221;vertical&#8221; saved_tabs=&#8221;all&#8221; fb_built=&#8221;1&#8243; _i=&#8221;2&#8243; _address=&#8221;2&#8243;][\/et_pb_section][et_pb_section fb_built=&#8221;1&#8243; _builder_version=&#8221;3.27.4&#8243; custom_margin=&#8221;||5%||false|false&#8221; custom_padding=&#8221;0%||0%||true|false&#8221; saved_tabs=&#8221;all&#8221; fb_built=&#8221;1&#8243; _i=&#8221;3&#8243; _address=&#8221;3&#8243;][et_pb_row column_structure=&#8221;1_2,1_2&#8243; _builder_version=&#8221;3.27.4&#8243; saved_tabs=&#8221;all&#8221; _i=&#8221;0&#8243; _address=&#8221;3.0&#8243;][et_pb_column type=&#8221;1_2&#8243; _builder_version=&#8221;3.27.4&#8243; _i=&#8221;0&#8243; _address=&#8221;3.0.0&#8243;][et_pb_text admin_label=&#8221;Title&#8221; _builder_version=&#8221;3.27.4&#8243; text_font=&#8221;||||||||&#8221; header_font=&#8221;Prata||||||||&#8221; header_2_font=&#8221;Montserrat|700|||||||&#8221; header_2_text_align=&#8221;center&#8221; header_2_font_size=&#8221;32px&#8221; custom_margin=&#8221;10%||||false|false&#8221; custom_padding=&#8221;|||13px|false|false&#8221; animation_style=&#8221;fade&#8221; animation_direction=&#8221;top&#8221; animation_duration=&#8221;1350ms&#8221; animation_starting_opacity=&#8221;100%&#8221; inline_fonts=&#8221;Prata,Montserrat&#8221; _i=&#8221;0&#8243; _address=&#8221;3.0.0.0&#8243;]\n<h2>Cuando el cambio se convierte en un asunto internacional<\/h2>\n[\/et_pb_text][et_pb_text _builder_version=&#8221;3.27.4&#8243; text_font=&#8221;||||||||&#8221; text_font_size=&#8221;16px&#8221; header_font=&#8221;||||||||&#8221; max_width=&#8221;90%&#8221; module_alignment=&#8221;center&#8221; custom_margin=&#8221;3%|0px|5%|0px|false|false&#8221; custom_padding=&#8221;|2%|0px|2%|false|false&#8221; animation_style=&#8221;flip&#8221; animation_direction=&#8221;left&#8221; animation_intensity_flip=&#8221;30%&#8221; animation_starting_opacity=&#8221;100%&#8221; _i=&#8221;1&#8243; _address=&#8221;3.0.0.1&#8243;]\n\nLa gesti\u00f3n del cambio siempre es un reto. Para compa\u00f1\u00edas multinacionales este reto puede multiplicarse f\u00e1cilmente por el n\u00famero de mercados, idiomas y culturas implicados.\n\nEsto no significa que usted no ser\u00eda capaz de llevarlo a cabo: evaluar la situaci\u00f3n actual; comunicar la visi\u00f3n; planificar responsabilidades y nuevos procesos teniendo en cuenta los comentarios de sus empleados afectados; inspirar y facultar a su equipo para que sea abierto respecto al cambio; asegurar que el resultado sea una ventaja para sus clientes, etc.&nbsp;\n\nEs m\u00e1s f\u00e1cil de decir que de hacer, cuando los ejecutivos internos se aferran a lo que funcion\u00f3 para ellos en el pasado, desarrollaron fuertes v\u00ednculos para resistir frente a estas \u201cexigencias inaceptables\u201d, asustaron a sus empleados para que no se atrevan a se\u00f1alar problemas acuciantes y cuando las unidades de negocio apenas se conocen entre ellas.&nbsp;\n\n\u00bfY de hecho qui\u00e9n es responsable de informar a la Direcci\u00f3n General que su \u00faltima actualizaci\u00f3n de producto caus\u00f3 un esc\u00e1ndalo en una parte del mundo, porque su nombre es altamente ofensivo en el dialecto local?\n\n\u00bfHa considerado que sus contactos locales nunca se lo hubieron contado, porque en su cultura es completamente inadmisible decirle no a un superior?\n\nEsto son solo algunos de los obst\u00e1culos de desarrollo natural, contra los que cualquier empresa multinacional tiene que luchar.\n<p style=\"text-align: justify\">Esto no implica en ning\u00fan caso que sus ejecutivos internos estaban haciendo mal su trabajo. Es simplemente imposible para cualquiera de nosotros NO aprender una cierta manera de hacer algo o dejarse influenciar por su cultura (empresarial).<\/p>\n[\/et_pb_text][\/et_pb_column][et_pb_column type=&#8221;1_2&#8243; _builder_version=&#8221;3.27.4&#8243; _i=&#8221;1&#8243; _address=&#8221;3.0.1&#8243;][et_pb_text admin_label=&#8221;Title&#8221; _builder_version=&#8221;3.27.4&#8243; text_font=&#8221;||||||||&#8221; header_font=&#8221;Prata||||||||&#8221; header_2_font=&#8221;Montserrat|700|||||||&#8221; header_2_text_align=&#8221;center&#8221; header_2_font_size=&#8221;32px&#8221; custom_margin=&#8221;10%||||false|false&#8221; custom_padding=&#8221;||||false|false&#8221; animation_style=&#8221;fade&#8221; animation_direction=&#8221;top&#8221; animation_duration=&#8221;1350ms&#8221; animation_starting_opacity=&#8221;100%&#8221; inline_fonts=&#8221;Prata,Montserrat&#8221; _i=&#8221;0&#8243; _address=&#8221;3.0.1.0&#8243;]\n<h2>Ponga a trabajar a un cosmopolita<\/h2>\n[\/et_pb_text][et_pb_text _builder_version=&#8221;3.27.4&#8243; text_font=&#8221;||||||||&#8221; text_font_size=&#8221;16px&#8221; header_font=&#8221;||||||||&#8221; text_orientation=&#8221;justified&#8221; max_width=&#8221;90%&#8221; module_alignment=&#8221;center&#8221; custom_margin=&#8221;3%|0px|5%|0px|false|false&#8221; custom_padding=&#8221;|2%|0px|2%|false|false&#8221; animation_style=&#8221;flip&#8221; animation_direction=&#8221;left&#8221; animation_intensity_flip=&#8221;30%&#8221; animation_starting_opacity=&#8221;100%&#8221; _i=&#8221;1&#8243; _address=&#8221;3.0.1.1&#8243;]\n\nAunque puede no ser posible evitar del todo que surjan estas oposiciones o fricciones, es una muy buena idea lanzar iniciativas y poner al frente ejecutivos con el fin de remover un poco las cosas, arrojar luz sobre los puntos ciegos y crear v\u00ednculos entre las unidades de negocios, as\u00ed como entre las oficinas locales y la sede central.\n\nEsto solo se puede conseguir \u201chablando\u201d con fluidez varias culturas y dirigiendo equipos interdisciplinares internacionales, espec\u00edficos de proyecto. Tambi\u00e9n ayuda para mejorar su equipo ejecutivo interno con \u201cextra\u00f1os\u201d, porque tendr\u00e1n que hacer preguntas, poniendo en evidencia las asunciones internas. Ello ayuda a prevenir malentendidos culturales, porque las asunciones no pueden transponerse r\u00edgidamente de cultura en cultura. Al mismo tiempo, no puede cubrir sus puestos de m\u00e1s alto nivel con ejecutivos que primero necesitan una formaci\u00f3n intensiva, antes de poder llevar a cabo su trabajo. En vez de eso ya tendr\u00e1n que estar familiarizados con las culturas implicadas, tener experiencia en la gesti\u00f3n de proyectos e innovaci\u00f3n, ser comunicadores motivadores con talento para transformar conceptos abstractos en pasos factibles. Al ser considerados &#8220;extra\u00f1os&#8221;, su autoridad y confianza se derivar\u00e1n principalmente de un profundo avance en el nuevo conocimiento que es muy solicitado en su organizaci\u00f3n.\n\n[\/et_pb_text][\/et_pb_column][\/et_pb_row][\/et_pb_section][et_pb_section fb_built=&#8221;1&#8243; disabled_on=&#8221;on|on|off&#8221; admin_label=&#8221;Quote Section&#8221; _builder_version=&#8221;3.27.4&#8243; use_background_color_gradient=&#8221;on&#8221; background_color_gradient_start=&#8221;#e8e8e8&#8243; background_color_gradient_end=&#8221;rgba(0,0,0,0)&#8221; background_color_gradient_direction=&#8221;105deg&#8221; background_color_gradient_start_position=&#8221;55%&#8221; background_color_gradient_end_position=&#8221;0%&#8221; background_color_gradient_overlays_image=&#8221;on&#8221; background_image=&#8221;https:\/\/eimworld.wpengine.com\/wp-content\/uploads\/2019\/10\/asian-manager-1.jpeg&#8221; background_position=&#8221;bottom_left&#8221; custom_margin=&#8221;0px||||false|false&#8221; custom_padding=&#8221;15px|||||&#8221; bottom_divider_style=&#8221;slant&#8221; bottom_divider_color=&#8221;#002c3e&#8221; bottom_divider_flip=&#8221;horizontal&#8221; saved_tabs=&#8221;all&#8221; fb_built=&#8221;1&#8243; _i=&#8221;4&#8243; _address=&#8221;4&#8243;][et_pb_row column_structure=&#8221;1_2,1_2&#8243; admin_label=&#8221;Quote Area&#8221; _builder_version=&#8221;3.27.4&#8243; max_width=&#8221;2496px&#8221; custom_margin=&#8221;|27.1%||10.4%|false|false&#8221; custom_padding=&#8221;|0px|0px|0px||&#8221; _i=&#8221;0&#8243; _address=&#8221;4.0&#8243;][et_pb_column type=&#8221;1_2&#8243; _builder_version=&#8221;3.25&#8243; custom_padding=&#8221;|||&#8221; _i=&#8221;0&#8243; _address=&#8221;4.0.0&#8243; custom_padding__hover=&#8221;|||&#8221;][et_pb_text admin_label=&#8221;Title&#8221; _builder_version=&#8221;3.27.4&#8243; text_font=&#8221;||||||||&#8221; header_font=&#8221;Prata||||||||&#8221; header_2_font=&#8221;Montserrat|700|||||||&#8221; header_2_text_align=&#8221;center&#8221; header_2_font_size=&#8221;32px&#8221; custom_margin=&#8221;7%||||false|false&#8221; custom_padding=&#8221;||||false|false&#8221; animation_style=&#8221;fade&#8221; animation_direction=&#8221;top&#8221; animation_duration=&#8221;1350ms&#8221; animation_starting_opacity=&#8221;100%&#8221; inline_fonts=&#8221;Prata,Montserrat&#8221; _i=&#8221;0&#8243; _address=&#8221;4.0.0.0&#8243;]\n<h2><span style=\"color: #002c3e; font-family: Montserrat;\">SOLUCI\u00d3N\npiensa a nivel global, act\u00faa en local<\/span><\/h2>\n<span style=\"color: #002c3e; font-family: Montserrat;\"><\/span>\n\n[\/et_pb_text][et_pb_text admin_label=&#8221;Title&#8221; _builder_version=&#8221;3.27.4&#8243; text_font=&#8221;||||||||&#8221; text_font_size=&#8221;16px&#8221; header_font=&#8221;||||||||&#8221; text_orientation=&#8221;justified&#8221; max_width=&#8221;100%&#8221; module_alignment=&#8221;center&#8221; custom_margin=&#8221;3%|-63px|9%||false|false&#8221; custom_padding=&#8221;|0%|0px|0px|false|false&#8221; animation_style=&#8221;flip&#8221; animation_direction=&#8221;left&#8221; animation_intensity_flip=&#8221;30%&#8221; animation_starting_opacity=&#8221;100%&#8221; hover_enabled=&#8221;0&#8243; inline_fonts=&#8221;Montserrat&#8221; _i=&#8221;1&#8243; _address=&#8221;4.0.0.1&#8243;]\n\nLos interim managers de la comunidad global de EIM son los m\u00e1s aptos y predestinados para desempe\u00f1ar la funci\u00f3n de ejecutivo verdaderamente cosmopolita, porque trabajar en muchos pa\u00edses diferentes y en colaboraci\u00f3n con una mezcla variopinta de culturas es lo que inicialmente motiv\u00f3 a muchos de ellos a elegir esta carrera y a EIM.\n\nPor consiguiente, no conocen solamente las distintas culturas, sino durante sus experiencias variadas, se conocen a s\u00ed mismos culturalmente. Ello les proporciona el lujo de mantener un punto de vista global, listo para ser traducido en acciones locales desde el primer momento.\n\nEsto constituye una ventaja incalculable, ya que los resultados r\u00e1pidos (<em>quick wins<\/em>) mejorar\u00e1n de forma significativa la voluntad de cambiar y colaborar. Adem\u00e1s, los ejecutivos de EIM tienen una gran experiencia en adaptarse r\u00e1pidamente a nuevas situaciones, trabajar en entornos empresariales o culturas diferentes.\n\nNuestra misi\u00f3n en EIM no es cambiar o conectar el mundo, sino generar resultados rentables. Aun as\u00ed, una cosa depende de la otra. Si comparte este enfoque, obtenga m\u00e1s informaci\u00f3n sobre <a href=\"\/es\/internacionalizacion\/\">nuestras soluciones globales para mercados internacionales<\/a><span style=\"font-size: 16px;\">.<\/span>\n\n[\/et_pb_text][\/et_pb_column][et_pb_column type=&#8221;1_2&#8243; _builder_version=&#8221;3.27.4&#8243; _i=&#8221;1&#8243; _address=&#8221;4.0.1&#8243;][et_pb_text _builder_version=&#8221;3.27.4&#8243; text_font=&#8221;Montserrat|700|||||||&#8221; text_text_color=&#8221;#ffffff&#8221; text_font_size=&#8221;45px&#8221; text_line_height=&#8221;1em&#8221; text_text_shadow_style=&#8221;preset5&#8243; text_orientation=&#8221;center&#8221; custom_margin=&#8221;285px|||||&#8221; custom_padding=&#8221;|||162px||&#8221; _i=&#8221;0&#8243; _address=&#8221;4.0.1.0&#8243;]\n\nNuestra misi\u00f3n en EIM no es traer el cambio o conectar el mundo, sino generar resultados rentables.\n\n[\/et_pb_text][\/et_pb_column][\/et_pb_row][\/et_pb_section][et_pb_section fb_built=&#8221;1&#8243; prev_background_color=&#8221;#ffffff&#8221; next_background_color=&#8221;#002c3e&#8221; disabled_on=&#8221;off|off|on&#8221; admin_label=&#8221;Quote Section&#8221; _builder_version=&#8221;3.27.4&#8243; use_background_color_gradient=&#8221;on&#8221; background_color_gradient_start=&#8221;#e8e8e8&#8243; background_color_gradient_end=&#8221;#e8e8e8&#8243; background_color_gradient_direction=&#8221;105deg&#8221; background_color_gradient_start_position=&#8221;55%&#8221; background_color_gradient_end_position=&#8221;0%&#8221; background_color_gradient_overlays_image=&#8221;on&#8221; background_enable_image=&#8221;off&#8221; background_position=&#8221;bottom_center&#8221; custom_margin=&#8221;0px||||false|false&#8221; custom_padding=&#8221;15px|||||&#8221; top_divider_style=&#8221;slant&#8221; top_divider_flip=&#8221;vertical&#8221; bottom_divider_style=&#8221;slant&#8221; bottom_divider_flip=&#8221;horizontal&#8221; saved_tabs=&#8221;all&#8221; fb_built=&#8221;1&#8243; _i=&#8221;5&#8243; _address=&#8221;5&#8243;][et_pb_row admin_label=&#8221;Quote Area&#8221; _builder_version=&#8221;3.27.4&#8243; module_alignment=&#8221;center&#8221; custom_margin=&#8221;|27.1%||10.4%|false|false&#8221; custom_padding=&#8221;|0px|0px|0px||&#8221; _i=&#8221;0&#8243; _address=&#8221;5.0&#8243;][et_pb_column type=&#8221;4_4&#8243; _builder_version=&#8221;3.25&#8243; custom_padding=&#8221;|||&#8221; _i=&#8221;0&#8243; _address=&#8221;5.0.0&#8243; custom_padding__hover=&#8221;|||&#8221;][et_pb_text admin_label=&#8221;Title&#8221; _builder_version=&#8221;3.27.4&#8243; text_font=&#8221;||||||||&#8221; header_font=&#8221;Prata||||||||&#8221; header_2_font=&#8221;Montserrat|700|||||||&#8221; header_2_text_align=&#8221;center&#8221; header_2_font_size=&#8221;32px&#8221; custom_margin=&#8221;7%||||false|false&#8221; custom_padding=&#8221;||||false|false&#8221; animation_style=&#8221;fade&#8221; animation_direction=&#8221;top&#8221; animation_duration=&#8221;1350ms&#8221; animation_starting_opacity=&#8221;100%&#8221; inline_fonts=&#8221;Prata,Montserrat&#8221; _i=&#8221;0&#8243; _address=&#8221;5.0.0.0&#8243;]\n<h2><span style=\"color: #002c3e; font-family: Montserrat;\">SOLUCI\u00d3N\npiensa a nivel global, act\u00faa en local<\/span><\/h2>\n<span style=\"color: #002c3e; font-family: Montserrat;\"><\/span>[\/et_pb_text][et_pb_text admin_label=&#8221;Title&#8221; _builder_version=&#8221;3.27.4&#8243; text_font=&#8221;||||||||&#8221; text_font_size=&#8221;16px&#8221; header_font=&#8221;||||||||&#8221; text_orientation=&#8221;justified&#8221; max_width=&#8221;100%&#8221; module_alignment=&#8221;center&#8221; custom_margin=&#8221;3%|0px|9%||false|false&#8221; custom_padding=&#8221;|0%|0px|0px|false|false&#8221; animation_style=&#8221;flip&#8221; animation_direction=&#8221;left&#8221; animation_intensity_flip=&#8221;30%&#8221; animation_starting_opacity=&#8221;100%&#8221; inline_fonts=&#8221;Montserrat&#8221; _i=&#8221;1&#8243; _address=&#8221;5.0.0.1&#8243;]\n\nLos interim managers de la comunidad global de EIM son los m\u00e1s aptos y predestinados para desempe\u00f1ar la funci\u00f3n de ejecutivo verdaderamente cosmopolita, porque trabajar en muchos pa\u00edses diferentes y en colaboraci\u00f3n con una mezcla variopinta de culturas es lo que inicialmente motiv\u00f3 a muchos de ellos a elegir esta carrera y a EIM.\n\nPor consiguiente, no conocen solamente las distintas culturas, sino durante sus experiencias variadas, se conocen a s\u00ed mismos culturalmente. Ello les proporciona el lujo de mantener un punto de vista global, listo para ser traducido en acciones locales desde el primer momento.\n\nEsto constituye una ventaja incalculable, ya que los resultados r\u00e1pidos (<em>quick wins<\/em>) mejorar\u00e1n de forma significativa la voluntad de cambiar y colaborar. Adem\u00e1s, los ejecutivos de EIM tienen una gran experiencia en adaptarse r\u00e1pidamente a nuevas situaciones, trabajar en entornos empresariales o culturas diferentes.\n\nNuestra misi\u00f3n en EIM no es cambiar o conectar el mundo, sino generar resultados rentables. Aun as\u00ed, una cosa depende de la otra. Si comparte este enfoque, obtenga m\u00e1s informaci\u00f3n sobre <a href=\"\/es\/internacionalizacion\/\">nuestras soluciones globales para mercados internacionales<\/a><span>.<\/span>\n\n[\/et_pb_text][et_pb_text _builder_version=&#8221;3.27.4&#8243; text_font=&#8221;|700|||||||&#8221; text_text_color=&#8221;#002c3e&#8221; text_font_size=&#8221;23px&#8221; text_orientation=&#8221;center&#8221; custom_margin=&#8221;19px||126px|||&#8221; custom_padding=&#8221;|||2px||&#8221; _i=&#8221;2&#8243; _address=&#8221;5.0.0.2&#8243;]\n<p style=\"text-align: center;\"><em>&#8220;Nuestra misi\u00f3n en EIM no es traer el cambio o conectar el mundo, sino generar resultados rentables.&#8221;<\/em><\/p>\n[\/et_pb_text][\/et_pb_column][\/et_pb_row][\/et_pb_section][et_pb_section fb_built=&#8221;1&#8243; _builder_version=&#8221;3.27.4&#8243; background_color=&#8221;#002c3e&#8221; custom_margin=&#8221;||||false|false&#8221; top_divider_color=&#8221;#ffffff&#8221; top_divider_flip=&#8221;vertical&#8221; bottom_divider_color=&#8221;#ffffff&#8221; bottom_divider_flip=&#8221;horizontal&#8221; saved_tabs=&#8221;all&#8221; fb_built=&#8221;1&#8243; _i=&#8221;6&#8243; _address=&#8221;6&#8243;][et_pb_row _builder_version=&#8221;3.27.4&#8243; custom_padding=&#8221;64px|||||&#8221; _i=&#8221;0&#8243; _address=&#8221;6.0&#8243;][et_pb_column type=&#8221;4_4&#8243; _builder_version=&#8221;3.27.4&#8243; _i=&#8221;0&#8243; _address=&#8221;6.0.0&#8243;][et_pb_text admin_label=&#8221;Title&#8221; _builder_version=&#8221;3.27.4&#8243; text_font=&#8221;||||||||&#8221; text_text_color=&#8221;#ffffff&#8221; header_font=&#8221;Prata||||||||&#8221; header_2_font=&#8221;Montserrat|700|||||||&#8221; header_2_text_align=&#8221;center&#8221; header_2_font_size=&#8221;30px&#8221; custom_margin=&#8221;||5px|&#8221; custom_padding=&#8221;||0px|||&#8221; animation_style=&#8221;fade&#8221; animation_direction=&#8221;top&#8221; animation_duration=&#8221;1350ms&#8221; animation_starting_opacity=&#8221;100%&#8221; inline_fonts=&#8221;Prata,Montserrat&#8221; _i=&#8221;0&#8243; _address=&#8221;6.0.0.0&#8243;]\n<h3 style=\"text-align: center\"><span style=\"font-family: Montserrat;color: #ffffff\">P\u00f3ngase en contacto con nosotros<\/span><\/h3>\n[\/et_pb_text][\/et_pb_column][\/et_pb_row][et_pb_row column_structure=&#8221;1_5,3_5,1_5&#8243; _builder_version=&#8221;3.27.4&#8243; custom_padding=&#8221;0px|||||&#8221; _i=&#8221;1&#8243; _address=&#8221;6.1&#8243;][et_pb_column type=&#8221;1_5&#8243; _builder_version=&#8221;3.27.4&#8243; _i=&#8221;0&#8243; _address=&#8221;6.1.0&#8243;][\/et_pb_column][et_pb_column type=&#8221;3_5&#8243; _builder_version=&#8221;3.27.4&#8243; _i=&#8221;1&#8243; _address=&#8221;6.1.1&#8243;][et_pb_text _builder_version=&#8221;3.27.4&#8243; _i=&#8221;0&#8243; _address=&#8221;6.1.1.0&#8243;]\n<p style=\"text-align: center\"><span style=\"color: #ffffff\">Juntos podemos encontrar la soluci\u00f3n que est\u00e1 buscando.<\/span><\/p>\n[\/et_pb_text][et_pb_button button_url=&#8221;@ET-DC@eyJkeW5hbWljIjp0cnVlLCJjb250ZW50IjoicG9zdF9saW5rX3VybF9wYWdlIiwic2V0dGluZ3MiOnsicG9zdF9pZCI6IjExOCJ9fQ==@&#8221; button_text=&#8221;CONT\u00c1CTENOS&#8221; button_alignment=&#8221;center&#8221; _builder_version=&#8221;3.27.4&#8243; _dynamic_attributes=&#8221;button_url&#8221; background_layout=&#8221;dark&#8221; _i=&#8221;1&#8243; _address=&#8221;6.1.1.1&#8243;][\/et_pb_button][\/et_pb_column][et_pb_column type=&#8221;1_5&#8243; _builder_version=&#8221;3.27.4&#8243; _i=&#8221;2&#8243; _address=&#8221;6.1.2&#8243;][\/et_pb_column][\/et_pb_row][\/et_pb_section]\n\n","protected":false},"excerpt":{"rendered":"<p>Grupos Multinacionales Grupos multinacionales que tratan con equipos interculturales Si su empresa abarca muchos pa\u00edses, est\u00e1 en la posici\u00f3n afortunada de cambiar realmente el mundo. Sin embargo, no piense nunca que es demasiado grande para fallar. Pregunte a Toys \u2018R\u2019 Us o Kodak. Su fuerza se puede convertir en una debilidad si su tama\u00f1o y [&hellip;]<\/p>\n","protected":false},"author":2,"featured_media":0,"parent":0,"menu_order":0,"comment_status":"closed","ping_status":"closed","template":"","meta":{"_et_pb_use_builder":"on","_et_pb_old_content":"","_et_gb_content_width":"","footnotes":""},"class_list":["post-111","page","type-page","status-publish","hentry"],"yoast_head":"<!-- This site is optimized with the Yoast SEO Premium plugin v27.5 (Yoast SEO v27.5) - https:\/\/yoast.com\/product\/yoast-seo-premium-wordpress\/ -->\n<title>Soluciones de interim management para grupos multinacionales<\/title>\n<meta name=\"description\" content=\"Contamos con altos ejecutivos que le auydar\u00e1n a adaptarse r\u00e1pidamente a la econom\u00eda en cambio perpetuo en diferentes regiones del mundo.\" \/>\n<meta name=\"robots\" content=\"index, follow, max-snippet:-1, max-image-preview:large, max-video-preview:-1\" \/>\n<link rel=\"canonical\" href=\"https:\/\/www.eim.com\/es\/grupos-multinacionales\/\" \/>\n<meta property=\"og:locale\" content=\"es_ES\" \/>\n<meta property=\"og:type\" content=\"article\" \/>\n<meta property=\"og:title\" content=\"Grupos multinacionales\" \/>\n<meta property=\"og:description\" content=\"Contamos con altos ejecutivos que le auydar\u00e1n a adaptarse r\u00e1pidamente a la econom\u00eda en cambio perpetuo en diferentes regiones del mundo.\" \/>\n<meta property=\"og:url\" content=\"https:\/\/www.eim.com\/es\/grupos-multinacionales\/\" \/>\n<meta property=\"og:site_name\" content=\"Interim Management | EIM Spain\" \/>\n<meta property=\"article:modified_time\" content=\"2023-02-28T23:41:15+00:00\" \/>\n<meta name=\"twitter:card\" content=\"summary_large_image\" \/>\n<meta name=\"twitter:label1\" content=\"Tiempo de lectura\" \/>\n\t<meta name=\"twitter:data1\" content=\"7 minutos\" \/>\n<script type=\"application\/ld+json\" class=\"yoast-schema-graph\">{\"@context\":\"https:\\\/\\\/schema.org\",\"@graph\":[{\"@type\":\"WebPage\",\"@id\":\"https:\\\/\\\/www.eim.com\\\/es\\\/grupos-multinacionales\\\/\",\"url\":\"https:\\\/\\\/www.eim.com\\\/es\\\/grupos-multinacionales\\\/\",\"name\":\"Soluciones de interim management para grupos multinacionales\",\"isPartOf\":{\"@id\":\"https:\\\/\\\/www.eim.com\\\/es\\\/#website\"},\"datePublished\":\"2019-09-12T09:27:05+00:00\",\"dateModified\":\"2023-02-28T23:41:15+00:00\",\"description\":\"Contamos con altos ejecutivos que le auydar\u00e1n a adaptarse r\u00e1pidamente a la econom\u00eda en cambio perpetuo en diferentes regiones del mundo.\",\"breadcrumb\":{\"@id\":\"https:\\\/\\\/www.eim.com\\\/es\\\/grupos-multinacionales\\\/#breadcrumb\"},\"inLanguage\":\"es\",\"potentialAction\":[{\"@type\":\"ReadAction\",\"target\":[\"https:\\\/\\\/www.eim.com\\\/es\\\/grupos-multinacionales\\\/\"]}]},{\"@type\":\"BreadcrumbList\",\"@id\":\"https:\\\/\\\/www.eim.com\\\/es\\\/grupos-multinacionales\\\/#breadcrumb\",\"itemListElement\":[{\"@type\":\"ListItem\",\"position\":1,\"name\":\"Home\",\"item\":\"https:\\\/\\\/www.eim.com\\\/es\\\/\"},{\"@type\":\"ListItem\",\"position\":2,\"name\":\"Grupos multinacionales\"}]},{\"@type\":\"WebSite\",\"@id\":\"https:\\\/\\\/www.eim.com\\\/es\\\/#website\",\"url\":\"https:\\\/\\\/www.eim.com\\\/es\\\/\",\"name\":\"Interim Management | EIM Spain\",\"description\":\"El interim manager que su empresa necesita\",\"potentialAction\":[{\"@type\":\"SearchAction\",\"target\":{\"@type\":\"EntryPoint\",\"urlTemplate\":\"https:\\\/\\\/www.eim.com\\\/es\\\/?s={search_term_string}\"},\"query-input\":{\"@type\":\"PropertyValueSpecification\",\"valueRequired\":true,\"valueName\":\"search_term_string\"}}],\"inLanguage\":\"es\"}]}<\/script>\n<!-- \/ Yoast SEO Premium plugin. -->","yoast_head_json":{"title":"Soluciones de interim management para grupos multinacionales","description":"Contamos con altos ejecutivos que le auydar\u00e1n a adaptarse r\u00e1pidamente a la econom\u00eda en cambio perpetuo en diferentes regiones del mundo.","robots":{"index":"index","follow":"follow","max-snippet":"max-snippet:-1","max-image-preview":"max-image-preview:large","max-video-preview":"max-video-preview:-1"},"canonical":"https:\/\/www.eim.com\/es\/grupos-multinacionales\/","og_locale":"es_ES","og_type":"article","og_title":"Grupos multinacionales","og_description":"Contamos con altos ejecutivos que le auydar\u00e1n a adaptarse r\u00e1pidamente a la econom\u00eda en cambio perpetuo en diferentes regiones del mundo.","og_url":"https:\/\/www.eim.com\/es\/grupos-multinacionales\/","og_site_name":"Interim Management | EIM Spain","article_modified_time":"2023-02-28T23:41:15+00:00","twitter_card":"summary_large_image","twitter_misc":{"Tiempo de lectura":"7 minutos"},"schema":{"@context":"https:\/\/schema.org","@graph":[{"@type":"WebPage","@id":"https:\/\/www.eim.com\/es\/grupos-multinacionales\/","url":"https:\/\/www.eim.com\/es\/grupos-multinacionales\/","name":"Soluciones de interim management para grupos multinacionales","isPartOf":{"@id":"https:\/\/www.eim.com\/es\/#website"},"datePublished":"2019-09-12T09:27:05+00:00","dateModified":"2023-02-28T23:41:15+00:00","description":"Contamos con altos ejecutivos que le auydar\u00e1n a adaptarse r\u00e1pidamente a la econom\u00eda en cambio perpetuo en diferentes regiones del mundo.","breadcrumb":{"@id":"https:\/\/www.eim.com\/es\/grupos-multinacionales\/#breadcrumb"},"inLanguage":"es","potentialAction":[{"@type":"ReadAction","target":["https:\/\/www.eim.com\/es\/grupos-multinacionales\/"]}]},{"@type":"BreadcrumbList","@id":"https:\/\/www.eim.com\/es\/grupos-multinacionales\/#breadcrumb","itemListElement":[{"@type":"ListItem","position":1,"name":"Home","item":"https:\/\/www.eim.com\/es\/"},{"@type":"ListItem","position":2,"name":"Grupos multinacionales"}]},{"@type":"WebSite","@id":"https:\/\/www.eim.com\/es\/#website","url":"https:\/\/www.eim.com\/es\/","name":"Interim Management | EIM Spain","description":"El interim manager que su empresa necesita","potentialAction":[{"@type":"SearchAction","target":{"@type":"EntryPoint","urlTemplate":"https:\/\/www.eim.com\/es\/?s={search_term_string}"},"query-input":{"@type":"PropertyValueSpecification","valueRequired":true,"valueName":"search_term_string"}}],"inLanguage":"es"}]}},"_links":{"self":[{"href":"https:\/\/www.eim.com\/es\/wp-json\/wp\/v2\/pages\/111","targetHints":{"allow":["GET"]}}],"collection":[{"href":"https:\/\/www.eim.com\/es\/wp-json\/wp\/v2\/pages"}],"about":[{"href":"https:\/\/www.eim.com\/es\/wp-json\/wp\/v2\/types\/page"}],"author":[{"embeddable":true,"href":"https:\/\/www.eim.com\/es\/wp-json\/wp\/v2\/users\/2"}],"replies":[{"embeddable":true,"href":"https:\/\/www.eim.com\/es\/wp-json\/wp\/v2\/comments?post=111"}],"version-history":[{"count":0,"href":"https:\/\/www.eim.com\/es\/wp-json\/wp\/v2\/pages\/111\/revisions"}],"wp:attachment":[{"href":"https:\/\/www.eim.com\/es\/wp-json\/wp\/v2\/media?parent=111"}],"curies":[{"name":"wp","href":"https:\/\/api.w.org\/{rel}","templated":true}]}}