{"id":8602,"date":"2019-09-12T08:12:25","date_gmt":"2019-09-12T08:12:25","guid":{"rendered":"https:\/\/eimworld.wpengine.com\/?page_id=8602"},"modified":"2026-04-16T16:29:18","modified_gmt":"2026-04-16T14:29:18","slug":"interim-management","status":"publish","type":"page","link":"https:\/\/www.eim.com\/ch\/interim-management\/","title":{"rendered":"Interim Management"},"content":{"rendered":"<p>[et_pb_section fb_built=&#8221;1&#8243; admin_label=&#8221;Hero Section&#8221; _builder_version=&#8221;4.27.2&#8243; use_background_color_gradient=&#8221;on&#8221; background_color_gradient_stops=&#8221;rgba(0,0,0,0.4) 0%|rgba(0,0,0,0.4) 100%&#8221; background_color_gradient_overlays_image=&#8221;on&#8221; background_color_gradient_start=&#8221;rgba(0,0,0,0.4)&#8221; background_color_gradient_end=&#8221;rgba(0,0,0,0.4)&#8221; background_image=&#8221;https:\/\/www.eim.com\/ch\/wp-content\/uploads\/sites\/17\/_pda\/2024\/10\/240930-Gronova-Shooting7407752.jpg&#8221; background_position=&#8221;top_center&#8221; background_vertical_offset=&#8221;17%&#8221; height=&#8221;520px&#8221; custom_padding=&#8221;6%||0%|||&#8221; bottom_divider_style=&#8221;slant&#8221; bottom_divider_color=&#8221;#ffffff&#8221; bottom_divider_height=&#8221;150px&#8221; bottom_divider_flip=&#8221;horizontal&#8221; saved_tabs=&#8221;all&#8221; global_colors_info=&#8221;{}&#8221; background_color_gradient_direction__hover=&#8221;180deg&#8221; background_color_gradient_direction__hover_enabled=&#8221;180deg&#8221; background_color_gradient_start_position__hover=&#8221;0%&#8221; background_color_gradient_start_position__hover_enabled=&#8221;0%&#8221; background_color_gradient_end_position__hover=&#8221;100%&#8221; background_color_gradient_end_position__hover_enabled=&#8221;100%&#8221; background_color_gradient_stops__hover=&#8221;rgba(0,0,0,0.4) 0%|rgba(0,0,0,0.4) 100%&#8221;][et_pb_row admin_label=&#8221;Page Title Area&#8221; _builder_version=&#8221;4.16&#8243; width=&#8221;100%&#8221; max_width=&#8221;2560px&#8221; module_alignment=&#8221;center&#8221; custom_margin=&#8221;-2%|auto|0px|auto|false|false&#8221; custom_padding=&#8221;0px|||||&#8221; global_colors_info=&#8221;{}&#8221;][et_pb_column type=&#8221;4_4&#8243; _builder_version=&#8221;4.16&#8243; custom_padding=&#8221;|||&#8221; global_colors_info=&#8221;{}&#8221; custom_padding__hover=&#8221;|||&#8221;][et_pb_text admin_label=&#8221;Hero Section Title&#8221; _builder_version=&#8221;4.16&#8243; text_font=&#8221;Montserrat|800|||||||&#8221; text_font_size=&#8221;18px&#8221; text_line_height=&#8221;1.3em&#8221; header_font=&#8221;Montserrat|700|||||||&#8221; header_font_size=&#8221;56px&#8221; header_letter_spacing=&#8221;3px&#8221; header_line_height=&#8221;1.1em&#8221; header_2_font=&#8221;Montserrat|700|||||||&#8221; header_2_text_color=&#8221;rgba(255,255,255,0.6)&#8221; header_2_font_size=&#8221;90px&#8221; header_2_letter_spacing=&#8221;3px&#8221; header_2_line_height=&#8221;1.1em&#8221; text_orientation=&#8221;center&#8221; background_layout=&#8221;dark&#8221; max_width=&#8221;700px&#8221; module_alignment=&#8221;center&#8221; custom_margin=&#8221;20px||0px||false|false&#8221; animation_style=&#8221;fade&#8221; animation_direction=&#8221;bottom&#8221; animation_duration=&#8221;1350ms&#8221; header_font_size_tablet=&#8221;&#8221; header_font_size_phone=&#8221;28px&#8221; header_font_size_last_edited=&#8221;on|phone&#8221; header_2_font_size_tablet=&#8221;&#8221; header_2_font_size_phone=&#8221;50px&#8221; header_2_font_size_last_edited=&#8221;on|phone&#8221; text_text_shadow_style=&#8221;preset1&#8243; text_text_shadow_horizontal_length=&#8221;0.38em&#8221; inline_fonts=&#8221;Prata,Montserrat&#8221; global_colors_info=&#8221;{}&#8221;]<\/p>\n<h1 style=\"text-align: center;\"><span style=\"font-family: Montserrat;\">Interim Management<\/span><\/h1>\n<p>[\/et_pb_text][\/et_pb_column][\/et_pb_row][\/et_pb_section][et_pb_section fb_built=&#8221;1&#8243; _builder_version=&#8221;4.16&#8243; custom_margin=&#8221;||-0.8%||false|false&#8221; custom_padding=&#8221;0%||0%||true|false&#8221; saved_tabs=&#8221;all&#8221; global_colors_info=&#8221;{}&#8221;][et_pb_row admin_label=&#8221;Title Area&#8221; _builder_version=&#8221;4.16&#8243; background_color=&#8221;rgba(0,0,0,0)&#8221; width=&#8221;100%&#8221; module_alignment=&#8221;center&#8221; custom_margin=&#8221;||||false|false&#8221; custom_padding=&#8221;0px|0px|55px|0px|false|false&#8221; global_colors_info=&#8221;{}&#8221;][et_pb_column type=&#8221;4_4&#8243; _builder_version=&#8221;4.16&#8243; custom_padding=&#8221;|||&#8221; global_colors_info=&#8221;{}&#8221; custom_padding__hover=&#8221;|||&#8221;][et_pb_text admin_label=&#8221;Title&#8221; _builder_version=&#8221;4.16&#8243; text_font=&#8221;||||||||&#8221; header_font=&#8221;Prata||||||||&#8221; header_2_font=&#8221;Montserrat|700|||||||&#8221; header_2_text_align=&#8221;center&#8221; header_2_font_size=&#8221;32px&#8221; custom_margin=&#8221;10%||||false|false&#8221; custom_padding=&#8221;||||false|false&#8221; animation_style=&#8221;fade&#8221; animation_direction=&#8221;top&#8221; animation_duration=&#8221;1350ms&#8221; animation_starting_opacity=&#8221;100%&#8221; inline_fonts=&#8221;Prata,Montserrat&#8221; global_colors_info=&#8221;{}&#8221;]<\/p>\n<h2><span color=\"#002c3e\" face=\"Montserrat\" style=\"color: #002c3e; font-family: Montserrat;\">Schneller Zugang zu Expertenmanagement-F\u00e4higkeiten<\/span><\/h2>\n<p>[\/et_pb_text][et_pb_text _builder_version=&#8221;4.27.5&#8243; text_font=&#8221;||||||||&#8221; text_font_size=&#8221;16px&#8221; header_font=&#8221;||||||||&#8221; text_orientation=&#8221;justified&#8221; max_width=&#8221;93%&#8221; module_alignment=&#8221;center&#8221; custom_margin=&#8221;3%|0px|0.5%|0px|false|false&#8221; custom_padding=&#8221;|0%|0px|0%|false|false&#8221; animation_style=&#8221;fade&#8221; animation_direction=&#8221;left&#8221; global_colors_info=&#8221;{}&#8221;]<\/p>\n<p><strong>Management auf Abruf<\/strong><br \/>Bei <a href=\"https:\/\/www.eim.com\/ch\/\">EIM Switzerland<\/a> verstehen wir, dass Unternehmen manchmal schnell und flexibel auf unerwartete Herausforderungen reagieren m\u00fcssen. Unser Service \u201e<a href=\"https:\/\/www.eim.com\/ch\/management-auf-zeit\/\">Management auf Zeit<\/a>\u201c bietet Ihnen die M\u00f6glichkeit, sofort auf erfahrene F\u00fchrungskr\u00e4fte zuzugreifen, die Ihr Unternehmen in Krisensituationen, bei Engp\u00e4ssen oder bei speziellen Projekten unterst\u00fctzen.<\/p>\n<p><strong>Warum Management auf Abruf?<\/strong><br \/>Schnelle Verf\u00fcgbarkeit: In dringenden Situationen z\u00e4hlt jede Minute. Unsere Umsetzungsexperten stehen Ihnen kurzfristig zur Verf\u00fcgung, um sofort einspringen zu k\u00f6nnen. Sie bringen die n\u00f6tige Erfahrung und Expertise mit, um schnell effektive L\u00f6sungen zu entwickeln und umzusetzen.<\/p>\n<p>&nbsp;<\/p>\n<p>[\/et_pb_text][\/et_pb_column][\/et_pb_row][\/et_pb_section][et_pb_section fb_built=&#8221;1&#8243; disabled_on=&#8221;on|on|off&#8221; admin_label=&#8221;Quote Section&#8221; _builder_version=&#8221;4.27.2&#8243; use_background_color_gradient=&#8221;on&#8221; background_color_gradient_direction=&#8221;105deg&#8221; background_color_gradient_stops=&#8221;#e8e8e8 44%|rgba(0,0,0,0) 44%&#8221; background_color_gradient_overlays_image=&#8221;on&#8221; background_color_gradient_start=&#8221;#e8e8e8&#8243; background_color_gradient_start_position=&#8221;44%&#8221; background_color_gradient_end=&#8221;rgba(0,0,0,0)&#8221; background_color_gradient_end_position=&#8221;0%&#8221; background_image=&#8221;https:\/\/www.eim.com\/ch\/wp-content\/uploads\/sites\/17\/_pda\/2024\/10\/Gronova_LP_3-Kopie-scaled.jpg&#8221; background_position=&#8221;top_center&#8221; background_vertical_offset=&#8221;5%&#8221; min_height=&#8221;500px&#8221; custom_margin=&#8221;0px||||false|false&#8221; bottom_divider_style=&#8221;slant&#8221; bottom_divider_color=&#8221;#002c3e&#8221; bottom_divider_flip=&#8221;horizontal&#8221; saved_tabs=&#8221;all&#8221; global_colors_info=&#8221;{}&#8221;][et_pb_row column_structure=&#8221;1_3,2_3&#8243; admin_label=&#8221;Quote Area&#8221; _builder_version=&#8221;4.16&#8243; max_width=&#8221;2496px&#8221; custom_margin=&#8221;|100px|50px|191px||&#8221; custom_padding=&#8221;|0px|0px|0px||&#8221; global_colors_info=&#8221;{}&#8221;][et_pb_column type=&#8221;1_3&#8243; _builder_version=&#8221;4.16&#8243; custom_padding=&#8221;|||&#8221; global_colors_info=&#8221;{}&#8221; custom_padding__hover=&#8221;|||&#8221;][et_pb_text admin_label=&#8221;Title&#8221; _builder_version=&#8221;4.16&#8243; text_font=&#8221;||||||||&#8221; text_font_size=&#8221;16px&#8221; header_font=&#8221;||||||||&#8221; text_orientation=&#8221;justified&#8221; width=&#8221;100%&#8221; module_alignment=&#8221;center&#8221; custom_margin=&#8221;14%|0px|9%||false|false&#8221; custom_padding=&#8221;1px|0%|0px||false|false&#8221; animation_style=&#8221;fade&#8221; animation_direction=&#8221;left&#8221; inline_fonts=&#8221;Montserrat&#8221; global_colors_info=&#8221;{}&#8221;]<\/p>\n<p class=\"p1\">Nach drei Jahrzehnten und 12.000 Eins\u00e4tzen liefert EIM den richtigen Interim Manager f\u00fcr die Aufgabe.<\/p>\n<p class=\"p1\">Sie erhalten hochspezialisiertes Fachwissen und bew\u00e4hrte Managementf\u00e4higkeiten zu festen Kosten in Rekordzeit.<\/p>\n<p>[\/et_pb_text][\/et_pb_column][et_pb_column type=&#8221;2_3&#8243; _builder_version=&#8221;4.16&#8243; custom_padding=&#8221;|||&#8221; global_colors_info=&#8221;{}&#8221; custom_padding__hover=&#8221;|||&#8221;][et_pb_text _builder_version=&#8221;4.27.2&#8243; text_font=&#8221;Montserrat|700|||||||&#8221; text_text_color=&#8221;#ffffff&#8221; text_font_size=&#8221;43px&#8221; text_line_height=&#8221;1.3em&#8221; width=&#8221;149.4%&#8221; max_width=&#8221;83%&#8221; custom_margin=&#8221;0.1%|67px|10.3%|38px|false|false&#8221; custom_padding=&#8221;0px|0px|0px|157px||&#8221; text_text_shadow_style=&#8221;preset1&#8243; global_colors_info=&#8221;{}&#8221;]<\/p>\n<p class=\"p1\">EIM ist ein globaler Marktf\u00fchrer in der Bereitstellung von Interim-Management-L\u00f6sungen auf F\u00fchrungsebene, wenn die Zeit entscheidend ist.<\/p>\n<p>[\/et_pb_text][\/et_pb_column][\/et_pb_row][\/et_pb_section][et_pb_section fb_built=&#8221;1&#8243; prev_background_color=&#8221;#ffffff&#8221; next_background_color=&#8221;#002c3e&#8221; disabled_on=&#8221;off|off|on&#8221; admin_label=&#8221;Quote Section&#8221; _builder_version=&#8221;4.16&#8243; background_color=&#8221;#e8e8e8&#8243; use_background_color_gradient=&#8221;on&#8221; background_color_gradient_direction=&#8221;105deg&#8221; background_color_gradient_stops=&#8221;#e8e8e8 55%|rgba(0,0,0,0) 55%&#8221; background_color_gradient_overlays_image=&#8221;on&#8221; background_color_gradient_start=&#8221;#e8e8e8&#8243; background_color_gradient_start_position=&#8221;55%&#8221; background_color_gradient_end=&#8221;rgba(0,0,0,0)&#8221; background_color_gradient_end_position=&#8221;0%&#8221; background_enable_image=&#8221;off&#8221; background_position=&#8221;bottom_center&#8221; custom_margin=&#8221;0px||||false|false&#8221; top_divider_style=&#8221;slant&#8221; top_divider_flip=&#8221;vertical&#8221; bottom_divider_style=&#8221;slant&#8221; bottom_divider_flip=&#8221;horizontal&#8221; saved_tabs=&#8221;all&#8221; global_colors_info=&#8221;{}&#8221;][et_pb_row admin_label=&#8221;Quote Area&#8221; _builder_version=&#8221;4.16&#8243; custom_margin=&#8221;|auto||auto|false|false&#8221; custom_padding=&#8221;||0px||false|false&#8221; global_colors_info=&#8221;{}&#8221;][et_pb_column type=&#8221;4_4&#8243; _builder_version=&#8221;4.16&#8243; custom_padding=&#8221;|||&#8221; global_colors_info=&#8221;{}&#8221; custom_padding__hover=&#8221;|||&#8221;][et_pb_text admin_label=&#8221;Title&#8221; _builder_version=&#8221;4.16&#8243; text_font=&#8221;||||||||&#8221; header_font=&#8221;Prata||||||||&#8221; header_2_font=&#8221;Montserrat|700|||||||&#8221; header_2_text_align=&#8221;center&#8221; header_2_font_size=&#8221;32px&#8221; custom_margin=&#8221;10%||||false|false&#8221; custom_padding=&#8221;||||false|false&#8221; animation_style=&#8221;fade&#8221; animation_direction=&#8221;top&#8221; animation_duration=&#8221;1350ms&#8221; animation_starting_opacity=&#8221;100%&#8221; inline_fonts=&#8221;Prata,Montserrat&#8221; global_colors_info=&#8221;{}&#8221;]<\/p>\n<h2><span color=\"#002c3e\" face=\"Montserrat\" style=\"color: #002c3e; font-family: Montserrat;\">EIM is a global leader in providing interim executive management solutions when time is critical<\/span><\/h2>\n<p>[\/et_pb_text][et_pb_text admin_label=&#8221;Title&#8221; _builder_version=&#8221;4.16&#8243; text_font=&#8221;||||||||&#8221; text_font_size=&#8221;16px&#8221; header_font=&#8221;||||||||&#8221; text_orientation=&#8221;justified&#8221; width=&#8221;95.3%&#8221; module_alignment=&#8221;center&#8221; custom_margin=&#8221;3%|10%|10%|10%|false|false&#8221; custom_padding=&#8221;||0px||false|false&#8221; animation_style=&#8221;fade&#8221; animation_direction=&#8221;left&#8221; inline_fonts=&#8221;Montserrat&#8221; global_colors_info=&#8221;{}&#8221;]<\/p>\n<p><span>After nearly a quarter of a century and <strong>10,000 assignments<\/strong>, EIM delivers <strong>the right interim manager for the job<\/strong>. You get highly specialised expertise and proven management capabilities &#8211; at fixed costs and in <strong>record time<\/strong>.<\/span><\/p>\n<p>[\/et_pb_text][\/et_pb_column][\/et_pb_row][\/et_pb_section][et_pb_section fb_built=&#8221;1&#8243; _builder_version=&#8221;4.16&#8243; background_color=&#8221;#002c3e&#8221; custom_margin=&#8221;||||false|false&#8221; top_divider_color=&#8221;#ffffff&#8221; top_divider_flip=&#8221;vertical&#8221; bottom_divider_color=&#8221;#ffffff&#8221; bottom_divider_flip=&#8221;horizontal&#8221; saved_tabs=&#8221;all&#8221; global_colors_info=&#8221;{}&#8221;][et_pb_row _builder_version=&#8221;4.16&#8243; custom_padding=&#8221;64px|||||&#8221; global_colors_info=&#8221;{}&#8221;][et_pb_column type=&#8221;4_4&#8243; _builder_version=&#8221;4.16&#8243; global_colors_info=&#8221;{}&#8221;][et_pb_text admin_label=&#8221;Title&#8221; _builder_version=&#8221;4.27.0&#8243; text_font=&#8221;||||||||&#8221; text_text_color=&#8221;#ffffff&#8221; header_font=&#8221;Prata||||||||&#8221; header_2_font=&#8221;Montserrat|700|||||||&#8221; header_2_text_align=&#8221;center&#8221; header_2_font_size=&#8221;30px&#8221; custom_margin=&#8221;||5px|&#8221; custom_padding=&#8221;||0px|||&#8221; animation_style=&#8221;fade&#8221; animation_direction=&#8221;top&#8221; animation_duration=&#8221;1350ms&#8221; animation_starting_opacity=&#8221;100%&#8221; inline_fonts=&#8221;Prata,Montserrat&#8221; global_colors_info=&#8221;{}&#8221;]<\/p>\n<h3 style=\"text-align: center;\"><span style=\"font-family: Montserrat; color: #ffffff;\">Kontaktieren Sie uns<\/span><\/h3>\n<p>[\/et_pb_text][\/et_pb_column][\/et_pb_row][et_pb_row column_structure=&#8221;1_5,3_5,1_5&#8243; _builder_version=&#8221;4.16&#8243; custom_padding=&#8221;0px|||||&#8221; global_colors_info=&#8221;{}&#8221;][et_pb_column type=&#8221;1_5&#8243; _builder_version=&#8221;4.16&#8243; global_colors_info=&#8221;{}&#8221;][\/et_pb_column][et_pb_column type=&#8221;3_5&#8243; _builder_version=&#8221;4.16&#8243; global_colors_info=&#8221;{}&#8221;][et_pb_text _builder_version=&#8221;4.27.0&#8243; global_colors_info=&#8221;{}&#8221;]<\/p>\n<p class=\"p1\" style=\"text-align: center;\"><span style=\"color: #ffffff;\">Gemeinsam k\u00f6nnen wir die L\u00f6sung finden, nach der Sie suchen.<\/span><\/p>\n<p>[\/et_pb_text][et_pb_button button_url=&#8221;@ET-DC@eyJkeW5hbWljIjp0cnVlLCJjb250ZW50IjoicG9zdF9saW5rX3VybF9wYWdlIiwic2V0dGluZ3MiOnsicG9zdF9pZCI6Ijk0OTcifX0=@&#8221; button_text=&#8221;KONTAKT&#8221; button_alignment=&#8221;center&#8221; _builder_version=&#8221;4.27.0&#8243; _dynamic_attributes=&#8221;button_url&#8221; background_layout=&#8221;dark&#8221; global_colors_info=&#8221;{}&#8221;][\/et_pb_button][\/et_pb_column][et_pb_column type=&#8221;1_5&#8243; _builder_version=&#8221;4.16&#8243; global_colors_info=&#8221;{}&#8221;][\/et_pb_column][\/et_pb_row][\/et_pb_section]<\/p>\n","protected":false},"excerpt":{"rendered":"<p>Depending on your needs, our EIM interim managers replace, supplement or coach your managers on a short- or long-term basis. Our EIM interim managers have extensive practical experience across a broad range of functions and industries. EIM interim managers usually begin within days for project-based assignments or within weeks for a permanent replacement.<\/p>\n","protected":false},"author":2,"featured_media":9320,"parent":0,"menu_order":0,"comment_status":"closed","ping_status":"closed","template":"","meta":{"_et_pb_use_builder":"on","_et_pb_old_content":"","_et_gb_content_width":"","footnotes":""},"class_list":["post-8602","page","type-page","status-publish","has-post-thumbnail","hentry"],"yoast_head":"<!-- This site is optimized with the Yoast SEO Premium plugin v27.5 (Yoast SEO v27.5) - https:\/\/yoast.com\/product\/yoast-seo-premium-wordpress\/ -->\n<title>Interim Management - EIM Switzerland<\/title>\n<meta name=\"robots\" content=\"index, follow, max-snippet:-1, max-image-preview:large, max-video-preview:-1\" \/>\n<link rel=\"canonical\" href=\"https:\/\/www.eim.com\/ch\/interim-management\/\" \/>\n<meta property=\"og:locale\" content=\"de_DE\" \/>\n<meta property=\"og:type\" content=\"article\" \/>\n<meta property=\"og:title\" content=\"Interim Management\" \/>\n<meta property=\"og:description\" content=\"Depending on your needs, our EIM interim managers replace, supplement or coach your managers on a short- or long-term basis. Our EIM interim managers have extensive practical experience across a broad range of functions and industries. EIM interim managers usually begin within days for project-based assignments or within weeks for a permanent replacement.\" \/>\n<meta property=\"og:url\" content=\"https:\/\/www.eim.com\/ch\/interim-management\/\" \/>\n<meta property=\"og:site_name\" content=\"EIM Switzerland\" \/>\n<meta property=\"article:modified_time\" content=\"2026-04-16T14:29:18+00:00\" \/>\n<meta property=\"og:image\" content=\"https:\/\/www.eim.com\/ch\/wp-content\/uploads\/sites\/17\/2019\/10\/interim-management-discussion-e1570027266809.jpeg\" \/>\n\t<meta property=\"og:image:width\" content=\"2880\" \/>\n\t<meta property=\"og:image:height\" content=\"1641\" \/>\n\t<meta property=\"og:image:type\" content=\"image\/jpeg\" \/>\n<meta name=\"twitter:card\" content=\"summary_large_image\" \/>\n<meta name=\"twitter:label1\" content=\"Est. reading time\" \/>\n\t<meta name=\"twitter:data1\" content=\"7 Minuten\" \/>\n<script type=\"application\/ld+json\" class=\"yoast-schema-graph\">{\"@context\":\"https:\\\/\\\/schema.org\",\"@graph\":[{\"@type\":\"WebPage\",\"@id\":\"https:\\\/\\\/www.eim.com\\\/ch\\\/interim-management\\\/\",\"url\":\"https:\\\/\\\/www.eim.com\\\/ch\\\/interim-management\\\/\",\"name\":\"Interim Management - EIM Switzerland\",\"isPartOf\":{\"@id\":\"https:\\\/\\\/www.eim.com\\\/ch\\\/#website\"},\"primaryImageOfPage\":{\"@id\":\"https:\\\/\\\/www.eim.com\\\/ch\\\/interim-management\\\/#primaryimage\"},\"image\":{\"@id\":\"https:\\\/\\\/www.eim.com\\\/ch\\\/interim-management\\\/#primaryimage\"},\"thumbnailUrl\":\"https:\\\/\\\/www.eim.com\\\/ch\\\/wp-content\\\/uploads\\\/sites\\\/17\\\/2019\\\/10\\\/interim-management-discussion-e1570027266809.jpeg\",\"datePublished\":\"2019-09-12T08:12:25+00:00\",\"dateModified\":\"2026-04-16T14:29:18+00:00\",\"breadcrumb\":{\"@id\":\"https:\\\/\\\/www.eim.com\\\/ch\\\/interim-management\\\/#breadcrumb\"},\"inLanguage\":\"de-DE\",\"potentialAction\":[{\"@type\":\"ReadAction\",\"target\":[\"https:\\\/\\\/www.eim.com\\\/ch\\\/interim-management\\\/\"]}]},{\"@type\":\"ImageObject\",\"inLanguage\":\"de-DE\",\"@id\":\"https:\\\/\\\/www.eim.com\\\/ch\\\/interim-management\\\/#primaryimage\",\"url\":\"https:\\\/\\\/www.eim.com\\\/ch\\\/wp-content\\\/uploads\\\/sites\\\/17\\\/2019\\\/10\\\/interim-management-discussion-e1570027266809.jpeg\",\"contentUrl\":\"https:\\\/\\\/www.eim.com\\\/ch\\\/wp-content\\\/uploads\\\/sites\\\/17\\\/2019\\\/10\\\/interim-management-discussion-e1570027266809.jpeg\",\"width\":2880,\"height\":1641,\"caption\":\"Team of business professionals having a meeting in conference room. Businessman explaining project to colleagues.\"},{\"@type\":\"BreadcrumbList\",\"@id\":\"https:\\\/\\\/www.eim.com\\\/ch\\\/interim-management\\\/#breadcrumb\",\"itemListElement\":[{\"@type\":\"ListItem\",\"position\":1,\"name\":\"Home\",\"item\":\"https:\\\/\\\/www.eim.com\\\/ch\\\/\"},{\"@type\":\"ListItem\",\"position\":2,\"name\":\"Interim Management\"}]},{\"@type\":\"WebSite\",\"@id\":\"https:\\\/\\\/www.eim.com\\\/ch\\\/#website\",\"url\":\"https:\\\/\\\/www.eim.com\\\/ch\\\/\",\"name\":\"EIM Switzerland\",\"description\":\"EIM delivers business breakthrough differently\",\"publisher\":{\"@id\":\"https:\\\/\\\/www.eim.com\\\/ch\\\/#organization\"},\"potentialAction\":[{\"@type\":\"SearchAction\",\"target\":{\"@type\":\"EntryPoint\",\"urlTemplate\":\"https:\\\/\\\/www.eim.com\\\/ch\\\/?s={search_term_string}\"},\"query-input\":{\"@type\":\"PropertyValueSpecification\",\"valueRequired\":true,\"valueName\":\"search_term_string\"}}],\"inLanguage\":\"de-DE\"},{\"@type\":\"Organization\",\"@id\":\"https:\\\/\\\/www.eim.com\\\/ch\\\/#organization\",\"name\":\"EIM Executive Interim Management\",\"url\":\"https:\\\/\\\/www.eim.com\\\/ch\\\/\",\"logo\":{\"@type\":\"ImageObject\",\"inLanguage\":\"de-DE\",\"@id\":\"https:\\\/\\\/www.eim.com\\\/ch\\\/#\\\/schema\\\/logo\\\/image\\\/\",\"url\":\"https:\\\/\\\/www.eim.com\\\/ch\\\/wp-content\\\/uploads\\\/sites\\\/17\\\/2020\\\/06\\\/positive.png\",\"contentUrl\":\"https:\\\/\\\/www.eim.com\\\/ch\\\/wp-content\\\/uploads\\\/sites\\\/17\\\/2020\\\/06\\\/positive.png\",\"width\":1423,\"height\":442,\"caption\":\"EIM Executive Interim Management\"},\"image\":{\"@id\":\"https:\\\/\\\/www.eim.com\\\/ch\\\/#\\\/schema\\\/logo\\\/image\\\/\"},\"sameAs\":[\"https:\\\/\\\/www.linkedin.com\\\/company\\\/executive-interim-management\\\/\"]}]}<\/script>\n<!-- \/ Yoast SEO Premium plugin. -->","yoast_head_json":{"title":"Interim Management - EIM Switzerland","robots":{"index":"index","follow":"follow","max-snippet":"max-snippet:-1","max-image-preview":"max-image-preview:large","max-video-preview":"max-video-preview:-1"},"canonical":"https:\/\/www.eim.com\/ch\/interim-management\/","og_locale":"de_DE","og_type":"article","og_title":"Interim Management","og_description":"Depending on your needs, our EIM interim managers replace, supplement or coach your managers on a short- or long-term basis. Our EIM interim managers have extensive practical experience across a broad range of functions and industries. EIM interim managers usually begin within days for project-based assignments or within weeks for a permanent replacement.","og_url":"https:\/\/www.eim.com\/ch\/interim-management\/","og_site_name":"EIM Switzerland","article_modified_time":"2026-04-16T14:29:18+00:00","og_image":[{"width":2880,"height":1641,"url":"https:\/\/www.eim.com\/ch\/wp-content\/uploads\/sites\/17\/2019\/10\/interim-management-discussion-e1570027266809.jpeg","type":"image\/jpeg"}],"twitter_card":"summary_large_image","twitter_misc":{"Est. reading time":"7 Minuten"},"schema":{"@context":"https:\/\/schema.org","@graph":[{"@type":"WebPage","@id":"https:\/\/www.eim.com\/ch\/interim-management\/","url":"https:\/\/www.eim.com\/ch\/interim-management\/","name":"Interim Management - EIM Switzerland","isPartOf":{"@id":"https:\/\/www.eim.com\/ch\/#website"},"primaryImageOfPage":{"@id":"https:\/\/www.eim.com\/ch\/interim-management\/#primaryimage"},"image":{"@id":"https:\/\/www.eim.com\/ch\/interim-management\/#primaryimage"},"thumbnailUrl":"https:\/\/www.eim.com\/ch\/wp-content\/uploads\/sites\/17\/2019\/10\/interim-management-discussion-e1570027266809.jpeg","datePublished":"2019-09-12T08:12:25+00:00","dateModified":"2026-04-16T14:29:18+00:00","breadcrumb":{"@id":"https:\/\/www.eim.com\/ch\/interim-management\/#breadcrumb"},"inLanguage":"de-DE","potentialAction":[{"@type":"ReadAction","target":["https:\/\/www.eim.com\/ch\/interim-management\/"]}]},{"@type":"ImageObject","inLanguage":"de-DE","@id":"https:\/\/www.eim.com\/ch\/interim-management\/#primaryimage","url":"https:\/\/www.eim.com\/ch\/wp-content\/uploads\/sites\/17\/2019\/10\/interim-management-discussion-e1570027266809.jpeg","contentUrl":"https:\/\/www.eim.com\/ch\/wp-content\/uploads\/sites\/17\/2019\/10\/interim-management-discussion-e1570027266809.jpeg","width":2880,"height":1641,"caption":"Team of business professionals having a meeting in conference room. Businessman explaining project to colleagues."},{"@type":"BreadcrumbList","@id":"https:\/\/www.eim.com\/ch\/interim-management\/#breadcrumb","itemListElement":[{"@type":"ListItem","position":1,"name":"Home","item":"https:\/\/www.eim.com\/ch\/"},{"@type":"ListItem","position":2,"name":"Interim Management"}]},{"@type":"WebSite","@id":"https:\/\/www.eim.com\/ch\/#website","url":"https:\/\/www.eim.com\/ch\/","name":"EIM Switzerland","description":"EIM delivers business breakthrough differently","publisher":{"@id":"https:\/\/www.eim.com\/ch\/#organization"},"potentialAction":[{"@type":"SearchAction","target":{"@type":"EntryPoint","urlTemplate":"https:\/\/www.eim.com\/ch\/?s={search_term_string}"},"query-input":{"@type":"PropertyValueSpecification","valueRequired":true,"valueName":"search_term_string"}}],"inLanguage":"de-DE"},{"@type":"Organization","@id":"https:\/\/www.eim.com\/ch\/#organization","name":"EIM Executive Interim Management","url":"https:\/\/www.eim.com\/ch\/","logo":{"@type":"ImageObject","inLanguage":"de-DE","@id":"https:\/\/www.eim.com\/ch\/#\/schema\/logo\/image\/","url":"https:\/\/www.eim.com\/ch\/wp-content\/uploads\/sites\/17\/2020\/06\/positive.png","contentUrl":"https:\/\/www.eim.com\/ch\/wp-content\/uploads\/sites\/17\/2020\/06\/positive.png","width":1423,"height":442,"caption":"EIM Executive Interim Management"},"image":{"@id":"https:\/\/www.eim.com\/ch\/#\/schema\/logo\/image\/"},"sameAs":["https:\/\/www.linkedin.com\/company\/executive-interim-management\/"]}]}},"_links":{"self":[{"href":"https:\/\/www.eim.com\/ch\/wp-json\/wp\/v2\/pages\/8602","targetHints":{"allow":["GET"]}}],"collection":[{"href":"https:\/\/www.eim.com\/ch\/wp-json\/wp\/v2\/pages"}],"about":[{"href":"https:\/\/www.eim.com\/ch\/wp-json\/wp\/v2\/types\/page"}],"author":[{"embeddable":true,"href":"https:\/\/www.eim.com\/ch\/wp-json\/wp\/v2\/users\/2"}],"replies":[{"embeddable":true,"href":"https:\/\/www.eim.com\/ch\/wp-json\/wp\/v2\/comments?post=8602"}],"version-history":[{"count":1,"href":"https:\/\/www.eim.com\/ch\/wp-json\/wp\/v2\/pages\/8602\/revisions"}],"predecessor-version":[{"id":14833,"href":"https:\/\/www.eim.com\/ch\/wp-json\/wp\/v2\/pages\/8602\/revisions\/14833"}],"wp:featuredmedia":[{"embeddable":true,"href":"https:\/\/www.eim.com\/ch\/wp-json\/wp\/v2\/media\/9320"}],"wp:attachment":[{"href":"https:\/\/www.eim.com\/ch\/wp-json\/wp\/v2\/media?parent=8602"}],"curies":[{"name":"wp","href":"https:\/\/api.w.org\/{rel}","templated":true}]}}